{"id":18087,"date":"2022-12-21T15:31:48","date_gmt":"2022-12-21T15:31:48","guid":{"rendered":"https:\/\/mediocudeyo.es\/web\/?page_id=18087"},"modified":"2025-07-31T13:42:40","modified_gmt":"2025-07-31T11:42:40","slug":"xiii-taller-de-empleo-fmv","status":"publish","type":"page","link":"https:\/\/mediocudeyo.es\/web\/servicios-municipales\/xiii-taller-de-empleo-fmv\/","title":{"rendered":"XIII Taller de empleo FMV"},"content":{"rendered":"\t\t<div data-elementor-type=\"wp-page\" data-elementor-id=\"18087\" class=\"elementor elementor-18087\">\n\t\t\t\t\t\t<section class=\"elementor-section elementor-top-section elementor-element elementor-element-86a1b14 elementor-section-boxed elementor-section-height-default elementor-section-height-default elementor-invisible\" data-id=\"86a1b14\" data-element_type=\"section\" data-settings=\"{&quot;animation&quot;:&quot;fadeInDown&quot;}\">\n\t\t\t\t\t\t<div class=\"elementor-container elementor-column-gap-default\">\n\t\t\t\t\t<div class=\"elementor-column elementor-col-50 elementor-top-column elementor-element elementor-element-2e64941 elementor-invisible\" data-id=\"2e64941\" data-element_type=\"column\" data-settings=\"{&quot;animation&quot;:&quot;fadeInDown&quot;}\">\n\t\t\t<div class=\"elementor-widget-wrap elementor-element-populated\">\n\t\t\t\t\t\t<div class=\"elementor-element elementor-element-f892c17 travly-star-rating--align-center elementor-widget elementor-widget-witr_section_title\" data-id=\"f892c17\" data-element_type=\"widget\" data-widget_type=\"witr_section_title.default\">\n\t\t\t\t<div class=\"elementor-widget-container\">\n\t\t\t\t\t\t\t\t<!-- title left -->\n\t\t\t\t\t<div class=\"witr_section_title\">\n\t\t\t\t\t\t<div class=\"witr_section_title_inner text-left\">\n\t\t\t\t\t\t\n\t\t\t\t\t\t\t<!-- icon position -->\n\t\t\t\t\t\t\t\t\n\t\t\t\t\t\t\t<!-- end icon position -->\n\t\t\t\t\t\t\n\t\t\t\t\t\t\n\t\t\t\t\t\t\t<!-- title top -->\n\t\t\t\t\t\t\t\n\t\t\t\t\t\t\t<!-- icon position -->\n\t\t\t\t\t\t\t\t\n\t\t\t\t\t\t\t<!-- end icon position -->\n\n\t\t\t\t\t\t\t\n\t\t\t\t\t\t\t<!-- title middle -->\n\t\t\t\t\t\t\t\t\t\t\t\t\t\t\t<h3>XIII Taller de empleo FMV<\/h3>\t\t\n\t\t\t\t\t\t\t\t\t\t\t\t\t\t<!-- title bottom -->\n\t\t\t\t\t\t\t\t\t\t\t\t\t\t\n\t\t\t\t\t\t\t<!-- icon position -->\n\t\t\t\t\t\t\t\t\t\t\t\t\t\t\n\t\t\t\t\t\t\t<!-- image -->\n\t\t\t\t\t\t\t\t\t\t\t\t\t\t<!-- icon -->\n\t\t\t\t\t\t\t\t\t\t\t\t\t\t\n\t\t\t\t\t\t\t<!-- bar -->\n\t\t\t\t\t\t\t\t\t\t\t\t\t\t\n\t\t\t\t\t\t\t\t<div class=\"witr_bar_main\">\n\t\t\t\t\t\t\t\t\t<div class=\"witr_bar_inner\">\n\t\t\t\t\t\t\t\t\t<\/div>\n\t\t\t\t\t\t\t\t<\/div>\n\t\t\t\t\t\t\t\t\t\t\t\t\t\t<!-- circle bar -->\n\t\t\t\t\t\t\t\t\t\t\t\t\t\t\n\t\t\t\t\t\t\t\t\n\t\t\t\t\t\t\t<!-- end icon position -->\n\n\t\t\t\t\t\t\t<!-- content -->\n\t\t\t\t\t\t\t\t\t\t\t\t\t<\/div>\n\t\t\t\t\t\t\t<!-- inner title -->\n\t\t\t\t\t\t\t\t\t\t\t\t\t\n\t\t\t\t\t<\/div>\t\t\t\t\n\t\t\t\t\t\t<\/div>\n\t\t\t\t<\/div>\n\t\t\t\t<div class=\"elementor-element elementor-element-8c7f20f elementor-align-left elementor-icon-list--layout-traditional elementor-list-item-link-full_width elementor-widget elementor-widget-icon-list\" data-id=\"8c7f20f\" data-element_type=\"widget\" data-widget_type=\"icon-list.default\">\n\t\t\t\t<div class=\"elementor-widget-container\">\n\t\t\t\t\t<ul class=\"elementor-icon-list-items\">\n\t\t\t\t\t\t\t<li class=\"elementor-icon-list-item\">\n\t\t\t\t\t\t\t\t\t\t\t<a href=\"https:\/\/goo.gl\/maps\/t5RoxHaoPctX4WZDA\" target=\"_blank\">\n\n\t\t\t\t\t\t\t\t\t\t\t\t<span class=\"elementor-icon-list-icon\">\n\t\t\t\t\t\t\t<i aria-hidden=\"true\" class=\"icofont icofont-location-arrow\"><\/i>\t\t\t\t\t\t<\/span>\n\t\t\t\t\t\t\t\t\t\t<span class=\"elementor-icon-list-text\">Finca Marqu\u00e9s de Valdecilla, Paseo de Santa Matilde s\/n<\/span>\n\t\t\t\t\t\t\t\t\t\t\t<\/a>\n\t\t\t\t\t\t\t\t\t<\/li>\n\t\t\t\t\t\t\t\t<li class=\"elementor-icon-list-item\">\n\t\t\t\t\t\t\t\t\t\t\t<span class=\"elementor-icon-list-icon\">\n\t\t\t\t\t\t\t<i aria-hidden=\"true\" class=\"fas fa-phone-alt\"><\/i>\t\t\t\t\t\t<\/span>\n\t\t\t\t\t\t\t\t\t\t<span class=\"elementor-icon-list-text\">942 52 28 87<\/span>\n\t\t\t\t\t\t\t\t\t<\/li>\n\t\t\t\t\t\t\t\t<li class=\"elementor-icon-list-item\">\n\t\t\t\t\t\t\t\t\t\t\t<a href=\"mailto:fmv.formaci\u00f3n@mediocudeyo.es\" target=\"_blank\">\n\n\t\t\t\t\t\t\t\t\t\t\t\t<span class=\"elementor-icon-list-icon\">\n\t\t\t\t\t\t\t<i aria-hidden=\"true\" class=\"fas fa-envelope\"><\/i>\t\t\t\t\t\t<\/span>\n\t\t\t\t\t\t\t\t\t\t<span class=\"elementor-icon-list-text\">fmv.formaci\u00f3n@mediocudeyo.es<\/span>\n\t\t\t\t\t\t\t\t\t\t\t<\/a>\n\t\t\t\t\t\t\t\t\t<\/li>\n\t\t\t\t\t\t<\/ul>\n\t\t\t\t<\/div>\n\t\t\t\t<\/div>\n\t\t\t\t<div class=\"elementor-element elementor-element-27c921e elementor-invisible elementor-widget elementor-widget-image\" data-id=\"27c921e\" data-element_type=\"widget\" data-settings=\"{&quot;_animation&quot;:&quot;fadeInLeft&quot;}\" data-widget_type=\"image.default\">\n\t\t\t\t<div class=\"elementor-widget-container\">\n\t\t\t\t\t\t\t\t\t\t\t\t\t\t<a href=\"https:\/\/mediocudeyo.es\/web\/wp-content\/uploads\/2022\/12\/Imagen1-1024x94-1.png\" data-rel=\"lightbox-image-0\" data-rl_title=\"\" data-rl_caption=\"\" title=\"\">\n\t\t\t\t\t\t\t<img fetchpriority=\"high\" decoding=\"async\" width=\"1024\" height=\"94\" src=\"https:\/\/mediocudeyo.es\/web\/wp-content\/uploads\/2022\/12\/Imagen1-1024x94-1.png\" class=\"attachment-large size-large wp-image-18090\" alt=\"\" srcset=\"https:\/\/mediocudeyo.es\/web\/wp-content\/uploads\/2022\/12\/Imagen1-1024x94-1.png 1024w, https:\/\/mediocudeyo.es\/web\/wp-content\/uploads\/2022\/12\/Imagen1-1024x94-1-300x28.png 300w, https:\/\/mediocudeyo.es\/web\/wp-content\/uploads\/2022\/12\/Imagen1-1024x94-1-768x71.png 768w\" sizes=\"(max-width: 1024px) 100vw, 1024px\" \/>\t\t\t\t\t\t\t\t<\/a>\n\t\t\t\t\t\t\t\t\t\t\t\t\t<\/div>\n\t\t\t\t<\/div>\n\t\t\t\t\t<\/div>\n\t\t<\/div>\n\t\t\t\t<div class=\"elementor-column elementor-col-50 elementor-top-column elementor-element elementor-element-471adda\" data-id=\"471adda\" data-element_type=\"column\">\n\t\t\t<div class=\"elementor-widget-wrap elementor-element-populated\">\n\t\t\t\t\t\t<div class=\"elementor-element elementor-element-ad3f9c5 elementor-invisible elementor-widget elementor-widget-image\" data-id=\"ad3f9c5\" data-element_type=\"widget\" data-settings=\"{&quot;_animation&quot;:&quot;fadeInDown&quot;}\" data-widget_type=\"image.default\">\n\t\t\t\t<div class=\"elementor-widget-container\">\n\t\t\t\t\t\t\t\t\t\t\t\t\t\t<a href=\"https:\/\/mediocudeyo.es\/web\/wp-content\/uploads\/2025\/07\/cartel-Taller-XIII-TE-FMV-para-la-WEB-002.png\" data-rel=\"lightbox-image-1\" data-rl_title=\"\" data-rl_caption=\"\" title=\"\">\n\t\t\t\t\t\t\t<img decoding=\"async\" width=\"850\" height=\"631\" src=\"https:\/\/mediocudeyo.es\/web\/wp-content\/uploads\/2025\/07\/cartel-Taller-XIII-TE-FMV-para-la-WEB-002.png\" class=\"attachment-full size-full wp-image-24785\" alt=\"\" srcset=\"https:\/\/mediocudeyo.es\/web\/wp-content\/uploads\/2025\/07\/cartel-Taller-XIII-TE-FMV-para-la-WEB-002.png 850w, https:\/\/mediocudeyo.es\/web\/wp-content\/uploads\/2025\/07\/cartel-Taller-XIII-TE-FMV-para-la-WEB-002-300x223.png 300w, https:\/\/mediocudeyo.es\/web\/wp-content\/uploads\/2025\/07\/cartel-Taller-XIII-TE-FMV-para-la-WEB-002-768x570.png 768w\" sizes=\"(max-width: 850px) 100vw, 850px\" \/>\t\t\t\t\t\t\t\t<\/a>\n\t\t\t\t\t\t\t\t\t\t\t\t\t<\/div>\n\t\t\t\t<\/div>\n\t\t\t\t\t<\/div>\n\t\t<\/div>\n\t\t\t\t\t<\/div>\n\t\t<\/section>\n\t\t\t\t<section class=\"elementor-section elementor-top-section elementor-element elementor-element-91e27a2 elementor-section-boxed elementor-section-height-default elementor-section-height-default\" data-id=\"91e27a2\" data-element_type=\"section\">\n\t\t\t\t\t\t<div class=\"elementor-container elementor-column-gap-default\">\n\t\t\t\t\t<div class=\"elementor-column elementor-col-100 elementor-top-column elementor-element elementor-element-c3f2563\" data-id=\"c3f2563\" data-element_type=\"column\">\n\t\t\t<div class=\"elementor-widget-wrap elementor-element-populated\">\n\t\t\t\t\t\t<section class=\"elementor-section elementor-inner-section elementor-element elementor-element-919540e elementor-section-boxed elementor-section-height-default elementor-section-height-default\" data-id=\"919540e\" data-element_type=\"section\">\n\t\t\t\t\t\t<div class=\"elementor-container elementor-column-gap-default\">\n\t\t\t\t\t<div class=\"elementor-column elementor-col-100 elementor-inner-column elementor-element elementor-element-fe299a6\" data-id=\"fe299a6\" data-element_type=\"column\">\n\t\t\t<div class=\"elementor-widget-wrap elementor-element-populated\">\n\t\t\t\t\t\t<div class=\"elementor-element elementor-element-3eb2032 elementor-invisible elementor-widget elementor-widget-text-editor\" data-id=\"3eb2032\" data-element_type=\"widget\" data-settings=\"{&quot;_animation&quot;:&quot;fadeInLeft&quot;}\" data-widget_type=\"text-editor.default\">\n\t\t\t\t<div class=\"elementor-widget-container\">\n\t\t\t\t\t\t\t<p>El <strong>XIII TE FMV<\/strong> es un proyecto de empleo y formaci\u00f3n destinado a personas mayores de 30 a\u00f1os, desempleados de larga duraci\u00f3n, donde el aprendizaje y la cualificaci\u00f3n se alternan con un trabajo productivo en actividades de inter\u00e9s p\u00fablico o social, en nuestro caso trabajos en el \u00e1mbito de la jardiner\u00eda en la Finca Marqu\u00e9s de Valdecilla y que tiene como objetivo la empleabilidad de las personas participantes con la finalidad de facilitar su inserci\u00f3n laboral.<\/p>\t\t\t\t\t\t<\/div>\n\t\t\t\t<\/div>\n\t\t\t\t\t<\/div>\n\t\t<\/div>\n\t\t\t\t\t<\/div>\n\t\t<\/section>\n\t\t\t\t<section class=\"elementor-section elementor-inner-section elementor-element elementor-element-728543e elementor-section-boxed elementor-section-height-default elementor-section-height-default\" data-id=\"728543e\" data-element_type=\"section\">\n\t\t\t\t\t\t<div class=\"elementor-container elementor-column-gap-default\">\n\t\t\t\t\t<div class=\"elementor-column elementor-col-100 elementor-inner-column elementor-element elementor-element-73d4086\" data-id=\"73d4086\" data-element_type=\"column\">\n\t\t\t<div class=\"elementor-widget-wrap elementor-element-populated\">\n\t\t\t\t\t\t<div class=\"elementor-element elementor-element-2faa7e0 travly-star-rating--align-center elementor-widget elementor-widget-witr_section_ports\" data-id=\"2faa7e0\" data-element_type=\"widget\" data-widget_type=\"witr_section_ports.default\">\n\t\t\t\t<div class=\"elementor-widget-container\">\n\t\t\t\t\t\t\n\t\n\t\t<div class=\"witr_pslide all_pslides_color ps1 service_active\">\n\t\t\t<div class=\" witr_islidess_slick witr_cslide_idany\">\n\t\t\t\t\t\t\n\t\t\t\t\t\t\t\n\t\t\t\t\t\t<div class=\"item_pos col-lg-12\">\t\n\t\t\t\t\t\t\t<div class=\"witr_single_pslide\">\t\n\t\t\t\t\t\t\t\t<div class=\"witr_pslide_image\">\n\t\t\t\t\t\t\t\t\t<img decoding=\"async\" width=\"500\" height=\"375\" src=\"https:\/\/mediocudeyo.es\/web\/wp-content\/uploads\/2022\/12\/IMG_2949_500px.jpg\" class=\"attachment-travly-gallery-thumb size-travly-gallery-thumb wp-image-18091\" alt=\"\" srcset=\"https:\/\/mediocudeyo.es\/web\/wp-content\/uploads\/2022\/12\/IMG_2949_500px.jpg 500w, https:\/\/mediocudeyo.es\/web\/wp-content\/uploads\/2022\/12\/IMG_2949_500px-300x225.jpg 300w\" sizes=\"(max-width: 500px) 100vw, 500px\" \/>\t\t\t\t\t\t\t\t<\/div>\n\t\t\t\t\t\t\t\t\t\t\t\t\t\t\t\t\t\t\t\t\t\t\t\t\n\t\t\t\t\t\t\t\t<div class=\"witr_content_pslide_text\">\n\t\t\t\t\t\t\t\t\t<div class=\"witr_content_pslide\">\n\t\t\t\t\t\t\t\t\t\t<!-- title -->\n\t\t\t\t\t\t\t\t\t\t\t\t\t\t\t\t\t\t\t\t\n\t\t\t\t\t\t\t\t\t\t<!-- content -->\n\t\t\t\t\t\t\t\t\t\t\t\t\t\t\t\t\t\t\t<\/div>\n\t\t\t\t\t\t\t\t\t<!-- button -->\n\t\t\t\t\t\t\t\t\t\t\n\t\t\t\t\t\t\t\t<\/div>\t\n\t\t\t\t\t\t\t\t\n\t\t\t\t\t\t\t<\/div> \n\t\t\t\t\t\t<\/div> \n\t\t\t\t\t\t\n\t\t\t\t\t\t\n\t\t\t\t\t\t\t\n\t\t\t\t\t\t\t\n\t\t\t\t\t\t<div class=\"item_pos col-lg-12\">\t\n\t\t\t\t\t\t\t<div class=\"witr_single_pslide\">\t\n\t\t\t\t\t\t\t\t<div class=\"witr_pslide_image\">\n\t\t\t\t\t\t\t\t\t<img loading=\"lazy\" decoding=\"async\" width=\"316\" height=\"237\" src=\"https:\/\/mediocudeyo.es\/web\/wp-content\/uploads\/2023\/01\/IMG_2932.jpg\" class=\"attachment-full size-full wp-image-18635\" alt=\"\" srcset=\"https:\/\/mediocudeyo.es\/web\/wp-content\/uploads\/2023\/01\/IMG_2932.jpg 316w, https:\/\/mediocudeyo.es\/web\/wp-content\/uploads\/2023\/01\/IMG_2932-300x225.jpg 300w\" sizes=\"(max-width: 316px) 100vw, 316px\" \/>\t\t\t\t\t\t\t\t<\/div>\n\t\t\t\t\t\t\t\t\t\t\t\t\t\t\t\t\t\t\t\t\t\t\t\t\n\t\t\t\t\t\t\t\t<div class=\"witr_content_pslide_text\">\n\t\t\t\t\t\t\t\t\t<div class=\"witr_content_pslide\">\n\t\t\t\t\t\t\t\t\t\t<!-- title -->\n\t\t\t\t\t\t\t\t\t\t\t\t\t\t\t\t\t\t\t\t\n\t\t\t\t\t\t\t\t\t\t<!-- content -->\n\t\t\t\t\t\t\t\t\t\t\t\t\t\t\t\t\t\t\t<\/div>\n\t\t\t\t\t\t\t\t\t<!-- button -->\n\t\t\t\t\t\t\t\t\t\t\n\t\t\t\t\t\t\t\t<\/div>\t\n\t\t\t\t\t\t\t\t\n\t\t\t\t\t\t\t<\/div> \n\t\t\t\t\t\t<\/div> \n\t\t\t\t\t\t\n\t\t\t\t\t\t\n\t\t\t\t\t\t\t\t\t\t\t\n\t\t\t\t\t\t\t\t\t\t\t\n\t\t\t<\/div> \n\t\t\t\n\t\t<\/div> \n\t\t\n\t\t\t<script type='text\/javascript'>\r\n\t\t\tjQuery(function($){\t\t\t\t\r\n\t\t\t\tvar witrbslick = $('.witr_cslide_idany');\t\t\t\t\r\n\t\t\t\tif(witrbslick.length > 0){\r\n\t\t\t\twitrbslick.slick({\r\n\t\t\t\t\tinfinite: false,\r\n\t\t\t\t\tautoplay: false,\r\n\t\t\t\t\tautoplaySpeed: 6000,\r\n\t\t\t\t\tspeed: 2000,\t\t\t\t\t\r\n\t\t\t\t\tslidesToShow: 2,\r\n\t\t\t\t\tslidesToScroll: 1,\r\n\t\t\t\t\t\t\t\t\t\tarrows: false,\r\n\t\t\t\t\tdots: false,\r\n\t\t\t\t\tresponsive: [\r\n\t\t\t\t\t\t{\r\n\t\t\t\t\t\t\tbreakpoint: 1200,\r\n\t\t\t\t\t\t\tsettings: {\r\n\t\t\t\t\t\t\t\tslidesToShow: 3,\r\n\t\t\t\t\t\t\t\tslidesToScroll: 1,\r\n\t\t\t\t\t\t\t}\r\n\t\t\t\t\t},\r\n\t\t\t\t\t\t{\r\n\t\t\t\t\t\t\tbreakpoint: 992,\r\n\t\t\t\t\t\t\tsettings: {\r\n\t\t\t\t\t\t\t\tslidesToShow: 3,\r\n\t\t\t\t\t\t\t\tslidesToScroll: 1,\r\n\t\t\t\t\t\t\t}\r\n\t\t\t\t\t},\r\n\t\t\t\t\t\t{\r\n\t\t\t\t\t\t\tbreakpoint: 767,\r\n\t\t\t\t\t\t\tsettings: {\r\n\t\t\t\t\t\t\t\tslidesToShow: 1,\r\n\t\t\t\t\t\t\t\tslidesToScroll: 1,\r\n\t\t\t\t\t\t\t}\r\n\t\t\t\t\t}\r\n\t\t\t\t\t]\r\n\t\t\t\t});\r\n\t\t\t}\r\n\r\n\t\t\t});\r\n\t\t<\/script>\t\t\t<\/div>\n\t\t\t\t<\/div>\n\t\t\t\t\t<\/div>\n\t\t<\/div>\n\t\t\t\t\t<\/div>\n\t\t<\/section>\n\t\t\t\t<section class=\"elementor-section elementor-inner-section elementor-element elementor-element-e2d8fbd elementor-section-boxed elementor-section-height-default elementor-section-height-default\" data-id=\"e2d8fbd\" data-element_type=\"section\">\n\t\t\t\t\t\t<div class=\"elementor-container elementor-column-gap-default\">\n\t\t\t\t\t<div class=\"elementor-column elementor-col-100 elementor-inner-column elementor-element elementor-element-aedc67b\" data-id=\"aedc67b\" data-element_type=\"column\">\n\t\t\t<div class=\"elementor-widget-wrap elementor-element-populated\">\n\t\t\t\t\t\t<div class=\"elementor-element elementor-element-6a527eb elementor-invisible elementor-widget elementor-widget-text-editor\" data-id=\"6a527eb\" data-element_type=\"widget\" data-settings=\"{&quot;_animation&quot;:&quot;fadeInRight&quot;}\" data-widget_type=\"text-editor.default\">\n\t\t\t\t<div class=\"elementor-widget-container\">\n\t\t\t\t\t\t\t<p>Los contenidos de la formaci\u00f3n que reciben los alumnos-as\/trabajadores-as est\u00e1n vinculados obligatoriamente a dos certificados de profesionalidad y al finalizar el Taller los participantes recibir\u00e1n la acreditaci\u00f3n de dicha formaci\u00f3n.<\/p><p>La duraci\u00f3n del proyecto son 12 meses, combinando la formaci\u00f3n con el empleo a trav\u00e9s de un contrato para la formaci\u00f3n en alternancia.<\/p><p>\u00a0Los Certificados de profesionalidad que se imparten son:<\/p><ul><li>AGAO0108 ACTIVIDADES AUXILIARES EN VIVEROS, JARDINES Y CENTROS DE JARDINERIA.<\/li><\/ul><ul><li>AGAO0208 INSTALACION Y MANTENIMIENTO DE JARDINES Y ZONAS VERDES.<\/li><\/ul>\t\t\t\t\t\t<\/div>\n\t\t\t\t<\/div>\n\t\t\t\t\t<\/div>\n\t\t<\/div>\n\t\t\t\t\t<\/div>\n\t\t<\/section>\n\t\t\t\t<section class=\"elementor-section elementor-inner-section elementor-element elementor-element-45c4b0e elementor-section-boxed elementor-section-height-default elementor-section-height-default\" data-id=\"45c4b0e\" data-element_type=\"section\">\n\t\t\t\t\t\t<div class=\"elementor-container elementor-column-gap-default\">\n\t\t\t\t\t<div class=\"elementor-column elementor-col-100 elementor-inner-column elementor-element elementor-element-d1f3a76\" data-id=\"d1f3a76\" data-element_type=\"column\">\n\t\t\t<div class=\"elementor-widget-wrap elementor-element-populated\">\n\t\t\t\t\t\t<div class=\"elementor-element elementor-element-0e30368 elementor-invisible elementor-widget elementor-widget-text-editor\" data-id=\"0e30368\" data-element_type=\"widget\" data-settings=\"{&quot;_animation&quot;:&quot;fadeInLeft&quot;}\" data-widget_type=\"text-editor.default\">\n\t\t\t\t<div class=\"elementor-widget-container\">\n\t\t\t\t\t\t\t<p>Los objetivos a perseguir son dos:<\/p><ul><li>Por una parte que el alumno-a sea capaz de ejecutar operaciones auxiliares para la implantaci\u00f3n y mantenimiento de jardines, parques y zonas verdes, as\u00ed como para la producci\u00f3n y mantenimiento de plantas en viveros y centros de jardiner\u00eda, siguiendo instrucciones de superiores o plan de trabajo, cumpliendo con las medidas de prevenci\u00f3n de riesgos laborales, calidad y protecci\u00f3n del medio ambiente.<\/li><li>Por otra parte que el alumno-a pueda ejecutar y organizar a su nivel operaciones de instalaci\u00f3n, mantenimiento y mejora de jardines de interior, exterior y zonas verdes, controlando la sanidad vegetal, manejando la maquinaria y aperos de jardiner\u00eda y cumpliendo la normativa medioambiental de calidad y prevenci\u00f3n de riesgos laborales.<\/li><\/ul><p>Actuaciones:<\/p><ul><li>Ordenaci\u00f3n y restauraci\u00f3n paisaj\u00edstica del talud de las arom\u00e1ticas, ubicado en las proximidades del centro de formaci\u00f3n.<\/li><li>Ordenaci\u00f3n de la parte izquierda del nivel intermedio del vivero, donde se pretende crear una especie de mirador hacia la zona del laberinto, ya que este se concibi\u00f3 tanto para el ocio y disfrute de los ni\u00f1os que lo utilicen como del espectador que lo ve desde una zona elevada y observa como los ni\u00f1os se pierden haciendo y deshaciendo los caminos.<\/li><\/ul>\t\t\t\t\t\t<\/div>\n\t\t\t\t<\/div>\n\t\t\t\t\t<\/div>\n\t\t<\/div>\n\t\t\t\t\t<\/div>\n\t\t<\/section>\n\t\t\t\t<section class=\"elementor-section elementor-inner-section elementor-element elementor-element-d1aa15b elementor-section-boxed elementor-section-height-default elementor-section-height-default\" data-id=\"d1aa15b\" data-element_type=\"section\">\n\t\t\t\t\t\t<div class=\"elementor-container elementor-column-gap-default\">\n\t\t\t\t\t<div class=\"elementor-column elementor-col-100 elementor-inner-column elementor-element elementor-element-4ab6e88\" data-id=\"4ab6e88\" data-element_type=\"column\">\n\t\t\t<div class=\"elementor-widget-wrap elementor-element-populated\">\n\t\t\t\t\t\t<div class=\"elementor-element elementor-element-1d049f1 elementor-invisible elementor-widget elementor-widget-text-editor\" data-id=\"1d049f1\" data-element_type=\"widget\" data-settings=\"{&quot;_animation&quot;:&quot;fadeInRight&quot;}\" data-widget_type=\"text-editor.default\">\n\t\t\t\t<div class=\"elementor-widget-container\">\n\t\t\t\t\t\t\t<p>El programa est\u00e1 subvencionado por el Gobierno de Cantabria a trav\u00e9s de la Consejer\u00eda de Industria, Empleo, Innovaci\u00f3n y Comercio, la subvenci\u00f3n solicitada es de 376.819,83 \u20ac y el Ayuntamiento cofinancia el proyecto aportando 56.580,96\u20ac, es decir un total de 433.400,79 \u20ac destinados a la contrataci\u00f3n de personal directivo, docente y de apoyo administrativo, contrataci\u00f3n del alumnado y para los gastos derivados de la formaci\u00f3n y de la ejecuci\u00f3n del proyecto.<\/p>\t\t\t\t\t\t<\/div>\n\t\t\t\t<\/div>\n\t\t\t\t\t<\/div>\n\t\t<\/div>\n\t\t\t\t\t<\/div>\n\t\t<\/section>\n\t\t\t\t\t<\/div>\n\t\t<\/div>\n\t\t\t\t\t<\/div>\n\t\t<\/section>\n\t\t\t\t<\/div>\n\t\t","protected":false},"excerpt":{"rendered":"<p>XIII Taller de empleo FMV Finca Marqu\u00e9s de Valdecilla, Paseo de Santa Matilde s\/n 942 52 28 87 fmv.formaci\u00f3n@mediocudeyo.es El XIII TE FMV es un proyecto de empleo y formaci\u00f3n [&hellip;]<\/p>\n","protected":false},"author":15,"featured_media":0,"parent":17586,"menu_order":8,"comment_status":"closed","ping_status":"closed","template":"","meta":{"footnotes":""},"class_list":["post-18087","page","type-page","status-publish","hentry"],"_links":{"self":[{"href":"https:\/\/mediocudeyo.es\/web\/wp-json\/wp\/v2\/pages\/18087"}],"collection":[{"href":"https:\/\/mediocudeyo.es\/web\/wp-json\/wp\/v2\/pages"}],"about":[{"href":"https:\/\/mediocudeyo.es\/web\/wp-json\/wp\/v2\/types\/page"}],"author":[{"embeddable":true,"href":"https:\/\/mediocudeyo.es\/web\/wp-json\/wp\/v2\/users\/15"}],"replies":[{"embeddable":true,"href":"https:\/\/mediocudeyo.es\/web\/wp-json\/wp\/v2\/comments?post=18087"}],"version-history":[{"count":54,"href":"https:\/\/mediocudeyo.es\/web\/wp-json\/wp\/v2\/pages\/18087\/revisions"}],"predecessor-version":[{"id":24790,"href":"https:\/\/mediocudeyo.es\/web\/wp-json\/wp\/v2\/pages\/18087\/revisions\/24790"}],"up":[{"embeddable":true,"href":"https:\/\/mediocudeyo.es\/web\/wp-json\/wp\/v2\/pages\/17586"}],"wp:attachment":[{"href":"https:\/\/mediocudeyo.es\/web\/wp-json\/wp\/v2\/media?parent=18087"}],"curies":[{"name":"wp","href":"https:\/\/api.w.org\/{rel}","templated":true}]}}