{"id":18135,"date":"2022-12-22T12:29:26","date_gmt":"2022-12-22T12:29:26","guid":{"rendered":"https:\/\/mediocudeyo.es\/web\/?page_id=18135"},"modified":"2026-04-15T16:41:50","modified_gmt":"2026-04-15T14:41:50","slug":"perfil-del-contratante","status":"publish","type":"page","link":"https:\/\/mediocudeyo.es\/web\/tramites\/perfil-del-contratante\/","title":{"rendered":"Perfil del Contratante"},"content":{"rendered":"\t\t<div data-elementor-type=\"wp-page\" data-elementor-id=\"18135\" class=\"elementor elementor-18135\">\n\t\t\t\t\t\t<section class=\"elementor-section elementor-top-section elementor-element elementor-element-9bbe741 elementor-section-boxed elementor-section-height-default elementor-section-height-default\" data-id=\"9bbe741\" data-element_type=\"section\">\n\t\t\t\t\t\t<div class=\"elementor-container elementor-column-gap-default\">\n\t\t\t\t\t<div class=\"elementor-column elementor-col-100 elementor-top-column elementor-element elementor-element-e948aff\" data-id=\"e948aff\" data-element_type=\"column\">\n\t\t\t<div class=\"elementor-widget-wrap elementor-element-populated\">\n\t\t\t\t\t\t<section class=\"elementor-section elementor-inner-section elementor-element elementor-element-c93ef63 elementor-section-boxed elementor-section-height-default elementor-section-height-default\" data-id=\"c93ef63\" data-element_type=\"section\">\n\t\t\t\t\t\t<div class=\"elementor-container elementor-column-gap-default\">\n\t\t\t\t\t<div class=\"elementor-column elementor-col-50 elementor-inner-column elementor-element elementor-element-31c3752 elementor-invisible\" data-id=\"31c3752\" data-element_type=\"column\" data-settings=\"{&quot;animation&quot;:&quot;fadeInDown&quot;}\">\n\t\t\t<div class=\"elementor-widget-wrap elementor-element-populated\">\n\t\t\t\t\t\t<div class=\"elementor-element elementor-element-46d845a travly-star-rating--align-center elementor-widget elementor-widget-witr_section_title\" data-id=\"46d845a\" data-element_type=\"widget\" data-widget_type=\"witr_section_title.default\">\n\t\t\t\t<div class=\"elementor-widget-container\">\n\t\t\t\t\t\t\t\t<!-- title left -->\n\t\t\t\t\t<div class=\"witr_section_title\">\n\t\t\t\t\t\t<div class=\"witr_section_title_inner text-left\">\n\t\t\t\t\t\t\n\t\t\t\t\t\t\t<!-- icon position -->\n\t\t\t\t\t\t\t\t\n\t\t\t\t\t\t\t<!-- end icon position -->\n\t\t\t\t\t\t\n\t\t\t\t\t\t\n\t\t\t\t\t\t\t<!-- title top -->\n\t\t\t\t\t\t\t\n\t\t\t\t\t\t\t<!-- icon position -->\n\t\t\t\t\t\t\t\t\n\t\t\t\t\t\t\t<!-- end icon position -->\n\n\t\t\t\t\t\t\t\n\t\t\t\t\t\t\t<!-- title middle -->\n\t\t\t\t\t\t\t\t\t\t\t\t\t\t\t<h3>Exposici\u00f3n P\u00fablica del Acuerdo aprobatorio del expediente de enajenaci\u00f3n de bienes patrimoniales mediante subasta y del Pliego de Condiciones Econ\u00f3mico-Administrativos que han de regir el procedimiento<\/h3>\t\t\n\t\t\t\t\t\t\t\t\t\t\t\t\t\t<!-- title bottom -->\n\t\t\t\t\t\t\t\t\t\t\t\t\t\t\n\t\t\t\t\t\t\t<!-- icon position -->\n\t\t\t\t\t\t\t\t\t\t\t\t\t\t\n\t\t\t\t\t\t\t<!-- image -->\n\t\t\t\t\t\t\t\t\t\t\t\t\t\t<!-- icon -->\n\t\t\t\t\t\t\t\t\t\t\t\t\t\t\n\t\t\t\t\t\t\t<!-- bar -->\n\t\t\t\t\t\t\t\t\t\t\t\t\t\t\n\t\t\t\t\t\t\t\t<div class=\"witr_bar_main\">\n\t\t\t\t\t\t\t\t\t<div class=\"witr_bar_inner\">\n\t\t\t\t\t\t\t\t\t<\/div>\n\t\t\t\t\t\t\t\t<\/div>\n\t\t\t\t\t\t\t\t\t\t\t\t\t\t<!-- circle bar -->\n\t\t\t\t\t\t\t\t\t\t\t\t\t\t\n\t\t\t\t\t\t\t\t\n\t\t\t\t\t\t\t<!-- end icon position -->\n\n\t\t\t\t\t\t\t<!-- content -->\n\t\t\t\t\t\t\t\t\t\t\t\t\t<\/div>\n\t\t\t\t\t\t\t<!-- inner title -->\n\t\t\t\t\t\t\t\t\t\t\t\t\t\n\t\t\t\t\t<\/div>\t\t\t\t\n\t\t\t\t\t\t<\/div>\n\t\t\t\t<\/div>\n\t\t\t\t<div class=\"elementor-element elementor-element-7773bbd elementor-align-left elementor-icon-list--layout-traditional elementor-list-item-link-full_width elementor-widget elementor-widget-icon-list\" data-id=\"7773bbd\" data-element_type=\"widget\" data-widget_type=\"icon-list.default\">\n\t\t\t\t<div class=\"elementor-widget-container\">\n\t\t\t\t\t<ul class=\"elementor-icon-list-items\">\n\t\t\t\t\t\t\t<li class=\"elementor-icon-list-item\">\n\t\t\t\t\t\t\t\t\t\t\t<a href=\"https:\/\/mediocudeyo.es\/web\/wp-content\/uploads\/2025\/11\/Anuncio-BOC-enajenacion-parcelas.pdf\" target=\"_blank\">\n\n\t\t\t\t\t\t\t\t\t\t\t\t<span class=\"elementor-icon-list-icon\">\n\t\t\t\t\t\t\t<i aria-hidden=\"true\" class=\"fas fa-file-pdf\"><\/i>\t\t\t\t\t\t<\/span>\n\t\t\t\t\t\t\t\t\t\t<span class=\"elementor-icon-list-text\">Anuncio BOC enajenaci\u00f3n parcelas<\/span>\n\t\t\t\t\t\t\t\t\t\t\t<\/a>\n\t\t\t\t\t\t\t\t\t<\/li>\n\t\t\t\t\t\t\t\t<li class=\"elementor-icon-list-item\">\n\t\t\t\t\t\t\t\t\t\t\t<a href=\"https:\/\/mediocudeyo.es\/web\/wp-content\/uploads\/2025\/11\/Pliego-de-Condiciones-Economico-Administrativas.pdf\" target=\"_blank\">\n\n\t\t\t\t\t\t\t\t\t\t\t\t<span class=\"elementor-icon-list-icon\">\n\t\t\t\t\t\t\t<i aria-hidden=\"true\" class=\"fas fa-file-pdf\"><\/i>\t\t\t\t\t\t<\/span>\n\t\t\t\t\t\t\t\t\t\t<span class=\"elementor-icon-list-text\">Pliego de Condiciones Econ\u00f3mico Administrativas<\/span>\n\t\t\t\t\t\t\t\t\t\t\t<\/a>\n\t\t\t\t\t\t\t\t\t<\/li>\n\t\t\t\t\t\t\t\t<li class=\"elementor-icon-list-item\">\n\t\t\t\t\t\t\t\t\t\t\t<a href=\"https:\/\/contrataciondelestado.es\/wps\/poc?uri=deeplink:detalle_licitacion&#038;idEvl=sIsFku6AmCGFlFRHfEzEaw%3D%3D\">\n\n\t\t\t\t\t\t\t\t\t\t\t\t<span class=\"elementor-icon-list-icon\">\n\t\t\t\t\t\t\t<i aria-hidden=\"true\" class=\"fas fa-check\"><\/i>\t\t\t\t\t\t<\/span>\n\t\t\t\t\t\t\t\t\t\t<span class=\"elementor-icon-list-text\">Anuncio Plataforma Contrataci\u00f3n del Estado<\/span>\n\t\t\t\t\t\t\t\t\t\t\t<\/a>\n\t\t\t\t\t\t\t\t\t<\/li>\n\t\t\t\t\t\t<\/ul>\n\t\t\t\t<\/div>\n\t\t\t\t<\/div>\n\t\t\t\t\t<\/div>\n\t\t<\/div>\n\t\t\t\t<div class=\"elementor-column elementor-col-50 elementor-inner-column elementor-element elementor-element-3d2522c elementor-invisible\" data-id=\"3d2522c\" data-element_type=\"column\" data-settings=\"{&quot;animation&quot;:&quot;fadeInDown&quot;}\">\n\t\t\t<div class=\"elementor-widget-wrap elementor-element-populated\">\n\t\t\t\t\t\t<div class=\"elementor-element elementor-element-2d09d6e travly-star-rating--align-center elementor-widget elementor-widget-witr_section_title\" data-id=\"2d09d6e\" data-element_type=\"widget\" data-widget_type=\"witr_section_title.default\">\n\t\t\t\t<div class=\"elementor-widget-container\">\n\t\t\t\t\t\t\t\t<!-- title left -->\n\t\t\t\t\t<div class=\"witr_section_title\">\n\t\t\t\t\t\t<div class=\"witr_section_title_inner text-left\">\n\t\t\t\t\t\t\n\t\t\t\t\t\t\t<!-- icon position -->\n\t\t\t\t\t\t\t\t\n\t\t\t\t\t\t\t<!-- end icon position -->\n\t\t\t\t\t\t\n\t\t\t\t\t\t\n\t\t\t\t\t\t\t<!-- title top -->\n\t\t\t\t\t\t\t\n\t\t\t\t\t\t\t<!-- icon position -->\n\t\t\t\t\t\t\t\t\n\t\t\t\t\t\t\t<!-- end icon position -->\n\n\t\t\t\t\t\t\t\n\t\t\t\t\t\t\t<!-- title middle -->\n\t\t\t\t\t\t\t\t\t\t\t\t\t\t\t<h3>Plataforma de Licitaci\u00f3n Electr\u00f3nica del Ayuntamiento de Medio Cudeyo<\/h3>\t\t\n\t\t\t\t\t\t\t\t\t\t\t\t\t\t<!-- title bottom -->\n\t\t\t\t\t\t\t\t\t\t\t\t\t\t\n\t\t\t\t\t\t\t<!-- icon position -->\n\t\t\t\t\t\t\t\t\t\t\t\t\t\t\n\t\t\t\t\t\t\t<!-- image -->\n\t\t\t\t\t\t\t\t\t\t\t\t\t\t<!-- icon -->\n\t\t\t\t\t\t\t\t\t\t\t\t\t\t\n\t\t\t\t\t\t\t<!-- bar -->\n\t\t\t\t\t\t\t\t\t\t\t\t\t\t\n\t\t\t\t\t\t\t\t<div class=\"witr_bar_main\">\n\t\t\t\t\t\t\t\t\t<div class=\"witr_bar_inner\">\n\t\t\t\t\t\t\t\t\t<\/div>\n\t\t\t\t\t\t\t\t<\/div>\n\t\t\t\t\t\t\t\t\t\t\t\t\t\t<!-- circle bar -->\n\t\t\t\t\t\t\t\t\t\t\t\t\t\t\n\t\t\t\t\t\t\t\t\n\t\t\t\t\t\t\t<!-- end icon position -->\n\n\t\t\t\t\t\t\t<!-- content -->\n\t\t\t\t\t\t\t\t\t\t\t\t\t<\/div>\n\t\t\t\t\t\t\t<!-- inner title -->\n\t\t\t\t\t\t\t\t\t\t\t\t\t\n\t\t\t\t\t<\/div>\t\t\t\t\n\t\t\t\t\t\t<\/div>\n\t\t\t\t<\/div>\n\t\t\t\t<div class=\"elementor-element elementor-element-eef5da2 elementor-widget elementor-widget-text-editor\" data-id=\"eef5da2\" data-element_type=\"widget\" data-widget_type=\"text-editor.default\">\n\t\t\t\t<div class=\"elementor-widget-container\">\n\t\t\t\t\t\t\t<p>La presentaci\u00f3n de proposiciones y documentos, as\u00ed como las notificaciones y comunicaciones entre el \u00f3rgano de contrataci\u00f3n y los interesados en los expedientes se realizar\u00e1 exclusivamente a trav\u00e9s de la plataforma de contrataci\u00f3n p\u00fablica del Ayuntamiento de Medio Cudeyo.<\/p>\t\t\t\t\t\t<\/div>\n\t\t\t\t<\/div>\n\t\t\t\t<div class=\"elementor-element elementor-element-2acc343 elementor-align-left elementor-icon-list--layout-traditional elementor-list-item-link-full_width elementor-widget elementor-widget-icon-list\" data-id=\"2acc343\" data-element_type=\"widget\" data-widget_type=\"icon-list.default\">\n\t\t\t\t<div class=\"elementor-widget-container\">\n\t\t\t\t\t<ul class=\"elementor-icon-list-items\">\n\t\t\t\t\t\t\t<li class=\"elementor-icon-list-item\">\n\t\t\t\t\t\t\t\t\t\t\t<a href=\"https:\/\/contrataciondelestado.es\/wps\/poc?uri=deeplink%3AperfilContratante&#038;idBp=wSWUNBEGG0EQK2TEfXGy%2BA%3D%3D\" target=\"_blank\">\n\n\t\t\t\t\t\t\t\t\t\t\t\t<span class=\"elementor-icon-list-icon\">\n\t\t\t\t\t\t\t<i aria-hidden=\"true\" class=\"fas fa-link\"><\/i>\t\t\t\t\t\t<\/span>\n\t\t\t\t\t\t\t\t\t\t<span class=\"elementor-icon-list-text\">Plataforma de Licitaci\u00f3n Electr\u00f3nica del Ayuntamiento de Medio Cudeyo<\/span>\n\t\t\t\t\t\t\t\t\t\t\t<\/a>\n\t\t\t\t\t\t\t\t\t<\/li>\n\t\t\t\t\t\t<\/ul>\n\t\t\t\t<\/div>\n\t\t\t\t<\/div>\n\t\t\t\t\t<\/div>\n\t\t<\/div>\n\t\t\t\t\t<\/div>\n\t\t<\/section>\n\t\t\t\t<section class=\"elementor-section elementor-inner-section elementor-element elementor-element-b1d5ea6 elementor-section-boxed elementor-section-height-default elementor-section-height-default\" data-id=\"b1d5ea6\" data-element_type=\"section\">\n\t\t\t\t\t\t<div class=\"elementor-container elementor-column-gap-default\">\n\t\t\t\t\t<div class=\"elementor-column elementor-col-50 elementor-inner-column elementor-element elementor-element-fb6526a elementor-invisible\" data-id=\"fb6526a\" data-element_type=\"column\" data-settings=\"{&quot;animation&quot;:&quot;fadeInDown&quot;}\">\n\t\t\t<div class=\"elementor-widget-wrap elementor-element-populated\">\n\t\t\t\t\t\t<div class=\"elementor-element elementor-element-40c4d25 travly-star-rating--align-center elementor-widget elementor-widget-witr_section_title\" data-id=\"40c4d25\" data-element_type=\"widget\" data-widget_type=\"witr_section_title.default\">\n\t\t\t\t<div class=\"elementor-widget-container\">\n\t\t\t\t\t\t\t\t<!-- title left -->\n\t\t\t\t\t<div class=\"witr_section_title\">\n\t\t\t\t\t\t<div class=\"witr_section_title_inner text-left\">\n\t\t\t\t\t\t\n\t\t\t\t\t\t\t<!-- icon position -->\n\t\t\t\t\t\t\t\t\n\t\t\t\t\t\t\t<!-- end icon position -->\n\t\t\t\t\t\t\n\t\t\t\t\t\t\n\t\t\t\t\t\t\t<!-- title top -->\n\t\t\t\t\t\t\t\n\t\t\t\t\t\t\t<!-- icon position -->\n\t\t\t\t\t\t\t\t\n\t\t\t\t\t\t\t<!-- end icon position -->\n\n\t\t\t\t\t\t\t\n\t\t\t\t\t\t\t<!-- title middle -->\n\t\t\t\t\t\t\t\t\t\t\t\t\t\t\t<h3>Perfil del Contratante<\/h3>\t\t\n\t\t\t\t\t\t\t\t\t\t\t\t\t\t<!-- title bottom -->\n\t\t\t\t\t\t\t\t\t\t\t\t\t\t\n\t\t\t\t\t\t\t<!-- icon position -->\n\t\t\t\t\t\t\t\t\t\t\t\t\t\t\n\t\t\t\t\t\t\t<!-- image -->\n\t\t\t\t\t\t\t\t\t\t\t\t\t\t<!-- icon -->\n\t\t\t\t\t\t\t\t\t\t\t\t\t\t\n\t\t\t\t\t\t\t<!-- bar -->\n\t\t\t\t\t\t\t\t\t\t\t\t\t\t\n\t\t\t\t\t\t\t\t<div class=\"witr_bar_main\">\n\t\t\t\t\t\t\t\t\t<div class=\"witr_bar_inner\">\n\t\t\t\t\t\t\t\t\t<\/div>\n\t\t\t\t\t\t\t\t<\/div>\n\t\t\t\t\t\t\t\t\t\t\t\t\t\t<!-- circle bar -->\n\t\t\t\t\t\t\t\t\t\t\t\t\t\t\n\t\t\t\t\t\t\t\t\n\t\t\t\t\t\t\t<!-- end icon position -->\n\n\t\t\t\t\t\t\t<!-- content -->\n\t\t\t\t\t\t\t\t\t\t\t\t\t<\/div>\n\t\t\t\t\t\t\t<!-- inner title -->\n\t\t\t\t\t\t\t\t\t\t\t\t\t\n\t\t\t\t\t<\/div>\t\t\t\t\n\t\t\t\t\t\t<\/div>\n\t\t\t\t<\/div>\n\t\t\t\t<div class=\"elementor-element elementor-element-707d047 elementor-widget elementor-widget-text-editor\" data-id=\"707d047\" data-element_type=\"widget\" data-widget_type=\"text-editor.default\">\n\t\t\t\t<div class=\"elementor-widget-container\">\n\t\t\t\t\t\t\t<p><strong>Texto Refundido de la Ley de Contratos del Sector P\u00fablico, aprobado por Real Decreto Legislativo 3\/2011, de 14 de noviembre (extracto).<\/strong><\/p><p>Con el fin de asegurar la transparencia y el acceso p\u00fablico a la informaci\u00f3n relativa a su actividad contractual, y sin perjuicio de la utilizaci\u00f3n de otros medios de publicidad en los casos exigidos por esta Ley o por las normas auton\u00f3micas de desarrollo o en los que as\u00ed se decida voluntariamente, los \u00f3rganos de contrataci\u00f3n difundir\u00e1n, a trav\u00e9s de Internet, su perfil de contratante. La forma de acceso al perfil de contratante deber\u00e1 especificarse en las p\u00e1ginas Web institucionales que mantengan los entes del sector p\u00fablico, en la Plataforma de Contrataci\u00f3n del Estado y en los pliegos y anuncios de licitaci\u00f3n.<\/p>\t\t\t\t\t\t<\/div>\n\t\t\t\t<\/div>\n\t\t\t\t<div class=\"elementor-element elementor-element-22c11c6 elementor-align-left elementor-icon-list--layout-traditional elementor-list-item-link-full_width elementor-widget elementor-widget-icon-list\" data-id=\"22c11c6\" data-element_type=\"widget\" data-widget_type=\"icon-list.default\">\n\t\t\t\t<div class=\"elementor-widget-container\">\n\t\t\t\t\t<ul class=\"elementor-icon-list-items\">\n\t\t\t\t\t\t\t<li class=\"elementor-icon-list-item\">\n\t\t\t\t\t\t\t\t\t\t\t<a href=\"https:\/\/contrataciondelestado.es\/wps\/poc?uri=deeplink%3AperfilContratante&#038;ubicacionOrganica=%2B7LRZoIYwJc%3D\" target=\"_blank\">\n\n\t\t\t\t\t\t\t\t\t\t\t\t<span class=\"elementor-icon-list-icon\">\n\t\t\t\t\t\t\t<i aria-hidden=\"true\" class=\"fas fa-link\"><\/i>\t\t\t\t\t\t<\/span>\n\t\t\t\t\t\t\t\t\t\t<span class=\"elementor-icon-list-text\">Perfil del Contratante<\/span>\n\t\t\t\t\t\t\t\t\t\t\t<\/a>\n\t\t\t\t\t\t\t\t\t<\/li>\n\t\t\t\t\t\t<\/ul>\n\t\t\t\t<\/div>\n\t\t\t\t<\/div>\n\t\t\t\t\t<\/div>\n\t\t<\/div>\n\t\t\t\t<div class=\"elementor-column elementor-col-50 elementor-inner-column elementor-element elementor-element-c2b4788 elementor-invisible\" data-id=\"c2b4788\" data-element_type=\"column\" data-settings=\"{&quot;animation&quot;:&quot;fadeInDown&quot;}\">\n\t\t\t<div class=\"elementor-widget-wrap\">\n\t\t\t\t\t\t\t<\/div>\n\t\t<\/div>\n\t\t\t\t\t<\/div>\n\t\t<\/section>\n\t\t\t\t\t<\/div>\n\t\t<\/div>\n\t\t\t\t\t<\/div>\n\t\t<\/section>\n\t\t\t\t<section class=\"elementor-section elementor-top-section elementor-element elementor-element-38cf754 elementor-section-boxed elementor-section-height-default elementor-section-height-default\" data-id=\"38cf754\" data-element_type=\"section\">\n\t\t\t\t\t\t<div class=\"elementor-container elementor-column-gap-default\">\n\t\t\t\t\t<div class=\"elementor-column elementor-col-50 elementor-top-column elementor-element elementor-element-efaf53b\" data-id=\"efaf53b\" data-element_type=\"column\">\n\t\t\t<div class=\"elementor-widget-wrap elementor-element-populated\">\n\t\t\t\t\t\t<div class=\"elementor-element elementor-element-51952c9 travly-star-rating--align-center elementor-widget elementor-widget-witr_section_title\" data-id=\"51952c9\" data-element_type=\"widget\" data-widget_type=\"witr_section_title.default\">\n\t\t\t\t<div class=\"elementor-widget-container\">\n\t\t\t\t\t\t\t\t<!-- title left -->\n\t\t\t\t\t<div class=\"witr_section_title\">\n\t\t\t\t\t\t<div class=\"witr_section_title_inner text-left\">\n\t\t\t\t\t\t\n\t\t\t\t\t\t\t<!-- icon position -->\n\t\t\t\t\t\t\t\t\n\t\t\t\t\t\t\t<!-- end icon position -->\n\t\t\t\t\t\t\n\t\t\t\t\t\t\n\t\t\t\t\t\t\t<!-- title top -->\n\t\t\t\t\t\t\t\n\t\t\t\t\t\t\t<!-- icon position -->\n\t\t\t\t\t\t\t\t\n\t\t\t\t\t\t\t<!-- end icon position -->\n\n\t\t\t\t\t\t\t\n\t\t\t\t\t\t\t<!-- title middle -->\n\t\t\t\t\t\t\t\t\t\t\t\t\t\t\t<h3>Licitaciones<\/h3>\t\t\n\t\t\t\t\t\t\t\t\t\t\t\t\t\t<!-- title bottom -->\n\t\t\t\t\t\t\t\t\t\t\t\t\t\t\n\t\t\t\t\t\t\t<!-- icon position -->\n\t\t\t\t\t\t\t\t\t\t\t\t\t\t\n\t\t\t\t\t\t\t<!-- image -->\n\t\t\t\t\t\t\t\t\t\t\t\t\t\t<!-- icon -->\n\t\t\t\t\t\t\t\t\t\t\t\t\t\t\n\t\t\t\t\t\t\t<!-- bar -->\n\t\t\t\t\t\t\t\t\t\t\t\t\t\t\n\t\t\t\t\t\t\t\t<div class=\"witr_bar_main\">\n\t\t\t\t\t\t\t\t\t<div class=\"witr_bar_inner\">\n\t\t\t\t\t\t\t\t\t<\/div>\n\t\t\t\t\t\t\t\t<\/div>\n\t\t\t\t\t\t\t\t\t\t\t\t\t\t<!-- circle bar -->\n\t\t\t\t\t\t\t\t\t\t\t\t\t\t\n\t\t\t\t\t\t\t\t\n\t\t\t\t\t\t\t<!-- end icon position -->\n\n\t\t\t\t\t\t\t<!-- content -->\n\t\t\t\t\t\t\t\t\t\t\t\t\t<\/div>\n\t\t\t\t\t\t\t<!-- inner title -->\n\t\t\t\t\t\t\t\t\t\t\t\t\t\n\t\t\t\t\t<\/div>\t\t\t\t\n\t\t\t\t\t\t<\/div>\n\t\t\t\t<\/div>\n\t\t\t\t<section class=\"elementor-section elementor-inner-section elementor-element elementor-element-daae974 elementor-section-boxed elementor-section-height-default elementor-section-height-default\" data-id=\"daae974\" data-element_type=\"section\">\n\t\t\t\t\t\t<div class=\"elementor-container elementor-column-gap-default\">\n\t\t\t\t\t<div class=\"elementor-column elementor-col-100 elementor-inner-column elementor-element elementor-element-03df2e5 elementor-invisible\" data-id=\"03df2e5\" data-element_type=\"column\" data-settings=\"{&quot;animation&quot;:&quot;fadeInDown&quot;}\">\n\t\t\t<div class=\"elementor-widget-wrap elementor-element-populated\">\n\t\t\t\t\t\t<div class=\"elementor-element elementor-element-9a90d11 elementor-widget__width-initial elementor-widget elementor-widget-text-editor\" data-id=\"9a90d11\" data-element_type=\"widget\" data-widget_type=\"text-editor.default\">\n\t\t\t\t<div class=\"elementor-widget-container\">\n\t\t\t\t\t\t\t<p>ENAJENACI\u00d3N POR PROCEDIMIENTO ABIERTO, MEDIANTE SUBASTA, DE DOS PARCELAS UBICADAS EN EL POL\u00cdGONO INDUSTRIAL DE HERAS, PROPIEDAD DEL AYUNTAMIENTO DE MEDIO CUDEYO E INTEGRANTES DE SU PATRIMONIO MUNICIPAL DEL SUELO.<\/p>\t\t\t\t\t\t<\/div>\n\t\t\t\t<\/div>\n\t\t\t\t\t<\/div>\n\t\t<\/div>\n\t\t\t\t\t<\/div>\n\t\t<\/section>\n\t\t\t\t<div class=\"elementor-element elementor-element-68976cd elementor-align-left elementor-icon-list--layout-traditional elementor-list-item-link-full_width elementor-widget elementor-widget-icon-list\" data-id=\"68976cd\" data-element_type=\"widget\" data-widget_type=\"icon-list.default\">\n\t\t\t\t<div class=\"elementor-widget-container\">\n\t\t\t\t\t<ul class=\"elementor-icon-list-items\">\n\t\t\t\t\t\t\t<li class=\"elementor-icon-list-item\">\n\t\t\t\t\t\t\t\t\t\t\t<span class=\"elementor-icon-list-icon\">\n\t\t\t\t\t\t\t<i aria-hidden=\"true\" class=\"icofont icofont-ui-folder\"><\/i>\t\t\t\t\t\t<\/span>\n\t\t\t\t\t\t\t\t\t\t<span class=\"elementor-icon-list-text\">N\u00ba Expediente: 2024\/266<\/span>\n\t\t\t\t\t\t\t\t\t<\/li>\n\t\t\t\t\t\t\t\t<li class=\"elementor-icon-list-item\">\n\t\t\t\t\t\t\t\t\t\t\t<a href=\"https:\/\/contrataciondelestado.es\/wps\/poc?uri=deeplink:detalle_licitacion&#038;idEvl=sIsFku6AmCGFlFRHfEzEaw%3D%3D\">\n\n\t\t\t\t\t\t\t\t\t\t\t\t<span class=\"elementor-icon-list-icon\">\n\t\t\t\t\t\t\t<i aria-hidden=\"true\" class=\"fas fa-check\"><\/i>\t\t\t\t\t\t<\/span>\n\t\t\t\t\t\t\t\t\t\t<span class=\"elementor-icon-list-text\">Enlace anuncio licitaci\u00f3n<\/span>\n\t\t\t\t\t\t\t\t\t\t\t<\/a>\n\t\t\t\t\t\t\t\t\t<\/li>\n\t\t\t\t\t\t<\/ul>\n\t\t\t\t<\/div>\n\t\t\t\t<\/div>\n\t\t\t\t<section class=\"elementor-section elementor-inner-section elementor-element elementor-element-0b47c12 elementor-section-boxed elementor-section-height-default elementor-section-height-default\" data-id=\"0b47c12\" data-element_type=\"section\">\n\t\t\t\t\t\t<div class=\"elementor-container elementor-column-gap-default\">\n\t\t\t\t\t<div class=\"elementor-column elementor-col-100 elementor-inner-column elementor-element elementor-element-c290df3 elementor-invisible\" data-id=\"c290df3\" data-element_type=\"column\" data-settings=\"{&quot;animation&quot;:&quot;fadeInDown&quot;}\">\n\t\t\t<div class=\"elementor-widget-wrap elementor-element-populated\">\n\t\t\t\t\t\t<div class=\"elementor-element elementor-element-6e76bf9 elementor-widget__width-initial elementor-widget elementor-widget-text-editor\" data-id=\"6e76bf9\" data-element_type=\"widget\" data-widget_type=\"text-editor.default\">\n\t\t\t\t<div class=\"elementor-widget-container\">\n\t\t\t\t\t\t\t<p>SUMINISTRO E INSTALACION DE SISTEMA DE VIDEOVIGILANCIA PARA LA GESTI\u00d3N INTELIGENTE DE FLUJOS Y MOVILIDAD TURISTICA DEL AYUNTAMIENTO DE MEDIO CUDEYO; ACTUACI\u00d3N FINANCIADA CON CARGO A FONDOS PROCEDENTES DEL MECANISMO DE RECUPERACI\u00d3N Y RESILIENCIA DE LA UNI\u00d3N EUROPEA-NEXT GENERATION EU.<\/p>\t\t\t\t\t\t<\/div>\n\t\t\t\t<\/div>\n\t\t\t\t<div class=\"elementor-element elementor-element-f30d5d8 elementor-align-left elementor-icon-list--layout-traditional elementor-list-item-link-full_width elementor-widget elementor-widget-icon-list\" data-id=\"f30d5d8\" data-element_type=\"widget\" data-widget_type=\"icon-list.default\">\n\t\t\t\t<div class=\"elementor-widget-container\">\n\t\t\t\t\t<ul class=\"elementor-icon-list-items\">\n\t\t\t\t\t\t\t<li class=\"elementor-icon-list-item\">\n\t\t\t\t\t\t\t\t\t\t\t<span class=\"elementor-icon-list-icon\">\n\t\t\t\t\t\t\t<i aria-hidden=\"true\" class=\"icofont icofont-ui-folder\"><\/i>\t\t\t\t\t\t<\/span>\n\t\t\t\t\t\t\t\t\t\t<span class=\"elementor-icon-list-text\">N\u00ba Expediente: 2026\/292<\/span>\n\t\t\t\t\t\t\t\t\t<\/li>\n\t\t\t\t\t\t\t\t<li class=\"elementor-icon-list-item\">\n\t\t\t\t\t\t\t\t\t\t\t<a href=\"https:\/\/contrataciondelestado.es\/wps\/poc?uri=deeplink:detalle_licitacion&#038;idEvl=eSu8VHOQV2IUqXM96WStVA%3D%3D\">\n\n\t\t\t\t\t\t\t\t\t\t\t\t<span class=\"elementor-icon-list-icon\">\n\t\t\t\t\t\t\t<i aria-hidden=\"true\" class=\"fas fa-check\"><\/i>\t\t\t\t\t\t<\/span>\n\t\t\t\t\t\t\t\t\t\t<span class=\"elementor-icon-list-text\">Enlace anuncio licitaci\u00f3n<\/span>\n\t\t\t\t\t\t\t\t\t\t\t<\/a>\n\t\t\t\t\t\t\t\t\t<\/li>\n\t\t\t\t\t\t<\/ul>\n\t\t\t\t<\/div>\n\t\t\t\t<\/div>\n\t\t\t\t\t<\/div>\n\t\t<\/div>\n\t\t\t\t\t<\/div>\n\t\t<\/section>\n\t\t\t\t<section class=\"elementor-section elementor-inner-section elementor-element elementor-element-282c58c elementor-section-boxed elementor-section-height-default elementor-section-height-default\" data-id=\"282c58c\" data-element_type=\"section\">\n\t\t\t\t\t\t<div class=\"elementor-container elementor-column-gap-default\">\n\t\t\t\t\t<div class=\"elementor-column elementor-col-100 elementor-inner-column elementor-element elementor-element-72ae918 elementor-invisible\" data-id=\"72ae918\" data-element_type=\"column\" data-settings=\"{&quot;animation&quot;:&quot;fadeInDown&quot;}\">\n\t\t\t<div class=\"elementor-widget-wrap elementor-element-populated\">\n\t\t\t\t\t\t<div class=\"elementor-element elementor-element-4ab8360 elementor-widget__width-initial elementor-widget elementor-widget-text-editor\" data-id=\"4ab8360\" data-element_type=\"widget\" data-widget_type=\"text-editor.default\">\n\t\t\t\t<div class=\"elementor-widget-container\">\n\t\t\t\t\t\t\t<p>OBRAS \u00abINSTALACI\u00d3N DE PANELES SOLARES FOTOVOLTAICOS EN EDIFICIOS MUNICIPALES DEL AYUNTAMIENTO DE MEDIO CUDEYO\u00bb; ACTUACI\u00d3N FINANCIADA CON CARGO A FONDOS PROCEDENTES DEL MECANISMO DE RECUPERACI\u00d3N Y RESILIENCIA DE LA UNI\u00d3N EUROPEA-NEXT GENERATION EU.<\/p>\t\t\t\t\t\t<\/div>\n\t\t\t\t<\/div>\n\t\t\t\t<div class=\"elementor-element elementor-element-fc95145 elementor-align-left elementor-icon-list--layout-traditional elementor-list-item-link-full_width elementor-widget elementor-widget-icon-list\" data-id=\"fc95145\" data-element_type=\"widget\" data-widget_type=\"icon-list.default\">\n\t\t\t\t<div class=\"elementor-widget-container\">\n\t\t\t\t\t<ul class=\"elementor-icon-list-items\">\n\t\t\t\t\t\t\t<li class=\"elementor-icon-list-item\">\n\t\t\t\t\t\t\t\t\t\t\t<span class=\"elementor-icon-list-icon\">\n\t\t\t\t\t\t\t<i aria-hidden=\"true\" class=\"icofont icofont-ui-folder\"><\/i>\t\t\t\t\t\t<\/span>\n\t\t\t\t\t\t\t\t\t\t<span class=\"elementor-icon-list-text\">N\u00ba Expediente: 2026\/195<\/span>\n\t\t\t\t\t\t\t\t\t<\/li>\n\t\t\t\t\t\t\t\t<li class=\"elementor-icon-list-item\">\n\t\t\t\t\t\t\t\t\t\t\t<a href=\"https:\/\/contrataciondelestado.es\/wps\/poc?uri=deeplink:detalle_licitacion&#038;idEvl=AM32muXj9X8eC9GJQOEBkQ%3D%3D\">\n\n\t\t\t\t\t\t\t\t\t\t\t\t<span class=\"elementor-icon-list-icon\">\n\t\t\t\t\t\t\t<i aria-hidden=\"true\" class=\"fas fa-check\"><\/i>\t\t\t\t\t\t<\/span>\n\t\t\t\t\t\t\t\t\t\t<span class=\"elementor-icon-list-text\">Enlace anuncio licitaci\u00f3n<\/span>\n\t\t\t\t\t\t\t\t\t\t\t<\/a>\n\t\t\t\t\t\t\t\t\t<\/li>\n\t\t\t\t\t\t<\/ul>\n\t\t\t\t<\/div>\n\t\t\t\t<\/div>\n\t\t\t\t\t<\/div>\n\t\t<\/div>\n\t\t\t\t\t<\/div>\n\t\t<\/section>\n\t\t\t\t<section class=\"elementor-section elementor-inner-section elementor-element elementor-element-5d75935 elementor-section-boxed elementor-section-height-default elementor-section-height-default\" data-id=\"5d75935\" data-element_type=\"section\">\n\t\t\t\t\t\t<div class=\"elementor-container elementor-column-gap-default\">\n\t\t\t\t\t<div class=\"elementor-column elementor-col-100 elementor-inner-column elementor-element elementor-element-e971169 elementor-invisible\" data-id=\"e971169\" data-element_type=\"column\" data-settings=\"{&quot;animation&quot;:&quot;fadeInDown&quot;}\">\n\t\t\t<div class=\"elementor-widget-wrap elementor-element-populated\">\n\t\t\t\t\t\t<div class=\"elementor-element elementor-element-d2fae45 elementor-widget__width-initial elementor-widget elementor-widget-text-editor\" data-id=\"d2fae45\" data-element_type=\"widget\" data-widget_type=\"text-editor.default\">\n\t\t\t\t<div class=\"elementor-widget-container\">\n\t\t\t\t\t\t\t<p>OBRAS \u00abMEJORA DE ACCESIBILIDAD EN INMUEBLES FMV: ASCENSORES EL GARAJE Y LA CABA\u00d1A\u00bb; ACTUACI\u00d3N FINANCIADA CON CARGO A FONDOS PROCEDENTES DEL MECANISMO DE RECUPERACI\u00d3N Y RESILIENCIA DE LA UNI\u00d3N EUROPEA-NEXT GENERATION EU.<\/p>\t\t\t\t\t\t<\/div>\n\t\t\t\t<\/div>\n\t\t\t\t<div class=\"elementor-element elementor-element-42ec881 elementor-align-left elementor-icon-list--layout-traditional elementor-list-item-link-full_width elementor-widget elementor-widget-icon-list\" data-id=\"42ec881\" data-element_type=\"widget\" data-widget_type=\"icon-list.default\">\n\t\t\t\t<div class=\"elementor-widget-container\">\n\t\t\t\t\t<ul class=\"elementor-icon-list-items\">\n\t\t\t\t\t\t\t<li class=\"elementor-icon-list-item\">\n\t\t\t\t\t\t\t\t\t\t\t<span class=\"elementor-icon-list-icon\">\n\t\t\t\t\t\t\t<i aria-hidden=\"true\" class=\"icofont icofont-ui-folder\"><\/i>\t\t\t\t\t\t<\/span>\n\t\t\t\t\t\t\t\t\t\t<span class=\"elementor-icon-list-text\">N\u00ba Expediente: 2026\/188<\/span>\n\t\t\t\t\t\t\t\t\t<\/li>\n\t\t\t\t\t\t\t\t<li class=\"elementor-icon-list-item\">\n\t\t\t\t\t\t\t\t\t\t\t<a href=\"https:\/\/contrataciondelestado.es\/wps\/poc?uri=deeplink:detalle_licitacion&#038;idEvl=GyW6iBY%2BP6IUqXM96WStVA%3D%3D\">\n\n\t\t\t\t\t\t\t\t\t\t\t\t<span class=\"elementor-icon-list-icon\">\n\t\t\t\t\t\t\t<i aria-hidden=\"true\" class=\"fas fa-check\"><\/i>\t\t\t\t\t\t<\/span>\n\t\t\t\t\t\t\t\t\t\t<span class=\"elementor-icon-list-text\">Enlace anuncio licitaci\u00f3n<\/span>\n\t\t\t\t\t\t\t\t\t\t\t<\/a>\n\t\t\t\t\t\t\t\t\t<\/li>\n\t\t\t\t\t\t<\/ul>\n\t\t\t\t<\/div>\n\t\t\t\t<\/div>\n\t\t\t\t\t<\/div>\n\t\t<\/div>\n\t\t\t\t\t<\/div>\n\t\t<\/section>\n\t\t\t\t<section class=\"elementor-section elementor-inner-section elementor-element elementor-element-6ff49d5 elementor-section-boxed elementor-section-height-default elementor-section-height-default\" data-id=\"6ff49d5\" data-element_type=\"section\">\n\t\t\t\t\t\t<div class=\"elementor-container elementor-column-gap-default\">\n\t\t\t\t\t<div class=\"elementor-column elementor-col-100 elementor-inner-column elementor-element elementor-element-2a0ca04 elementor-invisible\" data-id=\"2a0ca04\" data-element_type=\"column\" data-settings=\"{&quot;animation&quot;:&quot;fadeInDown&quot;}\">\n\t\t\t<div class=\"elementor-widget-wrap elementor-element-populated\">\n\t\t\t\t\t\t<div class=\"elementor-element elementor-element-fb00547 elementor-widget__width-initial elementor-widget elementor-widget-text-editor\" data-id=\"fb00547\" data-element_type=\"widget\" data-widget_type=\"text-editor.default\">\n\t\t\t\t<div class=\"elementor-widget-container\">\n\t\t\t\t\t\t\t<p>SUMINISTRO E INSTALACION PANELES INFORMATIVOS DIGITALES; ACTUACI\u00d3N FINANCIADA CON CARGO A FONDOS PROCEDENTES DEL MECANISMO DE RECUPERACI\u00d3N Y RESILIENCIA DE LA UNI\u00d3N EUROPEA-NEXT GENERATION EU.<\/p>\t\t\t\t\t\t<\/div>\n\t\t\t\t<\/div>\n\t\t\t\t<div class=\"elementor-element elementor-element-623986e elementor-align-left elementor-icon-list--layout-traditional elementor-list-item-link-full_width elementor-widget elementor-widget-icon-list\" data-id=\"623986e\" data-element_type=\"widget\" data-widget_type=\"icon-list.default\">\n\t\t\t\t<div class=\"elementor-widget-container\">\n\t\t\t\t\t<ul class=\"elementor-icon-list-items\">\n\t\t\t\t\t\t\t<li class=\"elementor-icon-list-item\">\n\t\t\t\t\t\t\t\t\t\t\t<span class=\"elementor-icon-list-icon\">\n\t\t\t\t\t\t\t<i aria-hidden=\"true\" class=\"icofont icofont-ui-folder\"><\/i>\t\t\t\t\t\t<\/span>\n\t\t\t\t\t\t\t\t\t\t<span class=\"elementor-icon-list-text\">N\u00ba Expediente: 2026\/235<\/span>\n\t\t\t\t\t\t\t\t\t<\/li>\n\t\t\t\t\t\t\t\t<li class=\"elementor-icon-list-item\">\n\t\t\t\t\t\t\t\t\t\t\t<a href=\"https:\/\/contrataciondelestado.es\/wps\/poc?uri=deeplink:detalle_licitacion&#038;idEvl=sLudBo4TRjkZDGvgaZEVxQ%3D%3D\">\n\n\t\t\t\t\t\t\t\t\t\t\t\t<span class=\"elementor-icon-list-icon\">\n\t\t\t\t\t\t\t<i aria-hidden=\"true\" class=\"fas fa-check\"><\/i>\t\t\t\t\t\t<\/span>\n\t\t\t\t\t\t\t\t\t\t<span class=\"elementor-icon-list-text\">Enlace anuncio licitaci\u00f3n<\/span>\n\t\t\t\t\t\t\t\t\t\t\t<\/a>\n\t\t\t\t\t\t\t\t\t<\/li>\n\t\t\t\t\t\t<\/ul>\n\t\t\t\t<\/div>\n\t\t\t\t<\/div>\n\t\t\t\t\t<\/div>\n\t\t<\/div>\n\t\t\t\t\t<\/div>\n\t\t<\/section>\n\t\t\t\t<section class=\"elementor-section elementor-inner-section elementor-element elementor-element-3a09417 elementor-section-boxed elementor-section-height-default elementor-section-height-default\" data-id=\"3a09417\" data-element_type=\"section\">\n\t\t\t\t\t\t<div class=\"elementor-container elementor-column-gap-default\">\n\t\t\t\t\t<div class=\"elementor-column elementor-col-100 elementor-inner-column elementor-element elementor-element-33d43f0 elementor-invisible\" data-id=\"33d43f0\" data-element_type=\"column\" data-settings=\"{&quot;animation&quot;:&quot;fadeInDown&quot;}\">\n\t\t\t<div class=\"elementor-widget-wrap elementor-element-populated\">\n\t\t\t\t\t\t<div class=\"elementor-element elementor-element-968c193 elementor-widget__width-initial elementor-widget elementor-widget-text-editor\" data-id=\"968c193\" data-element_type=\"widget\" data-widget_type=\"text-editor.default\">\n\t\t\t\t<div class=\"elementor-widget-container\">\n\t\t\t\t\t\t\t<p>SUMINISTRO E INSTALACION DE CUBRE CONTENEDORES MUNICIPALES; ACTUACI\u00d3N FINANCIADA CON CARGO A FONDOS PROCEDENTES DEL MECANISMO DE RECUPERACI\u00d3N Y RESILIENCIA DE LA UNI\u00d3N EUROPEA-NEXT GENERATION EU.<\/p>\t\t\t\t\t\t<\/div>\n\t\t\t\t<\/div>\n\t\t\t\t<div class=\"elementor-element elementor-element-bd4501b elementor-align-left elementor-icon-list--layout-traditional elementor-list-item-link-full_width elementor-widget elementor-widget-icon-list\" data-id=\"bd4501b\" data-element_type=\"widget\" data-widget_type=\"icon-list.default\">\n\t\t\t\t<div class=\"elementor-widget-container\">\n\t\t\t\t\t<ul class=\"elementor-icon-list-items\">\n\t\t\t\t\t\t\t<li class=\"elementor-icon-list-item\">\n\t\t\t\t\t\t\t\t\t\t\t<span class=\"elementor-icon-list-icon\">\n\t\t\t\t\t\t\t<i aria-hidden=\"true\" class=\"icofont icofont-ui-folder\"><\/i>\t\t\t\t\t\t<\/span>\n\t\t\t\t\t\t\t\t\t\t<span class=\"elementor-icon-list-text\">N\u00ba Expediente: 2026\/119<\/span>\n\t\t\t\t\t\t\t\t\t<\/li>\n\t\t\t\t\t\t\t\t<li class=\"elementor-icon-list-item\">\n\t\t\t\t\t\t\t\t\t\t\t<a href=\"https:\/\/contrataciondelestado.es\/wps\/poc?uri=deeplink:detalle_licitacion&#038;idEvl=nSlQMJK2VzE%2FbjW6njtWLw%3D%3D\">\n\n\t\t\t\t\t\t\t\t\t\t\t\t<span class=\"elementor-icon-list-icon\">\n\t\t\t\t\t\t\t<i aria-hidden=\"true\" class=\"fas fa-check\"><\/i>\t\t\t\t\t\t<\/span>\n\t\t\t\t\t\t\t\t\t\t<span class=\"elementor-icon-list-text\">Enlace anuncio licitaci\u00f3n<\/span>\n\t\t\t\t\t\t\t\t\t\t\t<\/a>\n\t\t\t\t\t\t\t\t\t<\/li>\n\t\t\t\t\t\t<\/ul>\n\t\t\t\t<\/div>\n\t\t\t\t<\/div>\n\t\t\t\t\t<\/div>\n\t\t<\/div>\n\t\t\t\t\t<\/div>\n\t\t<\/section>\n\t\t\t\t<section class=\"elementor-section elementor-inner-section elementor-element elementor-element-019b072 elementor-section-boxed elementor-section-height-default elementor-section-height-default\" data-id=\"019b072\" data-element_type=\"section\">\n\t\t\t\t\t\t<div class=\"elementor-container elementor-column-gap-default\">\n\t\t\t\t\t<div class=\"elementor-column elementor-col-100 elementor-inner-column elementor-element elementor-element-301dfb3 elementor-invisible\" data-id=\"301dfb3\" data-element_type=\"column\" data-settings=\"{&quot;animation&quot;:&quot;fadeInDown&quot;}\">\n\t\t\t<div class=\"elementor-widget-wrap elementor-element-populated\">\n\t\t\t\t\t\t<div class=\"elementor-element elementor-element-afab94f elementor-widget__width-initial elementor-widget elementor-widget-text-editor\" data-id=\"afab94f\" data-element_type=\"widget\" data-widget_type=\"text-editor.default\">\n\t\t\t\t<div class=\"elementor-widget-container\">\n\t\t\t\t\t\t\t<p>SERVICIO DE LIMPIEZA DE RIBERAS Y CAUCES DE RIOS DE MEDIO CUDEYO (ARROYO CUB\u00d3N, REGATO VITO\u00d1A, RIO MIERA Y PARTE DEL RIO P\u00c1MANES); ACTUACI\u00d3N FINANCIADA CON CARGO A FONDOS PROCEDENTES DEL MECANISMO DE RECUPERACI\u00d3N Y RESILIENCIA DE LA UNI\u00d3N EUROPEA-NEXT GENERATION EU.<\/p>\t\t\t\t\t\t<\/div>\n\t\t\t\t<\/div>\n\t\t\t\t<div class=\"elementor-element elementor-element-20fb493 elementor-align-left elementor-icon-list--layout-traditional elementor-list-item-link-full_width elementor-widget elementor-widget-icon-list\" data-id=\"20fb493\" data-element_type=\"widget\" data-widget_type=\"icon-list.default\">\n\t\t\t\t<div class=\"elementor-widget-container\">\n\t\t\t\t\t<ul class=\"elementor-icon-list-items\">\n\t\t\t\t\t\t\t<li class=\"elementor-icon-list-item\">\n\t\t\t\t\t\t\t\t\t\t\t<span class=\"elementor-icon-list-icon\">\n\t\t\t\t\t\t\t<i aria-hidden=\"true\" class=\"icofont icofont-ui-folder\"><\/i>\t\t\t\t\t\t<\/span>\n\t\t\t\t\t\t\t\t\t\t<span class=\"elementor-icon-list-text\">N\u00ba Expediente: 2026\/55<\/span>\n\t\t\t\t\t\t\t\t\t<\/li>\n\t\t\t\t\t\t\t\t<li class=\"elementor-icon-list-item\">\n\t\t\t\t\t\t\t\t\t\t\t<a href=\"https:\/\/contrataciondelestado.es\/wps\/poc?uri=deeplink:detalle_licitacion&#038;idEvl=F2I17yBSS1qIzo3LHNPGcQ%3D%3D\">\n\n\t\t\t\t\t\t\t\t\t\t\t\t<span class=\"elementor-icon-list-icon\">\n\t\t\t\t\t\t\t<i aria-hidden=\"true\" class=\"fas fa-check\"><\/i>\t\t\t\t\t\t<\/span>\n\t\t\t\t\t\t\t\t\t\t<span class=\"elementor-icon-list-text\">Enlace anuncio licitaci\u00f3n<\/span>\n\t\t\t\t\t\t\t\t\t\t\t<\/a>\n\t\t\t\t\t\t\t\t\t<\/li>\n\t\t\t\t\t\t<\/ul>\n\t\t\t\t<\/div>\n\t\t\t\t<\/div>\n\t\t\t\t\t<\/div>\n\t\t<\/div>\n\t\t\t\t\t<\/div>\n\t\t<\/section>\n\t\t\t\t<section class=\"elementor-section elementor-inner-section elementor-element elementor-element-ddce517 elementor-section-boxed elementor-section-height-default elementor-section-height-default\" data-id=\"ddce517\" data-element_type=\"section\">\n\t\t\t\t\t\t<div class=\"elementor-container elementor-column-gap-default\">\n\t\t\t\t\t<div class=\"elementor-column elementor-col-100 elementor-inner-column elementor-element elementor-element-c8642a6 elementor-invisible\" data-id=\"c8642a6\" data-element_type=\"column\" data-settings=\"{&quot;animation&quot;:&quot;fadeInDown&quot;}\">\n\t\t\t<div class=\"elementor-widget-wrap elementor-element-populated\">\n\t\t\t\t\t\t<div class=\"elementor-element elementor-element-29494a8 elementor-widget__width-initial elementor-widget elementor-widget-text-editor\" data-id=\"29494a8\" data-element_type=\"widget\" data-widget_type=\"text-editor.default\">\n\t\t\t\t<div class=\"elementor-widget-container\">\n\t\t\t\t\t\t\t<p>OBRAS AMPLIACI\u00d3N DE ARC\u00c9N Y ZONAS DE RESGUARDO EN VIAL MUNICIPAL ENTRE HERMOSA Y CECE\u00d1AS. ACTUACI\u00d3N FINANCIADA CON CARGO A FONDOS PROCEDENTES DEL MECANISMO DE RECUPERACI\u00d3N Y RESILIENCIA DE LA UNI\u00d3N EUROPEA-NEXT GENERATION EU.<\/p>\t\t\t\t\t\t<\/div>\n\t\t\t\t<\/div>\n\t\t\t\t<div class=\"elementor-element elementor-element-b74ca03 elementor-align-left elementor-icon-list--layout-traditional elementor-list-item-link-full_width elementor-widget elementor-widget-icon-list\" data-id=\"b74ca03\" data-element_type=\"widget\" data-widget_type=\"icon-list.default\">\n\t\t\t\t<div class=\"elementor-widget-container\">\n\t\t\t\t\t<ul class=\"elementor-icon-list-items\">\n\t\t\t\t\t\t\t<li class=\"elementor-icon-list-item\">\n\t\t\t\t\t\t\t\t\t\t\t<span class=\"elementor-icon-list-icon\">\n\t\t\t\t\t\t\t<i aria-hidden=\"true\" class=\"icofont icofont-ui-folder\"><\/i>\t\t\t\t\t\t<\/span>\n\t\t\t\t\t\t\t\t\t\t<span class=\"elementor-icon-list-text\">N\u00ba Expediente: 2025\/417<\/span>\n\t\t\t\t\t\t\t\t\t<\/li>\n\t\t\t\t\t\t\t\t<li class=\"elementor-icon-list-item\">\n\t\t\t\t\t\t\t\t\t\t\t<a href=\"https:\/\/contrataciondelestado.es\/wps\/poc?uri=deeplink:detalle_licitacion&#038;idEvl=CJdiDw1CgU8wYTJJ03sHog%3D%3D\">\n\n\t\t\t\t\t\t\t\t\t\t\t\t<span class=\"elementor-icon-list-icon\">\n\t\t\t\t\t\t\t<i aria-hidden=\"true\" class=\"fas fa-check\"><\/i>\t\t\t\t\t\t<\/span>\n\t\t\t\t\t\t\t\t\t\t<span class=\"elementor-icon-list-text\">Enlace anuncio licitaci\u00f3n<\/span>\n\t\t\t\t\t\t\t\t\t\t\t<\/a>\n\t\t\t\t\t\t\t\t\t<\/li>\n\t\t\t\t\t\t<\/ul>\n\t\t\t\t<\/div>\n\t\t\t\t<\/div>\n\t\t\t\t\t<\/div>\n\t\t<\/div>\n\t\t\t\t\t<\/div>\n\t\t<\/section>\n\t\t\t\t<section class=\"elementor-section elementor-inner-section elementor-element elementor-element-5b2b592 elementor-section-boxed elementor-section-height-default elementor-section-height-default\" data-id=\"5b2b592\" data-element_type=\"section\">\n\t\t\t\t\t\t<div class=\"elementor-container elementor-column-gap-default\">\n\t\t\t\t\t<div class=\"elementor-column elementor-col-100 elementor-inner-column elementor-element elementor-element-983e79f elementor-invisible\" data-id=\"983e79f\" data-element_type=\"column\" data-settings=\"{&quot;animation&quot;:&quot;fadeInDown&quot;}\">\n\t\t\t<div class=\"elementor-widget-wrap elementor-element-populated\">\n\t\t\t\t\t\t<div class=\"elementor-element elementor-element-3250bab elementor-widget__width-initial elementor-widget elementor-widget-text-editor\" data-id=\"3250bab\" data-element_type=\"widget\" data-widget_type=\"text-editor.default\">\n\t\t\t\t<div class=\"elementor-widget-container\">\n\t\t\t\t\t\t\t<p>OBRAS ESPACIO BIODIVERSIDAD DEL ENTORNO DE PE\u00d1A CABARGA. ACTUACI\u00d3N FINANCIADA CON CARGO A FONDOS PROCEDENTES DEL MECANISMO DE RECUPERACI\u00d3N Y RESILIENCIA DE LA UNI\u00d3N EUROPEA-NEXT GENERATION EU.<\/p>\t\t\t\t\t\t<\/div>\n\t\t\t\t<\/div>\n\t\t\t\t<div class=\"elementor-element elementor-element-0c76291 elementor-align-left elementor-icon-list--layout-traditional elementor-list-item-link-full_width elementor-widget elementor-widget-icon-list\" data-id=\"0c76291\" data-element_type=\"widget\" data-widget_type=\"icon-list.default\">\n\t\t\t\t<div class=\"elementor-widget-container\">\n\t\t\t\t\t<ul class=\"elementor-icon-list-items\">\n\t\t\t\t\t\t\t<li class=\"elementor-icon-list-item\">\n\t\t\t\t\t\t\t\t\t\t\t<span class=\"elementor-icon-list-icon\">\n\t\t\t\t\t\t\t<i aria-hidden=\"true\" class=\"icofont icofont-ui-folder\"><\/i>\t\t\t\t\t\t<\/span>\n\t\t\t\t\t\t\t\t\t\t<span class=\"elementor-icon-list-text\">N\u00ba Expediente: 2025\/684<\/span>\n\t\t\t\t\t\t\t\t\t<\/li>\n\t\t\t\t\t\t\t\t<li class=\"elementor-icon-list-item\">\n\t\t\t\t\t\t\t\t\t\t\t<a href=\"https:\/\/contrataciondelestado.es\/wps\/poc?uri=deeplink:detalle_licitacion&#038;idEvl=v0Z8C52pkQozjChw4z%2FXvw%3D%3D\">\n\n\t\t\t\t\t\t\t\t\t\t\t\t<span class=\"elementor-icon-list-icon\">\n\t\t\t\t\t\t\t<i aria-hidden=\"true\" class=\"fas fa-check\"><\/i>\t\t\t\t\t\t<\/span>\n\t\t\t\t\t\t\t\t\t\t<span class=\"elementor-icon-list-text\">Enlace anuncio licitaci\u00f3n<\/span>\n\t\t\t\t\t\t\t\t\t\t\t<\/a>\n\t\t\t\t\t\t\t\t\t<\/li>\n\t\t\t\t\t\t<\/ul>\n\t\t\t\t<\/div>\n\t\t\t\t<\/div>\n\t\t\t\t\t<\/div>\n\t\t<\/div>\n\t\t\t\t\t<\/div>\n\t\t<\/section>\n\t\t\t\t<section class=\"elementor-section elementor-inner-section elementor-element elementor-element-fe8a250 elementor-section-boxed elementor-section-height-default elementor-section-height-default\" data-id=\"fe8a250\" data-element_type=\"section\">\n\t\t\t\t\t\t<div class=\"elementor-container elementor-column-gap-default\">\n\t\t\t\t\t<div class=\"elementor-column elementor-col-100 elementor-inner-column elementor-element elementor-element-c520ef0 elementor-invisible\" data-id=\"c520ef0\" data-element_type=\"column\" data-settings=\"{&quot;animation&quot;:&quot;fadeInDown&quot;}\">\n\t\t\t<div class=\"elementor-widget-wrap elementor-element-populated\">\n\t\t\t\t\t\t<div class=\"elementor-element elementor-element-14be645 elementor-widget__width-initial elementor-widget elementor-widget-text-editor\" data-id=\"14be645\" data-element_type=\"widget\" data-widget_type=\"text-editor.default\">\n\t\t\t\t<div class=\"elementor-widget-container\">\n\t\t\t\t\t\t\t<p>obras acondicionamiento \u00e1rea de pe\u00f1a cabarga. ACTUACI\u00d3N FINANCIADA CON CARGO A FONDOS PROCEDENTES DEL MECANISMO DE RECUPERACI\u00d3N Y RESILIENCIA DE LA UNI\u00d3N EUROPEA-NEXT GENERATION EU.<\/p>\t\t\t\t\t\t<\/div>\n\t\t\t\t<\/div>\n\t\t\t\t<div class=\"elementor-element elementor-element-063f43a elementor-align-left elementor-icon-list--layout-traditional elementor-list-item-link-full_width elementor-widget elementor-widget-icon-list\" data-id=\"063f43a\" data-element_type=\"widget\" data-widget_type=\"icon-list.default\">\n\t\t\t\t<div class=\"elementor-widget-container\">\n\t\t\t\t\t<ul class=\"elementor-icon-list-items\">\n\t\t\t\t\t\t\t<li class=\"elementor-icon-list-item\">\n\t\t\t\t\t\t\t\t\t\t\t<span class=\"elementor-icon-list-icon\">\n\t\t\t\t\t\t\t<i aria-hidden=\"true\" class=\"icofont icofont-ui-folder\"><\/i>\t\t\t\t\t\t<\/span>\n\t\t\t\t\t\t\t\t\t\t<span class=\"elementor-icon-list-text\">N\u00ba Expediente: 2025\/281<\/span>\n\t\t\t\t\t\t\t\t\t<\/li>\n\t\t\t\t\t\t\t\t<li class=\"elementor-icon-list-item\">\n\t\t\t\t\t\t\t\t\t\t\t<a href=\"https:\/\/contrataciondelestado.es\/wps\/poc?uri=deeplink:detalle_licitacion&#038;idEvl=FL5vQSdyR2eS81gZFETWmA%3D%3D\">\n\n\t\t\t\t\t\t\t\t\t\t\t\t<span class=\"elementor-icon-list-icon\">\n\t\t\t\t\t\t\t<i aria-hidden=\"true\" class=\"fas fa-check\"><\/i>\t\t\t\t\t\t<\/span>\n\t\t\t\t\t\t\t\t\t\t<span class=\"elementor-icon-list-text\">Enlace anuncio licitaci\u00f3n<\/span>\n\t\t\t\t\t\t\t\t\t\t\t<\/a>\n\t\t\t\t\t\t\t\t\t<\/li>\n\t\t\t\t\t\t<\/ul>\n\t\t\t\t<\/div>\n\t\t\t\t<\/div>\n\t\t\t\t\t<\/div>\n\t\t<\/div>\n\t\t\t\t\t<\/div>\n\t\t<\/section>\n\t\t\t\t<section class=\"elementor-section elementor-inner-section elementor-element elementor-element-99016f8 elementor-section-boxed elementor-section-height-default elementor-section-height-default\" data-id=\"99016f8\" data-element_type=\"section\">\n\t\t\t\t\t\t<div class=\"elementor-container elementor-column-gap-default\">\n\t\t\t\t\t<div class=\"elementor-column elementor-col-100 elementor-inner-column elementor-element elementor-element-6ce16a0 elementor-invisible\" data-id=\"6ce16a0\" data-element_type=\"column\" data-settings=\"{&quot;animation&quot;:&quot;fadeInDown&quot;}\">\n\t\t\t<div class=\"elementor-widget-wrap elementor-element-populated\">\n\t\t\t\t\t\t<div class=\"elementor-element elementor-element-411b496 elementor-widget__width-initial elementor-widget elementor-widget-text-editor\" data-id=\"411b496\" data-element_type=\"widget\" data-widget_type=\"text-editor.default\">\n\t\t\t\t<div class=\"elementor-widget-container\">\n\t\t\t\t\t\t\t<p>SUMINISTRO E INSTALACION DE LUMINARIAS PARA LA MEJORA DE LA EFICIENCIA ENERG\u00c9TICA EN LA ILUMINACI\u00d3N EXISTENTE EN LA FINCA MARQU\u00c9S DE VALDECILLA. ACTUACI\u00d3N FINANCIADA CON CARGO A FONDOS PROCEDENTES DEL MECANISMO DE RECUPERACI\u00d3N Y RESILIENCIA DE LA UNI\u00d3N EUROPEA-NEXT GENERATION EU.<\/p>\t\t\t\t\t\t<\/div>\n\t\t\t\t<\/div>\n\t\t\t\t<div class=\"elementor-element elementor-element-25698e1 elementor-align-left elementor-icon-list--layout-traditional elementor-list-item-link-full_width elementor-widget elementor-widget-icon-list\" data-id=\"25698e1\" data-element_type=\"widget\" data-widget_type=\"icon-list.default\">\n\t\t\t\t<div class=\"elementor-widget-container\">\n\t\t\t\t\t<ul class=\"elementor-icon-list-items\">\n\t\t\t\t\t\t\t<li class=\"elementor-icon-list-item\">\n\t\t\t\t\t\t\t\t\t\t\t<span class=\"elementor-icon-list-icon\">\n\t\t\t\t\t\t\t<i aria-hidden=\"true\" class=\"icofont icofont-ui-folder\"><\/i>\t\t\t\t\t\t<\/span>\n\t\t\t\t\t\t\t\t\t\t<span class=\"elementor-icon-list-text\">N\u00ba Expediente: 2025\/676<\/span>\n\t\t\t\t\t\t\t\t\t<\/li>\n\t\t\t\t\t\t\t\t<li class=\"elementor-icon-list-item\">\n\t\t\t\t\t\t\t\t\t\t\t<a href=\"https:\/\/contrataciondelestado.es\/wps\/poc?uri=deeplink:detalle_licitacion&#038;idEvl=eN3VIN4BEB87%2B9FIQYNjeQ%3D%3D\">\n\n\t\t\t\t\t\t\t\t\t\t\t\t<span class=\"elementor-icon-list-icon\">\n\t\t\t\t\t\t\t<i aria-hidden=\"true\" class=\"fas fa-check\"><\/i>\t\t\t\t\t\t<\/span>\n\t\t\t\t\t\t\t\t\t\t<span class=\"elementor-icon-list-text\">Enlace anuncio licitaci\u00f3n<\/span>\n\t\t\t\t\t\t\t\t\t\t\t<\/a>\n\t\t\t\t\t\t\t\t\t<\/li>\n\t\t\t\t\t\t<\/ul>\n\t\t\t\t<\/div>\n\t\t\t\t<\/div>\n\t\t\t\t\t<\/div>\n\t\t<\/div>\n\t\t\t\t\t<\/div>\n\t\t<\/section>\n\t\t\t\t<section class=\"elementor-section elementor-inner-section elementor-element elementor-element-9e4cef4 elementor-section-boxed elementor-section-height-default elementor-section-height-default\" data-id=\"9e4cef4\" data-element_type=\"section\">\n\t\t\t\t\t\t<div class=\"elementor-container elementor-column-gap-default\">\n\t\t\t\t\t<div class=\"elementor-column elementor-col-100 elementor-inner-column elementor-element elementor-element-0774c4f elementor-invisible\" data-id=\"0774c4f\" data-element_type=\"column\" data-settings=\"{&quot;animation&quot;:&quot;fadeInDown&quot;}\">\n\t\t\t<div class=\"elementor-widget-wrap elementor-element-populated\">\n\t\t\t\t\t\t<div class=\"elementor-element elementor-element-296a596 elementor-widget__width-initial elementor-widget elementor-widget-text-editor\" data-id=\"296a596\" data-element_type=\"widget\" data-widget_type=\"text-editor.default\">\n\t\t\t\t<div class=\"elementor-widget-container\">\n\t\t\t\t\t\t\t<p>OBRA: acondicionamiento y reforma de edificio municipal para uso dotacional<\/p>\t\t\t\t\t\t<\/div>\n\t\t\t\t<\/div>\n\t\t\t\t<div class=\"elementor-element elementor-element-2e10f40 elementor-align-left elementor-icon-list--layout-traditional elementor-list-item-link-full_width elementor-widget elementor-widget-icon-list\" data-id=\"2e10f40\" data-element_type=\"widget\" data-widget_type=\"icon-list.default\">\n\t\t\t\t<div class=\"elementor-widget-container\">\n\t\t\t\t\t<ul class=\"elementor-icon-list-items\">\n\t\t\t\t\t\t\t<li class=\"elementor-icon-list-item\">\n\t\t\t\t\t\t\t\t\t\t\t<span class=\"elementor-icon-list-icon\">\n\t\t\t\t\t\t\t<i aria-hidden=\"true\" class=\"icofont icofont-ui-folder\"><\/i>\t\t\t\t\t\t<\/span>\n\t\t\t\t\t\t\t\t\t\t<span class=\"elementor-icon-list-text\">N\u00ba Expediente: 2025\/634<\/span>\n\t\t\t\t\t\t\t\t\t<\/li>\n\t\t\t\t\t\t\t\t<li class=\"elementor-icon-list-item\">\n\t\t\t\t\t\t\t\t\t\t\t<a href=\"https:\/\/contrataciondelestado.es\/wps\/poc?uri=deeplink:detalle_licitacion&#038;idEvl=EoXH%2Bao6GON4zIRvjBVCSw%3D%3D\">\n\n\t\t\t\t\t\t\t\t\t\t\t\t<span class=\"elementor-icon-list-icon\">\n\t\t\t\t\t\t\t<i aria-hidden=\"true\" class=\"fas fa-check\"><\/i>\t\t\t\t\t\t<\/span>\n\t\t\t\t\t\t\t\t\t\t<span class=\"elementor-icon-list-text\">Enlace anuncio licitaci\u00f3n<\/span>\n\t\t\t\t\t\t\t\t\t\t\t<\/a>\n\t\t\t\t\t\t\t\t\t<\/li>\n\t\t\t\t\t\t<\/ul>\n\t\t\t\t<\/div>\n\t\t\t\t<\/div>\n\t\t\t\t\t<\/div>\n\t\t<\/div>\n\t\t\t\t\t<\/div>\n\t\t<\/section>\n\t\t\t\t<section class=\"elementor-section elementor-inner-section elementor-element elementor-element-ab769ab elementor-section-boxed elementor-section-height-default elementor-section-height-default\" data-id=\"ab769ab\" data-element_type=\"section\">\n\t\t\t\t\t\t<div class=\"elementor-container elementor-column-gap-default\">\n\t\t\t\t\t<div class=\"elementor-column elementor-col-100 elementor-inner-column elementor-element elementor-element-cf929b0 elementor-invisible\" data-id=\"cf929b0\" data-element_type=\"column\" data-settings=\"{&quot;animation&quot;:&quot;fadeInDown&quot;}\">\n\t\t\t<div class=\"elementor-widget-wrap elementor-element-populated\">\n\t\t\t\t\t\t<div class=\"elementor-element elementor-element-6a17e81 elementor-widget__width-initial elementor-widget elementor-widget-text-editor\" data-id=\"6a17e81\" data-element_type=\"widget\" data-widget_type=\"text-editor.default\">\n\t\t\t\t<div class=\"elementor-widget-container\">\n\t\t\t\t\t\t\t<p>OBRA: RIEGOS ASF\u00c1LTICOS EN CAMINOS MUNICIPALES\u00a0<\/p>\t\t\t\t\t\t<\/div>\n\t\t\t\t<\/div>\n\t\t\t\t<div class=\"elementor-element elementor-element-7a48a7b elementor-align-left elementor-icon-list--layout-traditional elementor-list-item-link-full_width elementor-widget elementor-widget-icon-list\" data-id=\"7a48a7b\" data-element_type=\"widget\" data-widget_type=\"icon-list.default\">\n\t\t\t\t<div class=\"elementor-widget-container\">\n\t\t\t\t\t<ul class=\"elementor-icon-list-items\">\n\t\t\t\t\t\t\t<li class=\"elementor-icon-list-item\">\n\t\t\t\t\t\t\t\t\t\t\t<span class=\"elementor-icon-list-icon\">\n\t\t\t\t\t\t\t<i aria-hidden=\"true\" class=\"icofont icofont-ui-folder\"><\/i>\t\t\t\t\t\t<\/span>\n\t\t\t\t\t\t\t\t\t\t<span class=\"elementor-icon-list-text\">N\u00ba Expediente: 2025\/624<\/span>\n\t\t\t\t\t\t\t\t\t<\/li>\n\t\t\t\t\t\t\t\t<li class=\"elementor-icon-list-item\">\n\t\t\t\t\t\t\t\t\t\t\t<a href=\"https:\/\/contrataciondelestado.es\/wps\/poc?uri=deeplink:detalle_licitacion&#038;idEvl=Ve53K8bVTfRVq4S9zvaQpQ%3D%3D\">\n\n\t\t\t\t\t\t\t\t\t\t\t\t<span class=\"elementor-icon-list-icon\">\n\t\t\t\t\t\t\t<i aria-hidden=\"true\" class=\"fas fa-check\"><\/i>\t\t\t\t\t\t<\/span>\n\t\t\t\t\t\t\t\t\t\t<span class=\"elementor-icon-list-text\">Enlace anuncio licitaci\u00f3n<\/span>\n\t\t\t\t\t\t\t\t\t\t\t<\/a>\n\t\t\t\t\t\t\t\t\t<\/li>\n\t\t\t\t\t\t<\/ul>\n\t\t\t\t<\/div>\n\t\t\t\t<\/div>\n\t\t\t\t\t<\/div>\n\t\t<\/div>\n\t\t\t\t\t<\/div>\n\t\t<\/section>\n\t\t\t\t<section class=\"elementor-section elementor-inner-section elementor-element elementor-element-6b81714 elementor-section-boxed elementor-section-height-default elementor-section-height-default\" data-id=\"6b81714\" data-element_type=\"section\">\n\t\t\t\t\t\t<div class=\"elementor-container elementor-column-gap-default\">\n\t\t\t\t\t<div class=\"elementor-column elementor-col-100 elementor-inner-column elementor-element elementor-element-1984d4f elementor-invisible\" data-id=\"1984d4f\" data-element_type=\"column\" data-settings=\"{&quot;animation&quot;:&quot;fadeInDown&quot;}\">\n\t\t\t<div class=\"elementor-widget-wrap elementor-element-populated\">\n\t\t\t\t\t\t<div class=\"elementor-element elementor-element-16ef20c elementor-widget__width-initial elementor-widget elementor-widget-text-editor\" data-id=\"16ef20c\" data-element_type=\"widget\" data-widget_type=\"text-editor.default\">\n\t\t\t\t<div class=\"elementor-widget-container\">\n\t\t\t\t\t\t\t<p>OBRAS DE REFORMA DE INSTALACIONES DOTACIONALES (VESTUARIOS) DE LA PISTA DEPORTIVA DEL PARQUE MONSE\u00d1OR DE COS DE SOLARES<\/p>\t\t\t\t\t\t<\/div>\n\t\t\t\t<\/div>\n\t\t\t\t<div class=\"elementor-element elementor-element-a86ad54 elementor-align-left elementor-icon-list--layout-traditional elementor-list-item-link-full_width elementor-widget elementor-widget-icon-list\" data-id=\"a86ad54\" data-element_type=\"widget\" data-widget_type=\"icon-list.default\">\n\t\t\t\t<div class=\"elementor-widget-container\">\n\t\t\t\t\t<ul class=\"elementor-icon-list-items\">\n\t\t\t\t\t\t\t<li class=\"elementor-icon-list-item\">\n\t\t\t\t\t\t\t\t\t\t\t<span class=\"elementor-icon-list-icon\">\n\t\t\t\t\t\t\t<i aria-hidden=\"true\" class=\"icofont icofont-ui-folder\"><\/i>\t\t\t\t\t\t<\/span>\n\t\t\t\t\t\t\t\t\t\t<span class=\"elementor-icon-list-text\">N\u00ba Expediente: 2025\/672<\/span>\n\t\t\t\t\t\t\t\t\t<\/li>\n\t\t\t\t\t\t\t\t<li class=\"elementor-icon-list-item\">\n\t\t\t\t\t\t\t\t\t\t\t<a href=\"https:\/\/contrataciondelestado.es\/wps\/poc?uri=deeplink:detalle_licitacion&#038;idEvl=CoZFYo7V7H5t5r0ngvMetA%3D%3D\">\n\n\t\t\t\t\t\t\t\t\t\t\t\t<span class=\"elementor-icon-list-icon\">\n\t\t\t\t\t\t\t<i aria-hidden=\"true\" class=\"fas fa-check\"><\/i>\t\t\t\t\t\t<\/span>\n\t\t\t\t\t\t\t\t\t\t<span class=\"elementor-icon-list-text\">Enlace anuncio licitaci\u00f3n<\/span>\n\t\t\t\t\t\t\t\t\t\t\t<\/a>\n\t\t\t\t\t\t\t\t\t<\/li>\n\t\t\t\t\t\t<\/ul>\n\t\t\t\t<\/div>\n\t\t\t\t<\/div>\n\t\t\t\t\t<\/div>\n\t\t<\/div>\n\t\t\t\t\t<\/div>\n\t\t<\/section>\n\t\t\t\t<section class=\"elementor-section elementor-inner-section elementor-element elementor-element-c295bc8 elementor-section-boxed elementor-section-height-default elementor-section-height-default\" data-id=\"c295bc8\" data-element_type=\"section\">\n\t\t\t\t\t\t<div class=\"elementor-container elementor-column-gap-default\">\n\t\t\t\t\t<div class=\"elementor-column elementor-col-100 elementor-inner-column elementor-element elementor-element-7d58c51 elementor-invisible\" data-id=\"7d58c51\" data-element_type=\"column\" data-settings=\"{&quot;animation&quot;:&quot;fadeInDown&quot;}\">\n\t\t\t<div class=\"elementor-widget-wrap elementor-element-populated\">\n\t\t\t\t\t\t<div class=\"elementor-element elementor-element-55b96dd elementor-widget__width-initial elementor-widget elementor-widget-text-editor\" data-id=\"55b96dd\" data-element_type=\"widget\" data-widget_type=\"text-editor.default\">\n\t\t\t\t<div class=\"elementor-widget-container\">\n\t\t\t\t\t\t\t<p>OBRAS DE REURBANIZACI\u00d3N DEL PARQUE MONSE\u00d1OR DE COS DE SOLARES<\/p>\t\t\t\t\t\t<\/div>\n\t\t\t\t<\/div>\n\t\t\t\t<div class=\"elementor-element elementor-element-9ea8cb6 elementor-align-left elementor-icon-list--layout-traditional elementor-list-item-link-full_width elementor-widget elementor-widget-icon-list\" data-id=\"9ea8cb6\" data-element_type=\"widget\" data-widget_type=\"icon-list.default\">\n\t\t\t\t<div class=\"elementor-widget-container\">\n\t\t\t\t\t<ul class=\"elementor-icon-list-items\">\n\t\t\t\t\t\t\t<li class=\"elementor-icon-list-item\">\n\t\t\t\t\t\t\t\t\t\t\t<span class=\"elementor-icon-list-icon\">\n\t\t\t\t\t\t\t<i aria-hidden=\"true\" class=\"icofont icofont-ui-folder\"><\/i>\t\t\t\t\t\t<\/span>\n\t\t\t\t\t\t\t\t\t\t<span class=\"elementor-icon-list-text\">N\u00ba Expediente: 2025\/478<\/span>\n\t\t\t\t\t\t\t\t\t<\/li>\n\t\t\t\t\t\t\t\t<li class=\"elementor-icon-list-item\">\n\t\t\t\t\t\t\t\t\t\t\t<a href=\"https:\/\/contrataciondelestado.es\/wps\/poc?uri=deeplink:detalle_licitacion&#038;idEvl=hbSO4QG1NVTI8aL3PRS10Q%3D%3D\">\n\n\t\t\t\t\t\t\t\t\t\t\t\t<span class=\"elementor-icon-list-icon\">\n\t\t\t\t\t\t\t<i aria-hidden=\"true\" class=\"fas fa-check\"><\/i>\t\t\t\t\t\t<\/span>\n\t\t\t\t\t\t\t\t\t\t<span class=\"elementor-icon-list-text\">Enlace anuncio licitaci\u00f3n<\/span>\n\t\t\t\t\t\t\t\t\t\t\t<\/a>\n\t\t\t\t\t\t\t\t\t<\/li>\n\t\t\t\t\t\t<\/ul>\n\t\t\t\t<\/div>\n\t\t\t\t<\/div>\n\t\t\t\t\t<\/div>\n\t\t<\/div>\n\t\t\t\t\t<\/div>\n\t\t<\/section>\n\t\t\t\t<section class=\"elementor-section elementor-inner-section elementor-element elementor-element-f5f178d elementor-section-boxed elementor-section-height-default elementor-section-height-default\" data-id=\"f5f178d\" data-element_type=\"section\">\n\t\t\t\t\t\t<div class=\"elementor-container elementor-column-gap-default\">\n\t\t\t\t\t<div class=\"elementor-column elementor-col-100 elementor-inner-column elementor-element elementor-element-67d63d1 elementor-invisible\" data-id=\"67d63d1\" data-element_type=\"column\" data-settings=\"{&quot;animation&quot;:&quot;fadeInDown&quot;}\">\n\t\t\t<div class=\"elementor-widget-wrap elementor-element-populated\">\n\t\t\t\t\t\t<div class=\"elementor-element elementor-element-560add8 elementor-widget__width-initial elementor-widget elementor-widget-text-editor\" data-id=\"560add8\" data-element_type=\"widget\" data-widget_type=\"text-editor.default\">\n\t\t\t\t<div class=\"elementor-widget-container\">\n\t\t\t\t\t\t\t<p>SERVICIO: DIRECCI\u00d3N Y COORDINACION SEGURIDAD Y SALUD DE LA OBRA \u00abACONDICIONAMIENTO \u00c1REA DE PE\u00d1A CABARGA\u00bb. ACTUACI\u00d3N FINANCIADA <br \/>CON CARGO A FONDOS PROCEDENTES DEL MECANISMO DE RECUPERACI\u00d3N Y <br \/>RESILIENCIA DE LA UNI\u00d3N EUROPEA-NEXT GENERATION EU<\/p>\t\t\t\t\t\t<\/div>\n\t\t\t\t<\/div>\n\t\t\t\t<div class=\"elementor-element elementor-element-5fded6d elementor-align-left elementor-icon-list--layout-traditional elementor-list-item-link-full_width elementor-widget elementor-widget-icon-list\" data-id=\"5fded6d\" data-element_type=\"widget\" data-widget_type=\"icon-list.default\">\n\t\t\t\t<div class=\"elementor-widget-container\">\n\t\t\t\t\t<ul class=\"elementor-icon-list-items\">\n\t\t\t\t\t\t\t<li class=\"elementor-icon-list-item\">\n\t\t\t\t\t\t\t\t\t\t\t<span class=\"elementor-icon-list-icon\">\n\t\t\t\t\t\t\t<i aria-hidden=\"true\" class=\"icofont icofont-ui-folder\"><\/i>\t\t\t\t\t\t<\/span>\n\t\t\t\t\t\t\t\t\t\t<span class=\"elementor-icon-list-text\">N\u00ba Expediente: 2025\/687<\/span>\n\t\t\t\t\t\t\t\t\t<\/li>\n\t\t\t\t\t\t\t\t<li class=\"elementor-icon-list-item\">\n\t\t\t\t\t\t\t\t\t\t\t<a href=\"https:\/\/contrataciondelestado.es\/wps\/poc?uri=deeplink:detalle_licitacion&#038;idEvl=nDHXrfmgWZF%2FP7lJ7Fu0SA%3D%3D\">\n\n\t\t\t\t\t\t\t\t\t\t\t\t<span class=\"elementor-icon-list-icon\">\n\t\t\t\t\t\t\t<i aria-hidden=\"true\" class=\"fas fa-check\"><\/i>\t\t\t\t\t\t<\/span>\n\t\t\t\t\t\t\t\t\t\t<span class=\"elementor-icon-list-text\">Enlace anuncio licitaci\u00f3n<\/span>\n\t\t\t\t\t\t\t\t\t\t\t<\/a>\n\t\t\t\t\t\t\t\t\t<\/li>\n\t\t\t\t\t\t<\/ul>\n\t\t\t\t<\/div>\n\t\t\t\t<\/div>\n\t\t\t\t\t<\/div>\n\t\t<\/div>\n\t\t\t\t\t<\/div>\n\t\t<\/section>\n\t\t\t\t<section class=\"elementor-section elementor-inner-section elementor-element elementor-element-1e96946 elementor-section-boxed elementor-section-height-default elementor-section-height-default\" data-id=\"1e96946\" data-element_type=\"section\">\n\t\t\t\t\t\t<div class=\"elementor-container elementor-column-gap-default\">\n\t\t\t\t\t<div class=\"elementor-column elementor-col-100 elementor-inner-column elementor-element elementor-element-9e9e26a elementor-invisible\" data-id=\"9e9e26a\" data-element_type=\"column\" data-settings=\"{&quot;animation&quot;:&quot;fadeInDown&quot;}\">\n\t\t\t<div class=\"elementor-widget-wrap elementor-element-populated\">\n\t\t\t\t\t\t<div class=\"elementor-element elementor-element-2fb58b5 elementor-widget__width-initial elementor-widget elementor-widget-text-editor\" data-id=\"2fb58b5\" data-element_type=\"widget\" data-widget_type=\"text-editor.default\">\n\t\t\t\t<div class=\"elementor-widget-container\">\n\t\t\t\t\t\t\t<p>SERVICIO: DIRECCI\u00d3N Y COORDINACION SEGURIDAD Y SALUD DE LA OBRA \u00abEMBELLECIMIENTO, AMPLIACI\u00d3N DE ESPACIOS PEATONALES, MEJORA DE LA CALIDAD AMBIENTAL Y <br \/>ACONDICIONAMIENTO DE LAS REDES DE RECOGIDA Y EVACUACI\u00d3N DE LA RED DE <br \/>AGUAS PLUVIALES DEL ENTORNO AL BALNEARIO Y MANANTIAL FUENCALIENTE, <br \/>T\u00c9RMINO MUNICIPAL DE MEDIO CUDEYO (CANTABRIA)\u00bb. ACTUACI\u00d3N FINANCIADA <br \/>CON CARGO A FONDOS PROCEDENTES DEL MECANISMO DE RECUPERACI\u00d3N Y <br \/>RESILIENCIA DE LA UNI\u00d3N EUROPEA-NEXT GENERATION EU<\/p>\t\t\t\t\t\t<\/div>\n\t\t\t\t<\/div>\n\t\t\t\t<div class=\"elementor-element elementor-element-72cc5d8 elementor-align-left elementor-icon-list--layout-traditional elementor-list-item-link-full_width elementor-widget elementor-widget-icon-list\" data-id=\"72cc5d8\" data-element_type=\"widget\" data-widget_type=\"icon-list.default\">\n\t\t\t\t<div class=\"elementor-widget-container\">\n\t\t\t\t\t<ul class=\"elementor-icon-list-items\">\n\t\t\t\t\t\t\t<li class=\"elementor-icon-list-item\">\n\t\t\t\t\t\t\t\t\t\t\t<span class=\"elementor-icon-list-icon\">\n\t\t\t\t\t\t\t<i aria-hidden=\"true\" class=\"icofont icofont-ui-folder\"><\/i>\t\t\t\t\t\t<\/span>\n\t\t\t\t\t\t\t\t\t\t<span class=\"elementor-icon-list-text\">N\u00ba Expediente: 2025\/659<\/span>\n\t\t\t\t\t\t\t\t\t<\/li>\n\t\t\t\t\t\t\t\t<li class=\"elementor-icon-list-item\">\n\t\t\t\t\t\t\t\t\t\t\t<a href=\"https:\/\/contrataciondelestado.es\/wps\/poc?uri=deeplink:detalle_licitacion&#038;idEvl=r%2F%2FYN1wNiE3%2Fa9DgO%2BoYKQ%3D%3D\">\n\n\t\t\t\t\t\t\t\t\t\t\t\t<span class=\"elementor-icon-list-icon\">\n\t\t\t\t\t\t\t<i aria-hidden=\"true\" class=\"fas fa-check\"><\/i>\t\t\t\t\t\t<\/span>\n\t\t\t\t\t\t\t\t\t\t<span class=\"elementor-icon-list-text\">Enlace anuncio licitaci\u00f3n<\/span>\n\t\t\t\t\t\t\t\t\t\t\t<\/a>\n\t\t\t\t\t\t\t\t\t<\/li>\n\t\t\t\t\t\t<\/ul>\n\t\t\t\t<\/div>\n\t\t\t\t<\/div>\n\t\t\t\t\t<\/div>\n\t\t<\/div>\n\t\t\t\t\t<\/div>\n\t\t<\/section>\n\t\t\t\t<section class=\"elementor-section elementor-inner-section elementor-element elementor-element-a3a210b elementor-section-boxed elementor-section-height-default elementor-section-height-default\" data-id=\"a3a210b\" data-element_type=\"section\">\n\t\t\t\t\t\t<div class=\"elementor-container elementor-column-gap-default\">\n\t\t\t\t\t<div class=\"elementor-column elementor-col-100 elementor-inner-column elementor-element elementor-element-a42374e elementor-invisible\" data-id=\"a42374e\" data-element_type=\"column\" data-settings=\"{&quot;animation&quot;:&quot;fadeInDown&quot;}\">\n\t\t\t<div class=\"elementor-widget-wrap elementor-element-populated\">\n\t\t\t\t\t\t<div class=\"elementor-element elementor-element-7b7e58f elementor-widget__width-initial elementor-widget elementor-widget-text-editor\" data-id=\"7b7e58f\" data-element_type=\"widget\" data-widget_type=\"text-editor.default\">\n\t\t\t\t<div class=\"elementor-widget-container\">\n\t\t\t\t\t\t\t<p>OBRA: EMBELLECIMIENTO, AMPLIACI\u00d3N DE<\/p><p>ESPACIOS PEATONALES, MEJORA DE LA CALIDAD AMBIENTAL Y <br \/>ACONDICIONAMIENTO DE LAS REDES DE RECOGIDA Y EVACUACI\u00d3N DE LA RED DE <br \/>AGUAS PLUVIALES DEL ENTORNO AL BALNEARIO Y MANANTIAL FUENCALIENTE, <br \/>T\u00c9RMINO MUNICIPAL DE MEDIO CUDEYO (CANTABRIA). ACTUACI\u00d3N FINANCIADA <br \/>CON CARGO A FONDOS PROCEDENTES DEL MECANISMO DE RECUPERACI\u00d3N Y <br \/>RESILIENCIA DE LA UNI\u00d3N EUROPEA-NEXT GENERATION EU<\/p>\t\t\t\t\t\t<\/div>\n\t\t\t\t<\/div>\n\t\t\t\t<div class=\"elementor-element elementor-element-e9118a6 elementor-align-left elementor-icon-list--layout-traditional elementor-list-item-link-full_width elementor-widget elementor-widget-icon-list\" data-id=\"e9118a6\" data-element_type=\"widget\" data-widget_type=\"icon-list.default\">\n\t\t\t\t<div class=\"elementor-widget-container\">\n\t\t\t\t\t<ul class=\"elementor-icon-list-items\">\n\t\t\t\t\t\t\t<li class=\"elementor-icon-list-item\">\n\t\t\t\t\t\t\t\t\t\t\t<span class=\"elementor-icon-list-icon\">\n\t\t\t\t\t\t\t<i aria-hidden=\"true\" class=\"icofont icofont-ui-folder\"><\/i>\t\t\t\t\t\t<\/span>\n\t\t\t\t\t\t\t\t\t\t<span class=\"elementor-icon-list-text\">N\u00ba Expediente: 2025\/658<\/span>\n\t\t\t\t\t\t\t\t\t<\/li>\n\t\t\t\t\t\t\t\t<li class=\"elementor-icon-list-item\">\n\t\t\t\t\t\t\t\t\t\t\t<a href=\"https:\/\/contrataciondelestado.es\/wps\/poc?uri=deeplink:detalle_licitacion&#038;idEvl=Q%2BAS9%2FhGlzh%2FR5QFTlaM4A%3D%3D\">\n\n\t\t\t\t\t\t\t\t\t\t\t\t<span class=\"elementor-icon-list-icon\">\n\t\t\t\t\t\t\t<i aria-hidden=\"true\" class=\"fas fa-check\"><\/i>\t\t\t\t\t\t<\/span>\n\t\t\t\t\t\t\t\t\t\t<span class=\"elementor-icon-list-text\">Enlace anuncio licitaci\u00f3n<\/span>\n\t\t\t\t\t\t\t\t\t\t\t<\/a>\n\t\t\t\t\t\t\t\t\t<\/li>\n\t\t\t\t\t\t<\/ul>\n\t\t\t\t<\/div>\n\t\t\t\t<\/div>\n\t\t\t\t\t<\/div>\n\t\t<\/div>\n\t\t\t\t\t<\/div>\n\t\t<\/section>\n\t\t\t\t<section class=\"elementor-section elementor-inner-section elementor-element elementor-element-ea984ad elementor-section-boxed elementor-section-height-default elementor-section-height-default\" data-id=\"ea984ad\" data-element_type=\"section\">\n\t\t\t\t\t\t<div class=\"elementor-container elementor-column-gap-default\">\n\t\t\t\t\t<div class=\"elementor-column elementor-col-100 elementor-inner-column elementor-element elementor-element-8a38f62 elementor-invisible\" data-id=\"8a38f62\" data-element_type=\"column\" data-settings=\"{&quot;animation&quot;:&quot;fadeInDown&quot;}\">\n\t\t\t<div class=\"elementor-widget-wrap elementor-element-populated\">\n\t\t\t\t\t\t<div class=\"elementor-element elementor-element-52be966 elementor-widget__width-initial elementor-widget elementor-widget-text-editor\" data-id=\"52be966\" data-element_type=\"widget\" data-widget_type=\"text-editor.default\">\n\t\t\t\t<div class=\"elementor-widget-container\">\n\t\t\t\t\t\t\t<p>OBRAS DE ACONDICIONAMIENTO DE LA ZONA DE RECREO DEL AULA INFANTIL COLEGIO PUBLICO MARQUES DE VALDECILLA<\/p>\t\t\t\t\t\t<\/div>\n\t\t\t\t<\/div>\n\t\t\t\t<div class=\"elementor-element elementor-element-1da97df elementor-align-left elementor-icon-list--layout-traditional elementor-list-item-link-full_width elementor-widget elementor-widget-icon-list\" data-id=\"1da97df\" data-element_type=\"widget\" data-widget_type=\"icon-list.default\">\n\t\t\t\t<div class=\"elementor-widget-container\">\n\t\t\t\t\t<ul class=\"elementor-icon-list-items\">\n\t\t\t\t\t\t\t<li class=\"elementor-icon-list-item\">\n\t\t\t\t\t\t\t\t\t\t\t<span class=\"elementor-icon-list-icon\">\n\t\t\t\t\t\t\t<i aria-hidden=\"true\" class=\"icofont icofont-ui-folder\"><\/i>\t\t\t\t\t\t<\/span>\n\t\t\t\t\t\t\t\t\t\t<span class=\"elementor-icon-list-text\">N\u00ba Expediente: 2025\/477<\/span>\n\t\t\t\t\t\t\t\t\t<\/li>\n\t\t\t\t\t\t\t\t<li class=\"elementor-icon-list-item\">\n\t\t\t\t\t\t\t\t\t\t\t<a href=\"https:\/\/contrataciondelestado.es\/wps\/poc?uri=deeplink%3Adetalle_licitacion&#038;idEvl=fyVcsYNxEHUmMOlAXxDEjw%3D%3D\">\n\n\t\t\t\t\t\t\t\t\t\t\t\t<span class=\"elementor-icon-list-icon\">\n\t\t\t\t\t\t\t<i aria-hidden=\"true\" class=\"fas fa-check\"><\/i>\t\t\t\t\t\t<\/span>\n\t\t\t\t\t\t\t\t\t\t<span class=\"elementor-icon-list-text\">Enlace anuncio licitaci\u00f3n<\/span>\n\t\t\t\t\t\t\t\t\t\t\t<\/a>\n\t\t\t\t\t\t\t\t\t<\/li>\n\t\t\t\t\t\t<\/ul>\n\t\t\t\t<\/div>\n\t\t\t\t<\/div>\n\t\t\t\t\t<\/div>\n\t\t<\/div>\n\t\t\t\t\t<\/div>\n\t\t<\/section>\n\t\t\t\t<section class=\"elementor-section elementor-inner-section elementor-element elementor-element-a1ea07c elementor-section-boxed elementor-section-height-default elementor-section-height-default\" data-id=\"a1ea07c\" data-element_type=\"section\">\n\t\t\t\t\t\t<div class=\"elementor-container elementor-column-gap-default\">\n\t\t\t\t\t<div class=\"elementor-column elementor-col-100 elementor-inner-column elementor-element elementor-element-823d0f6 elementor-invisible\" data-id=\"823d0f6\" data-element_type=\"column\" data-settings=\"{&quot;animation&quot;:&quot;fadeInDown&quot;}\">\n\t\t\t<div class=\"elementor-widget-wrap elementor-element-populated\">\n\t\t\t\t\t\t<div class=\"elementor-element elementor-element-e2d2038 elementor-widget__width-initial elementor-widget elementor-widget-text-editor\" data-id=\"e2d2038\" data-element_type=\"widget\" data-widget_type=\"text-editor.default\">\n\t\t\t\t<div class=\"elementor-widget-container\">\n\t\t\t\t\t\t\t<p>SERVICIOS DE DIRECCI\u00d3N Y<br \/>COORDINACI\u00d3N DE SEGURIDAD Y SALUD DE LA OBRA \u201cEMBELLECIMIENTO,<br \/>AMPLIACI\u00d3N DE ESPACIOS PEATONALES Y MEJORA DE LA CALIDAD AMBIENTAL<br \/>Y ACONDICIONAMIENTO DE LAS REDES DE RECOGIDA Y EVACUACI\u00d3N DE LA<br \/>RED DE AGUAS PLUVIALES DEL ENTORNO AL BALNEARIO Y MANANTIAL<br \/>FUENCALIENTE, T\u00c9RMINO MUNICIPAL DE MEDIO CUDEYO (CANTABRIA)\u201d.<br \/>ACTUACI\u00d3N FINANCIADA CON CARGO A FONDOS PROCEDENTES DEL<br \/>MECANISMO DE RECUPERACI\u00d3N Y RESILIENCIA DE LA UNI\u00d3N EUROPEA-NEXT<br \/>GENERATION EU-.<\/p>\t\t\t\t\t\t<\/div>\n\t\t\t\t<\/div>\n\t\t\t\t<div class=\"elementor-element elementor-element-7a5c103 elementor-align-left elementor-icon-list--layout-traditional elementor-list-item-link-full_width elementor-widget elementor-widget-icon-list\" data-id=\"7a5c103\" data-element_type=\"widget\" data-widget_type=\"icon-list.default\">\n\t\t\t\t<div class=\"elementor-widget-container\">\n\t\t\t\t\t<ul class=\"elementor-icon-list-items\">\n\t\t\t\t\t\t\t<li class=\"elementor-icon-list-item\">\n\t\t\t\t\t\t\t\t\t\t\t<span class=\"elementor-icon-list-icon\">\n\t\t\t\t\t\t\t<i aria-hidden=\"true\" class=\"icofont icofont-ui-folder\"><\/i>\t\t\t\t\t\t<\/span>\n\t\t\t\t\t\t\t\t\t\t<span class=\"elementor-icon-list-text\">N\u00ba Expediente: 2025\/280<\/span>\n\t\t\t\t\t\t\t\t\t<\/li>\n\t\t\t\t\t\t\t\t<li class=\"elementor-icon-list-item\">\n\t\t\t\t\t\t\t\t\t\t\t<a href=\"https:\/\/contrataciondelestado.es\/wps\/poc?uri=deeplink%3Adetalle_licitacion&#038;idEvl=lunQSdK0%2F%2FNVkTabT%2FRM8A%3D%3D\">\n\n\t\t\t\t\t\t\t\t\t\t\t\t<span class=\"elementor-icon-list-icon\">\n\t\t\t\t\t\t\t<i aria-hidden=\"true\" class=\"fas fa-check\"><\/i>\t\t\t\t\t\t<\/span>\n\t\t\t\t\t\t\t\t\t\t<span class=\"elementor-icon-list-text\">Enlace anuncio licitaci\u00f3n<\/span>\n\t\t\t\t\t\t\t\t\t\t\t<\/a>\n\t\t\t\t\t\t\t\t\t<\/li>\n\t\t\t\t\t\t<\/ul>\n\t\t\t\t<\/div>\n\t\t\t\t<\/div>\n\t\t\t\t\t<\/div>\n\t\t<\/div>\n\t\t\t\t\t<\/div>\n\t\t<\/section>\n\t\t\t\t<section class=\"elementor-section elementor-inner-section elementor-element elementor-element-8625e38 elementor-section-boxed elementor-section-height-default elementor-section-height-default\" data-id=\"8625e38\" data-element_type=\"section\">\n\t\t\t\t\t\t<div class=\"elementor-container elementor-column-gap-default\">\n\t\t\t\t\t<div class=\"elementor-column elementor-col-100 elementor-inner-column elementor-element elementor-element-fdddb40 elementor-invisible\" data-id=\"fdddb40\" data-element_type=\"column\" data-settings=\"{&quot;animation&quot;:&quot;fadeInDown&quot;}\">\n\t\t\t<div class=\"elementor-widget-wrap elementor-element-populated\">\n\t\t\t\t\t\t<div class=\"elementor-element elementor-element-eb60612 elementor-widget__width-initial elementor-widget elementor-widget-text-editor\" data-id=\"eb60612\" data-element_type=\"widget\" data-widget_type=\"text-editor.default\">\n\t\t\t\t<div class=\"elementor-widget-container\">\n\t\t\t\t\t\t\t<p>OBRA: EMBELLECIMIENTO, AMPLIACI\u00d3N DE <br \/>ESPACIOS PEATONALES, MEJORA DE LA CALIDAD AMBIENTAL Y <br \/>ACONDICIONAMIENTO DE LAS REDES DE RECOGIDA Y EVACUACI\u00d3N DE LA RED DE <br \/>AGUAS PLUVIALES DEL ENTORNO AL BALNEARIO Y MANANTIAL FUENCALIENTE, <br \/>T\u00c9RMINO MUNICIPAL DE MEDIO CUDEYO (CANTABRIA). ACTUACI\u00d3N FINANCIADA <br \/>CON CARGO A FONDOS PROCEDENTES DEL MECANISMO DE RECUPERACI\u00d3N Y <br \/>RESILIENCIA DE LA UNI\u00d3N EUROPEA-NEXT GENERATION EU<\/p>\t\t\t\t\t\t<\/div>\n\t\t\t\t<\/div>\n\t\t\t\t<div class=\"elementor-element elementor-element-60d4d3c elementor-align-left elementor-icon-list--layout-traditional elementor-list-item-link-full_width elementor-widget elementor-widget-icon-list\" data-id=\"60d4d3c\" data-element_type=\"widget\" data-widget_type=\"icon-list.default\">\n\t\t\t\t<div class=\"elementor-widget-container\">\n\t\t\t\t\t<ul class=\"elementor-icon-list-items\">\n\t\t\t\t\t\t\t<li class=\"elementor-icon-list-item\">\n\t\t\t\t\t\t\t\t\t\t\t<span class=\"elementor-icon-list-icon\">\n\t\t\t\t\t\t\t<i aria-hidden=\"true\" class=\"icofont icofont-ui-folder\"><\/i>\t\t\t\t\t\t<\/span>\n\t\t\t\t\t\t\t\t\t\t<span class=\"elementor-icon-list-text\">N\u00ba Expediente: 2025\/279<\/span>\n\t\t\t\t\t\t\t\t\t<\/li>\n\t\t\t\t\t\t\t\t<li class=\"elementor-icon-list-item\">\n\t\t\t\t\t\t\t\t\t\t\t<a href=\"https:\/\/contrataciondelestado.es\/wps\/poc?uri=deeplink%3Adetalle_licitacion&#038;idEvl=W7fp%2Fctk7sY36J9Lctlsuw%3D%3D\">\n\n\t\t\t\t\t\t\t\t\t\t\t\t<span class=\"elementor-icon-list-icon\">\n\t\t\t\t\t\t\t<i aria-hidden=\"true\" class=\"fas fa-check\"><\/i>\t\t\t\t\t\t<\/span>\n\t\t\t\t\t\t\t\t\t\t<span class=\"elementor-icon-list-text\">Enlace anuncio licitaci\u00f3n<\/span>\n\t\t\t\t\t\t\t\t\t\t\t<\/a>\n\t\t\t\t\t\t\t\t\t<\/li>\n\t\t\t\t\t\t<\/ul>\n\t\t\t\t<\/div>\n\t\t\t\t<\/div>\n\t\t\t\t\t<\/div>\n\t\t<\/div>\n\t\t\t\t\t<\/div>\n\t\t<\/section>\n\t\t\t\t<section class=\"elementor-section elementor-inner-section elementor-element elementor-element-fc01576 elementor-section-boxed elementor-section-height-default elementor-section-height-default\" data-id=\"fc01576\" data-element_type=\"section\">\n\t\t\t\t\t\t<div class=\"elementor-container elementor-column-gap-default\">\n\t\t\t\t\t<div class=\"elementor-column elementor-col-100 elementor-inner-column elementor-element elementor-element-025bdc5 elementor-invisible\" data-id=\"025bdc5\" data-element_type=\"column\" data-settings=\"{&quot;animation&quot;:&quot;fadeInDown&quot;}\">\n\t\t\t<div class=\"elementor-widget-wrap elementor-element-populated\">\n\t\t\t\t\t\t<div class=\"elementor-element elementor-element-ed23fc2 elementor-widget__width-initial elementor-widget elementor-widget-text-editor\" data-id=\"ed23fc2\" data-element_type=\"widget\" data-widget_type=\"text-editor.default\">\n\t\t\t\t<div class=\"elementor-widget-container\">\n\t\t\t\t\t\t\t<p>SERVICIO programa activate medio cudeyo: envejecimiento activo y saludable.<\/p>\t\t\t\t\t\t<\/div>\n\t\t\t\t<\/div>\n\t\t\t\t<div class=\"elementor-element elementor-element-eafa2e0 elementor-align-left elementor-icon-list--layout-traditional elementor-list-item-link-full_width elementor-widget elementor-widget-icon-list\" data-id=\"eafa2e0\" data-element_type=\"widget\" data-widget_type=\"icon-list.default\">\n\t\t\t\t<div class=\"elementor-widget-container\">\n\t\t\t\t\t<ul class=\"elementor-icon-list-items\">\n\t\t\t\t\t\t\t<li class=\"elementor-icon-list-item\">\n\t\t\t\t\t\t\t\t\t\t\t<span class=\"elementor-icon-list-icon\">\n\t\t\t\t\t\t\t<i aria-hidden=\"true\" class=\"icofont icofont-ui-folder\"><\/i>\t\t\t\t\t\t<\/span>\n\t\t\t\t\t\t\t\t\t\t<span class=\"elementor-icon-list-text\">N\u00ba Expediente: 2025\/366<\/span>\n\t\t\t\t\t\t\t\t\t<\/li>\n\t\t\t\t\t\t\t\t<li class=\"elementor-icon-list-item\">\n\t\t\t\t\t\t\t\t\t\t\t<a href=\"https:\/\/contrataciondelestado.es\/wps\/poc?uri=deeplink%3Adetalle_licitacion&#038;idEvl=t4tNOmC%2FLnvua%2Fi14w%2FPLA%3D%3D\">\n\n\t\t\t\t\t\t\t\t\t\t\t\t<span class=\"elementor-icon-list-icon\">\n\t\t\t\t\t\t\t<i aria-hidden=\"true\" class=\"fas fa-check\"><\/i>\t\t\t\t\t\t<\/span>\n\t\t\t\t\t\t\t\t\t\t<span class=\"elementor-icon-list-text\">Enlace anuncio licitaci\u00f3n<\/span>\n\t\t\t\t\t\t\t\t\t\t\t<\/a>\n\t\t\t\t\t\t\t\t\t<\/li>\n\t\t\t\t\t\t<\/ul>\n\t\t\t\t<\/div>\n\t\t\t\t<\/div>\n\t\t\t\t\t<\/div>\n\t\t<\/div>\n\t\t\t\t\t<\/div>\n\t\t<\/section>\n\t\t\t\t<section class=\"elementor-section elementor-inner-section elementor-element elementor-element-8189b7b elementor-section-boxed elementor-section-height-default elementor-section-height-default\" data-id=\"8189b7b\" data-element_type=\"section\">\n\t\t\t\t\t\t<div class=\"elementor-container elementor-column-gap-default\">\n\t\t\t\t\t<div class=\"elementor-column elementor-col-100 elementor-inner-column elementor-element elementor-element-92c899d elementor-invisible\" data-id=\"92c899d\" data-element_type=\"column\" data-settings=\"{&quot;animation&quot;:&quot;fadeInDown&quot;}\">\n\t\t\t<div class=\"elementor-widget-wrap elementor-element-populated\">\n\t\t\t\t\t\t<div class=\"elementor-element elementor-element-86a2772 elementor-widget__width-initial elementor-widget elementor-widget-text-editor\" data-id=\"86a2772\" data-element_type=\"widget\" data-widget_type=\"text-editor.default\">\n\t\t\t\t<div class=\"elementor-widget-container\">\n\t\t\t\t\t\t\t<p>SERVICIO CAMPUS MULTIACTIVIDAD DEPORTIVA DEL VERANO<\/p>\t\t\t\t\t\t<\/div>\n\t\t\t\t<\/div>\n\t\t\t\t<div class=\"elementor-element elementor-element-7fb436d elementor-align-left elementor-icon-list--layout-traditional elementor-list-item-link-full_width elementor-widget elementor-widget-icon-list\" data-id=\"7fb436d\" data-element_type=\"widget\" data-widget_type=\"icon-list.default\">\n\t\t\t\t<div class=\"elementor-widget-container\">\n\t\t\t\t\t<ul class=\"elementor-icon-list-items\">\n\t\t\t\t\t\t\t<li class=\"elementor-icon-list-item\">\n\t\t\t\t\t\t\t\t\t\t\t<span class=\"elementor-icon-list-icon\">\n\t\t\t\t\t\t\t<i aria-hidden=\"true\" class=\"icofont icofont-ui-folder\"><\/i>\t\t\t\t\t\t<\/span>\n\t\t\t\t\t\t\t\t\t\t<span class=\"elementor-icon-list-text\">N\u00ba Expediente: 2025\/277<\/span>\n\t\t\t\t\t\t\t\t\t<\/li>\n\t\t\t\t\t\t\t\t<li class=\"elementor-icon-list-item\">\n\t\t\t\t\t\t\t\t\t\t\t<a href=\"https:\/\/contrataciondelestado.es\/wps\/poc?uri=deeplink%3Adetalle_licitacion&#038;idEvl=y1HgIMzI2k5eKgd8LfVV9g%3D%3D\">\n\n\t\t\t\t\t\t\t\t\t\t\t\t<span class=\"elementor-icon-list-icon\">\n\t\t\t\t\t\t\t<i aria-hidden=\"true\" class=\"fas fa-check\"><\/i>\t\t\t\t\t\t<\/span>\n\t\t\t\t\t\t\t\t\t\t<span class=\"elementor-icon-list-text\">Enlace anuncio licitaci\u00f3n<\/span>\n\t\t\t\t\t\t\t\t\t\t\t<\/a>\n\t\t\t\t\t\t\t\t\t<\/li>\n\t\t\t\t\t\t<\/ul>\n\t\t\t\t<\/div>\n\t\t\t\t<\/div>\n\t\t\t\t\t<\/div>\n\t\t<\/div>\n\t\t\t\t\t<\/div>\n\t\t<\/section>\n\t\t\t\t<section class=\"elementor-section elementor-inner-section elementor-element elementor-element-1aaf67b elementor-section-boxed elementor-section-height-default elementor-section-height-default\" data-id=\"1aaf67b\" data-element_type=\"section\">\n\t\t\t\t\t\t<div class=\"elementor-container elementor-column-gap-default\">\n\t\t\t\t\t<div class=\"elementor-column elementor-col-100 elementor-inner-column elementor-element elementor-element-478d4c3 elementor-invisible\" data-id=\"478d4c3\" data-element_type=\"column\" data-settings=\"{&quot;animation&quot;:&quot;fadeInDown&quot;}\">\n\t\t\t<div class=\"elementor-widget-wrap elementor-element-populated\">\n\t\t\t\t\t\t<div class=\"elementor-element elementor-element-a22629f elementor-widget__width-initial elementor-widget elementor-widget-text-editor\" data-id=\"a22629f\" data-element_type=\"widget\" data-widget_type=\"text-editor.default\">\n\t\t\t\t<div class=\"elementor-widget-container\">\n\t\t\t\t\t\t\t<p>SERVICIO DIRECCI\u00d3N DE LA OBRA \u00abCUBIERTA PISTA POLIDEPORTIVA CRA. PE\u00d1A CABARGA DE SAN SALVADOR\u00bb<\/p><p><a href=\"https:\/\/mediocudeyo.es\/web\/wp-content\/uploads\/2025\/04\/Proyecto-obras-1.pdf\">Proyecto obras<\/a><\/p><p>\u00a0<\/p>\t\t\t\t\t\t<\/div>\n\t\t\t\t<\/div>\n\t\t\t\t<div class=\"elementor-element elementor-element-8df294d elementor-align-left elementor-icon-list--layout-traditional elementor-list-item-link-full_width elementor-widget elementor-widget-icon-list\" data-id=\"8df294d\" data-element_type=\"widget\" data-widget_type=\"icon-list.default\">\n\t\t\t\t<div class=\"elementor-widget-container\">\n\t\t\t\t\t<ul class=\"elementor-icon-list-items\">\n\t\t\t\t\t\t\t<li class=\"elementor-icon-list-item\">\n\t\t\t\t\t\t\t\t\t\t\t<span class=\"elementor-icon-list-icon\">\n\t\t\t\t\t\t\t<i aria-hidden=\"true\" class=\"icofont icofont-ui-folder\"><\/i>\t\t\t\t\t\t<\/span>\n\t\t\t\t\t\t\t\t\t\t<span class=\"elementor-icon-list-text\">N\u00ba Expediente: 2025\/106<\/span>\n\t\t\t\t\t\t\t\t\t<\/li>\n\t\t\t\t\t\t\t\t<li class=\"elementor-icon-list-item\">\n\t\t\t\t\t\t\t\t\t\t\t<a href=\"https:\/\/contrataciondelestado.es\/wps\/poc?uri=deeplink%3Adetalle_licitacion&#038;idEvl=OvObLlx%2Fz8gZDGvgaZEVxQ%3D%3D\">\n\n\t\t\t\t\t\t\t\t\t\t\t\t<span class=\"elementor-icon-list-icon\">\n\t\t\t\t\t\t\t<i aria-hidden=\"true\" class=\"fas fa-check\"><\/i>\t\t\t\t\t\t<\/span>\n\t\t\t\t\t\t\t\t\t\t<span class=\"elementor-icon-list-text\">Enlace anuncio licitaci\u00f3n<\/span>\n\t\t\t\t\t\t\t\t\t\t\t<\/a>\n\t\t\t\t\t\t\t\t\t<\/li>\n\t\t\t\t\t\t<\/ul>\n\t\t\t\t<\/div>\n\t\t\t\t<\/div>\n\t\t\t\t\t<\/div>\n\t\t<\/div>\n\t\t\t\t\t<\/div>\n\t\t<\/section>\n\t\t\t\t<section class=\"elementor-section elementor-inner-section elementor-element elementor-element-2e7e532 elementor-section-boxed elementor-section-height-default elementor-section-height-default\" data-id=\"2e7e532\" data-element_type=\"section\">\n\t\t\t\t\t\t<div class=\"elementor-container elementor-column-gap-default\">\n\t\t\t\t\t<div class=\"elementor-column elementor-col-100 elementor-inner-column elementor-element elementor-element-e0f1d48 elementor-invisible\" data-id=\"e0f1d48\" data-element_type=\"column\" data-settings=\"{&quot;animation&quot;:&quot;fadeInDown&quot;}\">\n\t\t\t<div class=\"elementor-widget-wrap elementor-element-populated\">\n\t\t\t\t\t\t<div class=\"elementor-element elementor-element-3ee101e elementor-widget__width-initial elementor-widget elementor-widget-text-editor\" data-id=\"3ee101e\" data-element_type=\"widget\" data-widget_type=\"text-editor.default\">\n\t\t\t\t<div class=\"elementor-widget-container\">\n\t\t\t\t\t\t\t<p>SERVICIO DIRECCI\u00d3N DE LA OBRA \u00abCUBIERTA PARQUE INFANTIL EL FERIAL\u00bb<\/p><p>\u00a0<\/p><p><a href=\"https:\/\/mediocudeyo.es\/web\/wp-content\/uploads\/2025\/04\/Proyecto-obras-CUBIERTA-PARQUE-EL-FERIAL.pdf\">Proyecto obras CUBIERTA PARQUE EL FERIAL<\/a><\/p>\t\t\t\t\t\t<\/div>\n\t\t\t\t<\/div>\n\t\t\t\t<div class=\"elementor-element elementor-element-e4d9cc7 elementor-align-left elementor-icon-list--layout-traditional elementor-list-item-link-full_width elementor-widget elementor-widget-icon-list\" data-id=\"e4d9cc7\" data-element_type=\"widget\" data-widget_type=\"icon-list.default\">\n\t\t\t\t<div class=\"elementor-widget-container\">\n\t\t\t\t\t<ul class=\"elementor-icon-list-items\">\n\t\t\t\t\t\t\t<li class=\"elementor-icon-list-item\">\n\t\t\t\t\t\t\t\t\t\t\t<span class=\"elementor-icon-list-icon\">\n\t\t\t\t\t\t\t<i aria-hidden=\"true\" class=\"icofont icofont-ui-folder\"><\/i>\t\t\t\t\t\t<\/span>\n\t\t\t\t\t\t\t\t\t\t<span class=\"elementor-icon-list-text\">N\u00ba Expediente: 2025\/105<\/span>\n\t\t\t\t\t\t\t\t\t<\/li>\n\t\t\t\t\t\t\t\t<li class=\"elementor-icon-list-item\">\n\t\t\t\t\t\t\t\t\t\t\t<a href=\"https:\/\/contrataciondelestado.es\/wps\/poc?uri=deeplink%3Adetalle_licitacion&#038;idEvl=Eo4gHGbh%2Frfi0Kd8%2Brcp6w%3D%3D\">\n\n\t\t\t\t\t\t\t\t\t\t\t\t<span class=\"elementor-icon-list-icon\">\n\t\t\t\t\t\t\t<i aria-hidden=\"true\" class=\"fas fa-check\"><\/i>\t\t\t\t\t\t<\/span>\n\t\t\t\t\t\t\t\t\t\t<span class=\"elementor-icon-list-text\">Enlace anuncio licitaci\u00f3n<\/span>\n\t\t\t\t\t\t\t\t\t\t\t<\/a>\n\t\t\t\t\t\t\t\t\t<\/li>\n\t\t\t\t\t\t<\/ul>\n\t\t\t\t<\/div>\n\t\t\t\t<\/div>\n\t\t\t\t\t<\/div>\n\t\t<\/div>\n\t\t\t\t\t<\/div>\n\t\t<\/section>\n\t\t\t\t<section class=\"elementor-section elementor-inner-section elementor-element elementor-element-5b52584 elementor-section-boxed elementor-section-height-default elementor-section-height-default\" data-id=\"5b52584\" data-element_type=\"section\">\n\t\t\t\t\t\t<div class=\"elementor-container elementor-column-gap-default\">\n\t\t\t\t\t<div class=\"elementor-column elementor-col-100 elementor-inner-column elementor-element elementor-element-f1f291e elementor-invisible\" data-id=\"f1f291e\" data-element_type=\"column\" data-settings=\"{&quot;animation&quot;:&quot;fadeInDown&quot;}\">\n\t\t\t<div class=\"elementor-widget-wrap elementor-element-populated\">\n\t\t\t\t\t\t<div class=\"elementor-element elementor-element-f21a24b elementor-widget__width-initial elementor-widget elementor-widget-text-editor\" data-id=\"f21a24b\" data-element_type=\"widget\" data-widget_type=\"text-editor.default\">\n\t\t\t\t<div class=\"elementor-widget-container\">\n\t\t\t\t\t\t\t<p>SERVICIO DIRECCI\u00d3N DE LA OBRA \u00abASFALTADOS MEDIO CUDEYO\u00bb<\/p>\t\t\t\t\t\t<\/div>\n\t\t\t\t<\/div>\n\t\t\t\t<div class=\"elementor-element elementor-element-d23f5ba elementor-align-left elementor-icon-list--layout-traditional elementor-list-item-link-full_width elementor-widget elementor-widget-icon-list\" data-id=\"d23f5ba\" data-element_type=\"widget\" data-widget_type=\"icon-list.default\">\n\t\t\t\t<div class=\"elementor-widget-container\">\n\t\t\t\t\t<ul class=\"elementor-icon-list-items\">\n\t\t\t\t\t\t\t<li class=\"elementor-icon-list-item\">\n\t\t\t\t\t\t\t\t\t\t\t<span class=\"elementor-icon-list-icon\">\n\t\t\t\t\t\t\t<i aria-hidden=\"true\" class=\"icofont icofont-ui-folder\"><\/i>\t\t\t\t\t\t<\/span>\n\t\t\t\t\t\t\t\t\t\t<span class=\"elementor-icon-list-text\">N\u00ba Expediente: 2025\/103 (CON\/2\/2025)<\/span>\n\t\t\t\t\t\t\t\t\t<\/li>\n\t\t\t\t\t\t\t\t<li class=\"elementor-icon-list-item\">\n\t\t\t\t\t\t\t\t\t\t\t<a href=\"https:\/\/contrataciondelestado.es\/wps\/poc?uri=deeplink%3Adetalle_licitacion&#038;idEvl=W76I%2F%2BEMcK%2FjHF5qKI4aaw%3D%3D\">\n\n\t\t\t\t\t\t\t\t\t\t\t\t<span class=\"elementor-icon-list-icon\">\n\t\t\t\t\t\t\t<i aria-hidden=\"true\" class=\"fas fa-check\"><\/i>\t\t\t\t\t\t<\/span>\n\t\t\t\t\t\t\t\t\t\t<span class=\"elementor-icon-list-text\">Enlace anuncio licitaci\u00f3n<\/span>\n\t\t\t\t\t\t\t\t\t\t\t<\/a>\n\t\t\t\t\t\t\t\t\t<\/li>\n\t\t\t\t\t\t<\/ul>\n\t\t\t\t<\/div>\n\t\t\t\t<\/div>\n\t\t\t\t\t<\/div>\n\t\t<\/div>\n\t\t\t\t\t<\/div>\n\t\t<\/section>\n\t\t\t\t<section class=\"elementor-section elementor-inner-section elementor-element elementor-element-2d09398 elementor-section-boxed elementor-section-height-default elementor-section-height-default\" data-id=\"2d09398\" data-element_type=\"section\">\n\t\t\t\t\t\t<div class=\"elementor-container elementor-column-gap-default\">\n\t\t\t\t\t<div class=\"elementor-column elementor-col-100 elementor-inner-column elementor-element elementor-element-6c01731 elementor-invisible\" data-id=\"6c01731\" data-element_type=\"column\" data-settings=\"{&quot;animation&quot;:&quot;fadeInDown&quot;}\">\n\t\t\t<div class=\"elementor-widget-wrap elementor-element-populated\">\n\t\t\t\t\t\t<div class=\"elementor-element elementor-element-97d397a elementor-widget__width-initial elementor-widget elementor-widget-text-editor\" data-id=\"97d397a\" data-element_type=\"widget\" data-widget_type=\"text-editor.default\">\n\t\t\t\t<div class=\"elementor-widget-container\">\n\t\t\t\t\t\t\t<p>SERVICIO impartici\u00f3n talleres actividad fisica para mayores<\/p>\t\t\t\t\t\t<\/div>\n\t\t\t\t<\/div>\n\t\t\t\t<div class=\"elementor-element elementor-element-72f7c91 elementor-align-left elementor-icon-list--layout-traditional elementor-list-item-link-full_width elementor-widget elementor-widget-icon-list\" data-id=\"72f7c91\" data-element_type=\"widget\" data-widget_type=\"icon-list.default\">\n\t\t\t\t<div class=\"elementor-widget-container\">\n\t\t\t\t\t<ul class=\"elementor-icon-list-items\">\n\t\t\t\t\t\t\t<li class=\"elementor-icon-list-item\">\n\t\t\t\t\t\t\t\t\t\t\t<span class=\"elementor-icon-list-icon\">\n\t\t\t\t\t\t\t<i aria-hidden=\"true\" class=\"icofont icofont-ui-folder\"><\/i>\t\t\t\t\t\t<\/span>\n\t\t\t\t\t\t\t\t\t\t<span class=\"elementor-icon-list-text\">N\u00ba Expediente: 2025\/86 (CON\/1\/2025)<\/span>\n\t\t\t\t\t\t\t\t\t<\/li>\n\t\t\t\t\t\t\t\t<li class=\"elementor-icon-list-item\">\n\t\t\t\t\t\t\t\t\t\t\t<a href=\"https:\/\/contrataciondelestado.es\/wps\/poc?uri=deeplink%3Adetalle_licitacion&#038;idEvl=rRyM7ykD8C%2BP%2Bo96UAV7cQ%3D%3D\">\n\n\t\t\t\t\t\t\t\t\t\t\t\t<span class=\"elementor-icon-list-icon\">\n\t\t\t\t\t\t\t<i aria-hidden=\"true\" class=\"fas fa-check\"><\/i>\t\t\t\t\t\t<\/span>\n\t\t\t\t\t\t\t\t\t\t<span class=\"elementor-icon-list-text\">Enlace anuncio licitaci\u00f3n<\/span>\n\t\t\t\t\t\t\t\t\t\t\t<\/a>\n\t\t\t\t\t\t\t\t\t<\/li>\n\t\t\t\t\t\t<\/ul>\n\t\t\t\t<\/div>\n\t\t\t\t<\/div>\n\t\t\t\t\t<\/div>\n\t\t<\/div>\n\t\t\t\t\t<\/div>\n\t\t<\/section>\n\t\t\t\t<section class=\"elementor-section elementor-inner-section elementor-element elementor-element-3d83991 elementor-section-boxed elementor-section-height-default elementor-section-height-default\" data-id=\"3d83991\" data-element_type=\"section\">\n\t\t\t\t\t\t<div class=\"elementor-container elementor-column-gap-default\">\n\t\t\t\t\t<div class=\"elementor-column elementor-col-100 elementor-inner-column elementor-element elementor-element-32a1c0c elementor-invisible\" data-id=\"32a1c0c\" data-element_type=\"column\" data-settings=\"{&quot;animation&quot;:&quot;fadeInDown&quot;}\">\n\t\t\t<div class=\"elementor-widget-wrap elementor-element-populated\">\n\t\t\t\t\t\t<div class=\"elementor-element elementor-element-4e26aa8 elementor-widget__width-initial elementor-widget elementor-widget-text-editor\" data-id=\"4e26aa8\" data-element_type=\"widget\" data-widget_type=\"text-editor.default\">\n\t\t\t\t<div class=\"elementor-widget-container\">\n\t\t\t\t\t\t\t<p>SERVICIO PROGRAMA PROMOCION BUEN TRATO A LA INFANCIA Y ADOLESCENCIA<\/p>\t\t\t\t\t\t<\/div>\n\t\t\t\t<\/div>\n\t\t\t\t<div class=\"elementor-element elementor-element-918dfbd elementor-align-left elementor-icon-list--layout-traditional elementor-list-item-link-full_width elementor-widget elementor-widget-icon-list\" data-id=\"918dfbd\" data-element_type=\"widget\" data-widget_type=\"icon-list.default\">\n\t\t\t\t<div class=\"elementor-widget-container\">\n\t\t\t\t\t<ul class=\"elementor-icon-list-items\">\n\t\t\t\t\t\t\t<li class=\"elementor-icon-list-item\">\n\t\t\t\t\t\t\t\t\t\t\t<span class=\"elementor-icon-list-icon\">\n\t\t\t\t\t\t\t<i aria-hidden=\"true\" class=\"icofont icofont-ui-folder\"><\/i>\t\t\t\t\t\t<\/span>\n\t\t\t\t\t\t\t\t\t\t<span class=\"elementor-icon-list-text\">N\u00ba Expediente: CON\/22\/2024 (@2024\/489)<\/span>\n\t\t\t\t\t\t\t\t\t<\/li>\n\t\t\t\t\t\t\t\t<li class=\"elementor-icon-list-item\">\n\t\t\t\t\t\t\t\t\t\t\t<a href=\"https:\/\/contrataciondelestado.es\/wps\/poc?uri=deeplink%3Adetalle_licitacion&#038;idEvl=ceAtcFk3GuBVq4S9zvaQpQ%3D%3D\">\n\n\t\t\t\t\t\t\t\t\t\t\t\t<span class=\"elementor-icon-list-icon\">\n\t\t\t\t\t\t\t<i aria-hidden=\"true\" class=\"fas fa-check\"><\/i>\t\t\t\t\t\t<\/span>\n\t\t\t\t\t\t\t\t\t\t<span class=\"elementor-icon-list-text\">Enlace anuncio licitaci\u00f3n<\/span>\n\t\t\t\t\t\t\t\t\t\t\t<\/a>\n\t\t\t\t\t\t\t\t\t<\/li>\n\t\t\t\t\t\t<\/ul>\n\t\t\t\t<\/div>\n\t\t\t\t<\/div>\n\t\t\t\t\t<\/div>\n\t\t<\/div>\n\t\t\t\t\t<\/div>\n\t\t<\/section>\n\t\t\t\t<section class=\"elementor-section elementor-inner-section elementor-element elementor-element-9ff7421 elementor-section-boxed elementor-section-height-default elementor-section-height-default\" data-id=\"9ff7421\" data-element_type=\"section\">\n\t\t\t\t\t\t<div class=\"elementor-container elementor-column-gap-default\">\n\t\t\t\t\t<div class=\"elementor-column elementor-col-100 elementor-inner-column elementor-element elementor-element-4fb0fa8 elementor-invisible\" data-id=\"4fb0fa8\" data-element_type=\"column\" data-settings=\"{&quot;animation&quot;:&quot;fadeInDown&quot;}\">\n\t\t\t<div class=\"elementor-widget-wrap elementor-element-populated\">\n\t\t\t\t\t\t<div class=\"elementor-element elementor-element-be7d52d elementor-widget__width-initial elementor-widget elementor-widget-text-editor\" data-id=\"be7d52d\" data-element_type=\"widget\" data-widget_type=\"text-editor.default\">\n\t\t\t\t<div class=\"elementor-widget-container\">\n\t\t\t\t\t\t\t<p>OBRAS SUSTITUCI\u00d3N DE CANASTAS DE BALONCESTO DEL PABELL\u00d3N POLIDEPORTIVO MIES DEL CORRO<\/p>\t\t\t\t\t\t<\/div>\n\t\t\t\t<\/div>\n\t\t\t\t<div class=\"elementor-element elementor-element-f3af140 elementor-align-left elementor-icon-list--layout-traditional elementor-list-item-link-full_width elementor-widget elementor-widget-icon-list\" data-id=\"f3af140\" data-element_type=\"widget\" data-widget_type=\"icon-list.default\">\n\t\t\t\t<div class=\"elementor-widget-container\">\n\t\t\t\t\t<ul class=\"elementor-icon-list-items\">\n\t\t\t\t\t\t\t<li class=\"elementor-icon-list-item\">\n\t\t\t\t\t\t\t\t\t\t\t<span class=\"elementor-icon-list-icon\">\n\t\t\t\t\t\t\t<i aria-hidden=\"true\" class=\"icofont icofont-ui-folder\"><\/i>\t\t\t\t\t\t<\/span>\n\t\t\t\t\t\t\t\t\t\t<span class=\"elementor-icon-list-text\">N\u00ba Expediente: CON\/29\/2024 (@2024\/488)<\/span>\n\t\t\t\t\t\t\t\t\t<\/li>\n\t\t\t\t\t\t\t\t<li class=\"elementor-icon-list-item\">\n\t\t\t\t\t\t\t\t\t\t\t<a href=\"https:\/\/contrataciondelestado.es\/wps\/poc?uri=deeplink%3Adetalle_licitacion&#038;idEvl=AXsDVUhD7thSYrkJkLlFdw%3D%3D\">\n\n\t\t\t\t\t\t\t\t\t\t\t\t<span class=\"elementor-icon-list-icon\">\n\t\t\t\t\t\t\t<i aria-hidden=\"true\" class=\"fas fa-check\"><\/i>\t\t\t\t\t\t<\/span>\n\t\t\t\t\t\t\t\t\t\t<span class=\"elementor-icon-list-text\">Enlace anuncio licitaci\u00f3n<\/span>\n\t\t\t\t\t\t\t\t\t\t\t<\/a>\n\t\t\t\t\t\t\t\t\t<\/li>\n\t\t\t\t\t\t<\/ul>\n\t\t\t\t<\/div>\n\t\t\t\t<\/div>\n\t\t\t\t\t<\/div>\n\t\t<\/div>\n\t\t\t\t\t<\/div>\n\t\t<\/section>\n\t\t\t\t<section class=\"elementor-section elementor-inner-section elementor-element elementor-element-24bc680 elementor-section-boxed elementor-section-height-default elementor-section-height-default\" data-id=\"24bc680\" data-element_type=\"section\">\n\t\t\t\t\t\t<div class=\"elementor-container elementor-column-gap-default\">\n\t\t\t\t\t<div class=\"elementor-column elementor-col-100 elementor-inner-column elementor-element elementor-element-d218b46 elementor-invisible\" data-id=\"d218b46\" data-element_type=\"column\" data-settings=\"{&quot;animation&quot;:&quot;fadeInDown&quot;}\">\n\t\t\t<div class=\"elementor-widget-wrap elementor-element-populated\">\n\t\t\t\t\t\t<div class=\"elementor-element elementor-element-61d1bb2 elementor-widget__width-initial elementor-widget elementor-widget-text-editor\" data-id=\"61d1bb2\" data-element_type=\"widget\" data-widget_type=\"text-editor.default\">\n\t\t\t\t<div class=\"elementor-widget-container\">\n\t\t\t\t\t\t\t<p>OBRAS asfaltados en medio cudeyo<\/p>\t\t\t\t\t\t<\/div>\n\t\t\t\t<\/div>\n\t\t\t\t<div class=\"elementor-element elementor-element-9f9e385 elementor-align-left elementor-icon-list--layout-traditional elementor-list-item-link-full_width elementor-widget elementor-widget-icon-list\" data-id=\"9f9e385\" data-element_type=\"widget\" data-widget_type=\"icon-list.default\">\n\t\t\t\t<div class=\"elementor-widget-container\">\n\t\t\t\t\t<ul class=\"elementor-icon-list-items\">\n\t\t\t\t\t\t\t<li class=\"elementor-icon-list-item\">\n\t\t\t\t\t\t\t\t\t\t\t<span class=\"elementor-icon-list-icon\">\n\t\t\t\t\t\t\t<i aria-hidden=\"true\" class=\"icofont icofont-ui-folder\"><\/i>\t\t\t\t\t\t<\/span>\n\t\t\t\t\t\t\t\t\t\t<span class=\"elementor-icon-list-text\">N\u00ba Expediente: CON\/24\/2024 (@2024\/430)<\/span>\n\t\t\t\t\t\t\t\t\t<\/li>\n\t\t\t\t\t\t\t\t<li class=\"elementor-icon-list-item\">\n\t\t\t\t\t\t\t\t\t\t\t<a href=\"https:\/\/contrataciondelestado.es\/wps\/poc?uri=deeplink%3Adetalle_licitacion&#038;idEvl=VJsXz1U0LWnkY6rls5tG9A%3D%3D\">\n\n\t\t\t\t\t\t\t\t\t\t\t\t<span class=\"elementor-icon-list-icon\">\n\t\t\t\t\t\t\t<i aria-hidden=\"true\" class=\"fas fa-check\"><\/i>\t\t\t\t\t\t<\/span>\n\t\t\t\t\t\t\t\t\t\t<span class=\"elementor-icon-list-text\">Enlace anuncio licitaci\u00f3n<\/span>\n\t\t\t\t\t\t\t\t\t\t\t<\/a>\n\t\t\t\t\t\t\t\t\t<\/li>\n\t\t\t\t\t\t<\/ul>\n\t\t\t\t<\/div>\n\t\t\t\t<\/div>\n\t\t\t\t\t<\/div>\n\t\t<\/div>\n\t\t\t\t\t<\/div>\n\t\t<\/section>\n\t\t\t\t<section class=\"elementor-section elementor-inner-section elementor-element elementor-element-d25cfbe elementor-section-boxed elementor-section-height-default elementor-section-height-default\" data-id=\"d25cfbe\" data-element_type=\"section\">\n\t\t\t\t\t\t<div class=\"elementor-container elementor-column-gap-default\">\n\t\t\t\t\t<div class=\"elementor-column elementor-col-100 elementor-inner-column elementor-element elementor-element-f627a4b elementor-invisible\" data-id=\"f627a4b\" data-element_type=\"column\" data-settings=\"{&quot;animation&quot;:&quot;fadeInDown&quot;}\">\n\t\t\t<div class=\"elementor-widget-wrap elementor-element-populated\">\n\t\t\t\t\t\t<div class=\"elementor-element elementor-element-e3c40b8 elementor-widget__width-initial elementor-widget elementor-widget-text-editor\" data-id=\"e3c40b8\" data-element_type=\"widget\" data-widget_type=\"text-editor.default\">\n\t\t\t\t<div class=\"elementor-widget-container\">\n\t\t\t\t\t\t\t<p>OBRAS NUEVA CUBIERTA PISTA POLIDEPORTIVA CRA. PE\u00d1A CABARGA DE SAN SALVADOR<\/p>\t\t\t\t\t\t<\/div>\n\t\t\t\t<\/div>\n\t\t\t\t<div class=\"elementor-element elementor-element-9d2d791 elementor-align-left elementor-icon-list--layout-traditional elementor-list-item-link-full_width elementor-widget elementor-widget-icon-list\" data-id=\"9d2d791\" data-element_type=\"widget\" data-widget_type=\"icon-list.default\">\n\t\t\t\t<div class=\"elementor-widget-container\">\n\t\t\t\t\t<ul class=\"elementor-icon-list-items\">\n\t\t\t\t\t\t\t<li class=\"elementor-icon-list-item\">\n\t\t\t\t\t\t\t\t\t\t\t<span class=\"elementor-icon-list-icon\">\n\t\t\t\t\t\t\t<i aria-hidden=\"true\" class=\"icofont icofont-ui-folder\"><\/i>\t\t\t\t\t\t<\/span>\n\t\t\t\t\t\t\t\t\t\t<span class=\"elementor-icon-list-text\">N\u00ba Expediente: CON\/28\/2024 (@2024\/447)<\/span>\n\t\t\t\t\t\t\t\t\t<\/li>\n\t\t\t\t\t\t\t\t<li class=\"elementor-icon-list-item\">\n\t\t\t\t\t\t\t\t\t\t\t<a href=\"https:\/\/contrataciondelestado.es\/wps\/poc?uri=deeplink%3Adetalle_licitacion&#038;idEvl=OOz4pAm8FoucTfjQf3USOg%3D%3D\">\n\n\t\t\t\t\t\t\t\t\t\t\t\t<span class=\"elementor-icon-list-icon\">\n\t\t\t\t\t\t\t<i aria-hidden=\"true\" class=\"fas fa-check\"><\/i>\t\t\t\t\t\t<\/span>\n\t\t\t\t\t\t\t\t\t\t<span class=\"elementor-icon-list-text\">Enlace anuncio licitaci\u00f3n<\/span>\n\t\t\t\t\t\t\t\t\t\t\t<\/a>\n\t\t\t\t\t\t\t\t\t<\/li>\n\t\t\t\t\t\t<\/ul>\n\t\t\t\t<\/div>\n\t\t\t\t<\/div>\n\t\t\t\t\t<\/div>\n\t\t<\/div>\n\t\t\t\t\t<\/div>\n\t\t<\/section>\n\t\t\t\t<section class=\"elementor-section elementor-inner-section elementor-element elementor-element-dc052ad elementor-section-boxed elementor-section-height-default elementor-section-height-default\" data-id=\"dc052ad\" data-element_type=\"section\">\n\t\t\t\t\t\t<div class=\"elementor-container elementor-column-gap-default\">\n\t\t\t\t\t<div class=\"elementor-column elementor-col-100 elementor-inner-column elementor-element elementor-element-7932ed6 elementor-invisible\" data-id=\"7932ed6\" data-element_type=\"column\" data-settings=\"{&quot;animation&quot;:&quot;fadeInDown&quot;}\">\n\t\t\t<div class=\"elementor-widget-wrap elementor-element-populated\">\n\t\t\t\t\t\t<div class=\"elementor-element elementor-element-409ce5c elementor-widget__width-initial elementor-widget elementor-widget-text-editor\" data-id=\"409ce5c\" data-element_type=\"widget\" data-widget_type=\"text-editor.default\">\n\t\t\t\t<div class=\"elementor-widget-container\">\n\t\t\t\t\t\t\t<p>OBRAS RIEGOS ASFALTICOS EN CAMINOS MUNICIPALES<\/p>\t\t\t\t\t\t<\/div>\n\t\t\t\t<\/div>\n\t\t\t\t<div class=\"elementor-element elementor-element-607ef6b elementor-align-left elementor-icon-list--layout-traditional elementor-list-item-link-full_width elementor-widget elementor-widget-icon-list\" data-id=\"607ef6b\" data-element_type=\"widget\" data-widget_type=\"icon-list.default\">\n\t\t\t\t<div class=\"elementor-widget-container\">\n\t\t\t\t\t<ul class=\"elementor-icon-list-items\">\n\t\t\t\t\t\t\t<li class=\"elementor-icon-list-item\">\n\t\t\t\t\t\t\t\t\t\t\t<span class=\"elementor-icon-list-icon\">\n\t\t\t\t\t\t\t<i aria-hidden=\"true\" class=\"icofont icofont-ui-folder\"><\/i>\t\t\t\t\t\t<\/span>\n\t\t\t\t\t\t\t\t\t\t<span class=\"elementor-icon-list-text\">N\u00ba Expediente: CON\/25\/2024 (@2024\/431)<\/span>\n\t\t\t\t\t\t\t\t\t<\/li>\n\t\t\t\t\t\t\t\t<li class=\"elementor-icon-list-item\">\n\t\t\t\t\t\t\t\t\t\t\t<a href=\"https:\/\/contrataciondelestado.es\/wps\/poc?uri=deeplink%3Adetalle_licitacion&#038;idEvl=WKehfi46C635Rey58Yagpg%3D%3D\">\n\n\t\t\t\t\t\t\t\t\t\t\t\t<span class=\"elementor-icon-list-icon\">\n\t\t\t\t\t\t\t<i aria-hidden=\"true\" class=\"fas fa-check\"><\/i>\t\t\t\t\t\t<\/span>\n\t\t\t\t\t\t\t\t\t\t<span class=\"elementor-icon-list-text\">Enlace anuncio licitaci\u00f3n<\/span>\n\t\t\t\t\t\t\t\t\t\t\t<\/a>\n\t\t\t\t\t\t\t\t\t<\/li>\n\t\t\t\t\t\t<\/ul>\n\t\t\t\t<\/div>\n\t\t\t\t<\/div>\n\t\t\t\t\t<\/div>\n\t\t<\/div>\n\t\t\t\t\t<\/div>\n\t\t<\/section>\n\t\t\t\t<section class=\"elementor-section elementor-inner-section elementor-element elementor-element-0b604a1 elementor-section-boxed elementor-section-height-default elementor-section-height-default\" data-id=\"0b604a1\" data-element_type=\"section\">\n\t\t\t\t\t\t<div class=\"elementor-container elementor-column-gap-default\">\n\t\t\t\t\t<div class=\"elementor-column elementor-col-100 elementor-inner-column elementor-element elementor-element-db4d14b elementor-invisible\" data-id=\"db4d14b\" data-element_type=\"column\" data-settings=\"{&quot;animation&quot;:&quot;fadeInDown&quot;}\">\n\t\t\t<div class=\"elementor-widget-wrap elementor-element-populated\">\n\t\t\t\t\t\t<div class=\"elementor-element elementor-element-f643d64 elementor-widget__width-initial elementor-widget elementor-widget-text-editor\" data-id=\"f643d64\" data-element_type=\"widget\" data-widget_type=\"text-editor.default\">\n\t\t\t\t<div class=\"elementor-widget-container\">\n\t\t\t\t\t\t\t<p>OBRAS CUBIERTA PARQUE INFANTIL EL FERIAL<\/p>\t\t\t\t\t\t<\/div>\n\t\t\t\t<\/div>\n\t\t\t\t<div class=\"elementor-element elementor-element-a87bc10 elementor-align-left elementor-icon-list--layout-traditional elementor-list-item-link-full_width elementor-widget elementor-widget-icon-list\" data-id=\"a87bc10\" data-element_type=\"widget\" data-widget_type=\"icon-list.default\">\n\t\t\t\t<div class=\"elementor-widget-container\">\n\t\t\t\t\t<ul class=\"elementor-icon-list-items\">\n\t\t\t\t\t\t\t<li class=\"elementor-icon-list-item\">\n\t\t\t\t\t\t\t\t\t\t\t<span class=\"elementor-icon-list-icon\">\n\t\t\t\t\t\t\t<i aria-hidden=\"true\" class=\"icofont icofont-ui-folder\"><\/i>\t\t\t\t\t\t<\/span>\n\t\t\t\t\t\t\t\t\t\t<span class=\"elementor-icon-list-text\">N\u00ba Expediente: CON\/27\/2024 (@2024\/436)2<\/span>\n\t\t\t\t\t\t\t\t\t<\/li>\n\t\t\t\t\t\t\t\t<li class=\"elementor-icon-list-item\">\n\t\t\t\t\t\t\t\t\t\t\t<a href=\"https:\/\/contrataciondelestado.es\/wps\/poc?uri=deeplink%3Adetalle_licitacion&#038;idEvl=HvaKMS1Dbhd4zIRvjBVCSw%3D%3D\">\n\n\t\t\t\t\t\t\t\t\t\t\t\t<span class=\"elementor-icon-list-icon\">\n\t\t\t\t\t\t\t<i aria-hidden=\"true\" class=\"fas fa-check\"><\/i>\t\t\t\t\t\t<\/span>\n\t\t\t\t\t\t\t\t\t\t<span class=\"elementor-icon-list-text\">Enlace anuncio licitaci\u00f3n<\/span>\n\t\t\t\t\t\t\t\t\t\t\t<\/a>\n\t\t\t\t\t\t\t\t\t<\/li>\n\t\t\t\t\t\t<\/ul>\n\t\t\t\t<\/div>\n\t\t\t\t<\/div>\n\t\t\t\t\t<\/div>\n\t\t<\/div>\n\t\t\t\t\t<\/div>\n\t\t<\/section>\n\t\t\t\t<section class=\"elementor-section elementor-inner-section elementor-element elementor-element-1160836 elementor-section-boxed elementor-section-height-default elementor-section-height-default\" data-id=\"1160836\" data-element_type=\"section\">\n\t\t\t\t\t\t<div class=\"elementor-container elementor-column-gap-default\">\n\t\t\t\t\t<div class=\"elementor-column elementor-col-100 elementor-inner-column elementor-element elementor-element-bd1de34 elementor-invisible\" data-id=\"bd1de34\" data-element_type=\"column\" data-settings=\"{&quot;animation&quot;:&quot;fadeInDown&quot;}\">\n\t\t\t<div class=\"elementor-widget-wrap elementor-element-populated\">\n\t\t\t\t\t\t<div class=\"elementor-element elementor-element-dca478e elementor-widget__width-initial elementor-widget elementor-widget-text-editor\" data-id=\"dca478e\" data-element_type=\"widget\" data-widget_type=\"text-editor.default\">\n\t\t\t\t<div class=\"elementor-widget-container\">\n\t\t\t\t\t\t\t<p>suministro dumper autocargable para obras<\/p>\t\t\t\t\t\t<\/div>\n\t\t\t\t<\/div>\n\t\t\t\t<div class=\"elementor-element elementor-element-603d120 elementor-align-left elementor-icon-list--layout-traditional elementor-list-item-link-full_width elementor-widget elementor-widget-icon-list\" data-id=\"603d120\" data-element_type=\"widget\" data-widget_type=\"icon-list.default\">\n\t\t\t\t<div class=\"elementor-widget-container\">\n\t\t\t\t\t<ul class=\"elementor-icon-list-items\">\n\t\t\t\t\t\t\t<li class=\"elementor-icon-list-item\">\n\t\t\t\t\t\t\t\t\t\t\t<span class=\"elementor-icon-list-icon\">\n\t\t\t\t\t\t\t<i aria-hidden=\"true\" class=\"icofont icofont-ui-folder\"><\/i>\t\t\t\t\t\t<\/span>\n\t\t\t\t\t\t\t\t\t\t<span class=\"elementor-icon-list-text\">N\u00ba Expediente: CON\/26\/2024 (@2024\/436)<\/span>\n\t\t\t\t\t\t\t\t\t<\/li>\n\t\t\t\t\t\t\t\t<li class=\"elementor-icon-list-item\">\n\t\t\t\t\t\t\t\t\t\t\t<a href=\"https:\/\/contrataciondelestado.es\/wps\/poc?uri=deeplink%3Adetalle_licitacion&#038;idEvl=pW9Enst22NzN3k3tjedSGw%3D%3D\">\n\n\t\t\t\t\t\t\t\t\t\t\t\t<span class=\"elementor-icon-list-icon\">\n\t\t\t\t\t\t\t<i aria-hidden=\"true\" class=\"fas fa-check\"><\/i>\t\t\t\t\t\t<\/span>\n\t\t\t\t\t\t\t\t\t\t<span class=\"elementor-icon-list-text\">Enlace anuncio licitaci\u00f3n<\/span>\n\t\t\t\t\t\t\t\t\t\t\t<\/a>\n\t\t\t\t\t\t\t\t\t<\/li>\n\t\t\t\t\t\t<\/ul>\n\t\t\t\t<\/div>\n\t\t\t\t<\/div>\n\t\t\t\t\t<\/div>\n\t\t<\/div>\n\t\t\t\t\t<\/div>\n\t\t<\/section>\n\t\t\t\t<section class=\"elementor-section elementor-inner-section elementor-element elementor-element-1ff03c0 elementor-section-boxed elementor-section-height-default elementor-section-height-default\" data-id=\"1ff03c0\" data-element_type=\"section\">\n\t\t\t\t\t\t<div class=\"elementor-container elementor-column-gap-default\">\n\t\t\t\t\t<div class=\"elementor-column elementor-col-100 elementor-inner-column elementor-element elementor-element-8afa43a elementor-invisible\" data-id=\"8afa43a\" data-element_type=\"column\" data-settings=\"{&quot;animation&quot;:&quot;fadeInDown&quot;}\">\n\t\t\t<div class=\"elementor-widget-wrap elementor-element-populated\">\n\t\t\t\t\t\t<div class=\"elementor-element elementor-element-d3203c8 elementor-widget__width-initial elementor-widget elementor-widget-text-editor\" data-id=\"d3203c8\" data-element_type=\"widget\" data-widget_type=\"text-editor.default\">\n\t\t\t\t<div class=\"elementor-widget-container\">\n\t\t\t\t\t\t\t<p>suministro vehiculo protecci\u00f3n civil\u00a0<\/p>\t\t\t\t\t\t<\/div>\n\t\t\t\t<\/div>\n\t\t\t\t<div class=\"elementor-element elementor-element-c8b6d12 elementor-align-left elementor-icon-list--layout-traditional elementor-list-item-link-full_width elementor-widget elementor-widget-icon-list\" data-id=\"c8b6d12\" data-element_type=\"widget\" data-widget_type=\"icon-list.default\">\n\t\t\t\t<div class=\"elementor-widget-container\">\n\t\t\t\t\t<ul class=\"elementor-icon-list-items\">\n\t\t\t\t\t\t\t<li class=\"elementor-icon-list-item\">\n\t\t\t\t\t\t\t\t\t\t\t<span class=\"elementor-icon-list-icon\">\n\t\t\t\t\t\t\t<i aria-hidden=\"true\" class=\"icofont icofont-ui-folder\"><\/i>\t\t\t\t\t\t<\/span>\n\t\t\t\t\t\t\t\t\t\t<span class=\"elementor-icon-list-text\">N\u00ba Expediente: CON\/23\/2024 (@2024\/429)<\/span>\n\t\t\t\t\t\t\t\t\t<\/li>\n\t\t\t\t\t\t\t\t<li class=\"elementor-icon-list-item\">\n\t\t\t\t\t\t\t\t\t\t\t<a href=\"https:\/\/contrataciondelestado.es\/wps\/poc?uri=deeplink%3Adetalle_licitacion&#038;idEvl=bJb06%2Foepd39pbnDwlaUlg%3D%3D\">\n\n\t\t\t\t\t\t\t\t\t\t\t\t<span class=\"elementor-icon-list-icon\">\n\t\t\t\t\t\t\t<i aria-hidden=\"true\" class=\"fas fa-check\"><\/i>\t\t\t\t\t\t<\/span>\n\t\t\t\t\t\t\t\t\t\t<span class=\"elementor-icon-list-text\">Enlace anuncio licitaci\u00f3n<\/span>\n\t\t\t\t\t\t\t\t\t\t\t<\/a>\n\t\t\t\t\t\t\t\t\t<\/li>\n\t\t\t\t\t\t<\/ul>\n\t\t\t\t<\/div>\n\t\t\t\t<\/div>\n\t\t\t\t\t<\/div>\n\t\t<\/div>\n\t\t\t\t\t<\/div>\n\t\t<\/section>\n\t\t\t\t<section class=\"elementor-section elementor-inner-section elementor-element elementor-element-836c5d3 elementor-section-boxed elementor-section-height-default elementor-section-height-default\" data-id=\"836c5d3\" data-element_type=\"section\">\n\t\t\t\t\t\t<div class=\"elementor-container elementor-column-gap-default\">\n\t\t\t\t\t<div class=\"elementor-column elementor-col-100 elementor-inner-column elementor-element elementor-element-d1009cd elementor-invisible\" data-id=\"d1009cd\" data-element_type=\"column\" data-settings=\"{&quot;animation&quot;:&quot;fadeInDown&quot;}\">\n\t\t\t<div class=\"elementor-widget-wrap elementor-element-populated\">\n\t\t\t\t\t\t<div class=\"elementor-element elementor-element-04ebbaa elementor-widget__width-initial elementor-widget elementor-widget-text-editor\" data-id=\"04ebbaa\" data-element_type=\"widget\" data-widget_type=\"text-editor.default\">\n\t\t\t\t<div class=\"elementor-widget-container\">\n\t\t\t\t\t\t\t<p>Servicio gerencia del plan de sostenibilidad turistica de medio cudeyo<\/p>\t\t\t\t\t\t<\/div>\n\t\t\t\t<\/div>\n\t\t\t\t<div class=\"elementor-element elementor-element-4f88433 elementor-align-left elementor-icon-list--layout-traditional elementor-list-item-link-full_width elementor-widget elementor-widget-icon-list\" data-id=\"4f88433\" data-element_type=\"widget\" data-widget_type=\"icon-list.default\">\n\t\t\t\t<div class=\"elementor-widget-container\">\n\t\t\t\t\t<ul class=\"elementor-icon-list-items\">\n\t\t\t\t\t\t\t<li class=\"elementor-icon-list-item\">\n\t\t\t\t\t\t\t\t\t\t\t<span class=\"elementor-icon-list-icon\">\n\t\t\t\t\t\t\t<i aria-hidden=\"true\" class=\"icofont icofont-ui-folder\"><\/i>\t\t\t\t\t\t<\/span>\n\t\t\t\t\t\t\t\t\t\t<span class=\"elementor-icon-list-text\">N\u00ba Expediente: CON\/16\/2024 (@424\/2024)<\/span>\n\t\t\t\t\t\t\t\t\t<\/li>\n\t\t\t\t\t\t\t\t<li class=\"elementor-icon-list-item\">\n\t\t\t\t\t\t\t\t\t\t\t<a href=\"https:\/\/contrataciondelestado.es\/wps\/poc?uri=deeplink%3Adetalle_licitacion&#038;idEvl=cvq9l%2FdIrXDL1rX3q%2FMAPA%3D%3D\">\n\n\t\t\t\t\t\t\t\t\t\t\t\t<span class=\"elementor-icon-list-icon\">\n\t\t\t\t\t\t\t<i aria-hidden=\"true\" class=\"fas fa-check\"><\/i>\t\t\t\t\t\t<\/span>\n\t\t\t\t\t\t\t\t\t\t<span class=\"elementor-icon-list-text\">Enlace anuncio licitaci\u00f3n<\/span>\n\t\t\t\t\t\t\t\t\t\t\t<\/a>\n\t\t\t\t\t\t\t\t\t<\/li>\n\t\t\t\t\t\t<\/ul>\n\t\t\t\t<\/div>\n\t\t\t\t<\/div>\n\t\t\t\t\t<\/div>\n\t\t<\/div>\n\t\t\t\t\t<\/div>\n\t\t<\/section>\n\t\t\t\t<section class=\"elementor-section elementor-inner-section elementor-element elementor-element-a311d48 elementor-section-boxed elementor-section-height-default elementor-section-height-default\" data-id=\"a311d48\" data-element_type=\"section\">\n\t\t\t\t\t\t<div class=\"elementor-container elementor-column-gap-default\">\n\t\t\t\t\t<div class=\"elementor-column elementor-col-100 elementor-inner-column elementor-element elementor-element-1b6b797 elementor-invisible\" data-id=\"1b6b797\" data-element_type=\"column\" data-settings=\"{&quot;animation&quot;:&quot;fadeInDown&quot;}\">\n\t\t\t<div class=\"elementor-widget-wrap elementor-element-populated\">\n\t\t\t\t\t\t<div class=\"elementor-element elementor-element-ab1d382 elementor-widget__width-initial elementor-widget elementor-widget-text-editor\" data-id=\"ab1d382\" data-element_type=\"widget\" data-widget_type=\"text-editor.default\">\n\t\t\t\t<div class=\"elementor-widget-container\">\n\t\t\t\t\t\t\t<p>Servicio de TELEASISTENCIA DOMICILIARIA<\/p>\t\t\t\t\t\t<\/div>\n\t\t\t\t<\/div>\n\t\t\t\t<div class=\"elementor-element elementor-element-eb1b4cb elementor-align-left elementor-icon-list--layout-traditional elementor-list-item-link-full_width elementor-widget elementor-widget-icon-list\" data-id=\"eb1b4cb\" data-element_type=\"widget\" data-widget_type=\"icon-list.default\">\n\t\t\t\t<div class=\"elementor-widget-container\">\n\t\t\t\t\t<ul class=\"elementor-icon-list-items\">\n\t\t\t\t\t\t\t<li class=\"elementor-icon-list-item\">\n\t\t\t\t\t\t\t\t\t\t\t<span class=\"elementor-icon-list-icon\">\n\t\t\t\t\t\t\t<i aria-hidden=\"true\" class=\"icofont icofont-ui-folder\"><\/i>\t\t\t\t\t\t<\/span>\n\t\t\t\t\t\t\t\t\t\t<span class=\"elementor-icon-list-text\">N\u00ba Expediente: CON\/11\/2024<\/span>\n\t\t\t\t\t\t\t\t\t<\/li>\n\t\t\t\t\t\t\t\t<li class=\"elementor-icon-list-item\">\n\t\t\t\t\t\t\t\t\t\t\t<a href=\"https:\/\/contrataciondelestado.es\/wps\/poc?uri=deeplink%3Adetalle_licitacion&#038;idEvl=16Wz0FjV%2F2O8ebB%2FXTwy0A%3D%3D\">\n\n\t\t\t\t\t\t\t\t\t\t\t\t<span class=\"elementor-icon-list-icon\">\n\t\t\t\t\t\t\t<i aria-hidden=\"true\" class=\"fas fa-check\"><\/i>\t\t\t\t\t\t<\/span>\n\t\t\t\t\t\t\t\t\t\t<span class=\"elementor-icon-list-text\">Enlace anuncio licitaci\u00f3n<\/span>\n\t\t\t\t\t\t\t\t\t\t\t<\/a>\n\t\t\t\t\t\t\t\t\t<\/li>\n\t\t\t\t\t\t<\/ul>\n\t\t\t\t<\/div>\n\t\t\t\t<\/div>\n\t\t\t\t\t<\/div>\n\t\t<\/div>\n\t\t\t\t\t<\/div>\n\t\t<\/section>\n\t\t\t\t<section class=\"elementor-section elementor-inner-section elementor-element elementor-element-f44fbfd elementor-section-boxed elementor-section-height-default elementor-section-height-default\" data-id=\"f44fbfd\" data-element_type=\"section\">\n\t\t\t\t\t\t<div class=\"elementor-container elementor-column-gap-default\">\n\t\t\t\t\t<div class=\"elementor-column elementor-col-100 elementor-inner-column elementor-element elementor-element-c1b193d elementor-invisible\" data-id=\"c1b193d\" data-element_type=\"column\" data-settings=\"{&quot;animation&quot;:&quot;fadeInDown&quot;}\">\n\t\t\t<div class=\"elementor-widget-wrap elementor-element-populated\">\n\t\t\t\t\t\t<div class=\"elementor-element elementor-element-f4c62d8 elementor-widget__width-initial elementor-widget elementor-widget-text-editor\" data-id=\"f4c62d8\" data-element_type=\"widget\" data-widget_type=\"text-editor.default\">\n\t\t\t\t<div class=\"elementor-widget-container\">\n\t\t\t\t\t\t\t<p>La Panduca: Espacio l\u00fadico y educativo de Medio Cudeyo<\/p>\t\t\t\t\t\t<\/div>\n\t\t\t\t<\/div>\n\t\t\t\t<div class=\"elementor-element elementor-element-43f80ce elementor-align-left elementor-icon-list--layout-traditional elementor-list-item-link-full_width elementor-widget elementor-widget-icon-list\" data-id=\"43f80ce\" data-element_type=\"widget\" data-widget_type=\"icon-list.default\">\n\t\t\t\t<div class=\"elementor-widget-container\">\n\t\t\t\t\t<ul class=\"elementor-icon-list-items\">\n\t\t\t\t\t\t\t<li class=\"elementor-icon-list-item\">\n\t\t\t\t\t\t\t\t\t\t\t<span class=\"elementor-icon-list-icon\">\n\t\t\t\t\t\t\t<i aria-hidden=\"true\" class=\"icofont icofont-ui-folder\"><\/i>\t\t\t\t\t\t<\/span>\n\t\t\t\t\t\t\t\t\t\t<span class=\"elementor-icon-list-text\">N\u00ba Expediente: CON\/17\/2024<\/span>\n\t\t\t\t\t\t\t\t\t<\/li>\n\t\t\t\t\t\t\t\t<li class=\"elementor-icon-list-item\">\n\t\t\t\t\t\t\t\t\t\t\t<a href=\"https:\/\/contrataciondelestado.es\/wps\/poc?uri=deeplink%3Adetalle_licitacion&#038;idEvl=kq3EThOLPhaTylGzYmBF9Q%3D%3D\">\n\n\t\t\t\t\t\t\t\t\t\t\t\t<span class=\"elementor-icon-list-icon\">\n\t\t\t\t\t\t\t<i aria-hidden=\"true\" class=\"fas fa-check\"><\/i>\t\t\t\t\t\t<\/span>\n\t\t\t\t\t\t\t\t\t\t<span class=\"elementor-icon-list-text\">Enlace anuncio licitaci\u00f3n<\/span>\n\t\t\t\t\t\t\t\t\t\t\t<\/a>\n\t\t\t\t\t\t\t\t\t<\/li>\n\t\t\t\t\t\t<\/ul>\n\t\t\t\t<\/div>\n\t\t\t\t<\/div>\n\t\t\t\t\t<\/div>\n\t\t<\/div>\n\t\t\t\t\t<\/div>\n\t\t<\/section>\n\t\t\t\t<section class=\"elementor-section elementor-inner-section elementor-element elementor-element-9f4ad45 elementor-section-boxed elementor-section-height-default elementor-section-height-default\" data-id=\"9f4ad45\" data-element_type=\"section\">\n\t\t\t\t\t\t<div class=\"elementor-container elementor-column-gap-default\">\n\t\t\t\t\t<div class=\"elementor-column elementor-col-100 elementor-inner-column elementor-element elementor-element-c2b53a9 elementor-invisible\" data-id=\"c2b53a9\" data-element_type=\"column\" data-settings=\"{&quot;animation&quot;:&quot;fadeInDown&quot;}\">\n\t\t\t<div class=\"elementor-widget-wrap elementor-element-populated\">\n\t\t\t\t\t\t<div class=\"elementor-element elementor-element-6a54706 elementor-widget__width-initial elementor-widget elementor-widget-text-editor\" data-id=\"6a54706\" data-element_type=\"widget\" data-widget_type=\"text-editor.default\">\n\t\t\t\t<div class=\"elementor-widget-container\">\n\t\t\t\t\t\t\t<p>centro de igualdad: oficina de la mujer<\/p>\t\t\t\t\t\t<\/div>\n\t\t\t\t<\/div>\n\t\t\t\t<div class=\"elementor-element elementor-element-54f92ff elementor-align-left elementor-icon-list--layout-traditional elementor-list-item-link-full_width elementor-widget elementor-widget-icon-list\" data-id=\"54f92ff\" data-element_type=\"widget\" data-widget_type=\"icon-list.default\">\n\t\t\t\t<div class=\"elementor-widget-container\">\n\t\t\t\t\t<ul class=\"elementor-icon-list-items\">\n\t\t\t\t\t\t\t<li class=\"elementor-icon-list-item\">\n\t\t\t\t\t\t\t\t\t\t\t<span class=\"elementor-icon-list-icon\">\n\t\t\t\t\t\t\t<i aria-hidden=\"true\" class=\"icofont icofont-ui-folder\"><\/i>\t\t\t\t\t\t<\/span>\n\t\t\t\t\t\t\t\t\t\t<span class=\"elementor-icon-list-text\">N\u00ba Expediente: CON\/15\/2024<\/span>\n\t\t\t\t\t\t\t\t\t<\/li>\n\t\t\t\t\t\t\t\t<li class=\"elementor-icon-list-item\">\n\t\t\t\t\t\t\t\t\t\t\t<a href=\"https:\/\/contrataciondelestado.es\/wps\/poc?uri=deeplink%3Adetalle_licitacion&#038;idEvl=aT2zjirLFuomMOlAXxDEjw%3D%3D\">\n\n\t\t\t\t\t\t\t\t\t\t\t\t<span class=\"elementor-icon-list-icon\">\n\t\t\t\t\t\t\t<i aria-hidden=\"true\" class=\"fas fa-check\"><\/i>\t\t\t\t\t\t<\/span>\n\t\t\t\t\t\t\t\t\t\t<span class=\"elementor-icon-list-text\">Enlace anuncio licitaci\u00f3n<\/span>\n\t\t\t\t\t\t\t\t\t\t\t<\/a>\n\t\t\t\t\t\t\t\t\t<\/li>\n\t\t\t\t\t\t<\/ul>\n\t\t\t\t<\/div>\n\t\t\t\t<\/div>\n\t\t\t\t\t<\/div>\n\t\t<\/div>\n\t\t\t\t\t<\/div>\n\t\t<\/section>\n\t\t\t\t<section class=\"elementor-section elementor-inner-section elementor-element elementor-element-959c7cb elementor-section-boxed elementor-section-height-default elementor-section-height-default\" data-id=\"959c7cb\" data-element_type=\"section\">\n\t\t\t\t\t\t<div class=\"elementor-container elementor-column-gap-default\">\n\t\t\t\t\t<div class=\"elementor-column elementor-col-100 elementor-inner-column elementor-element elementor-element-8248a98 elementor-invisible\" data-id=\"8248a98\" data-element_type=\"column\" data-settings=\"{&quot;animation&quot;:&quot;fadeInDown&quot;}\">\n\t\t\t<div class=\"elementor-widget-wrap elementor-element-populated\">\n\t\t\t\t\t\t<div class=\"elementor-element elementor-element-8eb34d3 elementor-widget__width-initial elementor-widget elementor-widget-text-editor\" data-id=\"8eb34d3\" data-element_type=\"widget\" data-widget_type=\"text-editor.default\">\n\t\t\t\t<div class=\"elementor-widget-container\">\n\t\t\t\t\t\t\t<p>SERVICIO MADRUGADORES (AULA MATINAL)<\/p>\t\t\t\t\t\t<\/div>\n\t\t\t\t<\/div>\n\t\t\t\t<div class=\"elementor-element elementor-element-2e86c04 elementor-align-left elementor-icon-list--layout-traditional elementor-list-item-link-full_width elementor-widget elementor-widget-icon-list\" data-id=\"2e86c04\" data-element_type=\"widget\" data-widget_type=\"icon-list.default\">\n\t\t\t\t<div class=\"elementor-widget-container\">\n\t\t\t\t\t<ul class=\"elementor-icon-list-items\">\n\t\t\t\t\t\t\t<li class=\"elementor-icon-list-item\">\n\t\t\t\t\t\t\t\t\t\t\t<span class=\"elementor-icon-list-icon\">\n\t\t\t\t\t\t\t<i aria-hidden=\"true\" class=\"icofont icofont-ui-folder\"><\/i>\t\t\t\t\t\t<\/span>\n\t\t\t\t\t\t\t\t\t\t<span class=\"elementor-icon-list-text\">N\u00ba Expediente: CON\/08\/2024<\/span>\n\t\t\t\t\t\t\t\t\t<\/li>\n\t\t\t\t\t\t\t\t<li class=\"elementor-icon-list-item\">\n\t\t\t\t\t\t\t\t\t\t\t<a href=\"https:\/\/contrataciondelestado.es\/wps\/poc?uri=deeplink%3Adetalle_licitacion&#038;idEvl=LC4rat%2FiJAR9PLkba5eRog%3D%3D\">\n\n\t\t\t\t\t\t\t\t\t\t\t\t<span class=\"elementor-icon-list-icon\">\n\t\t\t\t\t\t\t<i aria-hidden=\"true\" class=\"fas fa-check\"><\/i>\t\t\t\t\t\t<\/span>\n\t\t\t\t\t\t\t\t\t\t<span class=\"elementor-icon-list-text\">Enlace anuncio licitaci\u00f3n<\/span>\n\t\t\t\t\t\t\t\t\t\t\t<\/a>\n\t\t\t\t\t\t\t\t\t<\/li>\n\t\t\t\t\t\t<\/ul>\n\t\t\t\t<\/div>\n\t\t\t\t<\/div>\n\t\t\t\t\t<\/div>\n\t\t<\/div>\n\t\t\t\t\t<\/div>\n\t\t<\/section>\n\t\t\t\t<section class=\"elementor-section elementor-inner-section elementor-element elementor-element-71aa760 elementor-section-boxed elementor-section-height-default elementor-section-height-default\" data-id=\"71aa760\" data-element_type=\"section\">\n\t\t\t\t\t\t<div class=\"elementor-container elementor-column-gap-default\">\n\t\t\t\t\t<div class=\"elementor-column elementor-col-100 elementor-inner-column elementor-element elementor-element-3fc441a elementor-invisible\" data-id=\"3fc441a\" data-element_type=\"column\" data-settings=\"{&quot;animation&quot;:&quot;fadeInDown&quot;}\">\n\t\t\t<div class=\"elementor-widget-wrap elementor-element-populated\">\n\t\t\t\t\t\t<div class=\"elementor-element elementor-element-0de9388 elementor-widget__width-initial elementor-widget elementor-widget-text-editor\" data-id=\"0de9388\" data-element_type=\"widget\" data-widget_type=\"text-editor.default\">\n\t\t\t\t<div class=\"elementor-widget-container\">\n\t\t\t\t\t\t\t<p>SERVICIO Campus de Conciliaci\u00f3n del Verano<\/p>\t\t\t\t\t\t<\/div>\n\t\t\t\t<\/div>\n\t\t\t\t<div class=\"elementor-element elementor-element-ed6de3b elementor-align-left elementor-icon-list--layout-traditional elementor-list-item-link-full_width elementor-widget elementor-widget-icon-list\" data-id=\"ed6de3b\" data-element_type=\"widget\" data-widget_type=\"icon-list.default\">\n\t\t\t\t<div class=\"elementor-widget-container\">\n\t\t\t\t\t<ul class=\"elementor-icon-list-items\">\n\t\t\t\t\t\t\t<li class=\"elementor-icon-list-item\">\n\t\t\t\t\t\t\t\t\t\t\t<span class=\"elementor-icon-list-icon\">\n\t\t\t\t\t\t\t<i aria-hidden=\"true\" class=\"icofont icofont-ui-folder\"><\/i>\t\t\t\t\t\t<\/span>\n\t\t\t\t\t\t\t\t\t\t<span class=\"elementor-icon-list-text\">N\u00ba Expediente: CON\/05\/2024<\/span>\n\t\t\t\t\t\t\t\t\t<\/li>\n\t\t\t\t\t\t\t\t<li class=\"elementor-icon-list-item\">\n\t\t\t\t\t\t\t\t\t\t\t<a href=\"https:\/\/contrataciondelestado.es\/wps\/poc?uri=deeplink%3Adetalle_licitacion&#038;idEvl=8kg0P3J4Y8LL1rX3q%2FMAPA%3D%3D\">\n\n\t\t\t\t\t\t\t\t\t\t\t\t<span class=\"elementor-icon-list-icon\">\n\t\t\t\t\t\t\t<i aria-hidden=\"true\" class=\"fas fa-check\"><\/i>\t\t\t\t\t\t<\/span>\n\t\t\t\t\t\t\t\t\t\t<span class=\"elementor-icon-list-text\">Enlace anuncio licitaci\u00f3n<\/span>\n\t\t\t\t\t\t\t\t\t\t\t<\/a>\n\t\t\t\t\t\t\t\t\t<\/li>\n\t\t\t\t\t\t<\/ul>\n\t\t\t\t<\/div>\n\t\t\t\t<\/div>\n\t\t\t\t\t<\/div>\n\t\t<\/div>\n\t\t\t\t\t<\/div>\n\t\t<\/section>\n\t\t\t\t<section class=\"elementor-section elementor-inner-section elementor-element elementor-element-09e30e1 elementor-section-boxed elementor-section-height-default elementor-section-height-default\" data-id=\"09e30e1\" data-element_type=\"section\">\n\t\t\t\t\t\t<div class=\"elementor-container elementor-column-gap-default\">\n\t\t\t\t\t<div class=\"elementor-column elementor-col-100 elementor-inner-column elementor-element elementor-element-3c25c36 elementor-invisible\" data-id=\"3c25c36\" data-element_type=\"column\" data-settings=\"{&quot;animation&quot;:&quot;fadeInDown&quot;}\">\n\t\t\t<div class=\"elementor-widget-wrap elementor-element-populated\">\n\t\t\t\t\t\t<div class=\"elementor-element elementor-element-9fc1991 elementor-widget__width-initial elementor-widget elementor-widget-text-editor\" data-id=\"9fc1991\" data-element_type=\"widget\" data-widget_type=\"text-editor.default\">\n\t\t\t\t<div class=\"elementor-widget-container\">\n\t\t\t\t\t\t\t<p>Talleres escuelas culturales: ajedrez, arte y movimiento, pintura y rob\u00f3tica.<\/p>\t\t\t\t\t\t<\/div>\n\t\t\t\t<\/div>\n\t\t\t\t<div class=\"elementor-element elementor-element-a3c1220 elementor-align-left elementor-icon-list--layout-traditional elementor-list-item-link-full_width elementor-widget elementor-widget-icon-list\" data-id=\"a3c1220\" data-element_type=\"widget\" data-widget_type=\"icon-list.default\">\n\t\t\t\t<div class=\"elementor-widget-container\">\n\t\t\t\t\t<ul class=\"elementor-icon-list-items\">\n\t\t\t\t\t\t\t<li class=\"elementor-icon-list-item\">\n\t\t\t\t\t\t\t\t\t\t\t<span class=\"elementor-icon-list-icon\">\n\t\t\t\t\t\t\t<i aria-hidden=\"true\" class=\"icofont icofont-ui-folder\"><\/i>\t\t\t\t\t\t<\/span>\n\t\t\t\t\t\t\t\t\t\t<span class=\"elementor-icon-list-text\">N\u00ba Expediente: CON\/14\/2024<\/span>\n\t\t\t\t\t\t\t\t\t<\/li>\n\t\t\t\t\t\t\t\t<li class=\"elementor-icon-list-item\">\n\t\t\t\t\t\t\t\t\t\t\t<a href=\"https:\/\/contrataciondelestado.es\/wps\/poc?uri=deeplink%3Adetalle_licitacion&#038;idEvl=1LyRy9S%2BJ3OOUi78BmzhOQ%3D%3D\">\n\n\t\t\t\t\t\t\t\t\t\t\t\t<span class=\"elementor-icon-list-icon\">\n\t\t\t\t\t\t\t<i aria-hidden=\"true\" class=\"fas fa-check\"><\/i>\t\t\t\t\t\t<\/span>\n\t\t\t\t\t\t\t\t\t\t<span class=\"elementor-icon-list-text\">Enlace anuncio licitaci\u00f3n<\/span>\n\t\t\t\t\t\t\t\t\t\t\t<\/a>\n\t\t\t\t\t\t\t\t\t<\/li>\n\t\t\t\t\t\t<\/ul>\n\t\t\t\t<\/div>\n\t\t\t\t<\/div>\n\t\t\t\t\t<\/div>\n\t\t<\/div>\n\t\t\t\t\t<\/div>\n\t\t<\/section>\n\t\t\t\t<section class=\"elementor-section elementor-inner-section elementor-element elementor-element-3a06289 elementor-section-boxed elementor-section-height-default elementor-section-height-default\" data-id=\"3a06289\" data-element_type=\"section\">\n\t\t\t\t\t\t<div class=\"elementor-container elementor-column-gap-default\">\n\t\t\t\t\t<div class=\"elementor-column elementor-col-100 elementor-inner-column elementor-element elementor-element-b84c589 elementor-invisible\" data-id=\"b84c589\" data-element_type=\"column\" data-settings=\"{&quot;animation&quot;:&quot;fadeInDown&quot;}\">\n\t\t\t<div class=\"elementor-widget-wrap elementor-element-populated\">\n\t\t\t\t\t\t<div class=\"elementor-element elementor-element-01c036b elementor-widget__width-initial elementor-widget elementor-widget-text-editor\" data-id=\"01c036b\" data-element_type=\"widget\" data-widget_type=\"text-editor.default\">\n\t\t\t\t<div class=\"elementor-widget-container\">\n\t\t\t\t\t\t\t<p>SERVICIO trabajos de siega y desbroce manual<\/p>\t\t\t\t\t\t<\/div>\n\t\t\t\t<\/div>\n\t\t\t\t<div class=\"elementor-element elementor-element-8f6f546 elementor-align-left elementor-icon-list--layout-traditional elementor-list-item-link-full_width elementor-widget elementor-widget-icon-list\" data-id=\"8f6f546\" data-element_type=\"widget\" data-widget_type=\"icon-list.default\">\n\t\t\t\t<div class=\"elementor-widget-container\">\n\t\t\t\t\t<ul class=\"elementor-icon-list-items\">\n\t\t\t\t\t\t\t<li class=\"elementor-icon-list-item\">\n\t\t\t\t\t\t\t\t\t\t\t<span class=\"elementor-icon-list-icon\">\n\t\t\t\t\t\t\t<i aria-hidden=\"true\" class=\"icofont icofont-ui-folder\"><\/i>\t\t\t\t\t\t<\/span>\n\t\t\t\t\t\t\t\t\t\t<span class=\"elementor-icon-list-text\">N\u00ba Expediente: CON\/13\/2024<\/span>\n\t\t\t\t\t\t\t\t\t<\/li>\n\t\t\t\t\t\t\t\t<li class=\"elementor-icon-list-item\">\n\t\t\t\t\t\t\t\t\t\t\t<a href=\"https:\/\/contrataciondelestado.es\/wps\/poc?uri=deeplink%3Adetalle_licitacion&#038;idEvl=TlKEFl1EyqE%2FbjW6njtWLw%3D%3D\">\n\n\t\t\t\t\t\t\t\t\t\t\t\t<span class=\"elementor-icon-list-icon\">\n\t\t\t\t\t\t\t<i aria-hidden=\"true\" class=\"fas fa-check\"><\/i>\t\t\t\t\t\t<\/span>\n\t\t\t\t\t\t\t\t\t\t<span class=\"elementor-icon-list-text\">Enlace anuncio licitaci\u00f3n<\/span>\n\t\t\t\t\t\t\t\t\t\t\t<\/a>\n\t\t\t\t\t\t\t\t\t<\/li>\n\t\t\t\t\t\t<\/ul>\n\t\t\t\t<\/div>\n\t\t\t\t<\/div>\n\t\t\t\t\t<\/div>\n\t\t<\/div>\n\t\t\t\t\t<\/div>\n\t\t<\/section>\n\t\t\t\t<section class=\"elementor-section elementor-inner-section elementor-element elementor-element-8e76dff elementor-section-boxed elementor-section-height-default elementor-section-height-default\" data-id=\"8e76dff\" data-element_type=\"section\">\n\t\t\t\t\t\t<div class=\"elementor-container elementor-column-gap-default\">\n\t\t\t\t\t<div class=\"elementor-column elementor-col-100 elementor-inner-column elementor-element elementor-element-ad67b8e elementor-invisible\" data-id=\"ad67b8e\" data-element_type=\"column\" data-settings=\"{&quot;animation&quot;:&quot;fadeInDown&quot;}\">\n\t\t\t<div class=\"elementor-widget-wrap elementor-element-populated\">\n\t\t\t\t\t\t<div class=\"elementor-element elementor-element-a4308f0 elementor-widget__width-initial elementor-widget elementor-widget-text-editor\" data-id=\"a4308f0\" data-element_type=\"widget\" data-widget_type=\"text-editor.default\">\n\t\t\t\t<div class=\"elementor-widget-container\">\n\t\t\t\t\t\t\t<p>SERVICIO PROGRAMA \u00abACTIVATE:ENVEJECIMIENTO ACTIVO Y SALUDABLE\u00bb<\/p>\t\t\t\t\t\t<\/div>\n\t\t\t\t<\/div>\n\t\t\t\t<div class=\"elementor-element elementor-element-3f6dfc6 elementor-align-left elementor-icon-list--layout-traditional elementor-list-item-link-full_width elementor-widget elementor-widget-icon-list\" data-id=\"3f6dfc6\" data-element_type=\"widget\" data-widget_type=\"icon-list.default\">\n\t\t\t\t<div class=\"elementor-widget-container\">\n\t\t\t\t\t<ul class=\"elementor-icon-list-items\">\n\t\t\t\t\t\t\t<li class=\"elementor-icon-list-item\">\n\t\t\t\t\t\t\t\t\t\t\t<span class=\"elementor-icon-list-icon\">\n\t\t\t\t\t\t\t<i aria-hidden=\"true\" class=\"icofont icofont-ui-folder\"><\/i>\t\t\t\t\t\t<\/span>\n\t\t\t\t\t\t\t\t\t\t<span class=\"elementor-icon-list-text\">N\u00ba Expediente: CON\/2B\/2024<\/span>\n\t\t\t\t\t\t\t\t\t<\/li>\n\t\t\t\t\t\t\t\t<li class=\"elementor-icon-list-item\">\n\t\t\t\t\t\t\t\t\t\t\t<a href=\"https:\/\/contrataciondelestado.es\/wps\/poc?uri=deeplink%3Adetalle_licitacion&#038;idEvl=AtYTJP4C1uCqb7rCcv76BA%3D%3D\">\n\n\t\t\t\t\t\t\t\t\t\t\t\t<span class=\"elementor-icon-list-icon\">\n\t\t\t\t\t\t\t<i aria-hidden=\"true\" class=\"fas fa-check\"><\/i>\t\t\t\t\t\t<\/span>\n\t\t\t\t\t\t\t\t\t\t<span class=\"elementor-icon-list-text\">Enlace anuncio licitaci\u00f3n<\/span>\n\t\t\t\t\t\t\t\t\t\t\t<\/a>\n\t\t\t\t\t\t\t\t\t<\/li>\n\t\t\t\t\t\t<\/ul>\n\t\t\t\t<\/div>\n\t\t\t\t<\/div>\n\t\t\t\t\t<\/div>\n\t\t<\/div>\n\t\t\t\t\t<\/div>\n\t\t<\/section>\n\t\t\t\t<section class=\"elementor-section elementor-inner-section elementor-element elementor-element-19a9dce elementor-section-boxed elementor-section-height-default elementor-section-height-default\" data-id=\"19a9dce\" data-element_type=\"section\">\n\t\t\t\t\t\t<div class=\"elementor-container elementor-column-gap-default\">\n\t\t\t\t\t<div class=\"elementor-column elementor-col-100 elementor-inner-column elementor-element elementor-element-bc44977 elementor-invisible\" data-id=\"bc44977\" data-element_type=\"column\" data-settings=\"{&quot;animation&quot;:&quot;fadeInDown&quot;}\">\n\t\t\t<div class=\"elementor-widget-wrap elementor-element-populated\">\n\t\t\t\t\t\t<div class=\"elementor-element elementor-element-2c8eff1 elementor-widget__width-initial elementor-widget elementor-widget-text-editor\" data-id=\"2c8eff1\" data-element_type=\"widget\" data-widget_type=\"text-editor.default\">\n\t\t\t\t<div class=\"elementor-widget-container\">\n\t\t\t\t\t\t\t<p>SERVICIO DE ATENCI\u00d3N DOMICILIARIA DEL AYUNTAMIENTO DE MEDIO CUDEYO<\/p>\t\t\t\t\t\t<\/div>\n\t\t\t\t<\/div>\n\t\t\t\t<div class=\"elementor-element elementor-element-6df723f elementor-align-left elementor-icon-list--layout-traditional elementor-list-item-link-full_width elementor-widget elementor-widget-icon-list\" data-id=\"6df723f\" data-element_type=\"widget\" data-widget_type=\"icon-list.default\">\n\t\t\t\t<div class=\"elementor-widget-container\">\n\t\t\t\t\t<ul class=\"elementor-icon-list-items\">\n\t\t\t\t\t\t\t<li class=\"elementor-icon-list-item\">\n\t\t\t\t\t\t\t\t\t\t\t<span class=\"elementor-icon-list-icon\">\n\t\t\t\t\t\t\t<i aria-hidden=\"true\" class=\"icofont icofont-ui-folder\"><\/i>\t\t\t\t\t\t<\/span>\n\t\t\t\t\t\t\t\t\t\t<span class=\"elementor-icon-list-text\">N\u00ba Expediente: CON\/07\/2024<\/span>\n\t\t\t\t\t\t\t\t\t<\/li>\n\t\t\t\t\t\t\t\t<li class=\"elementor-icon-list-item\">\n\t\t\t\t\t\t\t\t\t\t\t<a href=\"https:\/\/contrataciondelestado.es\/wps\/poc?uri=deeplink%3Adetalle_licitacion&#038;idEvl=FLZmq6ElbIlt5r0ngvMetA%3D%3D\">\n\n\t\t\t\t\t\t\t\t\t\t\t\t<span class=\"elementor-icon-list-icon\">\n\t\t\t\t\t\t\t<i aria-hidden=\"true\" class=\"fas fa-check\"><\/i>\t\t\t\t\t\t<\/span>\n\t\t\t\t\t\t\t\t\t\t<span class=\"elementor-icon-list-text\">Enlace anuncio licitaci\u00f3n<\/span>\n\t\t\t\t\t\t\t\t\t\t\t<\/a>\n\t\t\t\t\t\t\t\t\t<\/li>\n\t\t\t\t\t\t<\/ul>\n\t\t\t\t<\/div>\n\t\t\t\t<\/div>\n\t\t\t\t\t<\/div>\n\t\t<\/div>\n\t\t\t\t\t<\/div>\n\t\t<\/section>\n\t\t\t\t<section class=\"elementor-section elementor-inner-section elementor-element elementor-element-dd57c98 elementor-section-boxed elementor-section-height-default elementor-section-height-default\" data-id=\"dd57c98\" data-element_type=\"section\">\n\t\t\t\t\t\t<div class=\"elementor-container elementor-column-gap-default\">\n\t\t\t\t\t<div class=\"elementor-column elementor-col-100 elementor-inner-column elementor-element elementor-element-9c1f3b9 elementor-invisible\" data-id=\"9c1f3b9\" data-element_type=\"column\" data-settings=\"{&quot;animation&quot;:&quot;fadeInDown&quot;}\">\n\t\t\t<div class=\"elementor-widget-wrap elementor-element-populated\">\n\t\t\t\t\t\t<div class=\"elementor-element elementor-element-b04ce9e elementor-widget__width-initial elementor-widget elementor-widget-text-editor\" data-id=\"b04ce9e\" data-element_type=\"widget\" data-widget_type=\"text-editor.default\">\n\t\t\t\t<div class=\"elementor-widget-container\">\n\t\t\t\t\t\t\t<p>SUMINISTRO DE COMBUSTIBLES<\/p><p>LOTE I. VEHICULOS Y MAQUINARIA<\/p><p>LOTE II. INSTALACIONES CALEFACTORAS<\/p>\t\t\t\t\t\t<\/div>\n\t\t\t\t<\/div>\n\t\t\t\t<div class=\"elementor-element elementor-element-fe344fa elementor-align-left elementor-icon-list--layout-traditional elementor-list-item-link-full_width elementor-widget elementor-widget-icon-list\" data-id=\"fe344fa\" data-element_type=\"widget\" data-widget_type=\"icon-list.default\">\n\t\t\t\t<div class=\"elementor-widget-container\">\n\t\t\t\t\t<ul class=\"elementor-icon-list-items\">\n\t\t\t\t\t\t\t<li class=\"elementor-icon-list-item\">\n\t\t\t\t\t\t\t\t\t\t\t<span class=\"elementor-icon-list-icon\">\n\t\t\t\t\t\t\t<i aria-hidden=\"true\" class=\"icofont icofont-ui-folder\"><\/i>\t\t\t\t\t\t<\/span>\n\t\t\t\t\t\t\t\t\t\t<span class=\"elementor-icon-list-text\">N\u00ba Expediente: CON\/06\/2024<\/span>\n\t\t\t\t\t\t\t\t\t<\/li>\n\t\t\t\t\t\t\t\t<li class=\"elementor-icon-list-item\">\n\t\t\t\t\t\t\t\t\t\t\t<a href=\"https:\/\/contrataciondelestado.es\/wps\/poc?uri=deeplink%3Adetalle_licitacion&#038;idEvl=%2FJe2gXz%2FoLc4NavIWzMcHA%3D%3D\">\n\n\t\t\t\t\t\t\t\t\t\t\t\t<span class=\"elementor-icon-list-icon\">\n\t\t\t\t\t\t\t<i aria-hidden=\"true\" class=\"fas fa-check\"><\/i>\t\t\t\t\t\t<\/span>\n\t\t\t\t\t\t\t\t\t\t<span class=\"elementor-icon-list-text\">Enlace anuncio licitaci\u00f3n<\/span>\n\t\t\t\t\t\t\t\t\t\t\t<\/a>\n\t\t\t\t\t\t\t\t\t<\/li>\n\t\t\t\t\t\t<\/ul>\n\t\t\t\t<\/div>\n\t\t\t\t<\/div>\n\t\t\t\t\t<\/div>\n\t\t<\/div>\n\t\t\t\t\t<\/div>\n\t\t<\/section>\n\t\t\t\t<section class=\"elementor-section elementor-inner-section elementor-element elementor-element-458519f elementor-section-boxed elementor-section-height-default elementor-section-height-default\" data-id=\"458519f\" data-element_type=\"section\">\n\t\t\t\t\t\t<div class=\"elementor-container elementor-column-gap-default\">\n\t\t\t\t\t<div class=\"elementor-column elementor-col-100 elementor-inner-column elementor-element elementor-element-f680f5f elementor-invisible\" data-id=\"f680f5f\" data-element_type=\"column\" data-settings=\"{&quot;animation&quot;:&quot;fadeInDown&quot;}\">\n\t\t\t<div class=\"elementor-widget-wrap elementor-element-populated\">\n\t\t\t\t\t\t<div class=\"elementor-element elementor-element-0c3efd7 elementor-widget__width-initial elementor-widget elementor-widget-text-editor\" data-id=\"0c3efd7\" data-element_type=\"widget\" data-widget_type=\"text-editor.default\">\n\t\t\t\t<div class=\"elementor-widget-container\">\n\t\t\t\t\t\t\t<p>Programa Promoci\u00f3n del BUEN TRATO A LA INFANCIA Y ADOLESCENCIA<\/p>\t\t\t\t\t\t<\/div>\n\t\t\t\t<\/div>\n\t\t\t\t<div class=\"elementor-element elementor-element-5c46b94 elementor-align-left elementor-icon-list--layout-traditional elementor-list-item-link-full_width elementor-widget elementor-widget-icon-list\" data-id=\"5c46b94\" data-element_type=\"widget\" data-widget_type=\"icon-list.default\">\n\t\t\t\t<div class=\"elementor-widget-container\">\n\t\t\t\t\t<ul class=\"elementor-icon-list-items\">\n\t\t\t\t\t\t\t<li class=\"elementor-icon-list-item\">\n\t\t\t\t\t\t\t\t\t\t\t<span class=\"elementor-icon-list-icon\">\n\t\t\t\t\t\t\t<i aria-hidden=\"true\" class=\"icofont icofont-ui-folder\"><\/i>\t\t\t\t\t\t<\/span>\n\t\t\t\t\t\t\t\t\t\t<span class=\"elementor-icon-list-text\">N\u00ba Expediente: CON\/04\/2024<\/span>\n\t\t\t\t\t\t\t\t\t<\/li>\n\t\t\t\t\t\t\t\t<li class=\"elementor-icon-list-item\">\n\t\t\t\t\t\t\t\t\t\t\t<a href=\"https:\/\/contrataciondelestado.es\/wps\/poc?uri=deeplink%3Adetalle_licitacion&#038;idEvl=B8m5cxAOUu5%2BF6L2uCfUWg%3D%3D\">\n\n\t\t\t\t\t\t\t\t\t\t\t\t<span class=\"elementor-icon-list-icon\">\n\t\t\t\t\t\t\t<i aria-hidden=\"true\" class=\"fas fa-check\"><\/i>\t\t\t\t\t\t<\/span>\n\t\t\t\t\t\t\t\t\t\t<span class=\"elementor-icon-list-text\">Enlace anuncio licitaci\u00f3n<\/span>\n\t\t\t\t\t\t\t\t\t\t\t<\/a>\n\t\t\t\t\t\t\t\t\t<\/li>\n\t\t\t\t\t\t<\/ul>\n\t\t\t\t<\/div>\n\t\t\t\t<\/div>\n\t\t\t\t\t<\/div>\n\t\t<\/div>\n\t\t\t\t\t<\/div>\n\t\t<\/section>\n\t\t\t\t<section class=\"elementor-section elementor-inner-section elementor-element elementor-element-af97faf elementor-section-boxed elementor-section-height-default elementor-section-height-default\" data-id=\"af97faf\" data-element_type=\"section\">\n\t\t\t\t\t\t<div class=\"elementor-container elementor-column-gap-default\">\n\t\t\t\t\t<div class=\"elementor-column elementor-col-100 elementor-inner-column elementor-element elementor-element-738fa83 elementor-invisible\" data-id=\"738fa83\" data-element_type=\"column\" data-settings=\"{&quot;animation&quot;:&quot;fadeInDown&quot;}\">\n\t\t\t<div class=\"elementor-widget-wrap elementor-element-populated\">\n\t\t\t\t\t\t<div class=\"elementor-element elementor-element-ac0c0fa elementor-widget elementor-widget-text-editor\" data-id=\"ac0c0fa\" data-element_type=\"widget\" data-widget_type=\"text-editor.default\">\n\t\t\t\t<div class=\"elementor-widget-container\">\n\t\t\t\t\t\t\t<p><span class=\"ant-typography columns_description__2yZXw\">Adhesi\u00f3n Acuerdo Marco Servicio Mediaci\u00f3n de Seguros de la FEMP<\/span><\/p>\t\t\t\t\t\t<\/div>\n\t\t\t\t<\/div>\n\t\t\t\t<div class=\"elementor-element elementor-element-a65c3cf elementor-align-left elementor-icon-list--layout-inline elementor-list-item-link-full_width elementor-widget elementor-widget-icon-list\" data-id=\"a65c3cf\" data-element_type=\"widget\" data-widget_type=\"icon-list.default\">\n\t\t\t\t<div class=\"elementor-widget-container\">\n\t\t\t\t\t<ul class=\"elementor-icon-list-items elementor-inline-items\">\n\t\t\t\t\t\t\t<li class=\"elementor-icon-list-item elementor-inline-item\">\n\t\t\t\t\t\t\t\t\t\t\t<span class=\"elementor-icon-list-icon\">\n\t\t\t\t\t\t\t<i aria-hidden=\"true\" class=\"icofont icofont-ui-folder\"><\/i>\t\t\t\t\t\t<\/span>\n\t\t\t\t\t\t\t\t\t\t<span class=\"elementor-icon-list-text\">N\u00ba Expediente: CON\/1\/2024<\/span>\n\t\t\t\t\t\t\t\t\t<\/li>\n\t\t\t\t\t\t<\/ul>\n\t\t\t\t<\/div>\n\t\t\t\t<\/div>\n\t\t\t\t\t<\/div>\n\t\t<\/div>\n\t\t\t\t\t<\/div>\n\t\t<\/section>\n\t\t\t\t<section class=\"elementor-section elementor-inner-section elementor-element elementor-element-0872d0d elementor-section-boxed elementor-section-height-default elementor-section-height-default\" data-id=\"0872d0d\" data-element_type=\"section\">\n\t\t\t\t\t\t<div class=\"elementor-container elementor-column-gap-default\">\n\t\t\t\t\t<div class=\"elementor-column elementor-col-100 elementor-inner-column elementor-element elementor-element-eda490a elementor-invisible\" data-id=\"eda490a\" data-element_type=\"column\" data-settings=\"{&quot;animation&quot;:&quot;fadeInDown&quot;}\">\n\t\t\t<div class=\"elementor-widget-wrap elementor-element-populated\">\n\t\t\t\t\t\t<div class=\"elementor-element elementor-element-e6687c0 elementor-widget elementor-widget-text-editor\" data-id=\"e6687c0\" data-element_type=\"widget\" data-widget_type=\"text-editor.default\">\n\t\t\t\t<div class=\"elementor-widget-container\">\n\t\t\t\t\t\t\t<p><span class=\"ant-typography columns_description__2yZXw\">Alquiler de maquinaria con conductor para obras del Servicio de Infraestructuras y Obras municipales<\/span><\/p>\t\t\t\t\t\t<\/div>\n\t\t\t\t<\/div>\n\t\t\t\t<div class=\"elementor-element elementor-element-dcb739a elementor-align-left elementor-icon-list--layout-traditional elementor-list-item-link-full_width elementor-widget elementor-widget-icon-list\" data-id=\"dcb739a\" data-element_type=\"widget\" data-widget_type=\"icon-list.default\">\n\t\t\t\t<div class=\"elementor-widget-container\">\n\t\t\t\t\t<ul class=\"elementor-icon-list-items\">\n\t\t\t\t\t\t\t<li class=\"elementor-icon-list-item\">\n\t\t\t\t\t\t\t\t\t\t\t<span class=\"elementor-icon-list-icon\">\n\t\t\t\t\t\t\t<i aria-hidden=\"true\" class=\"icofont icofont-ui-folder\"><\/i>\t\t\t\t\t\t<\/span>\n\t\t\t\t\t\t\t\t\t\t<span class=\"elementor-icon-list-text\">N\u00ba Expediente: CON\/7\/2023<\/span>\n\t\t\t\t\t\t\t\t\t<\/li>\n\t\t\t\t\t\t\t\t<li class=\"elementor-icon-list-item\">\n\t\t\t\t\t\t\t\t\t\t\t<a href=\"https:\/\/community.vortal.biz\/Public\/contract-notice-view\/PT1.NTC.2296048\/?SkinName=aytomediocudeyo&#038;currentLanguage=es&#038;currentLanguage=es\" target=\"_blank\">\n\n\t\t\t\t\t\t\t\t\t\t\t\t<span class=\"elementor-icon-list-icon\">\n\t\t\t\t\t\t\t<i aria-hidden=\"true\" class=\"fas fa-link\"><\/i>\t\t\t\t\t\t<\/span>\n\t\t\t\t\t\t\t\t\t\t<span class=\"elementor-icon-list-text\">Enlace a la licitaci\u00f3n<\/span>\n\t\t\t\t\t\t\t\t\t\t\t<\/a>\n\t\t\t\t\t\t\t\t\t<\/li>\n\t\t\t\t\t\t<\/ul>\n\t\t\t\t<\/div>\n\t\t\t\t<\/div>\n\t\t\t\t\t<\/div>\n\t\t<\/div>\n\t\t\t\t\t<\/div>\n\t\t<\/section>\n\t\t\t\t<section class=\"elementor-section elementor-inner-section elementor-element elementor-element-58eb9a5 elementor-section-boxed elementor-section-height-default elementor-section-height-default\" data-id=\"58eb9a5\" data-element_type=\"section\">\n\t\t\t\t\t\t<div class=\"elementor-container elementor-column-gap-default\">\n\t\t\t\t\t<div class=\"elementor-column elementor-col-100 elementor-inner-column elementor-element elementor-element-0ff3100 elementor-invisible\" data-id=\"0ff3100\" data-element_type=\"column\" data-settings=\"{&quot;animation&quot;:&quot;fadeInDown&quot;}\">\n\t\t\t<div class=\"elementor-widget-wrap elementor-element-populated\">\n\t\t\t\t\t\t<div class=\"elementor-element elementor-element-f863f46 elementor-widget elementor-widget-text-editor\" data-id=\"f863f46\" data-element_type=\"widget\" data-widget_type=\"text-editor.default\">\n\t\t\t\t<div class=\"elementor-widget-container\">\n\t\t\t\t\t\t\t<p><span class=\"ant-typography columns_description__2yZXw\">Servicio de Campus multideporte<br \/><\/span><\/p>\t\t\t\t\t\t<\/div>\n\t\t\t\t<\/div>\n\t\t\t\t<div class=\"elementor-element elementor-element-e61186e elementor-align-left elementor-icon-list--layout-traditional elementor-list-item-link-full_width elementor-widget elementor-widget-icon-list\" data-id=\"e61186e\" data-element_type=\"widget\" data-widget_type=\"icon-list.default\">\n\t\t\t\t<div class=\"elementor-widget-container\">\n\t\t\t\t\t<ul class=\"elementor-icon-list-items\">\n\t\t\t\t\t\t\t<li class=\"elementor-icon-list-item\">\n\t\t\t\t\t\t\t\t\t\t\t<span class=\"elementor-icon-list-icon\">\n\t\t\t\t\t\t\t<i aria-hidden=\"true\" class=\"icofont icofont-ui-folder\"><\/i>\t\t\t\t\t\t<\/span>\n\t\t\t\t\t\t\t\t\t\t<span class=\"elementor-icon-list-text\">N\u00ba Expediente: CON\/9\/2023<\/span>\n\t\t\t\t\t\t\t\t\t<\/li>\n\t\t\t\t\t\t\t\t<li class=\"elementor-icon-list-item\">\n\t\t\t\t\t\t\t\t\t\t\t<a href=\"https:\/\/community.vortal.biz\/Public\/contract-notice-view\/PT1.NTC.2403347\/?SkinName=aytomediocudeyo&#038;currentLanguage=es&#038;currentLanguage=es\" target=\"_blank\">\n\n\t\t\t\t\t\t\t\t\t\t\t\t<span class=\"elementor-icon-list-icon\">\n\t\t\t\t\t\t\t<i aria-hidden=\"true\" class=\"fas fa-link\"><\/i>\t\t\t\t\t\t<\/span>\n\t\t\t\t\t\t\t\t\t\t<span class=\"elementor-icon-list-text\">Enlace a la licitaci\u00f3n<\/span>\n\t\t\t\t\t\t\t\t\t\t\t<\/a>\n\t\t\t\t\t\t\t\t\t<\/li>\n\t\t\t\t\t\t<\/ul>\n\t\t\t\t<\/div>\n\t\t\t\t<\/div>\n\t\t\t\t\t<\/div>\n\t\t<\/div>\n\t\t\t\t\t<\/div>\n\t\t<\/section>\n\t\t\t\t<section class=\"elementor-section elementor-inner-section elementor-element elementor-element-11973d9 elementor-section-boxed elementor-section-height-default elementor-section-height-default\" data-id=\"11973d9\" data-element_type=\"section\">\n\t\t\t\t\t\t<div class=\"elementor-container elementor-column-gap-default\">\n\t\t\t\t\t<div class=\"elementor-column elementor-col-100 elementor-inner-column elementor-element elementor-element-afac87c elementor-invisible\" data-id=\"afac87c\" data-element_type=\"column\" data-settings=\"{&quot;animation&quot;:&quot;fadeInDown&quot;}\">\n\t\t\t<div class=\"elementor-widget-wrap elementor-element-populated\">\n\t\t\t\t\t\t<div class=\"elementor-element elementor-element-2e13595 elementor-widget elementor-widget-text-editor\" data-id=\"2e13595\" data-element_type=\"widget\" data-widget_type=\"text-editor.default\">\n\t\t\t\t<div class=\"elementor-widget-container\">\n\t\t\t\t\t\t\t<p><span class=\"ant-typography columns_description__2yZXw\">Mantenimiento de Ascensores y Plataformas elevadoras<\/span><\/p>\t\t\t\t\t\t<\/div>\n\t\t\t\t<\/div>\n\t\t\t\t<div class=\"elementor-element elementor-element-7360f75 elementor-align-left elementor-icon-list--layout-traditional elementor-list-item-link-full_width elementor-widget elementor-widget-icon-list\" data-id=\"7360f75\" data-element_type=\"widget\" data-widget_type=\"icon-list.default\">\n\t\t\t\t<div class=\"elementor-widget-container\">\n\t\t\t\t\t<ul class=\"elementor-icon-list-items\">\n\t\t\t\t\t\t\t<li class=\"elementor-icon-list-item\">\n\t\t\t\t\t\t\t\t\t\t\t<span class=\"elementor-icon-list-icon\">\n\t\t\t\t\t\t\t<i aria-hidden=\"true\" class=\"icofont icofont-ui-folder\"><\/i>\t\t\t\t\t\t<\/span>\n\t\t\t\t\t\t\t\t\t\t<span class=\"elementor-icon-list-text\">N\u00ba Expediente: CON\/5\/2023<\/span>\n\t\t\t\t\t\t\t\t\t<\/li>\n\t\t\t\t\t\t\t\t<li class=\"elementor-icon-list-item\">\n\t\t\t\t\t\t\t\t\t\t\t<a href=\"https:\/\/community.vortal.biz\/Public\/contract-notice-view\/PT1.NTC.2290150\/?SkinName=aytomediocudeyo&#038;currentLanguage=es&#038;currentLanguage=es\" target=\"_blank\">\n\n\t\t\t\t\t\t\t\t\t\t\t\t<span class=\"elementor-icon-list-icon\">\n\t\t\t\t\t\t\t<i aria-hidden=\"true\" class=\"fas fa-link\"><\/i>\t\t\t\t\t\t<\/span>\n\t\t\t\t\t\t\t\t\t\t<span class=\"elementor-icon-list-text\">Enlace a la licitaci\u00f3n<\/span>\n\t\t\t\t\t\t\t\t\t\t\t<\/a>\n\t\t\t\t\t\t\t\t\t<\/li>\n\t\t\t\t\t\t<\/ul>\n\t\t\t\t<\/div>\n\t\t\t\t<\/div>\n\t\t\t\t\t<\/div>\n\t\t<\/div>\n\t\t\t\t\t<\/div>\n\t\t<\/section>\n\t\t\t\t<section class=\"elementor-section elementor-inner-section elementor-element elementor-element-c19f272 elementor-section-boxed elementor-section-height-default elementor-section-height-default\" data-id=\"c19f272\" data-element_type=\"section\">\n\t\t\t\t\t\t<div class=\"elementor-container elementor-column-gap-default\">\n\t\t\t\t\t<div class=\"elementor-column elementor-col-100 elementor-inner-column elementor-element elementor-element-cf81f5b elementor-invisible\" data-id=\"cf81f5b\" data-element_type=\"column\" data-settings=\"{&quot;animation&quot;:&quot;fadeInDown&quot;}\">\n\t\t\t<div class=\"elementor-widget-wrap elementor-element-populated\">\n\t\t\t\t\t\t<div class=\"elementor-element elementor-element-5e7103a elementor-widget elementor-widget-text-editor\" data-id=\"5e7103a\" data-element_type=\"widget\" data-widget_type=\"text-editor.default\">\n\t\t\t\t<div class=\"elementor-widget-container\">\n\t\t\t\t\t\t\t<p><span class=\"ant-typography columns_description__2yZXw\">Asesor\u00eda Laboral<\/span><\/p>\t\t\t\t\t\t<\/div>\n\t\t\t\t<\/div>\n\t\t\t\t<div class=\"elementor-element elementor-element-f61fcca elementor-align-left elementor-icon-list--layout-traditional elementor-list-item-link-full_width elementor-widget elementor-widget-icon-list\" data-id=\"f61fcca\" data-element_type=\"widget\" data-widget_type=\"icon-list.default\">\n\t\t\t\t<div class=\"elementor-widget-container\">\n\t\t\t\t\t<ul class=\"elementor-icon-list-items\">\n\t\t\t\t\t\t\t<li class=\"elementor-icon-list-item\">\n\t\t\t\t\t\t\t\t\t\t\t<span class=\"elementor-icon-list-icon\">\n\t\t\t\t\t\t\t<i aria-hidden=\"true\" class=\"icofont icofont-ui-folder\"><\/i>\t\t\t\t\t\t<\/span>\n\t\t\t\t\t\t\t\t\t\t<span class=\"elementor-icon-list-text\">N\u00ba Expediente: CON\/4\/2023<\/span>\n\t\t\t\t\t\t\t\t\t<\/li>\n\t\t\t\t\t\t\t\t<li class=\"elementor-icon-list-item\">\n\t\t\t\t\t\t\t\t\t\t\t<a href=\"https:\/\/community.vortal.biz\/Public\/contract-notice-view\/PT1.NTC.2268348\/?SkinName=aytomediocudeyo&#038;currentLanguage=es&#038;currentLanguage=es\" target=\"_blank\">\n\n\t\t\t\t\t\t\t\t\t\t\t\t<span class=\"elementor-icon-list-icon\">\n\t\t\t\t\t\t\t<i aria-hidden=\"true\" class=\"fas fa-link\"><\/i>\t\t\t\t\t\t<\/span>\n\t\t\t\t\t\t\t\t\t\t<span class=\"elementor-icon-list-text\">Enlace a la licitaci\u00f3n<\/span>\n\t\t\t\t\t\t\t\t\t\t\t<\/a>\n\t\t\t\t\t\t\t\t\t<\/li>\n\t\t\t\t\t\t<\/ul>\n\t\t\t\t<\/div>\n\t\t\t\t<\/div>\n\t\t\t\t\t<\/div>\n\t\t<\/div>\n\t\t\t\t\t<\/div>\n\t\t<\/section>\n\t\t\t\t<section class=\"elementor-section elementor-inner-section elementor-element elementor-element-2b88626 elementor-section-boxed elementor-section-height-default elementor-section-height-default\" data-id=\"2b88626\" data-element_type=\"section\">\n\t\t\t\t\t\t<div class=\"elementor-container elementor-column-gap-default\">\n\t\t\t\t\t<div class=\"elementor-column elementor-col-100 elementor-inner-column elementor-element elementor-element-46d8d53 elementor-invisible\" data-id=\"46d8d53\" data-element_type=\"column\" data-settings=\"{&quot;animation&quot;:&quot;fadeInDown&quot;}\">\n\t\t\t<div class=\"elementor-widget-wrap elementor-element-populated\">\n\t\t\t\t\t\t<div class=\"elementor-element elementor-element-eb4ff8e elementor-widget elementor-widget-text-editor\" data-id=\"eb4ff8e\" data-element_type=\"widget\" data-widget_type=\"text-editor.default\">\n\t\t\t\t<div class=\"elementor-widget-container\">\n\t\t\t\t\t\t\t<p><span class=\"ant-typography columns_description__2yZXw\">Servicio Impartici\u00f3n Talleres de Actividad F\u00edsica para mayores<\/span><\/p>\t\t\t\t\t\t<\/div>\n\t\t\t\t<\/div>\n\t\t\t\t<div class=\"elementor-element elementor-element-0ada91a elementor-align-left elementor-icon-list--layout-traditional elementor-list-item-link-full_width elementor-widget elementor-widget-icon-list\" data-id=\"0ada91a\" data-element_type=\"widget\" data-widget_type=\"icon-list.default\">\n\t\t\t\t<div class=\"elementor-widget-container\">\n\t\t\t\t\t<ul class=\"elementor-icon-list-items\">\n\t\t\t\t\t\t\t<li class=\"elementor-icon-list-item\">\n\t\t\t\t\t\t\t\t\t\t\t<span class=\"elementor-icon-list-icon\">\n\t\t\t\t\t\t\t<i aria-hidden=\"true\" class=\"icofont icofont-ui-folder\"><\/i>\t\t\t\t\t\t<\/span>\n\t\t\t\t\t\t\t\t\t\t<span class=\"elementor-icon-list-text\">N\u00ba Expediente: CON\/03\/2023<\/span>\n\t\t\t\t\t\t\t\t\t<\/li>\n\t\t\t\t\t\t\t\t<li class=\"elementor-icon-list-item\">\n\t\t\t\t\t\t\t\t\t\t\t<a href=\"https:\/\/community.vortal.biz\/Public\/contract-notice-view\/PT1.NTC.2213742\/?SkinName=aytomediocudeyo&#038;currentLanguage=es&#038;currentLanguage=es\" target=\"_blank\">\n\n\t\t\t\t\t\t\t\t\t\t\t\t<span class=\"elementor-icon-list-icon\">\n\t\t\t\t\t\t\t<i aria-hidden=\"true\" class=\"fas fa-link\"><\/i>\t\t\t\t\t\t<\/span>\n\t\t\t\t\t\t\t\t\t\t<span class=\"elementor-icon-list-text\">Enlace a la licitaci\u00f3n<\/span>\n\t\t\t\t\t\t\t\t\t\t\t<\/a>\n\t\t\t\t\t\t\t\t\t<\/li>\n\t\t\t\t\t\t<\/ul>\n\t\t\t\t<\/div>\n\t\t\t\t<\/div>\n\t\t\t\t\t<\/div>\n\t\t<\/div>\n\t\t\t\t\t<\/div>\n\t\t<\/section>\n\t\t\t\t<section class=\"elementor-section elementor-inner-section elementor-element elementor-element-ebe84ba elementor-section-boxed elementor-section-height-default elementor-section-height-default\" data-id=\"ebe84ba\" data-element_type=\"section\">\n\t\t\t\t\t\t<div class=\"elementor-container elementor-column-gap-default\">\n\t\t\t\t\t<div class=\"elementor-column elementor-col-100 elementor-inner-column elementor-element elementor-element-2bf184e elementor-invisible\" data-id=\"2bf184e\" data-element_type=\"column\" data-settings=\"{&quot;animation&quot;:&quot;fadeInDown&quot;}\">\n\t\t\t<div class=\"elementor-widget-wrap elementor-element-populated\">\n\t\t\t\t\t\t<div class=\"elementor-element elementor-element-11f1a80 elementor-widget elementor-widget-text-editor\" data-id=\"11f1a80\" data-element_type=\"widget\" data-widget_type=\"text-editor.default\">\n\t\t\t\t<div class=\"elementor-widget-container\">\n\t\t\t\t\t\t\t<p>Servicio de atenci\u00f3n domiciliaria<\/p>\t\t\t\t\t\t<\/div>\n\t\t\t\t<\/div>\n\t\t\t\t<div class=\"elementor-element elementor-element-9d2e94c elementor-align-left elementor-icon-list--layout-traditional elementor-list-item-link-full_width elementor-widget elementor-widget-icon-list\" data-id=\"9d2e94c\" data-element_type=\"widget\" data-widget_type=\"icon-list.default\">\n\t\t\t\t<div class=\"elementor-widget-container\">\n\t\t\t\t\t<ul class=\"elementor-icon-list-items\">\n\t\t\t\t\t\t\t<li class=\"elementor-icon-list-item\">\n\t\t\t\t\t\t\t\t\t\t\t<span class=\"elementor-icon-list-icon\">\n\t\t\t\t\t\t\t<i aria-hidden=\"true\" class=\"icofont icofont-ui-folder\"><\/i>\t\t\t\t\t\t<\/span>\n\t\t\t\t\t\t\t\t\t\t<span class=\"elementor-icon-list-text\">N\u00ba Expediente: CON\/02\/2023<\/span>\n\t\t\t\t\t\t\t\t\t<\/li>\n\t\t\t\t\t\t\t\t<li class=\"elementor-icon-list-item\">\n\t\t\t\t\t\t\t\t\t\t\t<a href=\"https:\/\/community.vortal.biz\/Public\/contract-notice-view\/PT1.NTC.2216539\/?SkinName=aytomediocudeyo&#038;currentLanguage=es&#038;currentLanguage=es\" target=\"_blank\">\n\n\t\t\t\t\t\t\t\t\t\t\t\t<span class=\"elementor-icon-list-icon\">\n\t\t\t\t\t\t\t<i aria-hidden=\"true\" class=\"fas fa-link\"><\/i>\t\t\t\t\t\t<\/span>\n\t\t\t\t\t\t\t\t\t\t<span class=\"elementor-icon-list-text\">Enlace a la licitaci\u00f3n<\/span>\n\t\t\t\t\t\t\t\t\t\t\t<\/a>\n\t\t\t\t\t\t\t\t\t<\/li>\n\t\t\t\t\t\t<\/ul>\n\t\t\t\t<\/div>\n\t\t\t\t<\/div>\n\t\t\t\t\t<\/div>\n\t\t<\/div>\n\t\t\t\t\t<\/div>\n\t\t<\/section>\n\t\t\t\t<section class=\"elementor-section elementor-inner-section elementor-element elementor-element-5b4150a elementor-section-boxed elementor-section-height-default elementor-section-height-default\" data-id=\"5b4150a\" data-element_type=\"section\">\n\t\t\t\t\t\t<div class=\"elementor-container elementor-column-gap-default\">\n\t\t\t\t\t<div class=\"elementor-column elementor-col-100 elementor-inner-column elementor-element elementor-element-f1292f2 elementor-invisible\" data-id=\"f1292f2\" data-element_type=\"column\" data-settings=\"{&quot;animation&quot;:&quot;fadeInDown&quot;}\">\n\t\t\t<div class=\"elementor-widget-wrap elementor-element-populated\">\n\t\t\t\t\t\t<div class=\"elementor-element elementor-element-e950a9a elementor-widget elementor-widget-text-editor\" data-id=\"e950a9a\" data-element_type=\"widget\" data-widget_type=\"text-editor.default\">\n\t\t\t\t<div class=\"elementor-widget-container\">\n\t\t\t\t\t\t\t<p><span class=\"ant-typography columns_description__2yZXw\">Servicio de Bar del Centro de la Tercera Edad de Solares<\/span><\/p>\t\t\t\t\t\t<\/div>\n\t\t\t\t<\/div>\n\t\t\t\t<div class=\"elementor-element elementor-element-191ae6d elementor-align-left elementor-icon-list--layout-traditional elementor-list-item-link-full_width elementor-widget elementor-widget-icon-list\" data-id=\"191ae6d\" data-element_type=\"widget\" data-widget_type=\"icon-list.default\">\n\t\t\t\t<div class=\"elementor-widget-container\">\n\t\t\t\t\t<ul class=\"elementor-icon-list-items\">\n\t\t\t\t\t\t\t<li class=\"elementor-icon-list-item\">\n\t\t\t\t\t\t\t\t\t\t\t<span class=\"elementor-icon-list-icon\">\n\t\t\t\t\t\t\t<i aria-hidden=\"true\" class=\"icofont icofont-ui-folder\"><\/i>\t\t\t\t\t\t<\/span>\n\t\t\t\t\t\t\t\t\t\t<span class=\"elementor-icon-list-text\">N\u00ba Expediente: CON\/01\/2023<\/span>\n\t\t\t\t\t\t\t\t\t<\/li>\n\t\t\t\t\t\t\t\t<li class=\"elementor-icon-list-item\">\n\t\t\t\t\t\t\t\t\t\t\t<a href=\"https:\/\/community.vortal.biz\/Public\/contract-notice-view\/PT1.NTC.2214039\/?SkinName=aytomediocudeyo&#038;currentLanguage=es&#038;currentLanguage=es\" target=\"_blank\">\n\n\t\t\t\t\t\t\t\t\t\t\t\t<span class=\"elementor-icon-list-icon\">\n\t\t\t\t\t\t\t<i aria-hidden=\"true\" class=\"fas fa-link\"><\/i>\t\t\t\t\t\t<\/span>\n\t\t\t\t\t\t\t\t\t\t<span class=\"elementor-icon-list-text\">Enlace a la licitaci\u00f3n<\/span>\n\t\t\t\t\t\t\t\t\t\t\t<\/a>\n\t\t\t\t\t\t\t\t\t<\/li>\n\t\t\t\t\t\t<\/ul>\n\t\t\t\t<\/div>\n\t\t\t\t<\/div>\n\t\t\t\t\t<\/div>\n\t\t<\/div>\n\t\t\t\t\t<\/div>\n\t\t<\/section>\n\t\t\t\t\t<\/div>\n\t\t<\/div>\n\t\t\t\t<div class=\"elementor-column elementor-col-50 elementor-top-column elementor-element elementor-element-76ed07a\" data-id=\"76ed07a\" data-element_type=\"column\">\n\t\t\t<div class=\"elementor-widget-wrap elementor-element-populated\">\n\t\t\t\t\t\t<section class=\"elementor-section elementor-inner-section elementor-element elementor-element-96bff27 elementor-section-boxed elementor-section-height-default elementor-section-height-default\" data-id=\"96bff27\" data-element_type=\"section\">\n\t\t\t\t\t\t<div class=\"elementor-container elementor-column-gap-default\">\n\t\t\t\t\t<div class=\"elementor-column elementor-col-100 elementor-inner-column elementor-element elementor-element-e8b31ee elementor-invisible\" data-id=\"e8b31ee\" data-element_type=\"column\" data-settings=\"{&quot;animation&quot;:&quot;fadeInDown&quot;}\">\n\t\t\t<div class=\"elementor-widget-wrap elementor-element-populated\">\n\t\t\t\t\t\t<div class=\"elementor-element elementor-element-09c1008 elementor-widget elementor-widget-text-editor\" data-id=\"09c1008\" data-element_type=\"widget\" data-widget_type=\"text-editor.default\">\n\t\t\t\t<div class=\"elementor-widget-container\">\n\t\t\t\t\t\t\t<p><span class=\"ant-typography columns_description__2yZXw\">Servicio de Madrugadores<\/span><\/p>\t\t\t\t\t\t<\/div>\n\t\t\t\t<\/div>\n\t\t\t\t<div class=\"elementor-element elementor-element-9b06307 elementor-align-left elementor-icon-list--layout-traditional elementor-list-item-link-full_width elementor-widget elementor-widget-icon-list\" data-id=\"9b06307\" data-element_type=\"widget\" data-widget_type=\"icon-list.default\">\n\t\t\t\t<div class=\"elementor-widget-container\">\n\t\t\t\t\t<ul class=\"elementor-icon-list-items\">\n\t\t\t\t\t\t\t<li class=\"elementor-icon-list-item\">\n\t\t\t\t\t\t\t\t\t\t\t<span class=\"elementor-icon-list-icon\">\n\t\t\t\t\t\t\t<i aria-hidden=\"true\" class=\"icofont icofont-ui-folder\"><\/i>\t\t\t\t\t\t<\/span>\n\t\t\t\t\t\t\t\t\t\t<span class=\"elementor-icon-list-text\">N\u00ba Expediente: CON\/12\/2023<\/span>\n\t\t\t\t\t\t\t\t\t<\/li>\n\t\t\t\t\t\t\t\t<li class=\"elementor-icon-list-item\">\n\t\t\t\t\t\t\t\t\t\t\t<a href=\"https:\/\/contrataciondelestado.es\/wps\/poc?uri=deeplink%3Adetalle_licitacion&#038;idEvl=r4jffHhE1nm5HQrHoP3G5A%3D%3D\">\n\n\t\t\t\t\t\t\t\t\t\t\t\t<span class=\"elementor-icon-list-icon\">\n\t\t\t\t\t\t\t<i aria-hidden=\"true\" class=\"icofont icofont-ui-clip\"><\/i>\t\t\t\t\t\t<\/span>\n\t\t\t\t\t\t\t\t\t\t<span class=\"elementor-icon-list-text\">Enlace anuncio licitaci\u00f3n<\/span>\n\t\t\t\t\t\t\t\t\t\t\t<\/a>\n\t\t\t\t\t\t\t\t\t<\/li>\n\t\t\t\t\t\t<\/ul>\n\t\t\t\t<\/div>\n\t\t\t\t<\/div>\n\t\t\t\t\t<\/div>\n\t\t<\/div>\n\t\t\t\t\t<\/div>\n\t\t<\/section>\n\t\t\t\t<section class=\"elementor-section elementor-inner-section elementor-element elementor-element-eb4a48c elementor-section-boxed elementor-section-height-default elementor-section-height-default\" data-id=\"eb4a48c\" data-element_type=\"section\">\n\t\t\t\t\t\t<div class=\"elementor-container elementor-column-gap-default\">\n\t\t\t\t\t<div class=\"elementor-column elementor-col-100 elementor-inner-column elementor-element elementor-element-eb666d0 elementor-invisible\" data-id=\"eb666d0\" data-element_type=\"column\" data-settings=\"{&quot;animation&quot;:&quot;fadeInDown&quot;}\">\n\t\t\t<div class=\"elementor-widget-wrap elementor-element-populated\">\n\t\t\t\t\t\t<div class=\"elementor-element elementor-element-5eb1390 elementor-widget elementor-widget-text-editor\" data-id=\"5eb1390\" data-element_type=\"widget\" data-widget_type=\"text-editor.default\">\n\t\t\t\t<div class=\"elementor-widget-container\">\n\t\t\t\t\t\t\t<p>imparticion talleres escuelas culturales: fotograf\u00eda y rob\u00f3tica<\/p>\t\t\t\t\t\t<\/div>\n\t\t\t\t<\/div>\n\t\t\t\t<div class=\"elementor-element elementor-element-734b10b elementor-align-left elementor-icon-list--layout-traditional elementor-list-item-link-full_width elementor-widget elementor-widget-icon-list\" data-id=\"734b10b\" data-element_type=\"widget\" data-widget_type=\"icon-list.default\">\n\t\t\t\t<div class=\"elementor-widget-container\">\n\t\t\t\t\t<ul class=\"elementor-icon-list-items\">\n\t\t\t\t\t\t\t<li class=\"elementor-icon-list-item\">\n\t\t\t\t\t\t\t\t\t\t\t<span class=\"elementor-icon-list-icon\">\n\t\t\t\t\t\t\t<i aria-hidden=\"true\" class=\"icofont icofont-ui-folder\"><\/i>\t\t\t\t\t\t<\/span>\n\t\t\t\t\t\t\t\t\t\t<span class=\"elementor-icon-list-text\">N\u00ba Expediente: CON\/11\/2023<\/span>\n\t\t\t\t\t\t\t\t\t<\/li>\n\t\t\t\t\t\t\t\t<li class=\"elementor-icon-list-item\">\n\t\t\t\t\t\t\t\t\t\t\t<a href=\"https:\/\/contrataciondelestado.es\/wps\/portal\/!ut\/p\/b1\/hZBPC4JAFMQ_kbzZ1dY8mn9Wo9I0LfcSQiYLWZeI6NOnQpcge7eB38w8hhRVBmMOwGDDoQOpa_3QbX3Xt2t9oYqUso9uGWzd2DEhszQAX2S2sMKkl6Cyq5-606_mRDuqvCFAiaMVJJ4XRhzz3PTBV35RiGiQvAeqHsCPczH6fxXi45-ZnlUuy1TksQTiKPRXBZtBcvHPvyc1IlMJIzD14nQJaBPduuZ7vGSR9Vss0_UulZwBYljMp05pQ2XnPDZk-wZI7TOr\/\" target=\"_blank\">\n\n\t\t\t\t\t\t\t\t\t\t\t\t<span class=\"elementor-icon-list-icon\">\n\t\t\t\t\t\t\t<i aria-hidden=\"true\" class=\"fas fa-link\"><\/i>\t\t\t\t\t\t<\/span>\n\t\t\t\t\t\t\t\t\t\t<span class=\"elementor-icon-list-text\">Enlace a la licitaci\u00f3n<\/span>\n\t\t\t\t\t\t\t\t\t\t\t<\/a>\n\t\t\t\t\t\t\t\t\t<\/li>\n\t\t\t\t\t\t<\/ul>\n\t\t\t\t<\/div>\n\t\t\t\t<\/div>\n\t\t\t\t\t<\/div>\n\t\t<\/div>\n\t\t\t\t\t<\/div>\n\t\t<\/section>\n\t\t\t\t<section class=\"elementor-section elementor-inner-section elementor-element elementor-element-6ac8954 elementor-section-boxed elementor-section-height-default elementor-section-height-default\" data-id=\"6ac8954\" data-element_type=\"section\">\n\t\t\t\t\t\t<div class=\"elementor-container elementor-column-gap-default\">\n\t\t\t\t\t<div class=\"elementor-column elementor-col-100 elementor-inner-column elementor-element elementor-element-33f1029 elementor-invisible\" data-id=\"33f1029\" data-element_type=\"column\" data-settings=\"{&quot;animation&quot;:&quot;fadeInDown&quot;}\">\n\t\t\t<div class=\"elementor-widget-wrap elementor-element-populated\">\n\t\t\t\t\t\t<div class=\"elementor-element elementor-element-637c278 elementor-widget elementor-widget-text-editor\" data-id=\"637c278\" data-element_type=\"widget\" data-widget_type=\"text-editor.default\">\n\t\t\t\t<div class=\"elementor-widget-container\">\n\t\t\t\t\t\t\t<p>CONTRATOS MENORES aprobados junta gobierno 18 diciembre 2024<\/p><p><a href=\"https:\/\/mediocudeyo.es\/web\/wp-content\/uploads\/2025\/02\/Adjudicacion-Contratos-menores.pdf\">Adjudicaci\u00f3n Contratos menores<\/a><\/p>\t\t\t\t\t\t<\/div>\n\t\t\t\t<\/div>\n\t\t\t\t\t<\/div>\n\t\t<\/div>\n\t\t\t\t\t<\/div>\n\t\t<\/section>\n\t\t\t\t<section class=\"elementor-section elementor-inner-section elementor-element elementor-element-4f5c4a6 elementor-section-boxed elementor-section-height-default elementor-section-height-default\" data-id=\"4f5c4a6\" data-element_type=\"section\">\n\t\t\t\t\t\t<div class=\"elementor-container elementor-column-gap-default\">\n\t\t\t\t\t<div class=\"elementor-column elementor-col-100 elementor-inner-column elementor-element elementor-element-81fe226 elementor-invisible\" data-id=\"81fe226\" data-element_type=\"column\" data-settings=\"{&quot;animation&quot;:&quot;fadeInDown&quot;}\">\n\t\t\t<div class=\"elementor-widget-wrap elementor-element-populated\">\n\t\t\t\t\t\t<div class=\"elementor-element elementor-element-2dd0be9 elementor-widget elementor-widget-text-editor\" data-id=\"2dd0be9\" data-element_type=\"widget\" data-widget_type=\"text-editor.default\">\n\t\t\t\t<div class=\"elementor-widget-container\">\n\t\t\t\t\t\t\t<p><span class=\"ant-typography columns_description__2yZXw\">Servicio CONTROL DE PLAGAS: Roedores y Palomas<\/span><\/p>\t\t\t\t\t\t<\/div>\n\t\t\t\t<\/div>\n\t\t\t\t<div class=\"elementor-element elementor-element-438405d elementor-align-left elementor-icon-list--layout-traditional elementor-list-item-link-full_width elementor-widget elementor-widget-icon-list\" data-id=\"438405d\" data-element_type=\"widget\" data-widget_type=\"icon-list.default\">\n\t\t\t\t<div class=\"elementor-widget-container\">\n\t\t\t\t\t<ul class=\"elementor-icon-list-items\">\n\t\t\t\t\t\t\t<li class=\"elementor-icon-list-item\">\n\t\t\t\t\t\t\t\t\t\t\t<span class=\"elementor-icon-list-icon\">\n\t\t\t\t\t\t\t<i aria-hidden=\"true\" class=\"icofont icofont-ui-folder\"><\/i>\t\t\t\t\t\t<\/span>\n\t\t\t\t\t\t\t\t\t\t<span class=\"elementor-icon-list-text\">N\u00ba Expediente: CON\/10\/2023<\/span>\n\t\t\t\t\t\t\t\t\t<\/li>\n\t\t\t\t\t\t\t\t<li class=\"elementor-icon-list-item\">\n\t\t\t\t\t\t\t\t\t\t\t<a href=\"https:\/\/contrataciondelestado.es\/wps\/portal\/!ut\/p\/b1\/hZBPC4JAFMQ_kbznuq529O-qWJqm5V5EyGQh9RIRffpU6BJo7zYwv5nHgIBKURnTCKWmTuACYmiesmsechyaO1QghFFbpXe0wp2GPEs9JHZmMOonk0Qo--Yle_lur3CCypkDBKuplziOHxA0c81FErtFwYJZzg3VZMCVs3Dh1wrxy-uaQ8uoTFkecsQw8N24UHXkhP3jzyAWy1bCYth6cbsE4RCMffs7XmJn0xZRuj-lnKiIbF7MhV5IRWS3PFR49wE2Y9Xo\/\">\n\n\t\t\t\t\t\t\t\t\t\t\t\t<span class=\"elementor-icon-list-icon\">\n\t\t\t\t\t\t\t<i aria-hidden=\"true\" class=\"icofont icofont-ui-clip\"><\/i>\t\t\t\t\t\t<\/span>\n\t\t\t\t\t\t\t\t\t\t<span class=\"elementor-icon-list-text\">Enlace anuncio licitaci\u00f3n<\/span>\n\t\t\t\t\t\t\t\t\t\t\t<\/a>\n\t\t\t\t\t\t\t\t\t<\/li>\n\t\t\t\t\t\t<\/ul>\n\t\t\t\t<\/div>\n\t\t\t\t<\/div>\n\t\t\t\t\t<\/div>\n\t\t<\/div>\n\t\t\t\t\t<\/div>\n\t\t<\/section>\n\t\t\t\t<section class=\"elementor-section elementor-inner-section elementor-element elementor-element-3eb013c elementor-section-boxed elementor-section-height-default elementor-section-height-default\" data-id=\"3eb013c\" data-element_type=\"section\">\n\t\t\t\t\t\t<div class=\"elementor-container elementor-column-gap-default\">\n\t\t\t\t\t<div class=\"elementor-column elementor-col-100 elementor-inner-column elementor-element elementor-element-ddc6439 elementor-invisible\" data-id=\"ddc6439\" data-element_type=\"column\" data-settings=\"{&quot;animation&quot;:&quot;fadeInDown&quot;}\">\n\t\t\t<div class=\"elementor-widget-wrap elementor-element-populated\">\n\t\t\t\t\t\t<div class=\"elementor-element elementor-element-589821c elementor-widget elementor-widget-text-editor\" data-id=\"589821c\" data-element_type=\"widget\" data-widget_type=\"text-editor.default\">\n\t\t\t\t<div class=\"elementor-widget-container\">\n\t\t\t\t\t\t\t<p><span class=\"ant-typography columns_description__2yZXw\">Servicio Erradicaci\u00f3n Avispa Vespa Velutina<\/span><\/p>\t\t\t\t\t\t<\/div>\n\t\t\t\t<\/div>\n\t\t\t\t<div class=\"elementor-element elementor-element-67e271c elementor-align-left elementor-icon-list--layout-traditional elementor-list-item-link-full_width elementor-widget elementor-widget-icon-list\" data-id=\"67e271c\" data-element_type=\"widget\" data-widget_type=\"icon-list.default\">\n\t\t\t\t<div class=\"elementor-widget-container\">\n\t\t\t\t\t<ul class=\"elementor-icon-list-items\">\n\t\t\t\t\t\t\t<li class=\"elementor-icon-list-item\">\n\t\t\t\t\t\t\t\t\t\t\t<span class=\"elementor-icon-list-icon\">\n\t\t\t\t\t\t\t<i aria-hidden=\"true\" class=\"icofont icofont-ui-folder\"><\/i>\t\t\t\t\t\t<\/span>\n\t\t\t\t\t\t\t\t\t\t<span class=\"elementor-icon-list-text\">N\u00ba Expediente: CON\/8\/2023<\/span>\n\t\t\t\t\t\t\t\t\t<\/li>\n\t\t\t\t\t\t\t\t<li class=\"elementor-icon-list-item\">\n\t\t\t\t\t\t\t\t\t\t\t<a href=\"https:\/\/community.vortal.biz\/Public\/contract-notice-view\/PT1.NTC.2298248\/?SkinName=aytomediocudeyo&#038;currentLanguage=es&#038;currentLanguage=es\" target=\"_blank\">\n\n\t\t\t\t\t\t\t\t\t\t\t\t<span class=\"elementor-icon-list-icon\">\n\t\t\t\t\t\t\t<i aria-hidden=\"true\" class=\"fas fa-link\"><\/i>\t\t\t\t\t\t<\/span>\n\t\t\t\t\t\t\t\t\t\t<span class=\"elementor-icon-list-text\">Enlace a la licitaci\u00f3n<\/span>\n\t\t\t\t\t\t\t\t\t\t\t<\/a>\n\t\t\t\t\t\t\t\t\t<\/li>\n\t\t\t\t\t\t<\/ul>\n\t\t\t\t<\/div>\n\t\t\t\t<\/div>\n\t\t\t\t\t<\/div>\n\t\t<\/div>\n\t\t\t\t\t<\/div>\n\t\t<\/section>\n\t\t\t\t<section class=\"elementor-section elementor-inner-section elementor-element elementor-element-945fb9f elementor-section-boxed elementor-section-height-default elementor-section-height-default\" data-id=\"945fb9f\" data-element_type=\"section\">\n\t\t\t\t\t\t<div class=\"elementor-container elementor-column-gap-default\">\n\t\t\t\t\t<div class=\"elementor-column elementor-col-100 elementor-inner-column elementor-element elementor-element-d434522 elementor-invisible\" data-id=\"d434522\" data-element_type=\"column\" data-settings=\"{&quot;animation&quot;:&quot;fadeInDown&quot;}\">\n\t\t\t<div class=\"elementor-widget-wrap elementor-element-populated\">\n\t\t\t\t\t\t<div class=\"elementor-element elementor-element-d85e953 elementor-widget__width-initial elementor-widget elementor-widget-text-editor\" data-id=\"d85e953\" data-element_type=\"widget\" data-widget_type=\"text-editor.default\">\n\t\t\t\t<div class=\"elementor-widget-container\">\n\t\t\t\t\t\t\t<p>Programa ACTIVATE<\/p>\t\t\t\t\t\t<\/div>\n\t\t\t\t<\/div>\n\t\t\t\t<div class=\"elementor-element elementor-element-b4dea57 elementor-align-left elementor-icon-list--layout-traditional elementor-list-item-link-full_width elementor-widget elementor-widget-icon-list\" data-id=\"b4dea57\" data-element_type=\"widget\" data-widget_type=\"icon-list.default\">\n\t\t\t\t<div class=\"elementor-widget-container\">\n\t\t\t\t\t<ul class=\"elementor-icon-list-items\">\n\t\t\t\t\t\t\t<li class=\"elementor-icon-list-item\">\n\t\t\t\t\t\t\t\t\t\t\t<span class=\"elementor-icon-list-icon\">\n\t\t\t\t\t\t\t<i aria-hidden=\"true\" class=\"icofont icofont-ui-folder\"><\/i>\t\t\t\t\t\t<\/span>\n\t\t\t\t\t\t\t\t\t\t<span class=\"elementor-icon-list-text\">N\u00ba Expediente: CON\/02\/2024<\/span>\n\t\t\t\t\t\t\t\t\t<\/li>\n\t\t\t\t\t\t\t\t<li class=\"elementor-icon-list-item\">\n\t\t\t\t\t\t\t\t\t\t\t<a href=\"https:\/\/contrataciondelestado.es\/wps\/poc?uri=deeplink%3AperfilContratante&#038;idBp=wSWUNBEGG0EQK2TEfXGy%2BA%3D%3D\">\n\n\t\t\t\t\t\t\t\t\t\t\t\t<span class=\"elementor-icon-list-icon\">\n\t\t\t\t\t\t\t<i aria-hidden=\"true\" class=\"fas fa-check\"><\/i>\t\t\t\t\t\t<\/span>\n\t\t\t\t\t\t\t\t\t\t<span class=\"elementor-icon-list-text\">Enlace anuncio licitaci\u00f3n<\/span>\n\t\t\t\t\t\t\t\t\t\t\t<\/a>\n\t\t\t\t\t\t\t\t\t<\/li>\n\t\t\t\t\t\t<\/ul>\n\t\t\t\t<\/div>\n\t\t\t\t<\/div>\n\t\t\t\t\t<\/div>\n\t\t<\/div>\n\t\t\t\t\t<\/div>\n\t\t<\/section>\n\t\t\t\t<section class=\"elementor-section elementor-inner-section elementor-element elementor-element-c321a0c elementor-section-boxed elementor-section-height-default elementor-section-height-default\" data-id=\"c321a0c\" data-element_type=\"section\">\n\t\t\t\t\t\t<div class=\"elementor-container elementor-column-gap-default\">\n\t\t\t\t\t<div class=\"elementor-column elementor-col-100 elementor-inner-column elementor-element elementor-element-36a3b28 elementor-invisible\" data-id=\"36a3b28\" data-element_type=\"column\" data-settings=\"{&quot;animation&quot;:&quot;fadeInDown&quot;}\">\n\t\t\t<div class=\"elementor-widget-wrap elementor-element-populated\">\n\t\t\t\t\t\t<div class=\"elementor-element elementor-element-1699b5b elementor-widget elementor-widget-text-editor\" data-id=\"1699b5b\" data-element_type=\"widget\" data-widget_type=\"text-editor.default\">\n\t\t\t\t<div class=\"elementor-widget-container\">\n\t\t\t\t\t\t\t<p>programa centro de igualdad<\/p>\t\t\t\t\t\t<\/div>\n\t\t\t\t<\/div>\n\t\t\t\t<div class=\"elementor-element elementor-element-b63ba52 elementor-align-left elementor-icon-list--layout-traditional elementor-list-item-link-full_width elementor-widget elementor-widget-icon-list\" data-id=\"b63ba52\" data-element_type=\"widget\" data-widget_type=\"icon-list.default\">\n\t\t\t\t<div class=\"elementor-widget-container\">\n\t\t\t\t\t<ul class=\"elementor-icon-list-items\">\n\t\t\t\t\t\t\t<li class=\"elementor-icon-list-item\">\n\t\t\t\t\t\t\t\t\t\t\t<span class=\"elementor-icon-list-icon\">\n\t\t\t\t\t\t\t<i aria-hidden=\"true\" class=\"icofont icofont-ui-folder\"><\/i>\t\t\t\t\t\t<\/span>\n\t\t\t\t\t\t\t\t\t\t<span class=\"elementor-icon-list-text\">N\u00ba Expediente: CON\/15\/2023<\/span>\n\t\t\t\t\t\t\t\t\t<\/li>\n\t\t\t\t\t\t\t\t<li class=\"elementor-icon-list-item\">\n\t\t\t\t\t\t\t\t\t\t\t<a href=\"https:\/\/contrataciondelestado.es\/wps\/poc?uri=deeplink%3Adetalle_licitacion&#038;idEvl=Z%2FE%2FeZe%2FVoqP66GS%2BONYvQ%3D%3D\">\n\n\t\t\t\t\t\t\t\t\t\t\t\t<span class=\"elementor-icon-list-icon\">\n\t\t\t\t\t\t\t<i aria-hidden=\"true\" class=\"fas fa-check\"><\/i>\t\t\t\t\t\t<\/span>\n\t\t\t\t\t\t\t\t\t\t<span class=\"elementor-icon-list-text\">Enlace anuncio licitaci\u00f3n<\/span>\n\t\t\t\t\t\t\t\t\t\t\t<\/a>\n\t\t\t\t\t\t\t\t\t<\/li>\n\t\t\t\t\t\t<\/ul>\n\t\t\t\t<\/div>\n\t\t\t\t<\/div>\n\t\t\t\t\t<\/div>\n\t\t<\/div>\n\t\t\t\t\t<\/div>\n\t\t<\/section>\n\t\t\t\t<section class=\"elementor-section elementor-inner-section elementor-element elementor-element-404a4fc elementor-section-boxed elementor-section-height-default elementor-section-height-default\" data-id=\"404a4fc\" data-element_type=\"section\">\n\t\t\t\t\t\t<div class=\"elementor-container elementor-column-gap-default\">\n\t\t\t\t\t<div class=\"elementor-column elementor-col-100 elementor-inner-column elementor-element elementor-element-0e944e0 elementor-invisible\" data-id=\"0e944e0\" data-element_type=\"column\" data-settings=\"{&quot;animation&quot;:&quot;fadeInDown&quot;}\">\n\t\t\t<div class=\"elementor-widget-wrap elementor-element-populated\">\n\t\t\t\t\t\t<div class=\"elementor-element elementor-element-bd851c4 elementor-widget elementor-widget-text-editor\" data-id=\"bd851c4\" data-element_type=\"widget\" data-widget_type=\"text-editor.default\">\n\t\t\t\t<div class=\"elementor-widget-container\">\n\t\t\t\t\t\t\t<p>SERVICIO imparticion talleres actividad fisica para mayores<\/p>\t\t\t\t\t\t<\/div>\n\t\t\t\t<\/div>\n\t\t\t\t<div class=\"elementor-element elementor-element-3629e50 elementor-align-left elementor-icon-list--layout-traditional elementor-list-item-link-full_width elementor-widget elementor-widget-icon-list\" data-id=\"3629e50\" data-element_type=\"widget\" data-widget_type=\"icon-list.default\">\n\t\t\t\t<div class=\"elementor-widget-container\">\n\t\t\t\t\t<ul class=\"elementor-icon-list-items\">\n\t\t\t\t\t\t\t<li class=\"elementor-icon-list-item\">\n\t\t\t\t\t\t\t\t\t\t\t<span class=\"elementor-icon-list-icon\">\n\t\t\t\t\t\t\t<i aria-hidden=\"true\" class=\"icofont icofont-ui-folder\"><\/i>\t\t\t\t\t\t<\/span>\n\t\t\t\t\t\t\t\t\t\t<span class=\"elementor-icon-list-text\">N\u00ba Expediente: CON\/16\/2023<\/span>\n\t\t\t\t\t\t\t\t\t<\/li>\n\t\t\t\t\t\t\t\t<li class=\"elementor-icon-list-item\">\n\t\t\t\t\t\t\t\t\t\t\t<a href=\"https:\/\/contrataciondelestado.es\/wps\/poc?uri=deeplink%3Adetalle_licitacion&#038;idEvl=hkQmbUHRY0z9pbnDwlaUlg%3D%3D\">\n\n\t\t\t\t\t\t\t\t\t\t\t\t<span class=\"elementor-icon-list-icon\">\n\t\t\t\t\t\t\t<i aria-hidden=\"true\" class=\"fas fa-check\"><\/i>\t\t\t\t\t\t<\/span>\n\t\t\t\t\t\t\t\t\t\t<span class=\"elementor-icon-list-text\">Enlace anuncio licitaci\u00f3n<\/span>\n\t\t\t\t\t\t\t\t\t\t\t<\/a>\n\t\t\t\t\t\t\t\t\t<\/li>\n\t\t\t\t\t\t<\/ul>\n\t\t\t\t<\/div>\n\t\t\t\t<\/div>\n\t\t\t\t\t<\/div>\n\t\t<\/div>\n\t\t\t\t\t<\/div>\n\t\t<\/section>\n\t\t\t\t<section class=\"elementor-section elementor-inner-section elementor-element elementor-element-4cdd26b elementor-section-boxed elementor-section-height-default elementor-section-height-default\" data-id=\"4cdd26b\" data-element_type=\"section\">\n\t\t\t\t\t\t<div class=\"elementor-container elementor-column-gap-default\">\n\t\t\t\t\t<div class=\"elementor-column elementor-col-100 elementor-inner-column elementor-element elementor-element-514980f elementor-invisible\" data-id=\"514980f\" data-element_type=\"column\" data-settings=\"{&quot;animation&quot;:&quot;fadeInDown&quot;}\">\n\t\t\t<div class=\"elementor-widget-wrap elementor-element-populated\">\n\t\t\t\t\t\t<div class=\"elementor-element elementor-element-f50e29d elementor-widget elementor-widget-text-editor\" data-id=\"f50e29d\" data-element_type=\"widget\" data-widget_type=\"text-editor.default\">\n\t\t\t\t<div class=\"elementor-widget-container\">\n\t\t\t\t\t\t\t<p>SERVICIO MANTENIMIENTO EQUIPOS DE CLIMATIZACI\u00d3N<\/p>\t\t\t\t\t\t<\/div>\n\t\t\t\t<\/div>\n\t\t\t\t<div class=\"elementor-element elementor-element-498cfdd elementor-align-left elementor-icon-list--layout-traditional elementor-list-item-link-full_width elementor-widget elementor-widget-icon-list\" data-id=\"498cfdd\" data-element_type=\"widget\" data-widget_type=\"icon-list.default\">\n\t\t\t\t<div class=\"elementor-widget-container\">\n\t\t\t\t\t<ul class=\"elementor-icon-list-items\">\n\t\t\t\t\t\t\t<li class=\"elementor-icon-list-item\">\n\t\t\t\t\t\t\t\t\t\t\t<span class=\"elementor-icon-list-icon\">\n\t\t\t\t\t\t\t<i aria-hidden=\"true\" class=\"icofont icofont-ui-folder\"><\/i>\t\t\t\t\t\t<\/span>\n\t\t\t\t\t\t\t\t\t\t<span class=\"elementor-icon-list-text\">N\u00ba Expediente: CON\/6\/2023<\/span>\n\t\t\t\t\t\t\t\t\t<\/li>\n\t\t\t\t\t\t\t\t<li class=\"elementor-icon-list-item\">\n\t\t\t\t\t\t\t\t\t\t\t<a href=\"https:\/\/contrataciondelestado.es\/wps\/poc?uri=deeplink%3Adetalle_licitacion&#038;idEvl=1FBUHPkb7%2FaFQ%2FlhRK79lA%3D%3D\" target=\"_blank\">\n\n\t\t\t\t\t\t\t\t\t\t\t\t<span class=\"elementor-icon-list-icon\">\n\t\t\t\t\t\t\t<i aria-hidden=\"true\" class=\"fas fa-link\"><\/i>\t\t\t\t\t\t<\/span>\n\t\t\t\t\t\t\t\t\t\t<span class=\"elementor-icon-list-text\">Enlace a la licitaci\u00f3n<\/span>\n\t\t\t\t\t\t\t\t\t\t\t<\/a>\n\t\t\t\t\t\t\t\t\t<\/li>\n\t\t\t\t\t\t<\/ul>\n\t\t\t\t<\/div>\n\t\t\t\t<\/div>\n\t\t\t\t\t<\/div>\n\t\t<\/div>\n\t\t\t\t\t<\/div>\n\t\t<\/section>\n\t\t\t\t<section class=\"elementor-section elementor-inner-section elementor-element elementor-element-dff1bcd elementor-section-boxed elementor-section-height-default elementor-section-height-default\" data-id=\"dff1bcd\" data-element_type=\"section\">\n\t\t\t\t\t\t<div class=\"elementor-container elementor-column-gap-default\">\n\t\t\t\t\t<div class=\"elementor-column elementor-col-100 elementor-inner-column elementor-element elementor-element-c1c22ab elementor-invisible\" data-id=\"c1c22ab\" data-element_type=\"column\" data-settings=\"{&quot;animation&quot;:&quot;fadeInDown&quot;}\">\n\t\t\t<div class=\"elementor-widget-wrap elementor-element-populated\">\n\t\t\t\t\t\t<div class=\"elementor-element elementor-element-184298c elementor-widget elementor-widget-text-editor\" data-id=\"184298c\" data-element_type=\"widget\" data-widget_type=\"text-editor.default\">\n\t\t\t\t<div class=\"elementor-widget-container\">\n\t\t\t\t\t\t\t<p>PROGRAMA L\u00daDICO EDUCATIVO \u00abLA PANDUCA\u00bb<\/p>\t\t\t\t\t\t<\/div>\n\t\t\t\t<\/div>\n\t\t\t\t<div class=\"elementor-element elementor-element-87aaa0b elementor-align-left elementor-icon-list--layout-traditional elementor-list-item-link-full_width elementor-widget elementor-widget-icon-list\" data-id=\"87aaa0b\" data-element_type=\"widget\" data-widget_type=\"icon-list.default\">\n\t\t\t\t<div class=\"elementor-widget-container\">\n\t\t\t\t\t<ul class=\"elementor-icon-list-items\">\n\t\t\t\t\t\t\t<li class=\"elementor-icon-list-item\">\n\t\t\t\t\t\t\t\t\t\t\t<span class=\"elementor-icon-list-icon\">\n\t\t\t\t\t\t\t<i aria-hidden=\"true\" class=\"icofont icofont-ui-folder\"><\/i>\t\t\t\t\t\t<\/span>\n\t\t\t\t\t\t\t\t\t\t<span class=\"elementor-icon-list-text\">N\u00ba Expediente: CON\/13\/2023<\/span>\n\t\t\t\t\t\t\t\t\t<\/li>\n\t\t\t\t\t\t\t\t<li class=\"elementor-icon-list-item\">\n\t\t\t\t\t\t\t\t\t\t\t<a href=\"https:\/\/contrataciondelestado.es\/wps\/poc?uri=deeplink:detalle_licitacion&#038;idEvl=SxLDbI9v%2F6lrSd8H4b2soA%3D%3D\" target=\"_blank\">\n\n\t\t\t\t\t\t\t\t\t\t\t\t<span class=\"elementor-icon-list-icon\">\n\t\t\t\t\t\t\t<i aria-hidden=\"true\" class=\"fas fa-link\"><\/i>\t\t\t\t\t\t<\/span>\n\t\t\t\t\t\t\t\t\t\t<span class=\"elementor-icon-list-text\">Enlace a la licitaci\u00f3n<\/span>\n\t\t\t\t\t\t\t\t\t\t\t<\/a>\n\t\t\t\t\t\t\t\t\t<\/li>\n\t\t\t\t\t\t<\/ul>\n\t\t\t\t<\/div>\n\t\t\t\t<\/div>\n\t\t\t\t\t<\/div>\n\t\t<\/div>\n\t\t\t\t\t<\/div>\n\t\t<\/section>\n\t\t\t\t<section class=\"elementor-section elementor-inner-section elementor-element elementor-element-4843d96 elementor-section-boxed elementor-section-height-default elementor-section-height-default\" data-id=\"4843d96\" data-element_type=\"section\">\n\t\t\t\t\t\t<div class=\"elementor-container elementor-column-gap-default\">\n\t\t\t\t\t<div class=\"elementor-column elementor-col-100 elementor-inner-column elementor-element elementor-element-0f8cdbc elementor-invisible\" data-id=\"0f8cdbc\" data-element_type=\"column\" data-settings=\"{&quot;animation&quot;:&quot;fadeInDown&quot;}\">\n\t\t\t<div class=\"elementor-widget-wrap elementor-element-populated\">\n\t\t\t\t\t\t<div class=\"elementor-element elementor-element-3708c64 elementor-widget elementor-widget-text-editor\" data-id=\"3708c64\" data-element_type=\"widget\" data-widget_type=\"text-editor.default\">\n\t\t\t\t<div class=\"elementor-widget-container\">\n\t\t\t\t\t\t\t<p>SERVICIO DE ATENCI\u00d3N DOMICILIARIA (SAD)<\/p>\t\t\t\t\t\t<\/div>\n\t\t\t\t<\/div>\n\t\t\t\t<div class=\"elementor-element elementor-element-1d91a04 elementor-align-left elementor-icon-list--layout-traditional elementor-list-item-link-full_width elementor-widget elementor-widget-icon-list\" data-id=\"1d91a04\" data-element_type=\"widget\" data-widget_type=\"icon-list.default\">\n\t\t\t\t<div class=\"elementor-widget-container\">\n\t\t\t\t\t<ul class=\"elementor-icon-list-items\">\n\t\t\t\t\t\t\t<li class=\"elementor-icon-list-item\">\n\t\t\t\t\t\t\t\t\t\t\t<span class=\"elementor-icon-list-icon\">\n\t\t\t\t\t\t\t<i aria-hidden=\"true\" class=\"icofont icofont-ui-folder\"><\/i>\t\t\t\t\t\t<\/span>\n\t\t\t\t\t\t\t\t\t\t<span class=\"elementor-icon-list-text\">N\u00ba Expediente: CON\/14\/2023<\/span>\n\t\t\t\t\t\t\t\t\t<\/li>\n\t\t\t\t\t\t\t\t<li class=\"elementor-icon-list-item\">\n\t\t\t\t\t\t\t\t\t\t\t<span class=\"elementor-icon-list-icon\">\n\t\t\t\t\t\t\t<i aria-hidden=\"true\" class=\"fas fa-check\"><\/i>\t\t\t\t\t\t<\/span>\n\t\t\t\t\t\t\t\t\t\t<span class=\"elementor-icon-list-text\">DESISTIMIENTO<\/span>\n\t\t\t\t\t\t\t\t\t<\/li>\n\t\t\t\t\t\t<\/ul>\n\t\t\t\t<\/div>\n\t\t\t\t<\/div>\n\t\t\t\t\t<\/div>\n\t\t<\/div>\n\t\t\t\t\t<\/div>\n\t\t<\/section>\n\t\t\t\t\t<\/div>\n\t\t<\/div>\n\t\t\t\t\t<\/div>\n\t\t<\/section>\n\t\t\t\t<section class=\"elementor-section elementor-top-section elementor-element elementor-element-5e6810e elementor-hidden-desktop elementor-hidden-tablet elementor-hidden-mobile elementor-section-boxed elementor-section-height-default elementor-section-height-default\" data-id=\"5e6810e\" data-element_type=\"section\">\n\t\t\t\t\t\t<div class=\"elementor-container elementor-column-gap-default\">\n\t\t\t\t\t<div class=\"elementor-column elementor-col-100 elementor-top-column elementor-element elementor-element-3aee4a7\" data-id=\"3aee4a7\" data-element_type=\"column\">\n\t\t\t<div class=\"elementor-widget-wrap elementor-element-populated\">\n\t\t\t\t\t\t<div class=\"elementor-element elementor-element-c2c5e35 travly-star-rating--align-center elementor-widget elementor-widget-witr_section_title\" data-id=\"c2c5e35\" data-element_type=\"widget\" data-widget_type=\"witr_section_title.default\">\n\t\t\t\t<div class=\"elementor-widget-container\">\n\t\t\t\t\t\t\t\t<!-- title left -->\n\t\t\t\t\t<div class=\"witr_section_title\">\n\t\t\t\t\t\t<div class=\"witr_section_title_inner text-left\">\n\t\t\t\t\t\t\n\t\t\t\t\t\t\t<!-- icon position -->\n\t\t\t\t\t\t\t\t\n\t\t\t\t\t\t\t<!-- end icon position -->\n\t\t\t\t\t\t\n\t\t\t\t\t\t\n\t\t\t\t\t\t\t<!-- title top -->\n\t\t\t\t\t\t\t\n\t\t\t\t\t\t\t<!-- icon position -->\n\t\t\t\t\t\t\t\t\n\t\t\t\t\t\t\t<!-- end icon position -->\n\n\t\t\t\t\t\t\t\n\t\t\t\t\t\t\t<!-- title middle -->\n\t\t\t\t\t\t\t\t\t\t\t\t\t\t\t<h3>Expedientes 2022<\/h3>\t\t\n\t\t\t\t\t\t\t\t\t\t\t\t\t\t<!-- title bottom -->\n\t\t\t\t\t\t\t\t\t\t\t\t\t\t\n\t\t\t\t\t\t\t<!-- icon position -->\n\t\t\t\t\t\t\t\t\t\t\t\t\t\t\n\t\t\t\t\t\t\t<!-- image -->\n\t\t\t\t\t\t\t\t\t\t\t\t\t\t<!-- icon -->\n\t\t\t\t\t\t\t\t\t\t\t\t\t\t\n\t\t\t\t\t\t\t<!-- bar -->\n\t\t\t\t\t\t\t\t\t\t\t\t\t\t\n\t\t\t\t\t\t\t\t<div class=\"witr_bar_main\">\n\t\t\t\t\t\t\t\t\t<div class=\"witr_bar_inner\">\n\t\t\t\t\t\t\t\t\t<\/div>\n\t\t\t\t\t\t\t\t<\/div>\n\t\t\t\t\t\t\t\t\t\t\t\t\t\t<!-- circle bar -->\n\t\t\t\t\t\t\t\t\t\t\t\t\t\t\n\t\t\t\t\t\t\t\t\n\t\t\t\t\t\t\t<!-- end icon position -->\n\n\t\t\t\t\t\t\t<!-- content -->\n\t\t\t\t\t\t\t\t\t\t\t\t\t<\/div>\n\t\t\t\t\t\t\t<!-- inner title -->\n\t\t\t\t\t\t\t\t\t\t\t\t\t\n\t\t\t\t\t<\/div>\t\t\t\t\n\t\t\t\t\t\t<\/div>\n\t\t\t\t<\/div>\n\t\t\t\t<div class=\"elementor-element elementor-element-6485d6b elementor-widget elementor-widget-accordion\" data-id=\"6485d6b\" data-element_type=\"widget\" data-widget_type=\"accordion.default\">\n\t\t\t\t<div class=\"elementor-widget-container\">\n\t\t\t\t\t<div class=\"elementor-accordion\">\n\t\t\t\t\t\t\t<div class=\"elementor-accordion-item\">\n\t\t\t\t\t<div id=\"elementor-tab-title-1051\" class=\"elementor-tab-title\" data-tab=\"1\" role=\"button\" aria-controls=\"elementor-tab-content-1051\" aria-expanded=\"false\">\n\t\t\t\t\t\t\t\t\t\t\t\t\t<span class=\"elementor-accordion-icon elementor-accordion-icon-left\" aria-hidden=\"true\">\n\t\t\t\t\t\t\t\t\t\t\t\t\t\t\t<span class=\"elementor-accordion-icon-closed\"><i class=\"fas fa-plus\"><\/i><\/span>\n\t\t\t\t\t\t\t\t<span class=\"elementor-accordion-icon-opened\"><i class=\"fas fa-minus\"><\/i><\/span>\n\t\t\t\t\t\t\t\t\t\t\t\t\t\t<\/span>\n\t\t\t\t\t\t\t\t\t\t\t\t<a class=\"elementor-accordion-title\" tabindex=\"0\">SERVICIO DE BAR CENTRO TERCERA EDAD DE SOLARES<\/a>\n\t\t\t\t\t<\/div>\n\t\t\t\t\t<div id=\"elementor-tab-content-1051\" class=\"elementor-tab-content elementor-clearfix\" data-tab=\"1\" role=\"region\" aria-labelledby=\"elementor-tab-title-1051\"><h2>Tipo<\/h2><p>Contrato de SERVICIOS.<\/p><h3>N\u00ba Expediente<\/h3><p>CON\/15\/2022<\/p><h3>Procedimiento<\/h3><p>Abierto Simplificado.<\/p><h3>Valor estimado del contrato<\/h3><p>42.785,64 \u20ac, IVA excluido.<\/p><h3>Anuncio de licitaci\u00f3n<\/h3><p>Publicado en la Plataforma de Contrataci\u00f3n del Estado a fecha <strong>2 de diciembre de 2022.<\/strong><\/p><p><strong>PLATAFORMA \u2013 VORTAL<\/strong><\/p><p>`Plataforma (VortalAssistant), del telf. 917 896 557 o el correo electr\u00f3nico <a href=\"mailto:info@vortal.es\">info@vortal.es<\/a><\/p><p>La presentaci\u00f3n de proposiciones y documentos, as\u00ed como las notificaciones y comunicaciones entre el \u00f3rgano de contrataci\u00f3n y los interesados en este expediente\u00a0 se realizar\u00e1 exclusivamente a trav\u00e9s de la plataforma de contrataci\u00f3n p\u00fablica del Ayuntamiento de Medio Cudeyo, con la siguiente direcci\u00f3n electr\u00f3nica:<strong>\u00a0\u00a0\u00a0\u00a0\u00a0\u00a0\u00a0\u00a0\u00a0\u00a0\u00a0\u00a0\u00a0\u00a0 <\/strong><\/p><p><strong>\u00a0<a href=\"https:\/\/community.vortal.biz\/sts\/Login?SkinName=aytomediocudeyo\">https:\/\/community.vortal.biz\/sts\/Login?SkinName=aytomediocudeyo<\/a><\/strong><\/p><h3>Fase:<\/h3><p>LICITACI\u00d3N.<\/p><h3>Pliegos y documentaci\u00f3n<\/h3><p><a href=\"http:\/\/mediocudeyo.es\/web\/wp-content\/uploads\/2022\/12\/PCAP-Servicios-Abierto-Simplificado-CENTRO-TERCERA-EDAD.pdf\">PCAP Servicios Abierto Simplificado CENTRO TERCERA EDAD<\/a><\/p><p><a href=\"http:\/\/mediocudeyo.es\/web\/wp-content\/uploads\/2022\/12\/ANEXO-I-PCAP-BAR-TERCERA-EDAD.pdf\">ANEXO I PCAP BAR TERCERA EDAD<\/a><\/p><p><a href=\"http:\/\/mediocudeyo.es\/web\/wp-content\/uploads\/2022\/12\/PPT-BAR-TERCERA-EDAD.pdf\">PPT BAR TERCERA EDAD<\/a><\/p><p><a href=\"http:\/\/mediocudeyo.es\/web\/wp-content\/uploads\/2022\/12\/ANEXO-II-Declaracion-Responsable-y-Oferta.docx\">ANEXO II Declaraci\u00f3n Responsable y Oferta<\/a><\/p><h3>Plazo Final de Recepci\u00f3n de ofertas:<\/h3><p>19 de diciembre de 2022, a las 14:00 h.<\/p><h3>Apertura de ofertas:<\/h3><p>20 de diciembre de 2022, a las 10:00 h.<\/p><\/div>\n\t\t\t\t<\/div>\n\t\t\t\t\t\t\t<div class=\"elementor-accordion-item\">\n\t\t\t\t\t<div id=\"elementor-tab-title-1052\" class=\"elementor-tab-title\" data-tab=\"2\" role=\"button\" aria-controls=\"elementor-tab-content-1052\" aria-expanded=\"false\">\n\t\t\t\t\t\t\t\t\t\t\t\t\t<span class=\"elementor-accordion-icon elementor-accordion-icon-left\" aria-hidden=\"true\">\n\t\t\t\t\t\t\t\t\t\t\t\t\t\t\t<span class=\"elementor-accordion-icon-closed\"><i class=\"fas fa-plus\"><\/i><\/span>\n\t\t\t\t\t\t\t\t<span class=\"elementor-accordion-icon-opened\"><i class=\"fas fa-minus\"><\/i><\/span>\n\t\t\t\t\t\t\t\t\t\t\t\t\t\t<\/span>\n\t\t\t\t\t\t\t\t\t\t\t\t<a class=\"elementor-accordion-title\" tabindex=\"0\">CONSTRUCCI\u00d3N CENTRO C\u00cdVICO-SOCIAL EN ANAZ<\/a>\n\t\t\t\t\t<\/div>\n\t\t\t\t\t<div id=\"elementor-tab-content-1052\" class=\"elementor-tab-content elementor-clearfix\" data-tab=\"2\" role=\"region\" aria-labelledby=\"elementor-tab-title-1052\"><h3>Tipo<\/h3><p>Contrato de OBRAS.<\/p><h3>N\u00ba Expediente<\/h3><p><strong>CON\/14\/2022<\/strong><\/p><h3>Procedimiento<\/h3><p>Abierto Simplificado.<\/p><h3>Valor estimado del contrato<\/h3><p>66.040,33 \u20ac, IVA excluido.<\/p><h3>Anuncio de licitaci\u00f3n<\/h3><p>Publicado en la Plataforma de Contrataci\u00f3n del Estado a fecha <strong>24 de noviembre de 2022.<\/strong><\/p><p><strong>PLATAFORMA \u2013 VORTAL<\/strong><\/p><p>`Plataforma (VortalAssistant), del telf. 917 896 557 o el correo electr\u00f3nico <a href=\"mailto:info@vortal.es\">info@vortal.es<\/a><\/p><p>La presentaci\u00f3n de proposiciones y documentos, as\u00ed como las notificaciones y comunicaciones entre el \u00f3rgano de contrataci\u00f3n y los interesados en este expediente\u00a0 se realizar\u00e1 exclusivamente a trav\u00e9s de la plataforma de contrataci\u00f3n p\u00fablica del Ayuntamiento de Medio Cudeyo, con la siguiente direcci\u00f3n electr\u00f3nica:<strong>\u00a0\u00a0\u00a0\u00a0\u00a0\u00a0\u00a0\u00a0\u00a0\u00a0\u00a0\u00a0\u00a0\u00a0 <\/strong><\/p><p><strong>\u00a0<a href=\"https:\/\/community.vortal.biz\/sts\/Login?SkinName=aytomediocudeyo\">https:\/\/community.vortal.biz\/sts\/Login?SkinName=aytomediocudeyo<\/a><\/strong><\/p><h3>Fase:<\/h3><p>LICITACI\u00d3N.<\/p><h3>Pliegos y documentaci\u00f3n<\/h3><p><a href=\"http:\/\/mediocudeyo.es\/web\/wp-content\/uploads\/2022\/11\/DOC_CN2022-249893-anuncio-licitacion.pdf\">DOC_CN2022-249893 anuncio licitacion<\/a><\/p><p><a href=\"http:\/\/mediocudeyo.es\/web\/wp-content\/uploads\/2022\/11\/DOC_CD2022-249897-anuncio-pliegos.pdf\">DOC_CD2022-249897 anuncio pliegos<\/a><\/p><h3>Plazo Final de Recepci\u00f3n de ofertas:<\/h3><p>14 de diciembre de 2022, a las 14:00 h.<\/p><h3>Apertura de ofertas:<\/h3><p>15 de diciembre de 2022, a las 10:00 h.<\/p><\/div>\n\t\t\t\t<\/div>\n\t\t\t\t\t\t\t<div class=\"elementor-accordion-item\">\n\t\t\t\t\t<div id=\"elementor-tab-title-1053\" class=\"elementor-tab-title\" data-tab=\"3\" role=\"button\" aria-controls=\"elementor-tab-content-1053\" aria-expanded=\"false\">\n\t\t\t\t\t\t\t\t\t\t\t\t\t<span class=\"elementor-accordion-icon elementor-accordion-icon-left\" aria-hidden=\"true\">\n\t\t\t\t\t\t\t\t\t\t\t\t\t\t\t<span class=\"elementor-accordion-icon-closed\"><i class=\"fas fa-plus\"><\/i><\/span>\n\t\t\t\t\t\t\t\t<span class=\"elementor-accordion-icon-opened\"><i class=\"fas fa-minus\"><\/i><\/span>\n\t\t\t\t\t\t\t\t\t\t\t\t\t\t<\/span>\n\t\t\t\t\t\t\t\t\t\t\t\t<a class=\"elementor-accordion-title\" tabindex=\"0\">CONSTRUCCI\u00d3N PISTAS DE PUMP TRACK DE MEDIO CUDEYO<\/a>\n\t\t\t\t\t<\/div>\n\t\t\t\t\t<div id=\"elementor-tab-content-1053\" class=\"elementor-tab-content elementor-clearfix\" data-tab=\"3\" role=\"region\" aria-labelledby=\"elementor-tab-title-1053\"><h3>Tipo<\/h3><p>Contrato de OBRAS.<\/p><h3>N\u00ba Expediente<\/h3><p><strong>CON\/12\/2022<\/strong><\/p><h3>Procedimiento<\/h3><p>Abierto Simplificado.<\/p><h3>Valor estimado del contrato<\/h3><p>97.719,30 \u20ac, IVA excluido.<\/p><h3>Anuncio de licitaci\u00f3n<\/h3><p>Publicado en la Plataforma de Contrataci\u00f3n del Estado a fecha <strong>17 de noviembre de 2022.<\/strong><\/p><p><strong>PLATAFORMA \u2013 VORTAL<\/strong><\/p><p>`Plataforma (VortalAssistant), del telf. 917 896 557 o el correo electr\u00f3nico <a href=\"mailto:info@vortal.es\">info@vortal.es<\/a><\/p><p>La presentaci\u00f3n de proposiciones y documentos, as\u00ed como las notificaciones y comunicaciones entre el \u00f3rgano de contrataci\u00f3n y los interesados en este expediente\u00a0 se realizar\u00e1 exclusivamente a trav\u00e9s de la plataforma de contrataci\u00f3n p\u00fablica del Ayuntamiento de Medio Cudeyo, con la siguiente direcci\u00f3n electr\u00f3nica:<strong>\u00a0\u00a0\u00a0\u00a0\u00a0\u00a0\u00a0\u00a0\u00a0\u00a0\u00a0\u00a0\u00a0\u00a0 <\/strong><\/p><p><strong>\u00a0<a href=\"https:\/\/community.vortal.biz\/sts\/Login?SkinName=aytomediocudeyo\">https:\/\/community.vortal.biz\/sts\/Login?SkinName=aytomediocudeyo<\/a><\/strong><\/p><h3>Fase:<\/h3><p>LICITACI\u00d3N.<\/p><h3>Pliegos y documentaci\u00f3n<\/h3><p><a href=\"http:\/\/mediocudeyo.es\/web\/wp-content\/uploads\/2022\/11\/PCAP-PUMP-TRACK-Y-ANEXO-I-PCAP.pdf\">PCAP PUMP TRACK Y ANEXO I PCAP<\/a><\/p><p><a href=\"http:\/\/mediocudeyo.es\/web\/wp-content\/uploads\/2022\/11\/ANEXO-II-MODELO-OFERTA-ECONOMICA-DECLARACION-RESPONSABLE.docx\">ANEXO II MODELO OFERTA ECON\u00d3MICA DECLARACION RESPONSABLE<\/a><\/p><p>\u00a0<\/p><h3>Plazo Final de Recepci\u00f3n de ofertas:<\/h3><p>7 de diciembre de 2022, a las 18:00 h.<\/p><h3>Apertura de ofertas:<\/h3><p>9 de diciembre de 2022, a las 10:00 h.<\/p><\/div>\n\t\t\t\t<\/div>\n\t\t\t\t\t\t\t<div class=\"elementor-accordion-item\">\n\t\t\t\t\t<div id=\"elementor-tab-title-1054\" class=\"elementor-tab-title\" data-tab=\"4\" role=\"button\" aria-controls=\"elementor-tab-content-1054\" aria-expanded=\"false\">\n\t\t\t\t\t\t\t\t\t\t\t\t\t<span class=\"elementor-accordion-icon elementor-accordion-icon-left\" aria-hidden=\"true\">\n\t\t\t\t\t\t\t\t\t\t\t\t\t\t\t<span class=\"elementor-accordion-icon-closed\"><i class=\"fas fa-plus\"><\/i><\/span>\n\t\t\t\t\t\t\t\t<span class=\"elementor-accordion-icon-opened\"><i class=\"fas fa-minus\"><\/i><\/span>\n\t\t\t\t\t\t\t\t\t\t\t\t\t\t<\/span>\n\t\t\t\t\t\t\t\t\t\t\t\t<a class=\"elementor-accordion-title\" tabindex=\"0\">OBRAS de ASFALTADOS EN PEDAN\u00cdAS DE MEDIO CUDEYO<\/a>\n\t\t\t\t\t<\/div>\n\t\t\t\t\t<div id=\"elementor-tab-content-1054\" class=\"elementor-tab-content elementor-clearfix\" data-tab=\"4\" role=\"region\" aria-labelledby=\"elementor-tab-title-1054\"><h3>Tipo<\/h3><p>Contrato de OBRAS.<\/p><h3>N\u00ba Expediente<\/h3><p><strong>CON\/11\/2022<\/strong><\/p><h3>Procedimiento<\/h3><p>Abierto Simplificado.<\/p><h3>Valor estimado del contrato<\/h3><p>205.422,68 \u20ac, IVA excluido.<\/p><h3>Anuncio de licitaci\u00f3n<\/h3><p>Publicado en la Plataforma de Contrataci\u00f3n del Estado a fecha <strong>21 de Octubre de 2022.<\/strong><\/p><p><strong>PLATAFORMA \u2013 VORTAL<\/strong><\/p><p>`Plataforma (VortalAssistant), del telf. 917 896 557 o el correo electr\u00f3nico <a href=\"mailto:info@vortal.es\">info@vortal.es<\/a><\/p><p>La presentaci\u00f3n de proposiciones y documentos, as\u00ed como las notificaciones y comunicaciones entre el \u00f3rgano de contrataci\u00f3n y los interesados en este expediente\u00a0 se realizar\u00e1 exclusivamente a trav\u00e9s de la plataforma de contrataci\u00f3n p\u00fablica del Ayuntamiento de Medio Cudeyo, con la siguiente direcci\u00f3n electr\u00f3nica:<strong>\u00a0\u00a0\u00a0\u00a0\u00a0\u00a0\u00a0\u00a0\u00a0\u00a0\u00a0\u00a0\u00a0\u00a0 <\/strong><\/p><p><strong>\u00a0<a href=\"https:\/\/community.vortal.biz\/sts\/Login?SkinName=aytomediocudeyo\">https:\/\/community.vortal.biz\/sts\/Login?SkinName=aytomediocudeyo<\/a><\/strong><\/p><h3>Fase:<\/h3><p>LICITACI\u00d3N.<\/p><p><a href=\"http:\/\/mediocudeyo.es\/web\/wp-content\/uploads\/2022\/10\/DOC_CN2022-571849-anuncio-licitacion.pdf\">DOC_CN2022-571849 anuncio licitacion<\/a><\/p><h3>Pliegos y Documentos:<\/h3><p><a href=\"http:\/\/mediocudeyo.es\/web\/wp-content\/uploads\/2022\/10\/PCAP-ASFALTADOS-EN-PEDANIAS-MEDIO-CUDEYO.pdf\">PCAP ASFALTADOS EN PEDAN\u00cdAS MEDIO CUDEYO<\/a><\/p><p><a href=\"http:\/\/mediocudeyo.es\/web\/wp-content\/uploads\/2022\/10\/ANEXO-I-PCAP-ASFALTADOS-EN-PEDANIAS.pdf\">ANEXO I PCAP ASFALTADOS EN PEDAN\u00cdAS<\/a><\/p><p><a href=\"http:\/\/mediocudeyo.es\/web\/wp-content\/uploads\/2022\/10\/ANEXO-II-DECLARACION-RESPONSABLE.docx\">ANEXO II DECLARACI\u00d3N RESPONSABLE<\/a><\/p><p><a href=\"http:\/\/mediocudeyo.es\/web\/wp-content\/uploads\/2022\/10\/DOC_CD2022-571894-Anuncio-Pliegos.pdf\">DOC_CD2022-571894 Anuncio Pliegos<\/a><\/p><h3>Plazo Final de Recepci\u00f3n de ofertas:<\/h3><p>10 de Noviembre de 2022, a las 14:00 h.<\/p><\/div>\n\t\t\t\t<\/div>\n\t\t\t\t\t\t\t<div class=\"elementor-accordion-item\">\n\t\t\t\t\t<div id=\"elementor-tab-title-1055\" class=\"elementor-tab-title\" data-tab=\"5\" role=\"button\" aria-controls=\"elementor-tab-content-1055\" aria-expanded=\"false\">\n\t\t\t\t\t\t\t\t\t\t\t\t\t<span class=\"elementor-accordion-icon elementor-accordion-icon-left\" aria-hidden=\"true\">\n\t\t\t\t\t\t\t\t\t\t\t\t\t\t\t<span class=\"elementor-accordion-icon-closed\"><i class=\"fas fa-plus\"><\/i><\/span>\n\t\t\t\t\t\t\t\t<span class=\"elementor-accordion-icon-opened\"><i class=\"fas fa-minus\"><\/i><\/span>\n\t\t\t\t\t\t\t\t\t\t\t\t\t\t<\/span>\n\t\t\t\t\t\t\t\t\t\t\t\t<a class=\"elementor-accordion-title\" tabindex=\"0\">SERVICIO IMPARTICI\u00d3N CLASES DE TEATRO Y ACTIVIDADES COMPLEMENTARIAS DE LA ESCUELA MUNICIPAL DE TEATRO<\/a>\n\t\t\t\t\t<\/div>\n\t\t\t\t\t<div id=\"elementor-tab-content-1055\" class=\"elementor-tab-content elementor-clearfix\" data-tab=\"5\" role=\"region\" aria-labelledby=\"elementor-tab-title-1055\"><h3>Tipo<\/h3><p>Contrato de SERVICIOS.<\/p><h3>N\u00ba Expediente<\/h3><p><strong>CON\/09\/2022<\/strong><\/p><h3>Procedimiento<\/h3><p>Abierto Simplificado.<\/p><h3>Valor estimado del contrato<\/h3><p>61.800 \u20ac, IVA excluido.<\/p><h3>Anuncio de licitaci\u00f3n<\/h3><p>Publicado en la Plataforma de Contrataci\u00f3n del Estado a fecha 14 de Septiembre de 2022.<\/p><p>PLATAFORMA \u2013 VORTAL: Publicado a fecha 14\/09\/2022.<\/p><p>Plataforma (VortalAssistant), del telf. 917 896 557 o el correo electr\u00f3nico <a href=\"mailto:info@vortal.es\">info@vortal.es<\/a><\/p><p>La presentaci\u00f3n de proposiciones y documentos, as\u00ed como las notificaciones y comunicaciones entre el \u00f3rgano de contrataci\u00f3n y los interesados en este expediente\u00a0 se realizar\u00e1 exclusivamente a trav\u00e9s de la plataforma de contrataci\u00f3n p\u00fablica del Ayuntamiento de Medio Cudeyo, con la siguiente direcci\u00f3n electr\u00f3nica:<strong>\u00a0\u00a0\u00a0\u00a0\u00a0\u00a0\u00a0\u00a0\u00a0\u00a0\u00a0\u00a0\u00a0\u00a0 <\/strong><\/p><p><strong>\u00a0<a href=\"https:\/\/community.vortal.biz\/sts\/Login?SkinName=aytomediocudeyo\">https:\/\/community.vortal.biz\/sts\/Login?SkinName=aytomediocudeyo<\/a><\/strong><\/p><h3>Fase:<\/h3><p>CLASIFICACI\u00d3N DE OFERTAS<\/p><\/div>\n\t\t\t\t<\/div>\n\t\t\t\t\t\t\t<div class=\"elementor-accordion-item\">\n\t\t\t\t\t<div id=\"elementor-tab-title-1056\" class=\"elementor-tab-title\" data-tab=\"6\" role=\"button\" aria-controls=\"elementor-tab-content-1056\" aria-expanded=\"false\">\n\t\t\t\t\t\t\t\t\t\t\t\t\t<span class=\"elementor-accordion-icon elementor-accordion-icon-left\" aria-hidden=\"true\">\n\t\t\t\t\t\t\t\t\t\t\t\t\t\t\t<span class=\"elementor-accordion-icon-closed\"><i class=\"fas fa-plus\"><\/i><\/span>\n\t\t\t\t\t\t\t\t<span class=\"elementor-accordion-icon-opened\"><i class=\"fas fa-minus\"><\/i><\/span>\n\t\t\t\t\t\t\t\t\t\t\t\t\t\t<\/span>\n\t\t\t\t\t\t\t\t\t\t\t\t<a class=\"elementor-accordion-title\" tabindex=\"0\">OBRAS de REHABILITACI\u00d3N Y REFORMA de Edificaci\u00f3n Municipal CASA DE LA JUVENTUD<\/a>\n\t\t\t\t\t<\/div>\n\t\t\t\t\t<div id=\"elementor-tab-content-1056\" class=\"elementor-tab-content elementor-clearfix\" data-tab=\"6\" role=\"region\" aria-labelledby=\"elementor-tab-title-1056\"><h3>Tipo<\/h3><p>Contrato de OBRAS.<\/p><h3>N\u00ba Expediente<\/h3><p><strong>CON\/08\/2022<\/strong><\/p><h3>Procedimiento<\/h3><p>Abierto Simplificado.<\/p><h3>Valor estimado del contrato<\/h3><p>194.054,54 \u20ac, IVA excluido.<\/p><h3>Anuncio de licitaci\u00f3n<\/h3><p>Publicado en la Plataforma de Contrataci\u00f3n del Estado a fecha 6 de Septiembre de 2022.<\/p><p><a href=\"http:\/\/mediocudeyo.es\/web\/wp-content\/uploads\/2022\/09\/DOC_CD2022-126875-ANUNCIO-LIC-PLIEGOS-CASA-DE-LA-JUVENTUD.pdf\">DOC_CD2022-126875 ANUNCIO LIC PLIEGOS CASA DE LA JUVENTUD<\/a><\/p><p>PLATAFORMA \u2013 VORTAL<\/p><p>`Plataforma (VortalAssistant), del telf. 917 896 557 o el correo electr\u00f3nico <a href=\"mailto:info@vortal.es\">info@vortal.es<\/a><\/p><p>La presentaci\u00f3n de proposiciones y documentos, as\u00ed como las notificaciones y comunicaciones entre el \u00f3rgano de contrataci\u00f3n y los interesados en este expediente\u00a0 se realizar\u00e1 exclusivamente a trav\u00e9s de la plataforma de contrataci\u00f3n p\u00fablica del Ayuntamiento de Medio Cudeyo, con la siguiente direcci\u00f3n electr\u00f3nica:<strong>\u00a0\u00a0\u00a0\u00a0\u00a0\u00a0\u00a0\u00a0\u00a0\u00a0\u00a0\u00a0\u00a0\u00a0 <\/strong><\/p><p><strong>\u00a0<a href=\"https:\/\/community.vortal.biz\/sts\/Login?SkinName=aytomediocudeyo\">https:\/\/community.vortal.biz\/sts\/Login?SkinName=aytomediocudeyo<\/a><\/strong><\/p><h3>Fase:<\/h3><p>ADJUDICACI\u00d3N : <strong>PETRIFICA, SL.<\/strong><\/p><p><a href=\"http:\/\/mediocudeyo.es\/web\/wp-content\/uploads\/2022\/10\/RESOLUCION-ADJUDICACION-OBRAS-CASA-JUVENTUD-250.pdf\">RESOLUCI\u00d3N ADJUDICACI\u00d3N OBRAS CASA JUVENTUD 250<\/a><\/p><p><strong>FORMALIZACI\u00d3N CONTRATO.<\/strong><\/p><\/div>\n\t\t\t\t<\/div>\n\t\t\t\t\t\t\t<div class=\"elementor-accordion-item\">\n\t\t\t\t\t<div id=\"elementor-tab-title-1057\" class=\"elementor-tab-title\" data-tab=\"7\" role=\"button\" aria-controls=\"elementor-tab-content-1057\" aria-expanded=\"false\">\n\t\t\t\t\t\t\t\t\t\t\t\t\t<span class=\"elementor-accordion-icon elementor-accordion-icon-left\" aria-hidden=\"true\">\n\t\t\t\t\t\t\t\t\t\t\t\t\t\t\t<span class=\"elementor-accordion-icon-closed\"><i class=\"fas fa-plus\"><\/i><\/span>\n\t\t\t\t\t\t\t\t<span class=\"elementor-accordion-icon-opened\"><i class=\"fas fa-minus\"><\/i><\/span>\n\t\t\t\t\t\t\t\t\t\t\t\t\t\t<\/span>\n\t\t\t\t\t\t\t\t\t\t\t\t<a class=\"elementor-accordion-title\" tabindex=\"0\">OBRAS de REHABILITACI\u00d3N Y REFORMA de Edificaci\u00f3n Municipal CASA DE LA M\u00daSICA<\/a>\n\t\t\t\t\t<\/div>\n\t\t\t\t\t<div id=\"elementor-tab-content-1057\" class=\"elementor-tab-content elementor-clearfix\" data-tab=\"7\" role=\"region\" aria-labelledby=\"elementor-tab-title-1057\"><h3>Tipo<\/h3><p>Contrato de OBRAS.<\/p><h3>N\u00ba Expediente<\/h3><p><strong>CON\/07\/2022<\/strong><\/p><h3>Procedimiento<\/h3><p>Abierto Simplificado.<\/p><h3>Valor estimado del contrato<\/h3><p>130.909,89 \u20ac, IVA excluido.<\/p><h3>Anuncio de licitaci\u00f3n<\/h3><p>Publicado en la Plataforma de Contrataci\u00f3n del Estado a fecha 6 de Septiembre de 2022.<\/p><p><a href=\"http:\/\/mediocudeyo.es\/web\/wp-content\/uploads\/2022\/09\/DOC_CN2022-126770-CASA-DE-LA-MUSICA.pdf\">DOC_CN2022-126770 CASA DE LA M\u00daSICA<\/a><\/p><p><a href=\"http:\/\/mediocudeyo.es\/web\/wp-content\/uploads\/2022\/09\/DOC_CD2022-126738-ANUNCIO-PLIEGOS.pdf\">DOC_CD2022-126738 ANUNCIO PLIEGOS<\/a><\/p><p>PLATAFORMA \u2013 VORTAL<\/p><p>`Plataforma (VortalAssistant), del telf. 917 896 557 o el correo electr\u00f3nico <a href=\"mailto:info@vortal.es\">info@vortal.es<\/a><\/p><p>La presentaci\u00f3n de proposiciones y documentos, as\u00ed como las notificaciones y comunicaciones entre el \u00f3rgano de contrataci\u00f3n y los interesados en este expediente\u00a0 se realizar\u00e1 exclusivamente a trav\u00e9s de la plataforma de contrataci\u00f3n p\u00fablica del Ayuntamiento de Medio Cudeyo, con la siguiente direcci\u00f3n electr\u00f3nica:<strong>\u00a0\u00a0\u00a0\u00a0\u00a0\u00a0\u00a0\u00a0\u00a0\u00a0\u00a0\u00a0\u00a0\u00a0 <\/strong><\/p><p><strong>\u00a0<a href=\"https:\/\/community.vortal.biz\/sts\/Login?SkinName=aytomediocudeyo\">https:\/\/community.vortal.biz\/sts\/Login?SkinName=aytomediocudeyo<\/a><\/strong><\/p><p>ADJUDICACI\u00d3N : <strong>PETRIFICA, SL.<\/strong><\/p><p><a href=\"http:\/\/mediocudeyo.es\/web\/wp-content\/uploads\/2022\/10\/RESOLUCION-ADJUDICACION-249-OBRAS-CASA-MUSICA.pdf\">RESOLUCION ADJUDICACION 249 OBRAS CASA M\u00daSICA<\/a><\/p><p><strong>FORMALIZACI\u00d3N CONTRATO.<\/strong><\/p><\/div>\n\t\t\t\t<\/div>\n\t\t\t\t\t\t\t<div class=\"elementor-accordion-item\">\n\t\t\t\t\t<div id=\"elementor-tab-title-1058\" class=\"elementor-tab-title\" data-tab=\"8\" role=\"button\" aria-controls=\"elementor-tab-content-1058\" aria-expanded=\"false\">\n\t\t\t\t\t\t\t\t\t\t\t\t\t<span class=\"elementor-accordion-icon elementor-accordion-icon-left\" aria-hidden=\"true\">\n\t\t\t\t\t\t\t\t\t\t\t\t\t\t\t<span class=\"elementor-accordion-icon-closed\"><i class=\"fas fa-plus\"><\/i><\/span>\n\t\t\t\t\t\t\t\t<span class=\"elementor-accordion-icon-opened\"><i class=\"fas fa-minus\"><\/i><\/span>\n\t\t\t\t\t\t\t\t\t\t\t\t\t\t<\/span>\n\t\t\t\t\t\t\t\t\t\t\t\t<a class=\"elementor-accordion-title\" tabindex=\"0\">SERVICIO TALLERES ESCUELAS CULTURALES II: AJEDREZ Y ARTE Y MOVIMIENTO<\/a>\n\t\t\t\t\t<\/div>\n\t\t\t\t\t<div id=\"elementor-tab-content-1058\" class=\"elementor-tab-content elementor-clearfix\" data-tab=\"8\" role=\"region\" aria-labelledby=\"elementor-tab-title-1058\"><h3>Tipo<\/h3><p>Contrato de SERVICIOS.<\/p><h3>N\u00ba Expediente<\/h3><p><strong>CON\/06\/2022<\/strong><\/p><h3>Procedimiento<\/h3><p>Abierto Simplificado.<\/p><h3>Valor estimado del contrato<\/h3><p>23.140,50 \u20ac, IVA excluido.<\/p><h3>Anuncio de licitaci\u00f3n<\/h3><p>Publicado en la Plataforma de Contrataci\u00f3n del Estado a fecha 31 de Agosto de 2022.<\/p><p>PLATAFORMA \u2013 VORTAL: Publicado a fecha 31\/08\/2022.<\/p><p>Plataforma (VortalAssistant), del telf. 917 896 557 o el correo electr\u00f3nico <a href=\"mailto:info@vortal.es\">info@vortal.es<\/a><\/p><p>La presentaci\u00f3n de proposiciones y documentos, as\u00ed como las notificaciones y comunicaciones entre el \u00f3rgano de contrataci\u00f3n y los interesados en este expediente\u00a0 se realizar\u00e1 exclusivamente a trav\u00e9s de la plataforma de contrataci\u00f3n p\u00fablica del Ayuntamiento de Medio Cudeyo, con la siguiente direcci\u00f3n electr\u00f3nica:<strong>\u00a0\u00a0\u00a0\u00a0\u00a0\u00a0\u00a0\u00a0\u00a0\u00a0\u00a0\u00a0\u00a0\u00a0 <\/strong><\/p><p><strong>\u00a0<a href=\"https:\/\/community.vortal.biz\/sts\/Login?SkinName=aytomediocudeyo\">https:\/\/community.vortal.biz\/sts\/Login?SkinName=aytomediocudeyo<\/a><\/strong><\/p><h3>Fase:<\/h3><p>FORMALIZADO.<\/p><\/div>\n\t\t\t\t<\/div>\n\t\t\t\t\t\t\t<div class=\"elementor-accordion-item\">\n\t\t\t\t\t<div id=\"elementor-tab-title-1059\" class=\"elementor-tab-title\" data-tab=\"9\" role=\"button\" aria-controls=\"elementor-tab-content-1059\" aria-expanded=\"false\">\n\t\t\t\t\t\t\t\t\t\t\t\t\t<span class=\"elementor-accordion-icon elementor-accordion-icon-left\" aria-hidden=\"true\">\n\t\t\t\t\t\t\t\t\t\t\t\t\t\t\t<span class=\"elementor-accordion-icon-closed\"><i class=\"fas fa-plus\"><\/i><\/span>\n\t\t\t\t\t\t\t\t<span class=\"elementor-accordion-icon-opened\"><i class=\"fas fa-minus\"><\/i><\/span>\n\t\t\t\t\t\t\t\t\t\t\t\t\t\t<\/span>\n\t\t\t\t\t\t\t\t\t\t\t\t<a class=\"elementor-accordion-title\" tabindex=\"0\">SUMINISTRO COMBUSTIBLES<\/a>\n\t\t\t\t\t<\/div>\n\t\t\t\t\t<div id=\"elementor-tab-content-1059\" class=\"elementor-tab-content elementor-clearfix\" data-tab=\"9\" role=\"region\" aria-labelledby=\"elementor-tab-title-1059\"><h3>Tipo<\/h3><p>Contrato de SUMINISTROS.<\/p><h3>N\u00ba Expediente<\/h3><p><strong>CON\/05\/2022<\/strong><\/p><h3>Procedimiento<\/h3><p>Abierto Simplificado.<\/p><h3>Valor estimado del contrato<\/h3><p>82.644,62 \u20ac, IVA excluido.<\/p><h3>Anuncio de licitaci\u00f3n<\/h3><p>Publicado en la Plataforma de Contrataci\u00f3n del Estado a fecha 22 de Junio de 2022.<\/p><p>PLATAFORMA \u2013 VORTAL<\/p><p>`Plataforma (VortalAssistant), del telf. 917 896 557 o el correo electr\u00f3nico <a href=\"mailto:info@vortal.es\">info@vortal.es<\/a><\/p><p>La presentaci\u00f3n de proposiciones y documentos, as\u00ed como las notificaciones y comunicaciones entre el \u00f3rgano de contrataci\u00f3n y los interesados en este expediente\u00a0 se realizar\u00e1 exclusivamente a trav\u00e9s de la plataforma de contrataci\u00f3n p\u00fablica del Ayuntamiento de Medio Cudeyo, con la siguiente direcci\u00f3n electr\u00f3nica:<strong>\u00a0\u00a0\u00a0\u00a0\u00a0\u00a0\u00a0\u00a0\u00a0\u00a0\u00a0\u00a0\u00a0\u00a0 <\/strong><\/p><p><strong>\u00a0<a href=\"https:\/\/community.vortal.biz\/sts\/Login?SkinName=aytomediocudeyo\">https:\/\/community.vortal.biz\/sts\/Login?SkinName=aytomediocudeyo<\/a><\/strong><\/p><h3>Condiciones<\/h3><p><a href=\"http:\/\/mediocudeyo.es\/web\/wp-content\/uploads\/2022\/07\/ANUNCIO-PIEGOS-Plataforma-Contratacion-Estado-1.pdf\">ANUNCIO PLIEGOS Plataforma Contrataci\u00f3n Estado<\/a><\/p><p><a href=\"http:\/\/mediocudeyo.es\/web\/wp-content\/uploads\/2022\/07\/ANUNCIO-LICITACION-Plataforma-Contratacion-Estado.pdf\">ANUNCIO LICITACI\u00d3N Plataforma Contrataci\u00f3n Estado<\/a><\/p><h3>Fase:<\/h3><p>ADJUDICACI\u00d3N:<\/p><p><a href=\"http:\/\/mediocudeyo.es\/web\/wp-content\/uploads\/2022\/08\/RESOLUCION-ALC-176-2022-ADJUDICACION-SUMINISTRO-COMBUSTIBLES.pdf\">RESOLUCI\u00d3N ALCALD\u00cdA 176\/2022 ADJUDICACI\u00d3N SUMINISTRO COMBUSTIBLES<\/a><\/p><p>CONTRATOS FORMALIZADOS<\/p><\/div>\n\t\t\t\t<\/div>\n\t\t\t\t\t\t\t<div class=\"elementor-accordion-item\">\n\t\t\t\t\t<div id=\"elementor-tab-title-10510\" class=\"elementor-tab-title\" data-tab=\"10\" role=\"button\" aria-controls=\"elementor-tab-content-10510\" aria-expanded=\"false\">\n\t\t\t\t\t\t\t\t\t\t\t\t\t<span class=\"elementor-accordion-icon elementor-accordion-icon-left\" aria-hidden=\"true\">\n\t\t\t\t\t\t\t\t\t\t\t\t\t\t\t<span class=\"elementor-accordion-icon-closed\"><i class=\"fas fa-plus\"><\/i><\/span>\n\t\t\t\t\t\t\t\t<span class=\"elementor-accordion-icon-opened\"><i class=\"fas fa-minus\"><\/i><\/span>\n\t\t\t\t\t\t\t\t\t\t\t\t\t\t<\/span>\n\t\t\t\t\t\t\t\t\t\t\t\t<a class=\"elementor-accordion-title\" tabindex=\"0\">ADQUISICI\u00d3N VEH\u00cdCULO USO PROTECCI\u00d3N CIVIL<\/a>\n\t\t\t\t\t<\/div>\n\t\t\t\t\t<div id=\"elementor-tab-content-10510\" class=\"elementor-tab-content elementor-clearfix\" data-tab=\"10\" role=\"region\" aria-labelledby=\"elementor-tab-title-10510\"><h3>Tipo<\/h3><p>Contrato de SUMINISTROS.<\/p><h3>N\u00ba Expediente<\/h3><p><strong>CON\/03\/2022<\/strong><\/p><h3>Procedimiento<\/h3><p>Abierto Simplificado.<\/p><h3>Valor estimado del contrato<\/h3><p>20.454,13 \u20ac, IVA Excluido<\/p><h3>Fase<\/h3><p>ADJUDICACI\u00d3N \/ FORMALIZACI\u00d3N<\/p><p><a href=\"http:\/\/mediocudeyo.es\/web\/wp-content\/uploads\/2022\/08\/RESOLUCION-ALCALDIA-162-ADJUDICACION-CONTRATO-SUMINISTRO-VEHICULO-PROTECCION-CIVIL.pdf\">RESOLUCI\u00d3N ALCALD\u00cdA 162 ADJUDICACI\u00d3N CONTRATO SUMINISTRO VEH\u00cdCULO PROTECCI\u00d3N CIVIL<\/a><\/p><p>CONTRATO FORMALIZADO<\/p><\/div>\n\t\t\t\t<\/div>\n\t\t\t\t\t\t\t<div class=\"elementor-accordion-item\">\n\t\t\t\t\t<div id=\"elementor-tab-title-10511\" class=\"elementor-tab-title\" data-tab=\"11\" role=\"button\" aria-controls=\"elementor-tab-content-10511\" aria-expanded=\"false\">\n\t\t\t\t\t\t\t\t\t\t\t\t\t<span class=\"elementor-accordion-icon elementor-accordion-icon-left\" aria-hidden=\"true\">\n\t\t\t\t\t\t\t\t\t\t\t\t\t\t\t<span class=\"elementor-accordion-icon-closed\"><i class=\"fas fa-plus\"><\/i><\/span>\n\t\t\t\t\t\t\t\t<span class=\"elementor-accordion-icon-opened\"><i class=\"fas fa-minus\"><\/i><\/span>\n\t\t\t\t\t\t\t\t\t\t\t\t\t\t<\/span>\n\t\t\t\t\t\t\t\t\t\t\t\t<a class=\"elementor-accordion-title\" tabindex=\"0\">PROGRAMA INTERVENCI\u00d3N FAMILIAR<\/a>\n\t\t\t\t\t<\/div>\n\t\t\t\t\t<div id=\"elementor-tab-content-10511\" class=\"elementor-tab-content elementor-clearfix\" data-tab=\"11\" role=\"region\" aria-labelledby=\"elementor-tab-title-10511\"><h3>Fase<\/h3><p>ADJUDICACI\u00d3N \/ FORMALIZACI\u00d3N<\/p><p><a href=\"http:\/\/mediocudeyo.es\/web\/wp-content\/uploads\/2022\/08\/RESOLUCION-ALCALDIA-177-2022-ADJUDICACION-PIF-MEDIO-CUDEYO.pdf\">RESOLUCI\u00d3N ALCALD\u00cdA 177 2022 ADJUDICACI\u00d3N PIF MEDIO CUDEYO<\/a><\/p><\/div>\n\t\t\t\t<\/div>\n\t\t\t\t\t\t\t<div class=\"elementor-accordion-item\">\n\t\t\t\t\t<div id=\"elementor-tab-title-10512\" class=\"elementor-tab-title\" data-tab=\"12\" role=\"button\" aria-controls=\"elementor-tab-content-10512\" aria-expanded=\"false\">\n\t\t\t\t\t\t\t\t\t\t\t\t\t<span class=\"elementor-accordion-icon elementor-accordion-icon-left\" aria-hidden=\"true\">\n\t\t\t\t\t\t\t\t\t\t\t\t\t\t\t<span class=\"elementor-accordion-icon-closed\"><i class=\"fas fa-plus\"><\/i><\/span>\n\t\t\t\t\t\t\t\t<span class=\"elementor-accordion-icon-opened\"><i class=\"fas fa-minus\"><\/i><\/span>\n\t\t\t\t\t\t\t\t\t\t\t\t\t\t<\/span>\n\t\t\t\t\t\t\t\t\t\t\t\t<a class=\"elementor-accordion-title\" tabindex=\"0\">PROGRAMA CONCILIACI\u00d3N DE VERANO: MEDIO CUDEYO EQUILIBRA<\/a>\n\t\t\t\t\t<\/div>\n\t\t\t\t\t<div id=\"elementor-tab-content-10512\" class=\"elementor-tab-content elementor-clearfix\" data-tab=\"12\" role=\"region\" aria-labelledby=\"elementor-tab-title-10512\"><h3>Fase<\/h3><p>ADJUDICACI\u00d3N \/ FORMALIZACI\u00d3N<\/p><p><a href=\"http:\/\/mediocudeyo.es\/web\/wp-content\/uploads\/2022\/08\/RESOLUCION-ADJUDICACION-PROGRAMA-CONCILIACION-DEL-VERANO-EQUILIBRA-MEDIO-CUDEYO.pdf\">RESOLUCI\u00d3N ADJUDICACI\u00d3N PROGRAMA CONCILIACI\u00d3N DEL VERANO EQUILIBRA MEDIO CUDEYO<\/a><\/p><p>CONTRATO FORMALIZADO<\/p><\/div>\n\t\t\t\t<\/div>\n\t\t\t\t\t\t\t\t<\/div>\n\t\t\t\t<\/div>\n\t\t\t\t<\/div>\n\t\t\t\t\t<\/div>\n\t\t<\/div>\n\t\t\t\t\t<\/div>\n\t\t<\/section>\n\t\t\t\t<section class=\"elementor-section elementor-top-section elementor-element elementor-element-f7700ff elementor-hidden-desktop elementor-hidden-tablet elementor-hidden-mobile elementor-section-boxed elementor-section-height-default elementor-section-height-default\" data-id=\"f7700ff\" data-element_type=\"section\">\n\t\t\t\t\t\t<div class=\"elementor-container elementor-column-gap-default\">\n\t\t\t\t\t<div class=\"elementor-column elementor-col-100 elementor-top-column elementor-element elementor-element-d2470aa\" data-id=\"d2470aa\" data-element_type=\"column\">\n\t\t\t<div class=\"elementor-widget-wrap elementor-element-populated\">\n\t\t\t\t\t\t<div class=\"elementor-element elementor-element-d69cffa travly-star-rating--align-center elementor-widget elementor-widget-witr_section_title\" data-id=\"d69cffa\" data-element_type=\"widget\" data-widget_type=\"witr_section_title.default\">\n\t\t\t\t<div class=\"elementor-widget-container\">\n\t\t\t\t\t\t\t\t<!-- title left -->\n\t\t\t\t\t<div class=\"witr_section_title\">\n\t\t\t\t\t\t<div class=\"witr_section_title_inner text-left\">\n\t\t\t\t\t\t\n\t\t\t\t\t\t\t<!-- icon position -->\n\t\t\t\t\t\t\t\t\n\t\t\t\t\t\t\t<!-- end icon position -->\n\t\t\t\t\t\t\n\t\t\t\t\t\t\n\t\t\t\t\t\t\t<!-- title top -->\n\t\t\t\t\t\t\t\n\t\t\t\t\t\t\t<!-- icon position -->\n\t\t\t\t\t\t\t\t\n\t\t\t\t\t\t\t<!-- end icon position -->\n\n\t\t\t\t\t\t\t\n\t\t\t\t\t\t\t<!-- title middle -->\n\t\t\t\t\t\t\t\t\t\t\t\t\t\t\t<h3>Expedientes 2021<\/h3>\t\t\n\t\t\t\t\t\t\t\t\t\t\t\t\t\t<!-- title bottom -->\n\t\t\t\t\t\t\t\t\t\t\t\t\t\t\n\t\t\t\t\t\t\t<!-- icon position -->\n\t\t\t\t\t\t\t\t\t\t\t\t\t\t\n\t\t\t\t\t\t\t<!-- image -->\n\t\t\t\t\t\t\t\t\t\t\t\t\t\t<!-- icon -->\n\t\t\t\t\t\t\t\t\t\t\t\t\t\t\n\t\t\t\t\t\t\t<!-- bar -->\n\t\t\t\t\t\t\t\t\t\t\t\t\t\t\n\t\t\t\t\t\t\t\t<div class=\"witr_bar_main\">\n\t\t\t\t\t\t\t\t\t<div class=\"witr_bar_inner\">\n\t\t\t\t\t\t\t\t\t<\/div>\n\t\t\t\t\t\t\t\t<\/div>\n\t\t\t\t\t\t\t\t\t\t\t\t\t\t<!-- circle bar -->\n\t\t\t\t\t\t\t\t\t\t\t\t\t\t\n\t\t\t\t\t\t\t\t\n\t\t\t\t\t\t\t<!-- end icon position -->\n\n\t\t\t\t\t\t\t<!-- content -->\n\t\t\t\t\t\t\t\t\t\t\t\t\t<\/div>\n\t\t\t\t\t\t\t<!-- inner title -->\n\t\t\t\t\t\t\t\t\t\t\t\t\t\n\t\t\t\t\t<\/div>\t\t\t\t\n\t\t\t\t\t\t<\/div>\n\t\t\t\t<\/div>\n\t\t\t\t<div class=\"elementor-element elementor-element-6101e37 elementor-widget elementor-widget-accordion\" data-id=\"6101e37\" data-element_type=\"widget\" data-widget_type=\"accordion.default\">\n\t\t\t\t<div class=\"elementor-widget-container\">\n\t\t\t\t\t<div class=\"elementor-accordion\">\n\t\t\t\t\t\t\t<div class=\"elementor-accordion-item\">\n\t\t\t\t\t<div id=\"elementor-tab-title-1011\" class=\"elementor-tab-title\" data-tab=\"1\" role=\"button\" aria-controls=\"elementor-tab-content-1011\" aria-expanded=\"false\">\n\t\t\t\t\t\t\t\t\t\t\t\t\t<span class=\"elementor-accordion-icon elementor-accordion-icon-left\" aria-hidden=\"true\">\n\t\t\t\t\t\t\t\t\t\t\t\t\t\t\t<span class=\"elementor-accordion-icon-closed\"><i class=\"fas fa-plus\"><\/i><\/span>\n\t\t\t\t\t\t\t\t<span class=\"elementor-accordion-icon-opened\"><i class=\"fas fa-minus\"><\/i><\/span>\n\t\t\t\t\t\t\t\t\t\t\t\t\t\t<\/span>\n\t\t\t\t\t\t\t\t\t\t\t\t<a class=\"elementor-accordion-title\" tabindex=\"0\">SISTEMAS VIGILANCIA EN MINA PEPITA Y V\u00cdAS P\u00daBLICAS MUNICIPALES<\/a>\n\t\t\t\t\t<\/div>\n\t\t\t\t\t<div id=\"elementor-tab-content-1011\" class=\"elementor-tab-content elementor-clearfix\" data-tab=\"1\" role=\"region\" aria-labelledby=\"elementor-tab-title-1011\"><h3>Tipo<\/h3><p>Contrato de SUMINISTROS<\/p><h3>N\u00ba Expediente<\/h3><p><strong>CON\/34\/2021<\/strong><\/p><h3>Procedimiento<\/h3><p>Abierto Simplificado.<\/p><h3>Valor estimado del contrato<\/h3><p>22.338,86 \u20ac, IVA (21%) excluido.<\/p><h3>Fase<\/h3><p>LICITACI\u00d3N<\/p><h3>Anuncio de licitaci\u00f3n<\/h3><p>Publicado en la Plataforma de Contrataci\u00f3n del Estado a fecha 29 de Noviembre de 2021.<\/p><p><a href=\"http:\/\/mediocudeyo.es\/web\/wp-content\/uploads\/2021\/11\/DOC_CN2021-667349-anuncio-licitacion.pdf\">DOC_CN2021-667349 anuncio licitacion<\/a><\/p><p><a href=\"http:\/\/mediocudeyo.es\/web\/wp-content\/uploads\/2021\/11\/DOC_CD2021-667387-anuncio-pliegos.pdf\">DOC_CD2021-667387 anuncio pliegos<\/a><\/p><h3>Fecha l\u00edmite de presentaci\u00f3n<\/h3><p><em>\u00a0Martes, 14 de diciembre de 2021, a las 14:00 h.<br \/><\/em><\/p><h3>\u00a0Condiciones<\/h3><p><a href=\"http:\/\/mediocudeyo.es\/web\/wp-content\/uploads\/2021\/11\/MEMORIA-VALORADA-DEFINITIVA-1.pdf\">MEMORIA VALORADA DEFINITIVA<\/a><\/p><p><a href=\"http:\/\/mediocudeyo.es\/web\/wp-content\/uploads\/2021\/11\/PCAP-Suministro.docx\">PCAP <\/a><\/p><p><a href=\"http:\/\/mediocudeyo.es\/web\/wp-content\/uploads\/2021\/11\/ANEXO-I-PCAP.docx\">ANEXO I PCAP<\/a><\/p><p><a href=\"http:\/\/mediocudeyo.es\/web\/wp-content\/uploads\/2021\/11\/ANEXO-II-Declaracion-Responsable-4.doc\">ANEXO II <strong>Declaraci\u00f3n<\/strong> Responsable<\/a><\/p><p>Contacto:\u00a0\u00a0\u00a0 contratacion@mediocudeyo.es<\/p><p><strong><em>Todos aquellos licitadores cuyas ofertas sean enviadas a trav\u00e9s del correo postal, deber\u00e1n remitir al correo electr\u00f3nico del ayuntamiento el resguardo de presentaci\u00f3n en el plazo establecido.<\/em><\/strong><\/p><h3>Apertura Sobre &lt;&lt;\u00daNICO&gt;&gt;<\/h3><p>DOCUMENTACI\u00d3N Y OFERTA ECON\u00d3MICA.<\/p><p>D\u00eda\/Hora: <strong>Mi\u00e9rcoles, 15 de diciembre de 2021 \u2013 13:00 h.<\/strong><\/p><p>Lugar: Sal\u00f3n de Plenos. Casa Consistorial de Valdecilla. P\/ del Ayuntamiento, 1. Valdecilla (Medio Cudeyo \u2013 Cantabria).<\/p><\/div>\n\t\t\t\t<\/div>\n\t\t\t\t\t\t\t<div class=\"elementor-accordion-item\">\n\t\t\t\t\t<div id=\"elementor-tab-title-1012\" class=\"elementor-tab-title\" data-tab=\"2\" role=\"button\" aria-controls=\"elementor-tab-content-1012\" aria-expanded=\"false\">\n\t\t\t\t\t\t\t\t\t\t\t\t\t<span class=\"elementor-accordion-icon elementor-accordion-icon-left\" aria-hidden=\"true\">\n\t\t\t\t\t\t\t\t\t\t\t\t\t\t\t<span class=\"elementor-accordion-icon-closed\"><i class=\"fas fa-plus\"><\/i><\/span>\n\t\t\t\t\t\t\t\t<span class=\"elementor-accordion-icon-opened\"><i class=\"fas fa-minus\"><\/i><\/span>\n\t\t\t\t\t\t\t\t\t\t\t\t\t\t<\/span>\n\t\t\t\t\t\t\t\t\t\t\t\t<a class=\"elementor-accordion-title\" tabindex=\"0\">TRACTOR CORTAC\u00c9SPED Parques y Jardines<\/a>\n\t\t\t\t\t<\/div>\n\t\t\t\t\t<div id=\"elementor-tab-content-1012\" class=\"elementor-tab-content elementor-clearfix\" data-tab=\"2\" role=\"region\" aria-labelledby=\"elementor-tab-title-1012\"><h3>Tipo<\/h3><p>Contrato de SUMINISTRO.<\/p><h3>N\u00ba Expediente<\/h3><p><strong>CON\/19\/2021<\/strong><\/p><h3>Procedimiento<\/h3><p>Abierto Simplificado.<\/p><h3>Valor estimado del contrato<\/h3><p>18.181,82 \u20ac (21% IVA excluido)<\/p><h3>Fase<\/h3><p>LICITACI\u00d3N<\/p><h3>Anuncio de licitaci\u00f3n<\/h3><p>Publicado en la Plataforma de Contrataci\u00f3n del Estado a fecha 26 de noviembre de 2021.<\/p><p><a href=\"http:\/\/mediocudeyo.es\/web\/wp-content\/uploads\/2021\/11\/DOC_CN2021-574896-anuncio-licitacion.pdf\">DOC_CN2021-574896 anuncio licitacion<\/a><\/p><p><a href=\"http:\/\/mediocudeyo.es\/web\/wp-content\/uploads\/2021\/11\/DOC_CD2021-574910-anuncio-pliegos.pdf\">DOC_CD2021-574910 anuncio pliegos<\/a><\/p><h3>Fecha l\u00edmite de presentaci\u00f3n<\/h3><p><em>\u00a0Lunes, 13 de diciembre de 2021, Hora: 14:00h.<br \/><\/em><\/p><h3>\u00a0Condiciones<\/h3><p><a href=\"http:\/\/mediocudeyo.es\/web\/wp-content\/uploads\/2021\/11\/PPT-suministro-TRACTOR-CORTACESPED-parques-y-jardines.docx\">PPT suministro TRACTOR CORTACESPED parques y jardines<\/a><\/p><p><a href=\"http:\/\/mediocudeyo.es\/web\/wp-content\/uploads\/2021\/11\/PCAP-Suministro-TRACTOR-CORTACESPED-parques-y-jardines.docx\">PCAP Suministro TRACTOR CORTACESPED parques y jardines<\/a><\/p><p><a href=\"http:\/\/mediocudeyo.es\/web\/wp-content\/uploads\/2021\/11\/ANEXO-I-PCAP-suministro-TRACTOR-parques-y-jardines.docx\">ANEXO I PCAP suministro TRACTOR parques y jardines<\/a><\/p><p><a href=\"http:\/\/mediocudeyo.es\/web\/wp-content\/uploads\/2021\/11\/ANEXO-II-Declaracion-Responsable-3.doc\">ANEXO II Declaracion Responsable<\/a><\/p><p>Contacto:\u00a0\u00a0\u00a0 contratacion@mediocudeyo.es<\/p><p><strong><em>Todos aquellos licitadores cuyas ofertas sean enviadas a trav\u00e9s del correo postal, deber\u00e1n remitir al correo electr\u00f3nico del ayuntamiento el resguardo de presentaci\u00f3n en el plazo establecido.<\/em><\/strong><\/p><h3>Apertura Sobre &lt;&lt;\u00daNICO&gt;&gt;<\/h3><p>DOCUMENTACI\u00d3N Y OFERTA ECON\u00d3MICA.<\/p><p>D\u00eda\/Hora: Martes, <strong>14 de diciembre de 2021. Hora: 13:15 h.<\/strong><\/p><p>Lugar: Sal\u00f3n de Plenos. Casa Consistorial de Valdecilla. P\/ del Ayuntamiento, 1. Valdecilla (Medio Cudeyo \u2013 Cantabria).<\/p><\/div>\n\t\t\t\t<\/div>\n\t\t\t\t\t\t\t<div class=\"elementor-accordion-item\">\n\t\t\t\t\t<div id=\"elementor-tab-title-1013\" class=\"elementor-tab-title\" data-tab=\"3\" role=\"button\" aria-controls=\"elementor-tab-content-1013\" aria-expanded=\"false\">\n\t\t\t\t\t\t\t\t\t\t\t\t\t<span class=\"elementor-accordion-icon elementor-accordion-icon-left\" aria-hidden=\"true\">\n\t\t\t\t\t\t\t\t\t\t\t\t\t\t\t<span class=\"elementor-accordion-icon-closed\"><i class=\"fas fa-plus\"><\/i><\/span>\n\t\t\t\t\t\t\t\t<span class=\"elementor-accordion-icon-opened\"><i class=\"fas fa-minus\"><\/i><\/span>\n\t\t\t\t\t\t\t\t\t\t\t\t\t\t<\/span>\n\t\t\t\t\t\t\t\t\t\t\t\t<a class=\"elementor-accordion-title\" tabindex=\"0\">Obras CONSTRUCCI\u00d3N PISTAS PUMPTRACK Y SKATEPARK<\/a>\n\t\t\t\t\t<\/div>\n\t\t\t\t\t<div id=\"elementor-tab-content-1013\" class=\"elementor-tab-content elementor-clearfix\" data-tab=\"3\" role=\"region\" aria-labelledby=\"elementor-tab-title-1013\"><h3>Tipo<\/h3><p>Contrato de OBRAS.<\/p><h3>N\u00ba Expediente<\/h3><p><strong>CON\/26\/2021<\/strong><\/p><h3>Procedimiento<\/h3><p>Abierto Simplificado.<\/p><h3>Valor estimado del contrato<\/h3><p>137.736,17 \u20ac (21% IVA excluido)<\/p><h3>Fase<\/h3><p>LICITACI\u00d3N<\/p><h3>Anuncio de licitaci\u00f3n<\/h3><p>Publicado en la Plataforma de Contrataci\u00f3n del Estado a fecha 23 de noviembre de 2021.<\/p><p><a href=\"http:\/\/mediocudeyo.es\/web\/wp-content\/uploads\/2021\/11\/DOC_CN2021-486217-ANUNCIO-LICITACION.pdf\">DOC_CN2021-486217 ANUNCIO LICITACI\u00d3N<\/a><\/p><h3><strong>Fecha l\u00edmite de presentaci\u00f3n<\/strong><\/h3><p><em>\u00a0Lunes, 13 de diciembre de 2021, Hora: 14:00h.<br \/><\/em><\/p><h3>\u00a0Condiciones<\/h3><p><a href=\"http:\/\/mediocudeyo.es\/web\/wp-content\/uploads\/2021\/11\/PCAP.docx\">PCAP<\/a><\/p><p><a href=\"http:\/\/mediocudeyo.es\/web\/wp-content\/uploads\/2021\/11\/PCAP-ANEXO-I-PUMPTRACK-SKATEPARK.docx\">PCAP ANEXO I PUMPTRACK SKATEPARK<\/a><\/p><p><a href=\"http:\/\/mediocudeyo.es\/web\/wp-content\/uploads\/2021\/11\/ANEXO-Declaracion-Responsable-y-Proposicion-Economica.doc.docx\">ANEXO Declaraci\u00f3n Responsable y Proposici\u00f3n Econ\u00f3mica.doc<\/a><\/p><p><a href=\"http:\/\/mediocudeyo.es\/web\/wp-content\/uploads\/2021\/11\/MEDICIONES-Y-PRESUPUESTO.pdf\">MEDICIONES Y PRESUPUESTO<\/a><\/p><p>PROYECTO colgado en PLATAFORMA DE CONTRATACION DEL ESTADO:<\/p><p><a href=\"http:\/\/mediocudeyo.es\/web\/wp-content\/uploads\/2021\/11\/DOC_CD2021-486210-ANUNCIO-PLIEGOS.pdf\">DOC_CD2021-486210 ANUNCIO PLIEGOS<\/a><\/p><p>Contacto:\u00a0\u00a0\u00a0 contratacion@mediocudeyo.es<\/p><p><strong><em>Todos aquellos licitadores cuyas ofertas sean enviadas a trav\u00e9s del correo postal, deber\u00e1n remitir al correo electr\u00f3nico del ayuntamiento el resguardo de presentaci\u00f3n en el plazo establecido.<\/em><\/strong><\/p><h3>Apertura Sobre &lt;&lt;\u00daNICO&gt;&gt;<\/h3><p>DOCUMENTACI\u00d3N Y OFERTA ECON\u00d3MICA.<\/p><p>D\u00eda\/Hora: Martes, <strong>14 de diciembre de 2021. Hora: 13:30 h.<\/strong><\/p><p>Lugar: Sal\u00f3n de Plenos. Casa Consistorial de Valdecilla. P\/ del Ayuntamiento, 1. Valdecilla (Medio Cudeyo \u2013 Cantabria).<\/p><\/div>\n\t\t\t\t<\/div>\n\t\t\t\t\t\t\t<div class=\"elementor-accordion-item\">\n\t\t\t\t\t<div id=\"elementor-tab-title-1014\" class=\"elementor-tab-title\" data-tab=\"4\" role=\"button\" aria-controls=\"elementor-tab-content-1014\" aria-expanded=\"false\">\n\t\t\t\t\t\t\t\t\t\t\t\t\t<span class=\"elementor-accordion-icon elementor-accordion-icon-left\" aria-hidden=\"true\">\n\t\t\t\t\t\t\t\t\t\t\t\t\t\t\t<span class=\"elementor-accordion-icon-closed\"><i class=\"fas fa-plus\"><\/i><\/span>\n\t\t\t\t\t\t\t\t<span class=\"elementor-accordion-icon-opened\"><i class=\"fas fa-minus\"><\/i><\/span>\n\t\t\t\t\t\t\t\t\t\t\t\t\t\t<\/span>\n\t\t\t\t\t\t\t\t\t\t\t\t<a class=\"elementor-accordion-title\" tabindex=\"0\">Obras RIEGOS ASF\u00c1LTICOS EN VIALES MUNICIPALES Y PAVIMENTOS DE ZONAS URBANAS<\/a>\n\t\t\t\t\t<\/div>\n\t\t\t\t\t<div id=\"elementor-tab-content-1014\" class=\"elementor-tab-content elementor-clearfix\" data-tab=\"4\" role=\"region\" aria-labelledby=\"elementor-tab-title-1014\"><h3>Tipo<\/h3><p>Contrato de OBRAS.<\/p><h3>N\u00ba Expediente<\/h3><p><strong>CON\/26\/2021<\/strong><\/p><h3>Procedimiento<\/h3><p>Abierto Simplificado.<\/p><h3>Valor estimado del contrato<\/h3><p>137.736,17 \u20ac (21% IVA excluido)<\/p><h3>Fase<\/h3><p>LICITACI\u00d3N<\/p><h3>Anuncio de licitaci\u00f3n<\/h3><p>Publicado en la Plataforma de Contrataci\u00f3n del Estado a fecha 23 de noviembre de 2021.<\/p><p><a href=\"http:\/\/mediocudeyo.es\/web\/wp-content\/uploads\/2021\/11\/DOC_CN2021-486217-ANUNCIO-LICITACION.pdf\">DOC_CN2021-486217 ANUNCIO LICITACI\u00d3N<\/a><\/p><h3><strong>Fecha l\u00edmite de presentaci\u00f3n<\/strong><\/h3><p><em>\u00a0Lunes, 13 de diciembre de 2021, Hora: 14:00h.<br \/><\/em><\/p><h3>\u00a0Condiciones<\/h3><p><a href=\"http:\/\/mediocudeyo.es\/web\/wp-content\/uploads\/2021\/11\/PCAP.docx\">PCAP<\/a><\/p><p><a href=\"http:\/\/mediocudeyo.es\/web\/wp-content\/uploads\/2021\/11\/PCAP-ANEXO-I-PUMPTRACK-SKATEPARK.docx\">PCAP ANEXO I PUMPTRACK SKATEPARK<\/a><\/p><p><a href=\"http:\/\/mediocudeyo.es\/web\/wp-content\/uploads\/2021\/11\/ANEXO-Declaracion-Responsable-y-Proposicion-Economica.doc.docx\">ANEXO Declaraci\u00f3n Responsable y Proposici\u00f3n Econ\u00f3mica.doc<\/a><\/p><p><a href=\"http:\/\/mediocudeyo.es\/web\/wp-content\/uploads\/2021\/11\/MEDICIONES-Y-PRESUPUESTO.pdf\">MEDICIONES Y PRESUPUESTO<\/a><\/p><p>PROYECTO colgado en PLATAFORMA DE CONTRATACION DEL ESTADO:<\/p><p><a href=\"http:\/\/mediocudeyo.es\/web\/wp-content\/uploads\/2021\/11\/DOC_CD2021-486210-ANUNCIO-PLIEGOS.pdf\">DOC_CD2021-486210 ANUNCIO PLIEGOS<\/a><\/p><p>Contacto:\u00a0\u00a0\u00a0 contratacion@mediocudeyo.es<\/p><p><strong><em>Todos aquellos licitadores cuyas ofertas sean enviadas a trav\u00e9s del correo postal, deber\u00e1n remitir al correo electr\u00f3nico del ayuntamiento el resguardo de presentaci\u00f3n en el plazo establecido.<\/em><\/strong><\/p><h3>Apertura Sobre &lt;&lt;\u00daNICO&gt;&gt;<\/h3><p>DOCUMENTACI\u00d3N Y OFERTA ECON\u00d3MICA.<\/p><p>D\u00eda\/Hora: Martes, <strong>14 de diciembre de 2021. Hora: 13:30 h.<\/strong><\/p><p>Lugar: Sal\u00f3n de Plenos. Casa Consistorial de Valdecilla. P\/ del Ayuntamiento, 1. Valdecilla (Medio Cudeyo \u2013 Cantabria).<\/p><\/div>\n\t\t\t\t<\/div>\n\t\t\t\t\t\t\t<div class=\"elementor-accordion-item\">\n\t\t\t\t\t<div id=\"elementor-tab-title-1015\" class=\"elementor-tab-title\" data-tab=\"5\" role=\"button\" aria-controls=\"elementor-tab-content-1015\" aria-expanded=\"false\">\n\t\t\t\t\t\t\t\t\t\t\t\t\t<span class=\"elementor-accordion-icon elementor-accordion-icon-left\" aria-hidden=\"true\">\n\t\t\t\t\t\t\t\t\t\t\t\t\t\t\t<span class=\"elementor-accordion-icon-closed\"><i class=\"fas fa-plus\"><\/i><\/span>\n\t\t\t\t\t\t\t\t<span class=\"elementor-accordion-icon-opened\"><i class=\"fas fa-minus\"><\/i><\/span>\n\t\t\t\t\t\t\t\t\t\t\t\t\t\t<\/span>\n\t\t\t\t\t\t\t\t\t\t\t\t<a class=\"elementor-accordion-title\" tabindex=\"0\">Obras CUBIERTA DEL PARQUE INFANTIL MONSE\u00d1OR DE COS DE SOLARES<\/a>\n\t\t\t\t\t<\/div>\n\t\t\t\t\t<div id=\"elementor-tab-content-1015\" class=\"elementor-tab-content elementor-clearfix\" data-tab=\"5\" role=\"region\" aria-labelledby=\"elementor-tab-title-1015\"><h3>Tipo<\/h3><p>Contrato de OBRAS.<\/p><h3>N\u00ba Expediente<\/h3><p><strong>CON\/32\/2021<\/strong><\/p><h3>Procedimiento<\/h3><p>Abierto Simplificado.<\/p><h3>Valor estimado del contrato<\/h3><p>139.275,66 \u20ac, IVA excluido (21%).<\/p><h3>Fase<\/h3><p>Licitaci\u00f3n.<\/p><h3>Anuncio de licitaci\u00f3n<\/h3><p>Publicado en la Plataforma de Contrataci\u00f3n del Estado a fecha 19 de noviembre de 2021.<\/p><p><a href=\"http:\/\/mediocudeyo.es\/web\/wp-content\/uploads\/2021\/11\/DOC_CN2021-470758-anuncio-licitacion-monse\u00f1or-de-cos.pdf\">DOC_CN2021-470758 anuncio licitacion Monse\u00f1or de Cos<\/a><\/p><p><a href=\"http:\/\/mediocudeyo.es\/web\/wp-content\/uploads\/2021\/11\/DOC_CD2021-470855-anuncio-pliegos.pdf\">DOC_CD2021-470855 anuncio pliegos<\/a><\/p><h3>Fecha l\u00edmite de presentaci\u00f3n<\/h3><p><em>9 de diciembre de 2021, a las 14:00 h.<br \/><\/em><\/p><h3>\u00a0Condiciones<\/h3><p><a href=\"http:\/\/mediocudeyo.es\/web\/wp-content\/uploads\/2021\/11\/PCAP-OBRAS-SIMPLIFICADO-6.docx\">PCAP OBRAS SIMPLIFICADO<\/a><\/p><p><a href=\"http:\/\/mediocudeyo.es\/web\/wp-content\/uploads\/2021\/11\/PCAP-ANEXO-I.docx\">PCAP ANEXO I<\/a><\/p><p><a href=\"http:\/\/mediocudeyo.es\/web\/wp-content\/uploads\/2021\/11\/ANEXO-II-DECLARACION-RESPONSABLE-Y-MODELO-OFERTA-ECONOMICA-5.docx\">ANEXO II DECLARACION RESPONSABLE Y MODELO OFERTA ECONOMICA<\/a><\/p><p>PROYECTO:\u00a0 Anuncio licitaci\u00f3n pliegos (descargar).<\/p><p>Contacto:\u00a0\u00a0\u00a0 contratacion@mediocudeyo.es<\/p><p><strong><em>Todos aquellos licitadores cuyas ofertas sean enviadas a trav\u00e9s del correo postal, deber\u00e1n remitir al correo electr\u00f3nico del ayuntamiento el resguardo de presentaci\u00f3n en el plazo establecido.<\/em><\/strong><\/p><h3>Apertura Sobre &lt;&lt;\u00daNICO&gt;&gt;<\/h3><p>DOCUMENTACI\u00d3N Y OFERTA ECON\u00d3MICA.<\/p><p>D\u00eda\/Hora: VIERNES<strong>, 10 de diciembre de 2021. 13:15 h<\/strong>.<\/p><p>Lugar: Sal\u00f3n de Plenos. Casa Consistorial de Valdecilla. P\/ del Ayuntamiento, 1. Valdecilla (Medio Cudeyo \u2013 Cantabria)<\/p><\/div>\n\t\t\t\t<\/div>\n\t\t\t\t\t\t\t<div class=\"elementor-accordion-item\">\n\t\t\t\t\t<div id=\"elementor-tab-title-1016\" class=\"elementor-tab-title\" data-tab=\"6\" role=\"button\" aria-controls=\"elementor-tab-content-1016\" aria-expanded=\"false\">\n\t\t\t\t\t\t\t\t\t\t\t\t\t<span class=\"elementor-accordion-icon elementor-accordion-icon-left\" aria-hidden=\"true\">\n\t\t\t\t\t\t\t\t\t\t\t\t\t\t\t<span class=\"elementor-accordion-icon-closed\"><i class=\"fas fa-plus\"><\/i><\/span>\n\t\t\t\t\t\t\t\t<span class=\"elementor-accordion-icon-opened\"><i class=\"fas fa-minus\"><\/i><\/span>\n\t\t\t\t\t\t\t\t\t\t\t\t\t\t<\/span>\n\t\t\t\t\t\t\t\t\t\t\t\t<a class=\"elementor-accordion-title\" tabindex=\"0\">Obras MEJORA INSTALACIONES DE ILUMINACI\u00d3N<\/a>\n\t\t\t\t\t<\/div>\n\t\t\t\t\t<div id=\"elementor-tab-content-1016\" class=\"elementor-tab-content elementor-clearfix\" data-tab=\"6\" role=\"region\" aria-labelledby=\"elementor-tab-title-1016\"><h3>Tipo<\/h3><p>Contrato de OBRAS.<\/p><p>MEJORAS <strong>ILUMINACI\u00d3N<\/strong>: COLEGIO MARQU\u00c9S DE VALDECILLA, AULA DOS A\u00d1OS, ALMAC\u00c9N P\u00ba LA ESTACION DE SOLARES Y COPLEGIO DE HERAS.<\/p><h3>N\u00ba Expediente<\/h3><p><strong>CON\/31\/2021<\/strong><\/p><h3>Procedimiento<\/h3><p>Abierto Simplificado.<\/p><h3>Valor estimado del contrato<\/h3><p>18.713,10 \u20ac, IVA excluido (21%).<\/p><h3>Fase<\/h3><p>Licitaci\u00f3n.<\/p><h3>Anuncio de licitaci\u00f3n<\/h3><p>Publicado en la Plataforma de Contrataci\u00f3n del Estado a fecha 19 de noviembre de 2021.<\/p><p><a href=\"http:\/\/mediocudeyo.es\/web\/wp-content\/uploads\/2021\/11\/DOC_CN2021-470883-anuncio-licitacion-iluminacion.pdf\">DOC_CN2021-470883 anuncio licitacion iluminacion<\/a><\/p><p><a href=\"http:\/\/mediocudeyo.es\/web\/wp-content\/uploads\/2021\/11\/DOC_CD2021-471309-ANUNCIO-PLIEGOS.pdf\">DOC_CD2021-471309 ANUNCIO PLIEGOS<\/a><\/p><h3>Fecha l\u00edmite de presentaci\u00f3n<\/h3><p><em>9 de diciembre de 2021, a las 14:00 h.<br \/><\/em><\/p><h3>\u00a0Condiciones<\/h3><p><a href=\"http:\/\/mediocudeyo.es\/web\/wp-content\/uploads\/2021\/11\/PCAP-OBRAS-SIMPLIFICADO-5.docx\">PCAP OBRAS SIMPLIFICADO<\/a><\/p><p><a href=\"http:\/\/mediocudeyo.es\/web\/wp-content\/uploads\/2021\/11\/PCAP-ANEXO-I-obrasMEJORA-INSTALACIONES-ILUMINACION.docx\">PCAP ANEXO I obras MEJORA INSTALACIONES ILUMINACI\u00d3N<\/a><\/p><p><a href=\"http:\/\/mediocudeyo.es\/web\/wp-content\/uploads\/2021\/11\/ANEXO-II-DECLARACION-RESPONSABLE-Y-MODELO-OFERTA-ECONOMICA-4.docx\">ANEXO II DECLARACION RESPONSABLE Y MODELO OFERTA ECONOMICA<\/a><\/p><p>PROYECTO:\u00a0 Anuncio licitaci\u00f3n pliegos (descargar).<\/p><p>Contacto:\u00a0\u00a0\u00a0 contratacion@mediocudeyo.es<\/p><p><strong><em>Todos aquellos licitadores cuyas ofertas sean enviadas a trav\u00e9s del correo postal, deber\u00e1n remitir al correo electr\u00f3nico del ayuntamiento el resguardo de presentaci\u00f3n en el plazo establecido.<\/em><\/strong><\/p><h3>Apertura Sobre &lt;&lt;\u00daNICO&gt;&gt;<\/h3><p>DOCUMENTACI\u00d3N Y OFERTA ECON\u00d3MICA.<\/p><p>D\u00eda\/Hora: VIERNES<strong>, 10 de diciembre de 2021. 13:00 h<\/strong>.<\/p><p>Lugar: Sal\u00f3n de Plenos. Casa Consistorial de Valdecilla. P\/ del Ayuntamiento, 1. Valdecilla (Medio Cudeyo \u2013 Cantabria)<\/p><\/div>\n\t\t\t\t<\/div>\n\t\t\t\t\t\t\t<div class=\"elementor-accordion-item\">\n\t\t\t\t\t<div id=\"elementor-tab-title-1017\" class=\"elementor-tab-title\" data-tab=\"7\" role=\"button\" aria-controls=\"elementor-tab-content-1017\" aria-expanded=\"false\">\n\t\t\t\t\t\t\t\t\t\t\t\t\t<span class=\"elementor-accordion-icon elementor-accordion-icon-left\" aria-hidden=\"true\">\n\t\t\t\t\t\t\t\t\t\t\t\t\t\t\t<span class=\"elementor-accordion-icon-closed\"><i class=\"fas fa-plus\"><\/i><\/span>\n\t\t\t\t\t\t\t\t<span class=\"elementor-accordion-icon-opened\"><i class=\"fas fa-minus\"><\/i><\/span>\n\t\t\t\t\t\t\t\t\t\t\t\t\t\t<\/span>\n\t\t\t\t\t\t\t\t\t\t\t\t<a class=\"elementor-accordion-title\" tabindex=\"0\">Obras CERRAMIENTO PISTAS DE PADEL MIES DEL CORRO<\/a>\n\t\t\t\t\t<\/div>\n\t\t\t\t\t<div id=\"elementor-tab-content-1017\" class=\"elementor-tab-content elementor-clearfix\" data-tab=\"7\" role=\"region\" aria-labelledby=\"elementor-tab-title-1017\"><h3>Tipo<\/h3><p>Contrato de OBRAS.<\/p><h3>N\u00ba Expediente<\/h3><p><strong>CON\/30\/2021<\/strong><\/p><h3>Procedimiento<\/h3><p>Abierto Simplificado.<\/p><h3>Valor estimado del contrato<\/h3><p>194.845,68 \u20ac, IVA excluido (21%).<\/p><h3>Fase<\/h3><p>Licitaci\u00f3n.<\/p><h3>Anuncio de licitaci\u00f3n<\/h3><p>Publicado en la Plataforma de Contrataci\u00f3n del Estado a fecha 19 de noviembre de 2021.<\/p><p><a href=\"http:\/\/mediocudeyo.es\/web\/wp-content\/uploads\/2021\/11\/DOC_CN2021-471035-anuncio-licitacion-Cerramiento-pistas-padel.pdf\">DOC_CN2021-471035 anuncio licitacion Cerramiento pistas padel<\/a><\/p><p><a href=\"http:\/\/mediocudeyo.es\/web\/wp-content\/uploads\/2021\/11\/DOC_CD2021-471024-anuncio-pliegos.pdf\">DOC_CD2021-471024 anuncio pliegos<\/a><\/p><h3>Fecha l\u00edmite de presentaci\u00f3n<\/h3><p><em>9 de diciembre de 2021, a las 14:00 h.<br \/><\/em><\/p><h3>\u00a0Condiciones<\/h3><p><a href=\"http:\/\/mediocudeyo.es\/web\/wp-content\/uploads\/2021\/11\/PCAP-OBRAS-SIMPLIFICADO-3.docx\">PCAP OBRAS SIMPLIFICADO<\/a><\/p><p><a href=\"http:\/\/mediocudeyo.es\/web\/wp-content\/uploads\/2021\/11\/PCAP-ANEXO-I-obras-cerramiento-pistas-de-padel-1.docx\">PCAP ANEXO I obras cerramiento pistas de padel<\/a><\/p><p><a href=\"http:\/\/mediocudeyo.es\/web\/wp-content\/uploads\/2021\/11\/ANEXO-II-DECLARACION-RESPONSABLE-Y-MODELO-OFERTA-ECONOMICA-3.docx\">ANEXO II DECLARACION RESPONSABLE Y MODELO OFERTA ECONOMICA<\/a><\/p><p>PROYECTO:\u00a0 Anuncio licitaci\u00f3n pliegos (descargar).<\/p><p>Contacto:\u00a0\u00a0\u00a0 contratacion@mediocudeyo.es<\/p><p><strong><em>Todos aquellos licitadores cuyas ofertas sean enviadas a trav\u00e9s del correo postal, deber\u00e1n remitir al correo electr\u00f3nico del ayuntamiento el resguardo de presentaci\u00f3n en el plazo establecido.<\/em><\/strong><\/p><h3>Apertura Sobre &lt;&lt;\u00daNICO&gt;&gt;<\/h3><p>DOCUMENTACI\u00d3N Y OFERTA ECON\u00d3MICA.<\/p><p>D\u00eda\/Hora: VIERNES<strong>, 10 de diciembre de 2021. 13:30 h<\/strong>.<\/p><p>Lugar: Sal\u00f3n de Plenos. Casa Consistorial de Valdecilla. P\/ del Ayuntamiento, 1. Valdecilla (Medio Cudeyo \u2013 Cantabria)<\/p><\/div>\n\t\t\t\t<\/div>\n\t\t\t\t\t\t\t<div class=\"elementor-accordion-item\">\n\t\t\t\t\t<div id=\"elementor-tab-title-1018\" class=\"elementor-tab-title\" data-tab=\"8\" role=\"button\" aria-controls=\"elementor-tab-content-1018\" aria-expanded=\"false\">\n\t\t\t\t\t\t\t\t\t\t\t\t\t<span class=\"elementor-accordion-icon elementor-accordion-icon-left\" aria-hidden=\"true\">\n\t\t\t\t\t\t\t\t\t\t\t\t\t\t\t<span class=\"elementor-accordion-icon-closed\"><i class=\"fas fa-plus\"><\/i><\/span>\n\t\t\t\t\t\t\t\t<span class=\"elementor-accordion-icon-opened\"><i class=\"fas fa-minus\"><\/i><\/span>\n\t\t\t\t\t\t\t\t\t\t\t\t\t\t<\/span>\n\t\t\t\t\t\t\t\t\t\t\t\t<a class=\"elementor-accordion-title\" tabindex=\"0\">Obras RESTAURACI\u00d3N FUENTES Y PORTALADA FINCA MARQU\u00c9S DE VALDECILLA<\/a>\n\t\t\t\t\t<\/div>\n\t\t\t\t\t<div id=\"elementor-tab-content-1018\" class=\"elementor-tab-content elementor-clearfix\" data-tab=\"8\" role=\"region\" aria-labelledby=\"elementor-tab-title-1018\"><h3>Tipo<\/h3><p>Contrato de OBRAS.<\/p><h3>N\u00ba Expediente<\/h3><p><strong>CON\/27\/2021<\/strong><\/p><h3>Procedimiento<\/h3><p>Abierto Simplificado.<\/p><h3>Valor estimado del contrato<\/h3><p>18.848,18 \u20ac, IVA excluido (21%).<\/p><h3>Fase<\/h3><p>Licitaci\u00f3n.<\/p><h3>Anuncio de licitaci\u00f3n<\/h3><p>Publicado en la Plataforma de Contrataci\u00f3n del Estado a fecha 17 de noviembre de 2021.<\/p><p><a href=\"http:\/\/mediocudeyo.es\/web\/wp-content\/uploads\/2021\/11\/DOC_CN2021-463852-anuncio-licitaci\u00f3n-1.pdf\">DOC_CN2021-463852 anuncio licitaci\u00f3n<\/a><\/p><p><a href=\"http:\/\/mediocudeyo.es\/web\/wp-content\/uploads\/2021\/11\/DOC_CD2021-464805-anuncio-pliegos.pdf\">DOC_CD2021-464805 anuncio pliegos<\/a><\/p><h3>Fecha l\u00edmite de presentaci\u00f3n<\/h3><p><em>7 de diciembre de 2021, a las 14:00 h.<br \/><\/em><\/p><h3>\u00a0Condiciones<\/h3><p><a href=\"http:\/\/mediocudeyo.es\/web\/wp-content\/uploads\/2021\/11\/PCAP-ANEXO-I-reparacion-de-fuentes-y-portalada-FMV-1.docx\">PCAP ANEXO I reparaci\u00f3n de fuentes y portalada FMV<\/a><\/p><p><a href=\"http:\/\/mediocudeyo.es\/web\/wp-content\/uploads\/2021\/11\/PCAP-OBRAS-SIMPLIFICADO-2.docx\">PCAP OBRAS SIMPLIFICADO<\/a><\/p><p><a href=\"http:\/\/mediocudeyo.es\/web\/wp-content\/uploads\/2021\/11\/MEMORIA-VALORADA-RESTAURACION-FUENTES-Y-PORTALADA-FMV-1.pdf\">MEMORIA VALORADA RESTAURACI\u00d3N FUENTES Y PORTALADA FMV<\/a><\/p><p><a href=\"http:\/\/mediocudeyo.es\/web\/wp-content\/uploads\/2021\/11\/ANEXO-II-DECLARACION-RESPONSABLE-Y-MODELO-OFERTA-ECONOMICA-2.docx\">ANEXO II DECLARACI\u00d3N RESPONSABLE Y MODELO OFERTA ECON\u00d3MICA<\/a><\/p><p>Contacto:\u00a0\u00a0\u00a0 contratacion@mediocudeyo.es<\/p><p><strong><em>Todos aquellos licitadores cuyas ofertas sean enviadas a trav\u00e9s del correo postal, deber\u00e1n remitir al correo electr\u00f3nico del ayuntamiento el resguardo de presentaci\u00f3n en el plazo establecido.<\/em><\/strong><\/p><h3>Apertura Sobre &lt;&lt;\u00daNICO&gt;&gt;<\/h3><p>DOCUMENTACI\u00d3N Y OFERTA ECON\u00d3MICA.<\/p><p>D\u00eda\/Hora: <strong>JUEVES, 9 de diciembre de 2021. 13:45 h<\/strong> (ANULADA CONVOCATORIA).<\/p><p><strong>AVISO URGENTE: Modificaci\u00f3n de CONVOCATORIA MESA DE CONTRATACI\u00d3N. La mesa queda pospuesta para el VIERNES, 10 de diciembre de 2021, a las 13:50 h.<\/strong><\/p><p>Lugar: Sal\u00f3n de Plenos. Casa Consistorial de Valdecilla. P\/ del Ayuntamiento, 1. Valdecilla (Medio Cudeyo \u2013 Cantabria)<\/p><\/div>\n\t\t\t\t<\/div>\n\t\t\t\t\t\t\t<div class=\"elementor-accordion-item\">\n\t\t\t\t\t<div id=\"elementor-tab-title-1019\" class=\"elementor-tab-title\" data-tab=\"9\" role=\"button\" aria-controls=\"elementor-tab-content-1019\" aria-expanded=\"false\">\n\t\t\t\t\t\t\t\t\t\t\t\t\t<span class=\"elementor-accordion-icon elementor-accordion-icon-left\" aria-hidden=\"true\">\n\t\t\t\t\t\t\t\t\t\t\t\t\t\t\t<span class=\"elementor-accordion-icon-closed\"><i class=\"fas fa-plus\"><\/i><\/span>\n\t\t\t\t\t\t\t\t<span class=\"elementor-accordion-icon-opened\"><i class=\"fas fa-minus\"><\/i><\/span>\n\t\t\t\t\t\t\t\t\t\t\t\t\t\t<\/span>\n\t\t\t\t\t\t\t\t\t\t\t\t<a class=\"elementor-accordion-title\" tabindex=\"0\">SUMINISTRO DE VEH\u00cdCULO PARA LA POLIC\u00cdA LOCAL DEL AYUNTAMIENTO DE MEDIO CUDEYO.<\/a>\n\t\t\t\t\t<\/div>\n\t\t\t\t\t<div id=\"elementor-tab-content-1019\" class=\"elementor-tab-content elementor-clearfix\" data-tab=\"9\" role=\"region\" aria-labelledby=\"elementor-tab-title-1019\"><h3>Fecha \u2013 Tipo<\/h3><p>16\/11\/2021- Contrato de SUMINISTROS.<\/p><h3>N\u00ba Expediente<\/h3><p>CON\/21\/2021<\/p><h3>Procedimiento<\/h3><p>Abierto Simplificado.<\/p><h3>Fase<\/h3><p>Licitaci\u00f3n.<\/p><h3>Anuncio de licitaci\u00f3n<\/h3><p>Publicado en la Plataforma de Contrataci\u00f3n del Estado a fecha 16 de NOVIEMBRE de 2021.<\/p><p><a href=\"http:\/\/mediocudeyo.es\/web\/wp-content\/uploads\/2021\/11\/DOC_CN2021-457704-anuncio-licitacion.pdf\">DOC_CN2021-457704 anuncio licitacion<\/a><\/p><h3>Fecha l\u00edmite de presentaci\u00f3n<\/h3><p><em>Mi\u00e9rcoles,<strong> 1 de diciembre de 2021, a las 14:00 h.<\/strong><br \/><\/em><\/p><h3>\u00a0Condiciones<\/h3><p><a href=\"http:\/\/mediocudeyo.es\/web\/wp-content\/uploads\/2021\/11\/PCAP-suministro-vehiculo-policia-local.docx\">PCAP suministro vehiculo policia local<\/a><\/p><p><a href=\"http:\/\/mediocudeyo.es\/web\/wp-content\/uploads\/2021\/11\/ANEXO-I-PCAP-suministro-vehiculo-policia-local-1.docx\">ANEXO I PCAP suministro vehiculo policia local<\/a><\/p><p><a href=\"http:\/\/mediocudeyo.es\/web\/wp-content\/uploads\/2021\/11\/PPT-suministro-VEHICULO-POLICIA-LOCAL.docx\">PPT suministro VEHICULO POLICIA LOCAL<\/a><\/p><p><a href=\"http:\/\/mediocudeyo.es\/web\/wp-content\/uploads\/2021\/11\/ANEXO-II-Declaracion-Responsable-2.doc\">ANEXO II Declaracion Responsable<\/a><\/p><p>Contacto:\u00a0\u00a0\u00a0 contratacion@mediocudeyo.es<\/p><p><strong><em>Todos aquellos licitadores cuyas ofertas sean enviadas a trav\u00e9s del correo postal, deber\u00e1n remitir al correo electr\u00f3nico del ayuntamiento el resguardo de presentaci\u00f3n en el plazo establecido.<\/em><\/strong><\/p><h3>Apertura Sobre &lt;&lt;\u00daNICO&gt;&gt;<\/h3><p>D\u00eda\/Hora: <strong>VIERNES, 3 de Diciembre de 2021. 10:00 h<\/strong>.<\/p><p>Lugar: Sal\u00f3n de Plenos. Casa Consistorial de Valdecilla. P\/ del Ayuntamiento, 1. Valdecilla (Medio Cudeyo \u2013 Cantabria)<\/p><\/div>\n\t\t\t\t<\/div>\n\t\t\t\t\t\t\t<div class=\"elementor-accordion-item\">\n\t\t\t\t\t<div id=\"elementor-tab-title-10110\" class=\"elementor-tab-title\" data-tab=\"10\" role=\"button\" aria-controls=\"elementor-tab-content-10110\" aria-expanded=\"false\">\n\t\t\t\t\t\t\t\t\t\t\t\t\t<span class=\"elementor-accordion-icon elementor-accordion-icon-left\" aria-hidden=\"true\">\n\t\t\t\t\t\t\t\t\t\t\t\t\t\t\t<span class=\"elementor-accordion-icon-closed\"><i class=\"fas fa-plus\"><\/i><\/span>\n\t\t\t\t\t\t\t\t<span class=\"elementor-accordion-icon-opened\"><i class=\"fas fa-minus\"><\/i><\/span>\n\t\t\t\t\t\t\t\t\t\t\t\t\t\t<\/span>\n\t\t\t\t\t\t\t\t\t\t\t\t<a class=\"elementor-accordion-title\" tabindex=\"0\">SERVICIO DE IMPARTICI\u00d3N TALLERES ACTIVIDAD FISICA PARA MAYORES.<\/a>\n\t\t\t\t\t<\/div>\n\t\t\t\t\t<div id=\"elementor-tab-content-10110\" class=\"elementor-tab-content elementor-clearfix\" data-tab=\"10\" role=\"region\" aria-labelledby=\"elementor-tab-title-10110\"><h3>Tipo<\/h3><p>Contrato de SERVICIOS.<\/p><h3>N\u00ba Expediente<\/h3><p>CON\/23\/2021.<\/p><h3>Procedimiento<\/h3><p>Abierto Simplificado.<\/p><h3>Valor estimado del contrato<\/h3><p>18.181,82 \u20ac, IVA excluido (21%).<\/p><h3>Fase<\/h3><p>Licitaci\u00f3n.<\/p><h3>Anuncio de licitaci\u00f3n<\/h3><p>Publicado en la Plataforma de Contrataci\u00f3n del Estado a fecha 10 de Septiembre de 2021.<\/p><p><strong><a href=\"http:\/\/mediocudeyo.es\/web\/wp-content\/uploads\/2021\/11\/DOC_CN2021-448905-anuncio-licitacion.pdf\">DOC_CN2021-448905 anuncio licitaci\u00f3n<\/a><\/strong><\/p><p><a href=\"http:\/\/mediocudeyo.es\/web\/wp-content\/uploads\/2021\/11\/DOC_CD2021-448908-anuncio-pliegos.pdf\"><strong>DOC_CD2021-448908 anuncio pliegos<\/strong><\/a><\/p><h3>Fecha l\u00edmite de presentaci\u00f3n<\/h3><p><em>Lunes, 29 de noviembre de 2021, a las 14:00 h.<br \/><\/em><\/p><h3>\u00a0Condiciones<\/h3><p><a href=\"http:\/\/mediocudeyo.es\/web\/wp-content\/uploads\/2021\/11\/PPT-ACTIVIDAD-FISICA.docx\">PPT ACTIVIDAD FISICA<\/a><\/p><p><a href=\"http:\/\/mediocudeyo.es\/web\/wp-content\/uploads\/2021\/11\/PCAP-Servicios-Abierto-Simplificado-TALLERES-ACTIVIDAD-FISICA.docx\">PCAP Servicios Abierto Simplificado TALLERES ACTIVIDAD FISICA<\/a><\/p><p><a href=\"http:\/\/mediocudeyo.es\/web\/wp-content\/uploads\/2021\/11\/ANEXO-I-PCAP-servicio-ACTIVIDAD-FISICA.docx\">ANEXO I PCAP servicio ACTIVIDAD FISICA<\/a><\/p><p><a href=\"http:\/\/mediocudeyo.es\/web\/wp-content\/uploads\/2021\/11\/ANEXO-II-MODELO-PRESENTACION-DE-OFERTA.doc\">ANEXO II MODELO PRESENTACION DE OFERTA<\/a><\/p><p>Contacto:\u00a0\u00a0\u00a0 contratacion@mediocudeyo.es<\/p><p><strong><em>Todos aquellos licitadores cuyas ofertas sean enviadas a trav\u00e9s del correo postal, deber\u00e1n remitir al correo electr\u00f3nico del ayuntamiento el resguardo de presentaci\u00f3n en el plazo establecido.<\/em><\/strong><\/p><h3>Apertura Sobre &lt;&lt;\u00daNICO&gt;&gt;<\/h3><p>D\u00eda\/Hora: <strong>MI\u00c9RCOLES, 1 de Diciembre de 2021. 10:00 h<\/strong>.<\/p><p>Lugar: Sal\u00f3n de Plenos. Casa Consistorial de Valdecilla. P\/ del Ayuntamiento, 1. Valdecilla (Medio Cudeyo \u2013 Cantabria)<\/p><\/div>\n\t\t\t\t<\/div>\n\t\t\t\t\t\t\t<div class=\"elementor-accordion-item\">\n\t\t\t\t\t<div id=\"elementor-tab-title-10111\" class=\"elementor-tab-title\" data-tab=\"11\" role=\"button\" aria-controls=\"elementor-tab-content-10111\" aria-expanded=\"false\">\n\t\t\t\t\t\t\t\t\t\t\t\t\t<span class=\"elementor-accordion-icon elementor-accordion-icon-left\" aria-hidden=\"true\">\n\t\t\t\t\t\t\t\t\t\t\t\t\t\t\t<span class=\"elementor-accordion-icon-closed\"><i class=\"fas fa-plus\"><\/i><\/span>\n\t\t\t\t\t\t\t\t<span class=\"elementor-accordion-icon-opened\"><i class=\"fas fa-minus\"><\/i><\/span>\n\t\t\t\t\t\t\t\t\t\t\t\t\t\t<\/span>\n\t\t\t\t\t\t\t\t\t\t\t\t<a class=\"elementor-accordion-title\" tabindex=\"0\">Obras CUBIERTA DE PISTA POLIDEPORTIVA DEL CRA. PE\u00d1A CABARGA de Heras<\/a>\n\t\t\t\t\t<\/div>\n\t\t\t\t\t<div id=\"elementor-tab-content-10111\" class=\"elementor-tab-content elementor-clearfix\" data-tab=\"11\" role=\"region\" aria-labelledby=\"elementor-tab-title-10111\"><h3>Tipo<\/h3><p>Contrato de OBRAS.<\/p><h3>N\u00ba Expediente<\/h3><p>CON\/20\/2021 \u2013 FASE: <strong><a href=\"http:\/\/mediocudeyo.es\/web\/wp-content\/uploads\/2021\/11\/DESISTIMIENTO2021-448299.pdf\">DESISTIMIENTO2021-448299<\/a><\/strong><\/p><p><strong>CON\/28\/2021<\/strong> \u2013 NUEVA LICITACI\u00d3N.<\/p><h3>Procedimiento<\/h3><p>Abierto Simplificado.<\/p><h3>Valor estimado del contrato<\/h3><p>265.122,70 \u20ac, IVA excluido (21%).<\/p><h3>PLAZO DE EJECUCI\u00d3N<\/h3><p>OCHO (8) meses, contados a partir del d\u00eda siguiente al de la firma del Acta de comprobaci\u00f3n del replanteo.<\/p><h3>Fase<\/h3><p>Licitaci\u00f3n.<\/p><h3>Anuncio de licitaci\u00f3n<\/h3><p>Publicado en la Plataforma de Contrataci\u00f3n del Estado a fecha 16 de noviembre de 2021.<\/p><p><a href=\"http:\/\/mediocudeyo.es\/web\/wp-content\/uploads\/2021\/11\/DOC_CN2021-459971-anuncio-licitacion.pdf\">DOC_CN2021-459971 anuncio licitacion<\/a><\/p><p><a href=\"http:\/\/mediocudeyo.es\/web\/wp-content\/uploads\/2021\/11\/DOC_CD2021-459983-anuncio-pliegos.pdf\">DOC_CD2021-459983 anuncio pliegos<\/a><\/p><h3>Fecha l\u00edmite de presentaci\u00f3n<\/h3><p><em>Martes, 7 de diciembre de 2021, a las 14:00 h.<br \/><\/em><\/p><h3>\u00a0Condiciones<\/h3><p><a href=\"http:\/\/mediocudeyo.es\/web\/wp-content\/uploads\/2021\/11\/PCAP-OBRAS-SIMPLIFICADO-obras.docx\">PCAP OBRAS SIMPLIFICADO obras<\/a><\/p><p><a href=\"http:\/\/mediocudeyo.es\/web\/wp-content\/uploads\/2021\/11\/PCAP-ANEXO-I-CUBIERTA-PISTA-POLIDEPORTIVA-CRA-HERAS.docx\">PCAP ANEXO I CUBIERTA PISTA POLIDEPORTIVA CRA HERAS<\/a><\/p><p><a href=\"http:\/\/mediocudeyo.es\/web\/wp-content\/uploads\/2021\/11\/ANEXO-II-DECLARACION-RESPONSABLE-Y-MODELO-OFERTA-ECONOMICA.docx\">ANEXO II DECLARACION RESPONSABLE Y MODELO OFERTA ECONOMICA<\/a><\/p><p><a href=\"http:\/\/mediocudeyo.es\/web\/wp-content\/uploads\/2021\/11\/DOC_CD2021-459983-anuncio-pliegos.pdf\">DOC_CD2021-459983 anuncio pliegos<\/a><\/p><p>Contacto:\u00a0\u00a0\u00a0 contratacion@mediocudeyo.es<\/p><p><strong><em>Todos aquellos licitadores cuyas ofertas sean enviadas a trav\u00e9s del correo postal, deber\u00e1n remitir al correo electr\u00f3nico del ayuntamiento el resguardo de presentaci\u00f3n en el plazo establecido.<\/em><\/strong><\/p><h3>Apertura Sobre &lt;&lt;\u00daNICO&gt;&gt;<\/h3><p>DOCUMENTACI\u00d3N Y OFERTA ECON\u00d3MICA.<\/p><p>D\u00eda\/Hora: <strong>JUEVES, 9 de diciembre de 2021. 13:30 h<\/strong>.<\/p><p>Lugar: Sal\u00f3n de Plenos. Casa Consistorial de Valdecilla. P\/ del Ayuntamiento, 1. Valdecilla (Medio Cudeyo \u2013 Cantabria)<\/p><\/div>\n\t\t\t\t<\/div>\n\t\t\t\t\t\t\t<div class=\"elementor-accordion-item\">\n\t\t\t\t\t<div id=\"elementor-tab-title-10112\" class=\"elementor-tab-title\" data-tab=\"12\" role=\"button\" aria-controls=\"elementor-tab-content-10112\" aria-expanded=\"false\">\n\t\t\t\t\t\t\t\t\t\t\t\t\t<span class=\"elementor-accordion-icon elementor-accordion-icon-left\" aria-hidden=\"true\">\n\t\t\t\t\t\t\t\t\t\t\t\t\t\t\t<span class=\"elementor-accordion-icon-closed\"><i class=\"fas fa-plus\"><\/i><\/span>\n\t\t\t\t\t\t\t\t<span class=\"elementor-accordion-icon-opened\"><i class=\"fas fa-minus\"><\/i><\/span>\n\t\t\t\t\t\t\t\t\t\t\t\t\t\t<\/span>\n\t\t\t\t\t\t\t\t\t\t\t\t<a class=\"elementor-accordion-title\" tabindex=\"0\">SUMINISTRO DE TRACTOR CON BRAZO DESTROZADORA PARA EL SERVICIO DE PARQUES Y JARDINES DEL AYUNTAMIENTO DE MEDIO CUDEYO.<\/a>\n\t\t\t\t\t<\/div>\n\t\t\t\t\t<div id=\"elementor-tab-content-10112\" class=\"elementor-tab-content elementor-clearfix\" data-tab=\"12\" role=\"region\" aria-labelledby=\"elementor-tab-title-10112\"><h3>Fecha \u2013 Tipo<\/h3><p>29\/09\/2021- Contrato de SUMINISTROS.<\/p><h3>N\u00ba Expediente<\/h3><p>CON\/17\/2021<\/p><h3>Procedimiento<\/h3><p>Abierto Simplificado.<\/p><h3>Valor estimado del contrato<\/h3><p>99.173,55 \u20ac, IVA excluido (21%).<\/p><h3>Fase<\/h3><p>Adjudicaci\u00f3n: AGR\u00cdCOLA PATRICIO, SL.<\/p><\/div>\n\t\t\t\t<\/div>\n\t\t\t\t\t\t\t<div class=\"elementor-accordion-item\">\n\t\t\t\t\t<div id=\"elementor-tab-title-10113\" class=\"elementor-tab-title\" data-tab=\"13\" role=\"button\" aria-controls=\"elementor-tab-content-10113\" aria-expanded=\"false\">\n\t\t\t\t\t\t\t\t\t\t\t\t\t<span class=\"elementor-accordion-icon elementor-accordion-icon-left\" aria-hidden=\"true\">\n\t\t\t\t\t\t\t\t\t\t\t\t\t\t\t<span class=\"elementor-accordion-icon-closed\"><i class=\"fas fa-plus\"><\/i><\/span>\n\t\t\t\t\t\t\t\t<span class=\"elementor-accordion-icon-opened\"><i class=\"fas fa-minus\"><\/i><\/span>\n\t\t\t\t\t\t\t\t\t\t\t\t\t\t<\/span>\n\t\t\t\t\t\t\t\t\t\t\t\t<a class=\"elementor-accordion-title\" tabindex=\"0\">OBRAS TRABAJOS DE PINTURA<\/a>\n\t\t\t\t\t<\/div>\n\t\t\t\t\t<div id=\"elementor-tab-content-10113\" class=\"elementor-tab-content elementor-clearfix\" data-tab=\"13\" role=\"region\" aria-labelledby=\"elementor-tab-title-10113\"><h3>Tipo<\/h3><p>Contrato de OBRAS.<\/p><p>LOTE I. PINTURA BARANDILLAS DE SOLARES: Avda. Calvo Sotelo y Paseo de Alisas.<\/p><p>LOTE II. SE\u00d1ALIZACION HORIZONTAL en Medio Cudeyo.<\/p><p>LOTE III. PINTURA DE FACHADAS DE LA CASA BLANCA Y SAN RAFAEL EN FMV. (Incluye pintura de aleros, puertas exteriores, hierros y ventanas).<\/p><p>LOTE IV. PINTURA DE FACHADAS CASA DE LOS MAESTROS Valdecilla. (Incluye pintura de aleros, puertas exteriores y balc\u00f3n).<\/p><h3>N\u00ba Expediente<\/h3><p>CON\/18\/2021<\/p><h3>Procedimiento<\/h3><p>Abierto Simplificado.<\/p><h3>Valor estimado del contrato<\/h3><p>125.275,54 \u20ac, IVA excluido (21%).<\/p><h3>PLAZO DE EJECUCI\u00d3N<\/h3><p>UN (1) mes, contados a partir del d\u00eda siguiente al de la firma del Acta de comprobaci\u00f3n del replanteo.<\/p><h3>Fase<\/h3><p>Licitaci\u00f3n.<\/p><h3>Anuncio de licitaci\u00f3n<\/h3><p>Publicado en la Plataforma de Contrataci\u00f3n del Estado a fecha 29 de Septiembre de 2021.<\/p><h3>Apertura Sobre &lt;&lt;\u00daNICO&gt;&gt;<\/h3><p>D\u00eda\/Hora: JUEVES, <strong>21 de Octubre de 2021. 10:00 h.<\/strong><\/p><p>Lugar: Sal\u00f3n de Plenos. Casa Consistorial de Valdecilla. P\/ del Ayuntamiento, 1. Valdecilla (Medio Cudeyo \u2013 Cantabria)<\/p><\/div>\n\t\t\t\t<\/div>\n\t\t\t\t\t\t\t<div class=\"elementor-accordion-item\">\n\t\t\t\t\t<div id=\"elementor-tab-title-10114\" class=\"elementor-tab-title\" data-tab=\"14\" role=\"button\" aria-controls=\"elementor-tab-content-10114\" aria-expanded=\"false\">\n\t\t\t\t\t\t\t\t\t\t\t\t\t<span class=\"elementor-accordion-icon elementor-accordion-icon-left\" aria-hidden=\"true\">\n\t\t\t\t\t\t\t\t\t\t\t\t\t\t\t<span class=\"elementor-accordion-icon-closed\"><i class=\"fas fa-plus\"><\/i><\/span>\n\t\t\t\t\t\t\t\t<span class=\"elementor-accordion-icon-opened\"><i class=\"fas fa-minus\"><\/i><\/span>\n\t\t\t\t\t\t\t\t\t\t\t\t\t\t<\/span>\n\t\t\t\t\t\t\t\t\t\t\t\t<a class=\"elementor-accordion-title\" tabindex=\"0\">OBRAS CONTENCI\u00d3N DE ACCESO PILAMARTE<\/a>\n\t\t\t\t\t<\/div>\n\t\t\t\t\t<div id=\"elementor-tab-content-10114\" class=\"elementor-tab-content elementor-clearfix\" data-tab=\"14\" role=\"region\" aria-labelledby=\"elementor-tab-title-10114\"><h3>Tipo<\/h3><p>Contrato de OBRAS.<\/p><h3>N\u00ba Expediente<\/h3><p>CON\/16\/2021<\/p><h3>Procedimiento<\/h3><p>Abierto Simplificado.<\/p><h3>Valor estimado del contrato<\/h3><p>39.985,19 \u20ac, IVA excluido (21%).<\/p><h3>PLAZO DE EJECUCI\u00d3N<\/h3><p>UN (1) mes, contados a partir del d\u00eda siguiente al de la firma del Acta de comprobaci\u00f3n del replanteo.<\/p><h3>Fase<\/h3><p>Licitaci\u00f3n.<\/p><h3>Anuncio de licitaci\u00f3n<\/h3><p>Publicado en la Plataforma de Contrataci\u00f3n del Estado a fecha 24 de Septiembre de 2021.<\/p><p><a href=\"http:\/\/mediocudeyo.es\/web\/wp-content\/uploads\/2021\/09\/DOC_CN2021-283140-anuncio-licitacion.pdf\">DOC_CN2021-283140 anuncio <strong>licitaci\u00f3n<\/strong><\/a><\/p><\/div>\n\t\t\t\t<\/div>\n\t\t\t\t\t\t\t<div class=\"elementor-accordion-item\">\n\t\t\t\t\t<div id=\"elementor-tab-title-10115\" class=\"elementor-tab-title\" data-tab=\"15\" role=\"button\" aria-controls=\"elementor-tab-content-10115\" aria-expanded=\"false\">\n\t\t\t\t\t\t\t\t\t\t\t\t\t<span class=\"elementor-accordion-icon elementor-accordion-icon-left\" aria-hidden=\"true\">\n\t\t\t\t\t\t\t\t\t\t\t\t\t\t\t<span class=\"elementor-accordion-icon-closed\"><i class=\"fas fa-plus\"><\/i><\/span>\n\t\t\t\t\t\t\t\t<span class=\"elementor-accordion-icon-opened\"><i class=\"fas fa-minus\"><\/i><\/span>\n\t\t\t\t\t\t\t\t\t\t\t\t\t\t<\/span>\n\t\t\t\t\t\t\t\t\t\t\t\t<a class=\"elementor-accordion-title\" tabindex=\"0\">PARQUES INFANTILES.<\/a>\n\t\t\t\t\t<\/div>\n\t\t\t\t\t<div id=\"elementor-tab-content-10115\" class=\"elementor-tab-content elementor-clearfix\" data-tab=\"15\" role=\"region\" aria-labelledby=\"elementor-tab-title-10115\"><p>LOTE I \u2013 RENOVACI\u00d3N PARQUES INFANTILES.<\/p><p>LOTE II \u2013 CUBIERTA PARQUE INFANTIL MONSE\u00d1OR DE COS.<\/p><h3>Tipo<\/h3><p>Contrato de OBRAS.<\/p><h3>N\u00ba Expediente<\/h3><p>CON\/14\/2021<\/p><h3>Procedimiento<\/h3><p>Abierto Simplificado.<\/p><h3>Valor estimado del contrato<\/h3><p>195.779,88 \u20ac, IVA excluido (21%).<\/p><p>Lote I: RENOVACI\u00d3N PARQUES INFANTILES.<\/p><p><strong>Valor estimado: 62.384,89 euros (21% IVA NO INCLUIDO)<br \/><\/strong><\/p><p>\u2013 Lote II: CUBIERTA PARQUE INFANTIL MONSE\u00d1OR DE COS.<\/p><p><strong>Valor estimado: 133.394,99 euros (21% IVA NO INCLUIDO).<br \/><\/strong><\/p><h3>PLAZO DE EJECUCI\u00d3N<\/h3><p>CUATRO (4) meses, contados a partir del d\u00eda siguiente al de la firma del Acta de comprobaci\u00f3n del replanteo.<\/p><h3>ADJUDICACI\u00d3N:<\/h3><p>LOTE I. RENOVACI\u00d3N DE PARQUES INFANTILES:<\/p><p><strong>OURI ENTRETENIMIENTOS, SL.<\/strong><\/p><p>LOTE II. CUBIERTA PARQUE INFANTIL MONSE\u00d1OR DE COS:<\/p><p><strong>D<em>ESIERTO. Nueva Licitaci\u00f3n.<\/em><\/strong><\/p><\/div>\n\t\t\t\t<\/div>\n\t\t\t\t\t\t\t<div class=\"elementor-accordion-item\">\n\t\t\t\t\t<div id=\"elementor-tab-title-10116\" class=\"elementor-tab-title\" data-tab=\"16\" role=\"button\" aria-controls=\"elementor-tab-content-10116\" aria-expanded=\"false\">\n\t\t\t\t\t\t\t\t\t\t\t\t\t<span class=\"elementor-accordion-icon elementor-accordion-icon-left\" aria-hidden=\"true\">\n\t\t\t\t\t\t\t\t\t\t\t\t\t\t\t<span class=\"elementor-accordion-icon-closed\"><i class=\"fas fa-plus\"><\/i><\/span>\n\t\t\t\t\t\t\t\t<span class=\"elementor-accordion-icon-opened\"><i class=\"fas fa-minus\"><\/i><\/span>\n\t\t\t\t\t\t\t\t\t\t\t\t\t\t<\/span>\n\t\t\t\t\t\t\t\t\t\t\t\t<a class=\"elementor-accordion-title\" tabindex=\"0\">RESTAURACIONES FMV: DEP\u00d3SITO DE AGUA Y ENREJADOS FMV.<\/a>\n\t\t\t\t\t<\/div>\n\t\t\t\t\t<div id=\"elementor-tab-content-10116\" class=\"elementor-tab-content elementor-clearfix\" data-tab=\"16\" role=\"region\" aria-labelledby=\"elementor-tab-title-10116\"><p>LOTE I \u2013 RESTAURACI\u00d3N DEP\u00d3SITO DE AGUA FMV.<\/p><p>LOTE II \u2013 RESTAURACI\u00d3N ENREJADOS FMV.<\/p><h3>Tipo<\/h3><p>Contrato de OBRAS.<\/p><h3>N\u00ba Expediente<\/h3><p>CON\/13\/2021<\/p><h3>Procedimiento<\/h3><p>Abierto Simplificado.<\/p><h3>Valor estimado del contrato<\/h3><p>86.524,90 \u20ac, IVA excluido (21%).<\/p><p>Lote I: RESTAURACI\u00d3N DEP\u00d3SITO DE AGUA FMV.<\/p><p><strong>Valor estimado: 43.387,40 euros. Plazo de ejecuci\u00f3n: 2 MESES.<\/strong><\/p><p>\u2013 Lote II: RESTAURACI\u00d3N ENREJADOS FMV.<\/p><p><strong>Valor estimado: 43.137,50 euros. Plazo de ejecuci\u00f3n: 2 MESES.<\/strong><\/p><h3>PLAZO DE EJECUCI\u00d3N<\/h3><p>DOS (2) meses, contados a partir del d\u00eda siguiente al de la firma del Acta de comprobaci\u00f3n del replanteo.<\/p><h3>Fase<\/h3><p>Licitaci\u00f3n.<\/p><h3>Anuncio de licitaci\u00f3n<\/h3><p>Publicado en la Plataforma de Contrataci\u00f3n del Estado a fecha 17 de Septiembre de 2021.<\/p><p><a href=\"http:\/\/mediocudeyo.es\/web\/wp-content\/uploads\/2021\/09\/DOC_CN2021-265209-ANUNCIO-LICITACION.pdf\">DOC_CN2021-265209 ANUNCIO LICITACION<\/a><\/p><p><a href=\"http:\/\/mediocudeyo.es\/web\/wp-content\/uploads\/2021\/09\/DOC_CD2021-26523-ANUNCIO-PLIEGOS.pdf\">DOC_CD2021-26523 ANUNCIO PLIEGOS<\/a><\/p><h3>Fecha l\u00edmite de presentaci\u00f3n<\/h3><p><em>\u00a0Viernes, 8 de Octubre de 2021, a las 14:00 h.<br \/><\/em><\/p><h3>\u00a0Condiciones<\/h3><p><a href=\"http:\/\/mediocudeyo.es\/web\/wp-content\/uploads\/2021\/09\/PCAP-OBRAS-RESTAURACION-DEPOSITO-Y-ENREJADOS-FIMV-2-LOTES.docx\">PCAP OBRAS RESTAURACI\u00d3N DEPOSITO Y ENREJADOS FMV 2 LOTES<\/a><\/p><p><a href=\"http:\/\/mediocudeyo.es\/web\/wp-content\/uploads\/2021\/09\/ANEXO-I-Declaracion-Responsable-y-Proposicion-Economica.doc\">ANEXO I Declaraci\u00f3n Responsable y Proposici\u00f3n Econ\u00f3mica<\/a><\/p><p>LOTE I.<\/p><p><a href=\"http:\/\/mediocudeyo.es\/web\/wp-content\/uploads\/2021\/09\/MEMORIA-VALORADA-LOTE-I-REPARACION-DEPOSITO-AGUA-FMV.pdf\">MEMORIA VALORADA LOTE I REPARACI\u00d3N DEPOSITO AGUA FMV<\/a><\/p><p>LOTE II.<\/p><p><a href=\"http:\/\/mediocudeyo.es\/web\/wp-content\/uploads\/2021\/09\/MEMORIA-VALORADA-LOTE-II-ENREJADOS-FMV.pdf\">MEMORIA VALORADA LOTE II ENREJADOS FMV<\/a><\/p><p>Contacto:\u00a0\u00a0\u00a0 contratacion@mediocudeyo.es<\/p><p><strong><em>Todos aquellos licitadores cuyas ofertas sean enviadas a trav\u00e9s del correo postal, deber\u00e1n remitir al correo electr\u00f3nico del ayuntamiento el resguardo de presentaci\u00f3n en el plazo establecido.<\/em><\/strong><\/p><h3>Apertura Sobre &lt;&lt;\u00daNICO&gt;&gt;<\/h3><p>DOCUMENTACI\u00d3N Y OFERTA ECON\u00d3MICA.<\/p><p>D\u00eda\/Hora: <strong>JUEVES, 14 de Octubre de 2021. 10:00 h<\/strong>.<\/p><p>Lugar: Sal\u00f3n de Plenos. Casa Consistorial de Valdecilla. P\/ del Ayuntamiento, 1. Valdecilla (Medio Cudeyo \u2013 Cantabria)<\/p><\/div>\n\t\t\t\t<\/div>\n\t\t\t\t\t\t\t<div class=\"elementor-accordion-item\">\n\t\t\t\t\t<div id=\"elementor-tab-title-10117\" class=\"elementor-tab-title\" data-tab=\"17\" role=\"button\" aria-controls=\"elementor-tab-content-10117\" aria-expanded=\"false\">\n\t\t\t\t\t\t\t\t\t\t\t\t\t<span class=\"elementor-accordion-icon elementor-accordion-icon-left\" aria-hidden=\"true\">\n\t\t\t\t\t\t\t\t\t\t\t\t\t\t\t<span class=\"elementor-accordion-icon-closed\"><i class=\"fas fa-plus\"><\/i><\/span>\n\t\t\t\t\t\t\t\t<span class=\"elementor-accordion-icon-opened\"><i class=\"fas fa-minus\"><\/i><\/span>\n\t\t\t\t\t\t\t\t\t\t\t\t\t\t<\/span>\n\t\t\t\t\t\t\t\t\t\t\t\t<a class=\"elementor-accordion-title\" tabindex=\"0\">SERVICIO DE MADRUGADORES<\/a>\n\t\t\t\t\t<\/div>\n\t\t\t\t\t<div id=\"elementor-tab-content-10117\" class=\"elementor-tab-content elementor-clearfix\" data-tab=\"17\" role=\"region\" aria-labelledby=\"elementor-tab-title-10117\"><h3>Tipo<\/h3><p>Contrato de SERVICIOS.<\/p><h3>N\u00ba Expediente<\/h3><p>CON\/15\/2021<\/p><h3>Procedimiento<\/h3><p>Abierto Simplificado.<\/p><h3>Valor estimado del contrato<\/h3><p>24.000,00 \u20ac, IVA excluido (21%).<\/p><h3>Fase<\/h3><p>Licitaci\u00f3n.<\/p><h3>Anuncio de licitaci\u00f3n<\/h3><p>Publicado en la Plataforma de Contrataci\u00f3n del Estado a fecha 10 de Septiembre de 2021.<\/p><p><strong><a href=\"http:\/\/mediocudeyo.es\/web\/wp-content\/uploads\/2021\/09\/DOC_CN2021-247273-anuncio-licitacion.pdf\">DOC_CN2021-247273 anuncio licitaci\u00f3n<\/a> <\/strong><\/p><p><strong><a href=\"http:\/\/mediocudeyo.es\/web\/wp-content\/uploads\/2021\/09\/DOC_PIN2021-247226-anuncio-previo.pdf\">DOC_PIN2021-247226 anuncio previo<\/a><\/strong><\/p><h3>Fecha l\u00edmite de presentaci\u00f3n<\/h3><p><em>Lunes, 27 de Septiembre de 2021, a las 14:00 h.<br \/><\/em><\/p><h3>\u00a0Condiciones<\/h3><p><a href=\"http:\/\/mediocudeyo.es\/web\/wp-content\/uploads\/2021\/09\/PCAP-Servicios-Abierto-Simplificado-MADRUGADORES.docx\">PCAP Servicios Abierto Simplificado MADRUGADORES<\/a><\/p><p><a href=\"http:\/\/mediocudeyo.es\/web\/wp-content\/uploads\/2021\/09\/ANEXO-I-PCAP-Servicios-Abierto-Simplificado-sin-lotes-madrugadores.docx\">ANEXO I PCAP Servicios Abierto Simplificado sin lotes madrugadores<\/a><\/p><p><a href=\"http:\/\/mediocudeyo.es\/web\/wp-content\/uploads\/2021\/09\/PPT-Programa-SERVICIO-MADRUGADORES.docx\">PPT Programa SERVICIO MADRUGADORES<\/a><\/p><p><a href=\"http:\/\/mediocudeyo.es\/web\/wp-content\/uploads\/2021\/09\/ANEXO-VI-DECLARACION-RESPONSABLE-SERVICIO-MADRIGADORES.doc\">ANEXO VI DECLARACI\u00d3N RESPONSABLE SERVICIO MADRIGADORES<\/a><\/p><p><a href=\"http:\/\/mediocudeyo.es\/web\/wp-content\/uploads\/2021\/09\/ANEXO-VII-MODELO-OFERTA-ECONOMICA-SERVICIO-MADRUGADORES.doc\">ANEXO VII MODELO OFERTA ECONOMICA SERVICIO MADRUGADORES<\/a><\/p><p><a href=\"http:\/\/mediocudeyo.es\/web\/wp-content\/uploads\/2021\/09\/ANEXO-VIII-COMPROMISO-SOLVENCIA.doc\">ANEXO VIII COMPROMISO SOLVENCIA<\/a><\/p><p>Contacto:\u00a0\u00a0\u00a0 contratacion@mediocudeyo.es<\/p><p><strong><em>Todos aquellos licitadores cuyas ofertas sean enviadas a trav\u00e9s del correo postal, deber\u00e1n remitir al correo electr\u00f3nico del ayuntamiento el resguardo de presentaci\u00f3n en el plazo establecido.<\/em><\/strong><\/p><h4>ADJUDICACI\u00d3N: ALEGR\u00cdA TIEMPO LIBRE, SL.<\/h4><\/div>\n\t\t\t\t<\/div>\n\t\t\t\t\t\t\t<div class=\"elementor-accordion-item\">\n\t\t\t\t\t<div id=\"elementor-tab-title-10118\" class=\"elementor-tab-title\" data-tab=\"18\" role=\"button\" aria-controls=\"elementor-tab-content-10118\" aria-expanded=\"false\">\n\t\t\t\t\t\t\t\t\t\t\t\t\t<span class=\"elementor-accordion-icon elementor-accordion-icon-left\" aria-hidden=\"true\">\n\t\t\t\t\t\t\t\t\t\t\t\t\t\t\t<span class=\"elementor-accordion-icon-closed\"><i class=\"fas fa-plus\"><\/i><\/span>\n\t\t\t\t\t\t\t\t<span class=\"elementor-accordion-icon-opened\"><i class=\"fas fa-minus\"><\/i><\/span>\n\t\t\t\t\t\t\t\t\t\t\t\t\t\t<\/span>\n\t\t\t\t\t\t\t\t\t\t\t\t<a class=\"elementor-accordion-title\" tabindex=\"0\">ESCUELAS CULTURALES II: TALLER FOTOGRAF\u00cdA Y TALLER DE ROB\u00d3TICA<\/a>\n\t\t\t\t\t<\/div>\n\t\t\t\t\t<div id=\"elementor-tab-content-10118\" class=\"elementor-tab-content elementor-clearfix\" data-tab=\"18\" role=\"region\" aria-labelledby=\"elementor-tab-title-10118\"><h3>Tipo<\/h3><p>Contrato de SERVICIOS.<\/p><p>LOTES (2):<\/p><p>LOTE I. TALLER DE FOTOGRAF\u00cdA<\/p><p>LOTE II. TALLER DE ROB\u00d3TICA<\/p><h3>N\u00ba Expediente<\/h3><p>CON\/11\/2021<\/p><h3>Procedimiento<\/h3><p>Abierto Simplificado.<\/p><h3>Valor estimado del contrato<\/h3><p>23.801,64 \u20ac, IVA excluido (21%).<\/p><h3>ADJUDICACI\u00d3N \/ FORMALIZACI\u00d3N<\/h3><p><strong>LOTE I. TALLER DE FOTOGRAF\u00cdA: JAVIER GIL GUTI\u00c9RREZ.<br \/><\/strong><\/p><p>FECHA DE FORMALIZACI\u00d3N CONTRATO: <strong>06\/10\/2021.<\/strong><\/p><p><strong>LOTE II. TALLER DE ROB\u00d3TICA: DAVID PALACIO ABDALLAH.<br \/><\/strong><\/p><p>FECHA DE FORMALIZACI\u00d3N CONTRATO: <strong>06\/10\/2021.<\/strong><\/p><\/div>\n\t\t\t\t<\/div>\n\t\t\t\t\t\t\t<div class=\"elementor-accordion-item\">\n\t\t\t\t\t<div id=\"elementor-tab-title-10119\" class=\"elementor-tab-title\" data-tab=\"19\" role=\"button\" aria-controls=\"elementor-tab-content-10119\" aria-expanded=\"false\">\n\t\t\t\t\t\t\t\t\t\t\t\t\t<span class=\"elementor-accordion-icon elementor-accordion-icon-left\" aria-hidden=\"true\">\n\t\t\t\t\t\t\t\t\t\t\t\t\t\t\t<span class=\"elementor-accordion-icon-closed\"><i class=\"fas fa-plus\"><\/i><\/span>\n\t\t\t\t\t\t\t\t<span class=\"elementor-accordion-icon-opened\"><i class=\"fas fa-minus\"><\/i><\/span>\n\t\t\t\t\t\t\t\t\t\t\t\t\t\t<\/span>\n\t\t\t\t\t\t\t\t\t\t\t\t<a class=\"elementor-accordion-title\" tabindex=\"0\">OBRAS ASFALTADOS EN MEDIO CUDEYO<\/a>\n\t\t\t\t\t<\/div>\n\t\t\t\t\t<div id=\"elementor-tab-content-10119\" class=\"elementor-tab-content elementor-clearfix\" data-tab=\"19\" role=\"region\" aria-labelledby=\"elementor-tab-title-10119\"><h3>Tipo<\/h3><p>Contrato de OBRAS.<\/p><h3>N\u00ba Expediente<\/h3><p>CON\/12\/2021<\/p><h3>Procedimiento<\/h3><p>Abierto Simplificado.<\/p><h3>Valor estimado del contrato<\/h3><p>640.804,17 \u20ac, IVA excluido (21%).<\/p><\/div>\n\t\t\t\t<\/div>\n\t\t\t\t\t\t\t<div class=\"elementor-accordion-item\">\n\t\t\t\t\t<div id=\"elementor-tab-title-10120\" class=\"elementor-tab-title\" data-tab=\"20\" role=\"button\" aria-controls=\"elementor-tab-content-10120\" aria-expanded=\"false\">\n\t\t\t\t\t\t\t\t\t\t\t\t\t<span class=\"elementor-accordion-icon elementor-accordion-icon-left\" aria-hidden=\"true\">\n\t\t\t\t\t\t\t\t\t\t\t\t\t\t\t<span class=\"elementor-accordion-icon-closed\"><i class=\"fas fa-plus\"><\/i><\/span>\n\t\t\t\t\t\t\t\t<span class=\"elementor-accordion-icon-opened\"><i class=\"fas fa-minus\"><\/i><\/span>\n\t\t\t\t\t\t\t\t\t\t\t\t\t\t<\/span>\n\t\t\t\t\t\t\t\t\t\t\t\t<a class=\"elementor-accordion-title\" tabindex=\"0\">SUMINISTRO DE VEH\u00cdCULO PARA EL SERVICIO DE OBRAS E INFRAESTRUCTURAS DEL AYUNTAMIENTO DE MEDIO CUDEYO<\/a>\n\t\t\t\t\t<\/div>\n\t\t\t\t\t<div id=\"elementor-tab-content-10120\" class=\"elementor-tab-content elementor-clearfix\" data-tab=\"20\" role=\"region\" aria-labelledby=\"elementor-tab-title-10120\"><h3>Fecha \u2013 Tipo<\/h3><p>05\/07\/2021- Contrato de SUMINISTROS.<\/p><h3>N\u00ba Expediente<\/h3><p>CON\/10\/2021<\/p><h3>Procedimiento<\/h3><p>Abierto Simplificado.<\/p><h3>Valor estimado del contrato<\/h3><p>13.223,14 \u20ac, IVA excluido (21%).<\/p><h3>Duraci\u00f3n del contrato<\/h3><p>12 meses.<\/p><h3>ADJUDICACI\u00d3N \/ FORMALIZACI\u00d3N<\/h3><p><strong>VIDAL DE LA PE\u00d1A AUTOMOVILES, SL.<\/strong><\/p><p>Contrato Formalizado:<strong> 30\/08\/2021<\/strong><\/p><\/div>\n\t\t\t\t<\/div>\n\t\t\t\t\t\t\t<div class=\"elementor-accordion-item\">\n\t\t\t\t\t<div id=\"elementor-tab-title-10121\" class=\"elementor-tab-title\" data-tab=\"21\" role=\"button\" aria-controls=\"elementor-tab-content-10121\" aria-expanded=\"false\">\n\t\t\t\t\t\t\t\t\t\t\t\t\t<span class=\"elementor-accordion-icon elementor-accordion-icon-left\" aria-hidden=\"true\">\n\t\t\t\t\t\t\t\t\t\t\t\t\t\t\t<span class=\"elementor-accordion-icon-closed\"><i class=\"fas fa-plus\"><\/i><\/span>\n\t\t\t\t\t\t\t\t<span class=\"elementor-accordion-icon-opened\"><i class=\"fas fa-minus\"><\/i><\/span>\n\t\t\t\t\t\t\t\t\t\t\t\t\t\t<\/span>\n\t\t\t\t\t\t\t\t\t\t\t\t<a class=\"elementor-accordion-title\" tabindex=\"0\">CAMPUS MULTIDEPORTE VERANO<\/a>\n\t\t\t\t\t<\/div>\n\t\t\t\t\t<div id=\"elementor-tab-content-10121\" class=\"elementor-tab-content elementor-clearfix\" data-tab=\"21\" role=\"region\" aria-labelledby=\"elementor-tab-title-10121\"><h3>Tipo<\/h3><p>Contrato de SERVICIOS.<\/p><h3>N\u00ba Expediente<\/h3><p>CON\/9<strong>\/2021<\/strong><\/p><h3>Procedimiento<\/h3><p>Abierto SIMPLIFICADO.<\/p><h3>Valor estimado del contrato<\/h3><p>21.000,00 \u20ac, IVA excluido.<\/p><h3>Duraci\u00f3n del contrato<\/h3><p>12 meses.<\/p><p>Posibilidad de pr\u00f3rroga por un periodo m\u00e1ximo de 12 meses m\u00e1s.<\/p><h4>ADJUDICADO: ALEGR\u00cdA TIEMPO LIBRE, SL.<\/h4><h4>CONTRATO FORMALIZADO: 30\/06\/2021.<\/h4><\/div>\n\t\t\t\t<\/div>\n\t\t\t\t\t\t\t<div class=\"elementor-accordion-item\">\n\t\t\t\t\t<div id=\"elementor-tab-title-10122\" class=\"elementor-tab-title\" data-tab=\"22\" role=\"button\" aria-controls=\"elementor-tab-content-10122\" aria-expanded=\"false\">\n\t\t\t\t\t\t\t\t\t\t\t\t\t<span class=\"elementor-accordion-icon elementor-accordion-icon-left\" aria-hidden=\"true\">\n\t\t\t\t\t\t\t\t\t\t\t\t\t\t\t<span class=\"elementor-accordion-icon-closed\"><i class=\"fas fa-plus\"><\/i><\/span>\n\t\t\t\t\t\t\t\t<span class=\"elementor-accordion-icon-opened\"><i class=\"fas fa-minus\"><\/i><\/span>\n\t\t\t\t\t\t\t\t\t\t\t\t\t\t<\/span>\n\t\t\t\t\t\t\t\t\t\t\t\t<a class=\"elementor-accordion-title\" tabindex=\"0\">PROGRAMA CONCILIACI\u00d3N VERANO 2021 DEL AYUNTAMIENTO DE MEDIO CUDEYO<\/a>\n\t\t\t\t\t<\/div>\n\t\t\t\t\t<div id=\"elementor-tab-content-10122\" class=\"elementor-tab-content elementor-clearfix\" data-tab=\"22\" role=\"region\" aria-labelledby=\"elementor-tab-title-10122\"><h3>Tipo<\/h3><p>Contrato de SERVICIOS.<\/p><h3>N\u00ba Expediente<\/h3><p>CON\/8<strong>\/2021<\/strong><\/p><h3>Procedimiento<\/h3><p>Abierto SIMPLIFICADO.<\/p><h3>Valor estimado del contrato<\/h3><p>43.000,00 \u20ac, IVA excluido.<\/p><h3>Duraci\u00f3n del contrato<\/h3><p>12 meses.<\/p><p>Posibilidad de pr\u00f3rroga por un periodo m\u00e1ximo de 12 meses m\u00e1s.<\/p><h4>ADJUDICADO: ALEGR\u00cdA TIEMPO LIBRE, SL.<\/h4><h4>CONTRATO FORMALIZADO: 30\/06\/2021.<\/h4><\/div>\n\t\t\t\t<\/div>\n\t\t\t\t\t\t\t<div class=\"elementor-accordion-item\">\n\t\t\t\t\t<div id=\"elementor-tab-title-10123\" class=\"elementor-tab-title\" data-tab=\"23\" role=\"button\" aria-controls=\"elementor-tab-content-10123\" aria-expanded=\"false\">\n\t\t\t\t\t\t\t\t\t\t\t\t\t<span class=\"elementor-accordion-icon elementor-accordion-icon-left\" aria-hidden=\"true\">\n\t\t\t\t\t\t\t\t\t\t\t\t\t\t\t<span class=\"elementor-accordion-icon-closed\"><i class=\"fas fa-plus\"><\/i><\/span>\n\t\t\t\t\t\t\t\t<span class=\"elementor-accordion-icon-opened\"><i class=\"fas fa-minus\"><\/i><\/span>\n\t\t\t\t\t\t\t\t\t\t\t\t\t\t<\/span>\n\t\t\t\t\t\t\t\t\t\t\t\t<a class=\"elementor-accordion-title\" tabindex=\"0\">SUMINISTRO- MATERIAL Y PRODUCTOS LIMPIEZA E HIGIENE DEL AYUNTAMIENTO DE MEDIO CUDEYO<\/a>\n\t\t\t\t\t<\/div>\n\t\t\t\t\t<div id=\"elementor-tab-content-10123\" class=\"elementor-tab-content elementor-clearfix\" data-tab=\"23\" role=\"region\" aria-labelledby=\"elementor-tab-title-10123\"><h3>Tipo<\/h3><p>Contrato de SUMINISTROS.<\/p><h3>N\u00ba Expediente<\/h3><p>CON\/6<strong>\/2021<\/strong><\/p><h3>Procedimiento<\/h3><p>Abierto SIMPLIFICADO.<\/p><h3>Valor estimado del contrato<\/h3><p>39.669,40 \u20ac, IVA excluido.<\/p><h3>Duraci\u00f3n del contrato<\/h3><p>24 meses.<\/p><p>Posibilidad de pr\u00f3rroga por un periodo m\u00e1ximo de 24 meses m\u00e1s.<\/p><h4>Adjudicado: DISGARSA CANTABRIA, SL.<\/h4><h3>CONTRATO FORMALIZADO.<\/h3><\/div>\n\t\t\t\t<\/div>\n\t\t\t\t\t\t\t<div class=\"elementor-accordion-item\">\n\t\t\t\t\t<div id=\"elementor-tab-title-10124\" class=\"elementor-tab-title\" data-tab=\"24\" role=\"button\" aria-controls=\"elementor-tab-content-10124\" aria-expanded=\"false\">\n\t\t\t\t\t\t\t\t\t\t\t\t\t<span class=\"elementor-accordion-icon elementor-accordion-icon-left\" aria-hidden=\"true\">\n\t\t\t\t\t\t\t\t\t\t\t\t\t\t\t<span class=\"elementor-accordion-icon-closed\"><i class=\"fas fa-plus\"><\/i><\/span>\n\t\t\t\t\t\t\t\t<span class=\"elementor-accordion-icon-opened\"><i class=\"fas fa-minus\"><\/i><\/span>\n\t\t\t\t\t\t\t\t\t\t\t\t\t\t<\/span>\n\t\t\t\t\t\t\t\t\t\t\t\t<a class=\"elementor-accordion-title\" tabindex=\"0\">SERVICIO \u2013 ERRADICACI\u00d3N Y CONTROL DE LA AVISPA \u00abVESPA VELUTINA\u00bb DEL AYUNTAMIENTO DE MEDIO CUDEYO.<\/a>\n\t\t\t\t\t<\/div>\n\t\t\t\t\t<div id=\"elementor-tab-content-10124\" class=\"elementor-tab-content elementor-clearfix\" data-tab=\"24\" role=\"region\" aria-labelledby=\"elementor-tab-title-10124\"><h3>N\u00ba Expediente CON\/<strong>7\/2021<\/strong><\/h3><h3><strong>Adjudicado: SERCANT ANTI-VELUTINA, SL.<\/strong><\/h3><h3><strong>CONTRATO FORMALIZADO: 25\/05\/2021.<\/strong><\/h3><\/div>\n\t\t\t\t<\/div>\n\t\t\t\t\t\t\t<div class=\"elementor-accordion-item\">\n\t\t\t\t\t<div id=\"elementor-tab-title-10125\" class=\"elementor-tab-title\" data-tab=\"25\" role=\"button\" aria-controls=\"elementor-tab-content-10125\" aria-expanded=\"false\">\n\t\t\t\t\t\t\t\t\t\t\t\t\t<span class=\"elementor-accordion-icon elementor-accordion-icon-left\" aria-hidden=\"true\">\n\t\t\t\t\t\t\t\t\t\t\t\t\t\t\t<span class=\"elementor-accordion-icon-closed\"><i class=\"fas fa-plus\"><\/i><\/span>\n\t\t\t\t\t\t\t\t<span class=\"elementor-accordion-icon-opened\"><i class=\"fas fa-minus\"><\/i><\/span>\n\t\t\t\t\t\t\t\t\t\t\t\t\t\t<\/span>\n\t\t\t\t\t\t\t\t\t\t\t\t<a class=\"elementor-accordion-title\" tabindex=\"0\">SERVICIO- DESARROLLO DEL PROGRAMA DE INTERVENCI\u00d3N FAMILIAR (PIF)<\/a>\n\t\t\t\t\t<\/div>\n\t\t\t\t\t<div id=\"elementor-tab-content-10125\" class=\"elementor-tab-content elementor-clearfix\" data-tab=\"25\" role=\"region\" aria-labelledby=\"elementor-tab-title-10125\"><h3>N\u00ba Expediente: CON\/<strong>5\/2021 \u2013 DESISTIMIENTO.<\/strong><\/h3><\/div>\n\t\t\t\t<\/div>\n\t\t\t\t\t\t\t<div class=\"elementor-accordion-item\">\n\t\t\t\t\t<div id=\"elementor-tab-title-10126\" class=\"elementor-tab-title\" data-tab=\"26\" role=\"button\" aria-controls=\"elementor-tab-content-10126\" aria-expanded=\"false\">\n\t\t\t\t\t\t\t\t\t\t\t\t\t<span class=\"elementor-accordion-icon elementor-accordion-icon-left\" aria-hidden=\"true\">\n\t\t\t\t\t\t\t\t\t\t\t\t\t\t\t<span class=\"elementor-accordion-icon-closed\"><i class=\"fas fa-plus\"><\/i><\/span>\n\t\t\t\t\t\t\t\t<span class=\"elementor-accordion-icon-opened\"><i class=\"fas fa-minus\"><\/i><\/span>\n\t\t\t\t\t\t\t\t\t\t\t\t\t\t<\/span>\n\t\t\t\t\t\t\t\t\t\t\t\t<a class=\"elementor-accordion-title\" tabindex=\"0\">SERVICIO LIMPIEZA VIARIA, RECOGIDA Y TRANSPORTE DE RESIDUOS S\u00d3LIDOS DEL AYUNTAMIENTO DE MEDIO CUDEYO<\/a>\n\t\t\t\t\t<\/div>\n\t\t\t\t\t<div id=\"elementor-tab-content-10126\" class=\"elementor-tab-content elementor-clearfix\" data-tab=\"26\" role=\"region\" aria-labelledby=\"elementor-tab-title-10126\"><h3>Fecha \u2013 Tipo<\/h3><p>16\/03\/2021 \u2013 Contrato de SERVICIOS.<\/p><h3>N\u00ba Expediente<\/h3><p><strong>CON\/4\/2021<\/strong><\/p><h3>Procedimiento<\/h3><p>Abierto.<\/p><p>CONTRATO S.A.R.A.<\/p><h3>Valor estimado del contrato<\/h3><p>3.346.349,70 \u20ac.<\/p><h3>Duraci\u00f3n del contrato<\/h3><p>8 A\u00f1os.<\/p><h3>Fase<\/h3><p>En Licitaci\u00f3n.<\/p><h3>Anuncio de licitaci\u00f3n<\/h3><p>Fecha env\u00edo anuncio DOUE: 24\/03\/2021.<\/p><p>Publicado en la Plataforma de Contrataci\u00f3n del Estado, a fecha 24 de Marzo de 2021.<\/p><h4>ADJUDICADO: URBASER, SA.<\/h4><\/div>\n\t\t\t\t<\/div>\n\t\t\t\t\t\t\t<div class=\"elementor-accordion-item\">\n\t\t\t\t\t<div id=\"elementor-tab-title-10127\" class=\"elementor-tab-title\" data-tab=\"27\" role=\"button\" aria-controls=\"elementor-tab-content-10127\" aria-expanded=\"false\">\n\t\t\t\t\t\t\t\t\t\t\t\t\t<span class=\"elementor-accordion-icon elementor-accordion-icon-left\" aria-hidden=\"true\">\n\t\t\t\t\t\t\t\t\t\t\t\t\t\t\t<span class=\"elementor-accordion-icon-closed\"><i class=\"fas fa-plus\"><\/i><\/span>\n\t\t\t\t\t\t\t\t<span class=\"elementor-accordion-icon-opened\"><i class=\"fas fa-minus\"><\/i><\/span>\n\t\t\t\t\t\t\t\t\t\t\t\t\t\t<\/span>\n\t\t\t\t\t\t\t\t\t\t\t\t<a class=\"elementor-accordion-title\" tabindex=\"0\">SERVICIO- PLATAFORMA COMUNICACI\u00d3N CON EL CIUDADANO EN TEMAS MEDIO AMBIENTALES<\/a>\n\t\t\t\t\t<\/div>\n\t\t\t\t\t<div id=\"elementor-tab-content-10127\" class=\"elementor-tab-content elementor-clearfix\" data-tab=\"27\" role=\"region\" aria-labelledby=\"elementor-tab-title-10127\"><h3>Fecha \u2013 Tipo<\/h3><p>08\/03\/2021- Contrato de SERVICIOS.<\/p><h3>N\u00ba Expediente<\/h3><p>CON\/<strong>3\/2021<\/strong><\/p><h3>Procedimiento<\/h3><p>Abierto SIMPLIFICADO.<\/p><h3>Valor estimado del contrato<\/h3><p>6.000,00 \u20ac, IVA excluido.<\/p><h3>Duraci\u00f3n del contrato<\/h3><p>24 meses.<\/p><p>Posibilidad de pr\u00f3rroga por un periodo m\u00e1ximo de 24 meses m\u00e1s.<\/p><h3>Fase<\/h3><p>DESISTIMIENTO \u2013 15\/03\/2021 \u2013 Modificaci\u00f3n Pliegos.<\/p><\/div>\n\t\t\t\t<\/div>\n\t\t\t\t\t\t\t<div class=\"elementor-accordion-item\">\n\t\t\t\t\t<div id=\"elementor-tab-title-10128\" class=\"elementor-tab-title\" data-tab=\"28\" role=\"button\" aria-controls=\"elementor-tab-content-10128\" aria-expanded=\"false\">\n\t\t\t\t\t\t\t\t\t\t\t\t\t<span class=\"elementor-accordion-icon elementor-accordion-icon-left\" aria-hidden=\"true\">\n\t\t\t\t\t\t\t\t\t\t\t\t\t\t\t<span class=\"elementor-accordion-icon-closed\"><i class=\"fas fa-plus\"><\/i><\/span>\n\t\t\t\t\t\t\t\t<span class=\"elementor-accordion-icon-opened\"><i class=\"fas fa-minus\"><\/i><\/span>\n\t\t\t\t\t\t\t\t\t\t\t\t\t\t<\/span>\n\t\t\t\t\t\t\t\t\t\t\t\t<a class=\"elementor-accordion-title\" tabindex=\"0\">SERVICIO- DESARROLLO DEL PROGRAMA DE INTERVENCI\u00d3N FAMILIAR<\/a>\n\t\t\t\t\t<\/div>\n\t\t\t\t\t<div id=\"elementor-tab-content-10128\" class=\"elementor-tab-content elementor-clearfix\" data-tab=\"28\" role=\"region\" aria-labelledby=\"elementor-tab-title-10128\"><h3>N\u00ba Expediente: CON\/<strong>2\/2021 \u2013 DESISTIMIENTO.<\/strong><\/h3><\/div>\n\t\t\t\t<\/div>\n\t\t\t\t\t\t\t\t<\/div>\n\t\t\t\t<\/div>\n\t\t\t\t<\/div>\n\t\t\t\t\t<\/div>\n\t\t<\/div>\n\t\t\t\t\t<\/div>\n\t\t<\/section>\n\t\t\t\t<section class=\"elementor-section elementor-top-section elementor-element elementor-element-99821e3 elementor-hidden-desktop elementor-hidden-tablet elementor-hidden-mobile elementor-section-boxed elementor-section-height-default elementor-section-height-default\" data-id=\"99821e3\" data-element_type=\"section\">\n\t\t\t\t\t\t<div class=\"elementor-container elementor-column-gap-default\">\n\t\t\t\t\t<div class=\"elementor-column elementor-col-100 elementor-top-column elementor-element elementor-element-f18d6b8\" data-id=\"f18d6b8\" data-element_type=\"column\">\n\t\t\t<div class=\"elementor-widget-wrap elementor-element-populated\">\n\t\t\t\t\t\t<div class=\"elementor-element elementor-element-41a9d23 travly-star-rating--align-center elementor-widget elementor-widget-witr_section_title\" data-id=\"41a9d23\" data-element_type=\"widget\" data-widget_type=\"witr_section_title.default\">\n\t\t\t\t<div class=\"elementor-widget-container\">\n\t\t\t\t\t\t\t\t<!-- title left -->\n\t\t\t\t\t<div class=\"witr_section_title\">\n\t\t\t\t\t\t<div class=\"witr_section_title_inner text-left\">\n\t\t\t\t\t\t\n\t\t\t\t\t\t\t<!-- icon position -->\n\t\t\t\t\t\t\t\t\n\t\t\t\t\t\t\t<!-- end icon position -->\n\t\t\t\t\t\t\n\t\t\t\t\t\t\n\t\t\t\t\t\t\t<!-- title top -->\n\t\t\t\t\t\t\t\n\t\t\t\t\t\t\t<!-- icon position -->\n\t\t\t\t\t\t\t\t\n\t\t\t\t\t\t\t<!-- end icon position -->\n\n\t\t\t\t\t\t\t\n\t\t\t\t\t\t\t<!-- title middle -->\n\t\t\t\t\t\t\t\t\t\t\t\t\t\t\t<h3>Expedientes 2020<\/h3>\t\t\n\t\t\t\t\t\t\t\t\t\t\t\t\t\t<!-- title bottom -->\n\t\t\t\t\t\t\t\t\t\t\t\t\t\t\n\t\t\t\t\t\t\t<!-- icon position -->\n\t\t\t\t\t\t\t\t\t\t\t\t\t\t\n\t\t\t\t\t\t\t<!-- image -->\n\t\t\t\t\t\t\t\t\t\t\t\t\t\t<!-- icon -->\n\t\t\t\t\t\t\t\t\t\t\t\t\t\t\n\t\t\t\t\t\t\t<!-- bar -->\n\t\t\t\t\t\t\t\t\t\t\t\t\t\t\n\t\t\t\t\t\t\t\t<div class=\"witr_bar_main\">\n\t\t\t\t\t\t\t\t\t<div class=\"witr_bar_inner\">\n\t\t\t\t\t\t\t\t\t<\/div>\n\t\t\t\t\t\t\t\t<\/div>\n\t\t\t\t\t\t\t\t\t\t\t\t\t\t<!-- circle bar -->\n\t\t\t\t\t\t\t\t\t\t\t\t\t\t\n\t\t\t\t\t\t\t\t\n\t\t\t\t\t\t\t<!-- end icon position -->\n\n\t\t\t\t\t\t\t<!-- content -->\n\t\t\t\t\t\t\t\t\t\t\t\t\t<\/div>\n\t\t\t\t\t\t\t<!-- inner title -->\n\t\t\t\t\t\t\t\t\t\t\t\t\t\n\t\t\t\t\t<\/div>\t\t\t\t\n\t\t\t\t\t\t<\/div>\n\t\t\t\t<\/div>\n\t\t\t\t<div class=\"elementor-element elementor-element-11c3d0c elementor-widget elementor-widget-accordion\" data-id=\"11c3d0c\" data-element_type=\"widget\" data-widget_type=\"accordion.default\">\n\t\t\t\t<div class=\"elementor-widget-container\">\n\t\t\t\t\t<div class=\"elementor-accordion\">\n\t\t\t\t\t\t\t<div class=\"elementor-accordion-item\">\n\t\t\t\t\t<div id=\"elementor-tab-title-1861\" class=\"elementor-tab-title\" data-tab=\"1\" role=\"button\" aria-controls=\"elementor-tab-content-1861\" aria-expanded=\"false\">\n\t\t\t\t\t\t\t\t\t\t\t\t\t<span class=\"elementor-accordion-icon elementor-accordion-icon-left\" aria-hidden=\"true\">\n\t\t\t\t\t\t\t\t\t\t\t\t\t\t\t<span class=\"elementor-accordion-icon-closed\"><i class=\"fas fa-plus\"><\/i><\/span>\n\t\t\t\t\t\t\t\t<span class=\"elementor-accordion-icon-opened\"><i class=\"fas fa-minus\"><\/i><\/span>\n\t\t\t\t\t\t\t\t\t\t\t\t\t\t<\/span>\n\t\t\t\t\t\t\t\t\t\t\t\t<a class=\"elementor-accordion-title\" tabindex=\"0\">SERVICIO DE ATENCI\u00d3N DOMICILIARIA DEL AYUNTAMIENTO DE MEDIO CUDEYO<\/a>\n\t\t\t\t\t<\/div>\n\t\t\t\t\t<div id=\"elementor-tab-content-1861\" class=\"elementor-tab-content elementor-clearfix\" data-tab=\"1\" role=\"region\" aria-labelledby=\"elementor-tab-title-1861\"><h3>Fecha \u2013 Tipo<\/h3><p>20\/11\/2020- Contrato de SERVICIOS.<\/p><h3>N\u00ba Expediente<\/h3><p>CON\/<strong>5\/2020<\/strong><\/p><h3>Procedimiento<\/h3><p>Abierto.<\/p><h3>Valor estimado del contrato<\/h3><p>595.728,00 \u20ac \u20ac, IVA excluido (4%).<\/p><h3>Duraci\u00f3n del contrato<\/h3><p>24 meses.<\/p><p>Posibilidad de pr\u00f3rroga por un periodo m\u00e1ximo de 24 meses m\u00e1s.<\/p><h3>Fase<\/h3><p>Formalizado Contrato.<\/p><h3>Anuncio de licitaci\u00f3n<\/h3><p>Publicado en la Plataforma de Contrataci\u00f3n del Estado, a fecha 20 de noviembre de 2020.<\/p><h3>Adjudicado: SENIOR, SERVICIOS INTEGRALES, SL.<\/h3><\/div>\n\t\t\t\t<\/div>\n\t\t\t\t\t\t\t<div class=\"elementor-accordion-item\">\n\t\t\t\t\t<div id=\"elementor-tab-title-1862\" class=\"elementor-tab-title\" data-tab=\"2\" role=\"button\" aria-controls=\"elementor-tab-content-1862\" aria-expanded=\"false\">\n\t\t\t\t\t\t\t\t\t\t\t\t\t<span class=\"elementor-accordion-icon elementor-accordion-icon-left\" aria-hidden=\"true\">\n\t\t\t\t\t\t\t\t\t\t\t\t\t\t\t<span class=\"elementor-accordion-icon-closed\"><i class=\"fas fa-plus\"><\/i><\/span>\n\t\t\t\t\t\t\t\t<span class=\"elementor-accordion-icon-opened\"><i class=\"fas fa-minus\"><\/i><\/span>\n\t\t\t\t\t\t\t\t\t\t\t\t\t\t<\/span>\n\t\t\t\t\t\t\t\t\t\t\t\t<a class=\"elementor-accordion-title\" tabindex=\"0\">SERVICIO DE RECOGIDA DE PEQUE\u00d1OS ANIMALES VAGABUNDOS, ABANDONADOS Y CAD\u00c1VERES DEL AYUNTAMIENTO DE MEDIO CUDEYO<\/a>\n\t\t\t\t\t<\/div>\n\t\t\t\t\t<div id=\"elementor-tab-content-1862\" class=\"elementor-tab-content elementor-clearfix\" data-tab=\"2\" role=\"region\" aria-labelledby=\"elementor-tab-title-1862\"><h3>Fecha \u2013 Tipo<\/h3><p>25\/09\/2020- Contrato de SERVICIOS.<\/p><h3>N\u00ba Expediente<\/h3><p>CON\/<strong>3\/2020<\/strong><\/p><h3>Procedimiento<\/h3><p>Abierto SIMPLIFICADO.<\/p><h3>Valor estimado del contrato<\/h3><p>34.710,75 \u20ac, IVA excluido (4%).<\/p><h3>Duraci\u00f3n del contrato<\/h3><p>36 meses.<\/p><p>Posibilidad de pr\u00f3rroga por un periodo m\u00e1ximo de 24 meses m\u00e1s.<\/p><h3>Fase<\/h3><p>Formalizado Contrato.<\/p><h3>Anuncio de licitaci\u00f3n<\/h3><p>Publicado en la Plataforma de Contrataci\u00f3n del Estado, a fecha 6 de octubre de 2020.<\/p><h3>Adjudicado: CECAPA CANTABRIA, SL.<\/h3><\/div>\n\t\t\t\t<\/div>\n\t\t\t\t\t\t\t<div class=\"elementor-accordion-item\">\n\t\t\t\t\t<div id=\"elementor-tab-title-1863\" class=\"elementor-tab-title\" data-tab=\"3\" role=\"button\" aria-controls=\"elementor-tab-content-1863\" aria-expanded=\"false\">\n\t\t\t\t\t\t\t\t\t\t\t\t\t<span class=\"elementor-accordion-icon elementor-accordion-icon-left\" aria-hidden=\"true\">\n\t\t\t\t\t\t\t\t\t\t\t\t\t\t\t<span class=\"elementor-accordion-icon-closed\"><i class=\"fas fa-plus\"><\/i><\/span>\n\t\t\t\t\t\t\t\t<span class=\"elementor-accordion-icon-opened\"><i class=\"fas fa-minus\"><\/i><\/span>\n\t\t\t\t\t\t\t\t\t\t\t\t\t\t<\/span>\n\t\t\t\t\t\t\t\t\t\t\t\t<a class=\"elementor-accordion-title\" tabindex=\"0\">SERVICIO DE ATENCI\u00d3N DOMICILIARIA DEL AYUNTAMIENTO DE MEDIO CUDEYO<\/a>\n\t\t\t\t\t<\/div>\n\t\t\t\t\t<div id=\"elementor-tab-content-1863\" class=\"elementor-tab-content elementor-clearfix\" data-tab=\"3\" role=\"region\" aria-labelledby=\"elementor-tab-title-1863\"><h3>N\u00ba Expediente: CON\/<strong>4\/2021 \u2013 DESISTIMIENTO.<\/strong><\/h3><p><a href=\"http:\/\/mediocudeyo.es\/web\/wp-content\/uploads\/2020\/10\/DESISTIMIENTO-2020-282299-publicacion-anuncio.pdf\">DESISTIMIENTO 2020-282299 <\/a><\/p><\/div>\n\t\t\t\t<\/div>\n\t\t\t\t\t\t\t<div class=\"elementor-accordion-item\">\n\t\t\t\t\t<div id=\"elementor-tab-title-1864\" class=\"elementor-tab-title\" data-tab=\"4\" role=\"button\" aria-controls=\"elementor-tab-content-1864\" aria-expanded=\"false\">\n\t\t\t\t\t\t\t\t\t\t\t\t\t<span class=\"elementor-accordion-icon elementor-accordion-icon-left\" aria-hidden=\"true\">\n\t\t\t\t\t\t\t\t\t\t\t\t\t\t\t<span class=\"elementor-accordion-icon-closed\"><i class=\"fas fa-plus\"><\/i><\/span>\n\t\t\t\t\t\t\t\t<span class=\"elementor-accordion-icon-opened\"><i class=\"fas fa-minus\"><\/i><\/span>\n\t\t\t\t\t\t\t\t\t\t\t\t\t\t<\/span>\n\t\t\t\t\t\t\t\t\t\t\t\t<a class=\"elementor-accordion-title\" tabindex=\"0\">SERVICIOS ASISTENCIALES DEL AYUNTAMIENTO DE MEDIO CUDEYO. LOTES<\/a>\n\t\t\t\t\t<\/div>\n\t\t\t\t\t<div id=\"elementor-tab-content-1864\" class=\"elementor-tab-content elementor-clearfix\" data-tab=\"4\" role=\"region\" aria-labelledby=\"elementor-tab-title-1864\"><h3>N\u00ba Expediente<\/h3><p>CON\/<strong>1\/2020<\/strong><\/p><h5>LOTE I. SERVICIO DE ATENCI\u00d3N DOMICILIARIA \u2013 DESIERTO.<\/h5><h5>LOTE II. SERVICIO DE TELEASISTENCIA \u2013 ADJUDICADO: <em>Cruz Roja Espa\u00f1ola.<\/em><\/h5><\/div>\n\t\t\t\t<\/div>\n\t\t\t\t\t\t\t\t<\/div>\n\t\t\t\t<\/div>\n\t\t\t\t<\/div>\n\t\t\t\t\t<\/div>\n\t\t<\/div>\n\t\t\t\t\t<\/div>\n\t\t<\/section>\n\t\t\t\t<section class=\"elementor-section elementor-top-section elementor-element elementor-element-8a193b0 elementor-hidden-desktop elementor-hidden-tablet elementor-hidden-mobile elementor-section-boxed elementor-section-height-default elementor-section-height-default\" data-id=\"8a193b0\" data-element_type=\"section\">\n\t\t\t\t\t\t<div class=\"elementor-container elementor-column-gap-default\">\n\t\t\t\t\t<div class=\"elementor-column elementor-col-100 elementor-top-column elementor-element elementor-element-ef76363\" data-id=\"ef76363\" data-element_type=\"column\">\n\t\t\t<div class=\"elementor-widget-wrap elementor-element-populated\">\n\t\t\t\t\t\t<div class=\"elementor-element elementor-element-e103f15 travly-star-rating--align-center elementor-widget elementor-widget-witr_section_title\" data-id=\"e103f15\" data-element_type=\"widget\" data-widget_type=\"witr_section_title.default\">\n\t\t\t\t<div class=\"elementor-widget-container\">\n\t\t\t\t\t\t\t\t<!-- title left -->\n\t\t\t\t\t<div class=\"witr_section_title\">\n\t\t\t\t\t\t<div class=\"witr_section_title_inner text-left\">\n\t\t\t\t\t\t\n\t\t\t\t\t\t\t<!-- icon position -->\n\t\t\t\t\t\t\t\t\n\t\t\t\t\t\t\t<!-- end icon position -->\n\t\t\t\t\t\t\n\t\t\t\t\t\t\n\t\t\t\t\t\t\t<!-- title top -->\n\t\t\t\t\t\t\t\n\t\t\t\t\t\t\t<!-- icon position -->\n\t\t\t\t\t\t\t\t\n\t\t\t\t\t\t\t<!-- end icon position -->\n\n\t\t\t\t\t\t\t\n\t\t\t\t\t\t\t<!-- title middle -->\n\t\t\t\t\t\t\t\t\t\t\t\t\t\t\t<h3>Expedientes 2019<\/h3>\t\t\n\t\t\t\t\t\t\t\t\t\t\t\t\t\t<!-- title bottom -->\n\t\t\t\t\t\t\t\t\t\t\t\t\t\t\n\t\t\t\t\t\t\t<!-- icon position -->\n\t\t\t\t\t\t\t\t\t\t\t\t\t\t\n\t\t\t\t\t\t\t<!-- image -->\n\t\t\t\t\t\t\t\t\t\t\t\t\t\t<!-- icon -->\n\t\t\t\t\t\t\t\t\t\t\t\t\t\t\n\t\t\t\t\t\t\t<!-- bar -->\n\t\t\t\t\t\t\t\t\t\t\t\t\t\t\n\t\t\t\t\t\t\t\t<div class=\"witr_bar_main\">\n\t\t\t\t\t\t\t\t\t<div class=\"witr_bar_inner\">\n\t\t\t\t\t\t\t\t\t<\/div>\n\t\t\t\t\t\t\t\t<\/div>\n\t\t\t\t\t\t\t\t\t\t\t\t\t\t<!-- circle bar -->\n\t\t\t\t\t\t\t\t\t\t\t\t\t\t\n\t\t\t\t\t\t\t\t\n\t\t\t\t\t\t\t<!-- end icon position -->\n\n\t\t\t\t\t\t\t<!-- content -->\n\t\t\t\t\t\t\t\t\t\t\t\t\t<\/div>\n\t\t\t\t\t\t\t<!-- inner title -->\n\t\t\t\t\t\t\t\t\t\t\t\t\t\n\t\t\t\t\t<\/div>\t\t\t\t\n\t\t\t\t\t\t<\/div>\n\t\t\t\t<\/div>\n\t\t\t\t<div class=\"elementor-element elementor-element-151c6dd elementor-widget elementor-widget-accordion\" data-id=\"151c6dd\" data-element_type=\"widget\" data-widget_type=\"accordion.default\">\n\t\t\t\t<div class=\"elementor-widget-container\">\n\t\t\t\t\t<div class=\"elementor-accordion\">\n\t\t\t\t\t\t\t<div class=\"elementor-accordion-item\">\n\t\t\t\t\t<div id=\"elementor-tab-title-2211\" class=\"elementor-tab-title\" data-tab=\"1\" role=\"button\" aria-controls=\"elementor-tab-content-2211\" aria-expanded=\"false\">\n\t\t\t\t\t\t\t\t\t\t\t\t\t<span class=\"elementor-accordion-icon elementor-accordion-icon-left\" aria-hidden=\"true\">\n\t\t\t\t\t\t\t\t\t\t\t\t\t\t\t<span class=\"elementor-accordion-icon-closed\"><i class=\"fas fa-plus\"><\/i><\/span>\n\t\t\t\t\t\t\t\t<span class=\"elementor-accordion-icon-opened\"><i class=\"fas fa-minus\"><\/i><\/span>\n\t\t\t\t\t\t\t\t\t\t\t\t\t\t<\/span>\n\t\t\t\t\t\t\t\t\t\t\t\t<a class=\"elementor-accordion-title\" tabindex=\"0\">SUMINISTRO DE DOS VEH\u00cdCULOS MUNICIPALES<\/a>\n\t\t\t\t\t<\/div>\n\t\t\t\t\t<div id=\"elementor-tab-content-2211\" class=\"elementor-tab-content elementor-clearfix\" data-tab=\"1\" role=\"region\" aria-labelledby=\"elementor-tab-title-2211\"><h3>Fecha \u2013 Tipo<\/h3><p>13\/11\/2019- Contrato de SUMINISTROS.<\/p><h3>N\u00ba Expediente<\/h3><p>CON\/14\/2019<\/p><h3>Procedimiento<\/h3><p>Abierto Simplificado.<\/p><h3>Valor estimado del contrato<\/h3><p>46.027,13 \u20ac, IVA excluido (21%).<\/p><h3>ADJUDICACI\u00d3N\/FORMALIZACION<\/h3><p><strong>ANUNCIO ADJUDICACI\u00d3N CONTRATO<\/strong><\/p><p><a href=\"http:\/\/mediocudeyo.es\/web\/wp-content\/uploads\/2019\/12\/DOC_CAN_ADJ2019-661823-publicacion-adjudicacion.pdf\">Adjudicaci\u00f3n contrato VIDAL DE LA PE\u00d1A AUTOM\u00d3VILES, SL.<\/a><\/p><p><strong>ANUNCIO FORMALIZACI\u00d3N CONTRATO<\/strong><\/p><p><a href=\"http:\/\/mediocudeyo.es\/web\/wp-content\/uploads\/2019\/12\/DOC_FORM2019-661825-ANUNCIO-FORMALIZACION-CONTRATO-VEHICULOS.pdf\">Anuncio Formalizaci\u00f3n Contratos VIDAL DE LA PE\u00d1A <strong><em>AUTOM\u00d3VILES<\/em><\/strong>, SL.<\/a><\/p><\/div>\n\t\t\t\t<\/div>\n\t\t\t\t\t\t\t<div class=\"elementor-accordion-item\">\n\t\t\t\t\t<div id=\"elementor-tab-title-2212\" class=\"elementor-tab-title\" data-tab=\"2\" role=\"button\" aria-controls=\"elementor-tab-content-2212\" aria-expanded=\"false\">\n\t\t\t\t\t\t\t\t\t\t\t\t\t<span class=\"elementor-accordion-icon elementor-accordion-icon-left\" aria-hidden=\"true\">\n\t\t\t\t\t\t\t\t\t\t\t\t\t\t\t<span class=\"elementor-accordion-icon-closed\"><i class=\"fas fa-plus\"><\/i><\/span>\n\t\t\t\t\t\t\t\t<span class=\"elementor-accordion-icon-opened\"><i class=\"fas fa-minus\"><\/i><\/span>\n\t\t\t\t\t\t\t\t\t\t\t\t\t\t<\/span>\n\t\t\t\t\t\t\t\t\t\t\t\t<a class=\"elementor-accordion-title\" tabindex=\"0\">SERVICIO DE BAR DEL CENTRO DE LA TERCERA EDAD DEL AYUNTAMIENTO DE MEDIO CUDEYO<\/a>\n\t\t\t\t\t<\/div>\n\t\t\t\t\t<div id=\"elementor-tab-content-2212\" class=\"elementor-tab-content elementor-clearfix\" data-tab=\"2\" role=\"region\" aria-labelledby=\"elementor-tab-title-2212\"><h3>Fecha \u2013 Tipo<\/h3><p>18\/06\/2019- Contrato de SERVICIOS.<\/p><h3>N\u00ba Expediente<\/h3><p>CON\/11\/2019<\/p><h3>ADJUDICACI\u00d3N\/FORMALIZACION<\/h3><p><strong>ANUNCIO ADJUDICACI\u00d3N CONTRATO<\/strong><\/p><p><img decoding=\"async\" class=\"alignnone size-full wp-image-100\" src=\"http:\/\/mediocudeyo.es\/web\/wp-content\/uploads\/2016\/08\/pdf-icon-40x40.png\" alt=\"\" width=\"40\" height=\"40\" \/><a href=\"http:\/\/mediocudeyo.es\/web\/wp-content\/uploads\/2019\/09\/Publicacion-Anuncio-Adjudicacion.pdf\"> Publicaci\u00f3n Anuncio Adjudicaci\u00f3n<\/a><\/p><p><strong>ANUNCIO FORMALIZACI\u00d3N CONTRATO<\/strong><\/p><p><img decoding=\"async\" class=\"alignnone size-full wp-image-100\" src=\"http:\/\/mediocudeyo.es\/web\/wp-content\/uploads\/2016\/08\/pdf-icon-40x40.png\" alt=\"\" width=\"40\" height=\"40\" \/><a href=\"http:\/\/mediocudeyo.es\/web\/wp-content\/uploads\/2019\/09\/DOC_FORM2019-735288-FORMALIZACION-CONTRATO.pdf\">Anuncio Formalizaci\u00f3n Contrato<\/a><\/p><\/div>\n\t\t\t\t<\/div>\n\t\t\t\t\t\t\t<div class=\"elementor-accordion-item\">\n\t\t\t\t\t<div id=\"elementor-tab-title-2213\" class=\"elementor-tab-title\" data-tab=\"3\" role=\"button\" aria-controls=\"elementor-tab-content-2213\" aria-expanded=\"false\">\n\t\t\t\t\t\t\t\t\t\t\t\t\t<span class=\"elementor-accordion-icon elementor-accordion-icon-left\" aria-hidden=\"true\">\n\t\t\t\t\t\t\t\t\t\t\t\t\t\t\t<span class=\"elementor-accordion-icon-closed\"><i class=\"fas fa-plus\"><\/i><\/span>\n\t\t\t\t\t\t\t\t<span class=\"elementor-accordion-icon-opened\"><i class=\"fas fa-minus\"><\/i><\/span>\n\t\t\t\t\t\t\t\t\t\t\t\t\t\t<\/span>\n\t\t\t\t\t\t\t\t\t\t\t\t<a class=\"elementor-accordion-title\" tabindex=\"0\">SUMINISTRO DE COMBUSTIBLE DEL AYUNTAMIENTO DE MEDIO CUDEYO<\/a>\n\t\t\t\t\t<\/div>\n\t\t\t\t\t<div id=\"elementor-tab-content-2213\" class=\"elementor-tab-content elementor-clearfix\" data-tab=\"3\" role=\"region\" aria-labelledby=\"elementor-tab-title-2213\"><h3>Fecha \u2013 Tipo<\/h3><p>17\/05\/2019- Contrato de SUMINISTROS.<\/p><p><em>Suministro Combustibles por LOTES:<\/em><\/p><p><strong>\u2013 LOTE I. COMBUSTIBLE PARA VEH\u00cdCULOS Y MAQUINARIA <\/strong><\/p><p><strong>\u2013 LOTE II. COMBUSTIBLE PARA INSTALACIONES CALEFACTORAS<\/strong><\/p><h3>N\u00ba Expediente<\/h3><p>CON\/10\/2019<\/p><h3>ADJUDICACI\u00d3N\/FORMALIZACION<\/h3><p><strong>ANUNCIO ADJUDICACI\u00d3N CONTRATO<\/strong><\/p><p><img decoding=\"async\" class=\"alignnone size-full wp-image-100\" src=\"http:\/\/mediocudeyo.es\/web\/wp-content\/uploads\/2016\/08\/pdf-icon-40x40.png\" alt=\"\" width=\"40\" height=\"40\" \/> <a href=\"http:\/\/mediocudeyo.es\/web\/wp-content\/uploads\/2019\/09\/DOC_CAN_ADJ2019-734927-anuncio-adjudicacion-lotes-1.pdf\">Anuncio adjudicaci\u00f3n Combustibles<\/a><\/p><p><strong>ANUNCIO FORMALIZACI\u00d3N CONTRATO<\/strong><\/p><p><img decoding=\"async\" class=\"alignnone size-full wp-image-100\" src=\"http:\/\/mediocudeyo.es\/web\/wp-content\/uploads\/2016\/08\/pdf-icon-40x40.png\" alt=\"\" width=\"40\" height=\"40\" \/><a href=\"http:\/\/mediocudeyo.es\/web\/wp-content\/uploads\/2019\/09\/DOC_FORM2019-735288-FORMALIZACION-CONTRATO-1.pdf\">Anuncio Formalizaci\u00f3n Contrato Combustible<\/a><\/p><\/div>\n\t\t\t\t<\/div>\n\t\t\t\t\t\t\t<div class=\"elementor-accordion-item\">\n\t\t\t\t\t<div id=\"elementor-tab-title-2214\" class=\"elementor-tab-title\" data-tab=\"4\" role=\"button\" aria-controls=\"elementor-tab-content-2214\" aria-expanded=\"false\">\n\t\t\t\t\t\t\t\t\t\t\t\t\t<span class=\"elementor-accordion-icon elementor-accordion-icon-left\" aria-hidden=\"true\">\n\t\t\t\t\t\t\t\t\t\t\t\t\t\t\t<span class=\"elementor-accordion-icon-closed\"><i class=\"fas fa-plus\"><\/i><\/span>\n\t\t\t\t\t\t\t\t<span class=\"elementor-accordion-icon-opened\"><i class=\"fas fa-minus\"><\/i><\/span>\n\t\t\t\t\t\t\t\t\t\t\t\t\t\t<\/span>\n\t\t\t\t\t\t\t\t\t\t\t\t<a class=\"elementor-accordion-title\" tabindex=\"0\">SUMINISTRO DE COMBUSTIBLE PARA VEH\u00cdCULOS, MAQUINARIA E INSTALACIONES DEL AYUNTAMIENTO DE MEDIO CUDEYO<\/a>\n\t\t\t\t\t<\/div>\n\t\t\t\t\t<div id=\"elementor-tab-content-2214\" class=\"elementor-tab-content elementor-clearfix\" data-tab=\"4\" role=\"region\" aria-labelledby=\"elementor-tab-title-2214\"><h3>Fecha \u2013 Tipo<\/h3><p>10\/04\/2019- Contrato de SUMINISTROS.<\/p><p>Suministro Combustibles para Veh\u00edculos, maquinaria e instalaciones municipales.<\/p><h3>N\u00ba Expediente<\/h3><p>CON\/8\/2019<\/p><h3>Anuncio de licitaci\u00f3n<\/h3><p>Publicado en la Plataforma de Contrataci\u00f3n del Estado, a fecha 12 de Abril de 2019.<\/p><p><a href=\"http:\/\/mediocudeyo.es\/web\/wp-content\/uploads\/2019\/04\/DOC_CN2019-320507-ANUNCIO-LICITACION.pdf\">Anuncio Licitaci\u00f3n Plataforma de Contrataci\u00f3n del Estado<\/a><\/p><p><a href=\"http:\/\/mediocudeyo.es\/web\/wp-content\/uploads\/2019\/04\/DOC_CD2019-320550-ANUNCIO-PLIEGOS.pdf\">Anuncio Pliegos Plataforma de Contrataci\u00f3n del Estado<\/a><\/p><h3>ADJUDICACI\u00d3N (ESTADO):<\/h3><p><strong>DESIERTO.<\/strong> <em>Resoluci\u00f3n de Alcald\u00eda n\u00ba 115\/2019, de fecha 3 de Mayo de 2019. <a href=\"http:\/\/mediocudeyo.es\/web\/wp-content\/uploads\/2019\/05\/ANUNCIO-DESIERTA-LICITACION.pdf\">Publicaci\u00f3n Anuncio Licitaci\u00f3n desierta<\/a><\/em><\/p><\/div>\n\t\t\t\t<\/div>\n\t\t\t\t\t\t\t<div class=\"elementor-accordion-item\">\n\t\t\t\t\t<div id=\"elementor-tab-title-2215\" class=\"elementor-tab-title\" data-tab=\"5\" role=\"button\" aria-controls=\"elementor-tab-content-2215\" aria-expanded=\"false\">\n\t\t\t\t\t\t\t\t\t\t\t\t\t<span class=\"elementor-accordion-icon elementor-accordion-icon-left\" aria-hidden=\"true\">\n\t\t\t\t\t\t\t\t\t\t\t\t\t\t\t<span class=\"elementor-accordion-icon-closed\"><i class=\"fas fa-plus\"><\/i><\/span>\n\t\t\t\t\t\t\t\t<span class=\"elementor-accordion-icon-opened\"><i class=\"fas fa-minus\"><\/i><\/span>\n\t\t\t\t\t\t\t\t\t\t\t\t\t\t<\/span>\n\t\t\t\t\t\t\t\t\t\t\t\t<a class=\"elementor-accordion-title\" tabindex=\"0\">SUMINISTRO DE MATERIALES Y PRODUCTOS DE LIMPIEZA E HIGIENE PARA DEPENDENCIAS MUNICIPALES DEL AYUNTAMIENTO DE MEDIO CUDEYO<\/a>\n\t\t\t\t\t<\/div>\n\t\t\t\t\t<div id=\"elementor-tab-content-2215\" class=\"elementor-tab-content elementor-clearfix\" data-tab=\"5\" role=\"region\" aria-labelledby=\"elementor-tab-title-2215\"><h3>Fecha \u2013 Tipo<\/h3><p>28\/02\/2019- Contrato de SUMINISTROS.<\/p><p>Suministro Materiales y Productos de Limpieza e Higiene para dependencias municipales.<\/p><h3>N\u00ba Expediente<\/h3><p>CON\/6\/2019<\/p><h3>Procedimiento<\/h3><p>Abierto Simplificado.<\/p><h3>Valor estimado del contrato<\/h3><p>39.669,40 \u20ac, IVA excluido (21%).<\/p><h3>Duraci\u00f3n del contrato<\/h3><p>24 meses.<\/p><p>Posibilidad de pr\u00f3rroga por un periodo m\u00e1ximo de 24 meses m\u00e1s.<\/p><h3>ADJUDICACI\u00d3N\/FORMALIZACION<\/h3><p><strong>ANUNCIO ADJUDICACI\u00d3N CONTRATO<\/strong><\/p><p><img decoding=\"async\" class=\"alignnone size-full wp-image-100\" src=\"http:\/\/mediocudeyo.es\/web\/wp-content\/uploads\/2016\/08\/pdf-icon-40x40.png\" alt=\"\" width=\"40\" height=\"40\" \/><a href=\"http:\/\/mediocudeyo.es\/web\/wp-content\/uploads\/2019\/09\/PUBLICACION-ADJUDICACION-DAHI-JALCON.pdf\">Anuncio Adjudicaci\u00f3n contrato<\/a><\/p><p><strong>ANUNCIO FORMALIZACI\u00d3N CONTRATO<\/strong><\/p><p><img decoding=\"async\" class=\"alignnone size-full wp-image-100\" src=\"http:\/\/mediocudeyo.es\/web\/wp-content\/uploads\/2016\/08\/pdf-icon-40x40.png\" alt=\"\" width=\"40\" height=\"40\" \/><a href=\"http:\/\/mediocudeyo.es\/web\/wp-content\/uploads\/2019\/09\/FORMALIZACION-PUBLICACION.pdf\">Anuncio Formalizaci\u00f3n Contrato<\/a><\/p><\/div>\n\t\t\t\t<\/div>\n\t\t\t\t\t\t\t<div class=\"elementor-accordion-item\">\n\t\t\t\t\t<div id=\"elementor-tab-title-2216\" class=\"elementor-tab-title\" data-tab=\"6\" role=\"button\" aria-controls=\"elementor-tab-content-2216\" aria-expanded=\"false\">\n\t\t\t\t\t\t\t\t\t\t\t\t\t<span class=\"elementor-accordion-icon elementor-accordion-icon-left\" aria-hidden=\"true\">\n\t\t\t\t\t\t\t\t\t\t\t\t\t\t\t<span class=\"elementor-accordion-icon-closed\"><i class=\"fas fa-plus\"><\/i><\/span>\n\t\t\t\t\t\t\t\t<span class=\"elementor-accordion-icon-opened\"><i class=\"fas fa-minus\"><\/i><\/span>\n\t\t\t\t\t\t\t\t\t\t\t\t\t\t<\/span>\n\t\t\t\t\t\t\t\t\t\t\t\t<a class=\"elementor-accordion-title\" tabindex=\"0\">SUMINISTRO DE VEH\u00cdCULO PARA PARQUES Y JARDINES, MEDIANTE ARRENDAMIENTO NO FINANCIERO SIN OPCI\u00d3N DE COMPRA, MODALIDAD RENTING<\/a>\n\t\t\t\t\t<\/div>\n\t\t\t\t\t<div id=\"elementor-tab-content-2216\" class=\"elementor-tab-content elementor-clearfix\" data-tab=\"6\" role=\"region\" aria-labelledby=\"elementor-tab-title-2216\"><h3>Fecha \u2013 Tipo<\/h3><p>06\/02\/2019- Contrato de SUMINISTRO.<\/p><p>Renting veh\u00edculo para el Servicio de Parques y Jardines del Ayuntamiento de Medio Cudeyo.<\/p><h3>N\u00ba Expediente<\/h3><p>CON\/5\/2019<\/p><h3>Anuncio de licitaci\u00f3n<\/h3><p>Publicado en la Plataforma de Contrataci\u00f3n del Estado, a fecha 4 de Abril de 2019.<\/p><p><a href=\"http:\/\/mediocudeyo.es\/web\/wp-content\/uploads\/2019\/04\/DOC_CN2019-282458-Anuncio-Licitaci\u00f3n.pdf\">Anuncio Licitaci\u00f3n Plataforma de Contrataci\u00f3n del Estado<\/a><\/p><p><a href=\"http:\/\/mediocudeyo.es\/web\/wp-content\/uploads\/2019\/04\/DOC_CD2019-282508-Anuncio-Pliegos.pdf\">Anuncio Pliegos Plataforma de Contrataci\u00f3n del Estado<\/a><\/p><h3>ADJUDICACI\u00d3N (ESTADO):<\/h3><p><strong>DESIERTO.<\/strong> <em>Resoluci\u00f3n de Alcald\u00eda n\u00ba 113\/2019, de fecha 3 de Mayo de 2019.<\/em><\/p><\/div>\n\t\t\t\t<\/div>\n\t\t\t\t\t\t\t<div class=\"elementor-accordion-item\">\n\t\t\t\t\t<div id=\"elementor-tab-title-2217\" class=\"elementor-tab-title\" data-tab=\"7\" role=\"button\" aria-controls=\"elementor-tab-content-2217\" aria-expanded=\"false\">\n\t\t\t\t\t\t\t\t\t\t\t\t\t<span class=\"elementor-accordion-icon elementor-accordion-icon-left\" aria-hidden=\"true\">\n\t\t\t\t\t\t\t\t\t\t\t\t\t\t\t<span class=\"elementor-accordion-icon-closed\"><i class=\"fas fa-plus\"><\/i><\/span>\n\t\t\t\t\t\t\t\t<span class=\"elementor-accordion-icon-opened\"><i class=\"fas fa-minus\"><\/i><\/span>\n\t\t\t\t\t\t\t\t\t\t\t\t\t\t<\/span>\n\t\t\t\t\t\t\t\t\t\t\t\t<a class=\"elementor-accordion-title\" tabindex=\"0\">SERVICIO DE CONTROL DE PLAGAS DEL AYUNTAMIENTO DE MEDIO CUDEYO<\/a>\n\t\t\t\t\t<\/div>\n\t\t\t\t\t<div id=\"elementor-tab-content-2217\" class=\"elementor-tab-content elementor-clearfix\" data-tab=\"7\" role=\"region\" aria-labelledby=\"elementor-tab-title-2217\"><h3>Fecha \u2013 Tipo<\/h3><p>19\/02\/2019- Contrato de Servicios.<\/p><p>Trabajos de Desratizaci\u00f3n, Desratonizaci\u00f3n y Control de Palomas.<\/p><h3>N\u00ba Expediente<\/h3><p>CON\/7\/2019<\/p><h3>Procedimiento<\/h3><p>Abierto Simplificado.<\/p><h3>Valor estimado del contrato<\/h3><p>26.400,00 \u20ac, IVA excluido (21%).<\/p><h3>ADJUDICACI\u00d3N\/FORMALIZACION<\/h3><p>ADJUDICACI\u00d3N: Resoluci\u00f3n Alcald\u00eda n\u00ba 104\/2019, de fecha 8 de Abril de 2019, a favor de la empresa <strong>SERVICIOS VETERINARIOS DE CANTABRIA, SA.<\/strong><\/p><p>FORMALIZACI\u00d3N: 23\/04\/2019.<\/p><p><a href=\"http:\/\/mediocudeyo.es\/web\/wp-content\/uploads\/2019\/05\/DOC_FORM2019-415924-ANUNCIO-FORMALIZACION-CONTRATO.pdf\">Anuncio Formalizaci\u00f3n Contrato Control de Plagas Medio Cudeyo<\/a><\/p><\/div>\n\t\t\t\t<\/div>\n\t\t\t\t\t\t\t\t<\/div>\n\t\t\t\t<\/div>\n\t\t\t\t<\/div>\n\t\t\t\t\t<\/div>\n\t\t<\/div>\n\t\t\t\t\t<\/div>\n\t\t<\/section>\n\t\t\t\t<\/div>\n\t\t","protected":false},"excerpt":{"rendered":"<p>Exposici\u00f3n P\u00fablica del Acuerdo aprobatorio del expediente de enajenaci\u00f3n de bienes patrimoniales mediante subasta y del Pliego de Condiciones Econ\u00f3mico-Administrativos que han de regir el procedimiento Anuncio BOC enajenaci\u00f3n parcelas [&hellip;]<\/p>\n","protected":false},"author":15,"featured_media":0,"parent":18132,"menu_order":1,"comment_status":"closed","ping_status":"closed","template":"","meta":{"footnotes":""},"class_list":["post-18135","page","type-page","status-publish","hentry"],"_links":{"self":[{"href":"https:\/\/mediocudeyo.es\/web\/wp-json\/wp\/v2\/pages\/18135"}],"collection":[{"href":"https:\/\/mediocudeyo.es\/web\/wp-json\/wp\/v2\/pages"}],"about":[{"href":"https:\/\/mediocudeyo.es\/web\/wp-json\/wp\/v2\/types\/page"}],"author":[{"embeddable":true,"href":"https:\/\/mediocudeyo.es\/web\/wp-json\/wp\/v2\/users\/15"}],"replies":[{"embeddable":true,"href":"https:\/\/mediocudeyo.es\/web\/wp-json\/wp\/v2\/comments?post=18135"}],"version-history":[{"count":412,"href":"https:\/\/mediocudeyo.es\/web\/wp-json\/wp\/v2\/pages\/18135\/revisions"}],"predecessor-version":[{"id":26322,"href":"https:\/\/mediocudeyo.es\/web\/wp-json\/wp\/v2\/pages\/18135\/revisions\/26322"}],"up":[{"embeddable":true,"href":"https:\/\/mediocudeyo.es\/web\/wp-json\/wp\/v2\/pages\/18132"}],"wp:attachment":[{"href":"https:\/\/mediocudeyo.es\/web\/wp-json\/wp\/v2\/media?parent=18135"}],"curies":[{"name":"wp","href":"https:\/\/api.w.org\/{rel}","templated":true}]}}