{"id":26079,"date":"2026-02-25T13:10:52","date_gmt":"2026-02-25T11:10:52","guid":{"rendered":"https:\/\/mediocudeyo.es\/web\/?post_type=tribe_events&#038;p=26079"},"modified":"2026-02-25T13:12:06","modified_gmt":"2026-02-25T11:12:06","slug":"filmoteca-sorda","status":"publish","type":"tribe_events","link":"https:\/\/mediocudeyo.es\/web\/evento\/filmoteca-sorda\/","title":{"rendered":"FILMOTECA: \u00abSORDA\u00bb"},"content":{"rendered":"<p>&nbsp;<\/p>\n<div class=\"tribe-events-single-event-description tribe-events-content\">\n<div class=\"tribe-events-single-event-description tribe-events-content\">\n<div class=\"tribe-events-single-event-description tribe-events-content\">\n<div class=\"tribe-events-single-event-description tribe-events-content\">\n<div class=\"tribe-events-single-event-description tribe-events-content\">\n<div class=\"tribe-events-single-event-description tribe-events-content\">\n<div dir=\"auto\"><span class=\"html-span xexx8yu x4uap5 x18d9i69 xkhd6sd x1hl2dhg x16tdsg8 x1vvkbs x3nfvp2 x1j61x8r x1fcty0u xdj266r xat24cr xgzva0m xhhsvwb xxymvpz xlup9mm x1kky2od\"><img decoding=\"async\" class=\"xz74otr\" src=\"https:\/\/static.xx.fbcdn.net\/images\/emoji.php\/v9\/tff\/1\/16\/1f3a5.png\" alt=\"\ud83c\udfa5\" width=\"16\" height=\"16\" \/><\/span><span class=\"html-span xexx8yu x4uap5 x18d9i69 xkhd6sd x1hl2dhg x16tdsg8 x1vvkbs x3nfvp2 x1j61x8r x1fcty0u xdj266r xat24cr xgzva0m xhhsvwb xxymvpz xlup9mm x1kky2od\"><img decoding=\"async\" class=\"xz74otr\" src=\"https:\/\/static.xx.fbcdn.net\/images\/emoji.php\/v9\/tf4\/1\/16\/2728.png\" alt=\"\u2728\" width=\"16\" height=\"16\" \/><\/span> <strong>Filmoteca Regional de Cantabria<\/strong> <span class=\"html-span xexx8yu x4uap5 x18d9i69 xkhd6sd x1hl2dhg x16tdsg8 x1vvkbs x3nfvp2 x1j61x8r x1fcty0u xdj266r xat24cr xgzva0m xhhsvwb xxymvpz xlup9mm x1kky2od\"><img decoding=\"async\" class=\"xz74otr\" src=\"https:\/\/static.xx.fbcdn.net\/images\/emoji.php\/v9\/tf4\/1\/16\/2728.png\" alt=\"\u2728\" width=\"16\" height=\"16\" \/><\/span><span class=\"html-span xexx8yu x4uap5 x18d9i69 xkhd6sd x1hl2dhg x16tdsg8 x1vvkbs x3nfvp2 x1j61x8r x1fcty0u xdj266r xat24cr xgzva0m xhhsvwb xxymvpz xlup9mm x1kky2od\"><img decoding=\"async\" class=\"xz74otr\" src=\"https:\/\/static.xx.fbcdn.net\/images\/emoji.php\/v9\/tff\/1\/16\/1f3a5.png\" alt=\"\ud83c\udfa5\" width=\"16\" height=\"16\" \/><\/span><\/div>\n<div dir=\"auto\"><strong>CICLO Nuestro Cine<\/strong><\/div>\n<div dir=\"auto\">\n<div dir=\"auto\">\n<div dir=\"auto\">\n<div dir=\"auto\">\n<div dir=\"auto\">\n<div class=\"\" data-block=\"true\" data-editor=\"dpi6d\" data-offset-key=\"euplh-0-0\">\n<div class=\"_1mf _1mj\" data-offset-key=\"euplh-0-0\">\n<div class=\"xdj266r x11i5rnm xat24cr x1mh8g0r x1vvkbs x126k92a\">\n<div dir=\"auto\">\n<div data-block=\"true\" data-editor=\"dpi6d\" data-offset-key=\"3m6up-0-0\"><strong>TITULO:<\/strong> \u00abSORDA\u00bb<\/div>\n<div data-block=\"true\" data-editor=\"dpi6d\" data-offset-key=\"3m6up-0-0\"><strong>A\u00d1O: 2025<\/strong><\/div>\n<div data-block=\"true\" data-editor=\"dpi6d\" data-offset-key=\"3m6up-0-0\"><strong>DURACI\u00d3N:<\/strong> 99 min.<\/div>\n<div data-block=\"true\" data-editor=\"dpi6d\" data-offset-key=\"3m6up-0-0\"><strong>PA\u00cdS<\/strong>: Espa\u00f1a<\/div>\n<div data-block=\"true\" data-editor=\"dpi6d\" data-offset-key=\"3m6up-0-0\"><strong>DIRECCI\u00d3N:<\/strong><span class=\"nb\"> Eva Libertad<\/span><\/div>\n<div data-block=\"true\" data-editor=\"dpi6d\" data-offset-key=\"3m6up-0-0\"><strong>G\u00c9NERO: <\/strong>Drama | Maternidad. Discapacidad. Discapacidad auditiva<\/div>\n<div data-block=\"true\" data-editor=\"dpi6d\" data-offset-key=\"3m6up-0-0\"><strong>SINOPSIS: <\/strong>\u00c1ngela, una mujer sorda, va a tener un beb\u00e9 con H\u00e9ctor, su pareja oyente. El embarazo hace aflorar sus miedos frente la maternidad y sobre c\u00f3mo podr\u00e1 comunicarse con su hija. La llegada de la ni\u00f1a genera una crisis en la pareja y lleva a \u00c1ngela a afrontar la crianza de su hija en un mundo que no est\u00e1 hecho para ella. Largometraje basado en el corto de 2021 del mismo nombre.<\/div>\n<div data-block=\"true\" data-editor=\"dpi6d\" data-offset-key=\"3m6up-0-0\"><label class=\"custom-simple-label\"><strong>CALIFICACI\u00d3N:<\/strong> <label class=\"custom-simple-label\">APTA PARA TODOS LOS P\u00daBLICOS <\/label><\/label><\/div>\n<\/div>\n<\/div>\n<div class=\"x11i5rnm xat24cr x1mh8g0r x1vvkbs xtlvy1s x126k92a\">\n<div dir=\"auto\" data-wp-editing=\"1\"><span class=\"x3nfvp2 x1j61x8r x1fcty0u xdj266r xhhsvwb xat24cr xgzva0m xxymvpz xlup9mm x1kky2od\"><img decoding=\"async\" class=\"xz74otr\" src=\"https:\/\/static.xx.fbcdn.net\/images\/emoji.php\/v9\/t40\/1\/16\/25b6.png\" alt=\"\u25b6\" width=\"16\" height=\"16\" \/><\/span><a href=\"https:\/\/dai.ly\/x9e38q2\" data-rel=\"lightbox-video-0\"><strong>Tr\u00e1iler<\/strong><\/a><\/div>\n<div dir=\"auto\"><span class=\"x3nfvp2 x1j61x8r x1fcty0u xdj266r xhhsvwb xat24cr xgzva0m xxymvpz xlup9mm x1kky2od\"><img loading=\"lazy\" decoding=\"async\" class=\"xz74otr\" src=\"https:\/\/static.xx.fbcdn.net\/images\/emoji.php\/v9\/t7e\/1\/16\/1f4c5.png\" alt=\"\ud83d\udcc5\" width=\"16\" height=\"16\" \/><\/span> Domingo 3 de mayo <span class=\"x3nfvp2 x1j61x8r x1fcty0u xdj266r xhhsvwb xat24cr xgzva0m xxymvpz xlup9mm x1kky2od\"><img loading=\"lazy\" decoding=\"async\" class=\"xz74otr\" src=\"https:\/\/static.xx.fbcdn.net\/images\/emoji.php\/v9\/t34\/1\/16\/23f0.png\" alt=\"\u23f0\" width=\"16\" height=\"16\" \/><\/span> 19:30 h.<\/div>\n<\/div>\n<div class=\"x11i5rnm xat24cr x1mh8g0r x1vvkbs xtlvy1s x126k92a\">\n<div dir=\"auto\"><span class=\"x3nfvp2 x1j61x8r x1fcty0u xdj266r xhhsvwb xat24cr xgzva0m xxymvpz xlup9mm x1kky2od\"><img loading=\"lazy\" decoding=\"async\" class=\"xz74otr\" src=\"https:\/\/static.xx.fbcdn.net\/images\/emoji.php\/v9\/tdf\/1\/16\/1f4b5.png\" alt=\"\ud83d\udcb5\" width=\"16\" height=\"16\" \/><\/span> Entrada: 1,5\u20ac \u2013 venta directa en taquilla desde media hora antes.<\/div>\n<div dir=\"auto\"><span class=\"html-span xexx8yu x4uap5 x18d9i69 xkhd6sd x1hl2dhg x16tdsg8 x1vvkbs x3nfvp2 x1j61x8r x1fcty0u xdj266r xat24cr xgzva0m xhhsvwb xxymvpz xlup9mm x1kky2od\"><img loading=\"lazy\" decoding=\"async\" class=\"xz74otr\" src=\"https:\/\/static.xx.fbcdn.net\/images\/emoji.php\/v9\/t2d\/1\/16\/1f4cd.png\" alt=\"\ud83d\udccd\" width=\"16\" height=\"16\" \/><\/span> D\u00f3nde: Centro Cultural<\/div>\n<div dir=\"auto\"><span class=\"html-span xexx8yu x4uap5 x18d9i69 xkhd6sd x1hl2dhg x16tdsg8 x1vvkbs x3nfvp2 x1j61x8r x1fcty0u xdj266r xat24cr xgzva0m xhhsvwb xxymvpz xlup9mm x1kky2od\"><img loading=\"lazy\" decoding=\"async\" class=\"xz74otr\" src=\"https:\/\/static.xx.fbcdn.net\/images\/emoji.php\/v9\/t8e\/1\/16\/2139.png\" alt=\"\u2139\ufe0f\" width=\"16\" height=\"16\" \/><\/span> M\u00e1s informaci\u00f3n:<\/div>\n<\/div>\n<div dir=\"auto\">\n<div dir=\"auto\"><span class=\"html-span xexx8yu x4uap5 x18d9i69 xkhd6sd x1hl2dhg x16tdsg8 x1vvkbs x3nfvp2 x1j61x8r x1fcty0u xdj266r xat24cr xgzva0m xhhsvwb xxymvpz xlup9mm x1kky2od\"><img loading=\"lazy\" decoding=\"async\" class=\"xz74otr\" src=\"https:\/\/static.xx.fbcdn.net\/images\/emoji.php\/v9\/te5\/1\/16\/1f492.png\" alt=\"\ud83d\udc92\" width=\"16\" height=\"16\" \/><\/span> Centro Cultural Ram\u00f3n Pelayo (Solares)<\/div>\n<div dir=\"auto\"><span class=\"html-span xexx8yu x4uap5 x18d9i69 xkhd6sd x1hl2dhg x16tdsg8 x1vvkbs x3nfvp2 x1j61x8r x1fcty0u xdj266r xat24cr xgzva0m xhhsvwb xxymvpz xlup9mm x1kky2od\"><img loading=\"lazy\" decoding=\"async\" class=\"xz74otr\" src=\"https:\/\/static.xx.fbcdn.net\/images\/emoji.php\/v9\/t22\/1\/16\/260e.png\" alt=\"\u260e\" width=\"16\" height=\"16\" \/><\/span> 942 52 26 85 (\u00f3 WhatsApp al mismo n\u00famero)<\/div>\n<div dir=\"auto\"><span class=\"html-span xexx8yu x4uap5 x18d9i69 xkhd6sd x1hl2dhg x16tdsg8 x1vvkbs x3nfvp2 x1j61x8r x1fcty0u xdj266r xat24cr xgzva0m xhhsvwb xxymvpz xlup9mm x1kky2od\"><img loading=\"lazy\" decoding=\"async\" class=\"xz74otr\" src=\"https:\/\/static.xx.fbcdn.net\/images\/emoji.php\/v9\/tbe\/1\/16\/1f4e7.png\" alt=\"\ud83d\udce7\" width=\"16\" height=\"16\" \/><\/span> centrocultural@mediocudeyo.es<\/div>\n<\/div>\n<\/div>\n<\/div>\n<\/div>\n<\/div>\n<\/div>\n<\/div>\n<\/div>\n<\/div>\n<\/div>\n<\/div>\n<\/div>\n<\/div>\n<div class=\"tribe-events tribe-common\">\n<div class=\"tribe-events-c-subscribe-dropdown__container\">\n<div class=\"tribe-events-c-subscribe-dropdown\">\n<div class=\"tribe-common-c-btn-border tribe-events-c-subscribe-dropdown__button\"><\/div>\n<\/div>\n<\/div>\n<\/div>\n<\/div>\n","protected":false},"excerpt":{"rendered":"<p>&nbsp; Filmoteca Regional de Cantabria CICLO Nuestro Cine TITULO: \u00abSORDA\u00bb A\u00d1O: 2025 DURACI\u00d3N: 99 min. PA\u00cdS: Espa\u00f1a DIRECCI\u00d3N: Eva Libertad G\u00c9NERO: Drama | Maternidad. Discapacidad. Discapacidad auditiva SINOPSIS: \u00c1ngela, una [&hellip;]<\/p>\n","protected":false},"author":4,"featured_media":26080,"template":"","meta":{"_tribe_events_status":"","_tribe_events_status_reason":"","footnotes":""},"tags":[58,116,238,117],"tribe_events_cat":[],"class_list":["post-26079","tribe_events","type-tribe_events","status-publish","has-post-thumbnail","hentry","tag-centro-cultural-ramon-pelayo","tag-cine","tag-cultura","tag-filmoteca"],"_links":{"self":[{"href":"https:\/\/mediocudeyo.es\/web\/wp-json\/wp\/v2\/tribe_events\/26079"}],"collection":[{"href":"https:\/\/mediocudeyo.es\/web\/wp-json\/wp\/v2\/tribe_events"}],"about":[{"href":"https:\/\/mediocudeyo.es\/web\/wp-json\/wp\/v2\/types\/tribe_events"}],"author":[{"embeddable":true,"href":"https:\/\/mediocudeyo.es\/web\/wp-json\/wp\/v2\/users\/4"}],"version-history":[{"count":3,"href":"https:\/\/mediocudeyo.es\/web\/wp-json\/wp\/v2\/tribe_events\/26079\/revisions"}],"predecessor-version":[{"id":26083,"href":"https:\/\/mediocudeyo.es\/web\/wp-json\/wp\/v2\/tribe_events\/26079\/revisions\/26083"}],"wp:featuredmedia":[{"embeddable":true,"href":"https:\/\/mediocudeyo.es\/web\/wp-json\/wp\/v2\/media\/26080"}],"wp:attachment":[{"href":"https:\/\/mediocudeyo.es\/web\/wp-json\/wp\/v2\/media?parent=26079"}],"wp:term":[{"taxonomy":"post_tag","embeddable":true,"href":"https:\/\/mediocudeyo.es\/web\/wp-json\/wp\/v2\/tags?post=26079"},{"taxonomy":"tribe_events_cat","embeddable":true,"href":"https:\/\/mediocudeyo.es\/web\/wp-json\/wp\/v2\/tribe_events_cat?post=26079"}],"curies":[{"name":"wp","href":"https:\/\/api.w.org\/{rel}","templated":true}]}}